{"id":7286,"date":"2022-08-25T21:09:36","date_gmt":"2022-08-25T19:09:36","guid":{"rendered":"https:\/\/weather-radar-live.com\/?page_id=7286"},"modified":"2022-08-25T21:12:57","modified_gmt":"2022-08-25T19:12:57","slug":"webbkamera-cortina","status":"publish","type":"page","link":"https:\/\/weather-radar-live.com\/sv\/webbkamera\/italien\/webbkamera-cortina\/","title":{"rendered":"Webbkamera Cortina"},"content":{"rendered":"<div id=\"weath-3627371652\" class=\"weath-vor-dem-inhalt weath-entity-placement\" style=\"margin-top: 15px;margin-right: 25px;margin-bottom: 40px;margin-left: 25px;\"><script async src=\"\/\/pagead2.googlesyndication.com\/pagead\/js\/adsbygoogle.js?client=ca-pub-8960936133935804\" crossorigin=\"anonymous\"><\/script><ins class=\"adsbygoogle\" style=\"display:block;\" data-ad-client=\"ca-pub-8960936133935804\" \ndata-ad-slot=\"6172817020\" \ndata-ad-format=\"auto\"><\/ins>\n<script> \n(adsbygoogle = window.adsbygoogle || []).push({}); \n<\/script>\n<\/div>\n<div class=\"wp-block-cover alignfull is-light\"><span aria-hidden=\"true\" class=\"wp-block-cover__gradient-background has-background-dim\"><\/span><img decoding=\"async\" class=\"wp-block-cover__image-background wp-image-342\" alt=\"Webbkamera Cortina\" src=\"https:\/\/weather-radar-live.com\/wp-content\/uploads\/2021\/06\/sam-schooler-E9aetBe2w40-unsplash-e1622554814366.jpg\" data-object-fit=\"cover\"\/><div class=\"wp-block-cover__inner-container is-layout-flow wp-block-cover-is-layout-flow\">\n<h2 class=\"has-text-align-center heading wp-block-heading\" id=\"webcam-fort-mahon\" style=\"font-size:40px;text-transform:uppercase\"><strong><mark style=\"background-color:rgba(0, 0, 0, 0)\" class=\"has-inline-color has-base-3-color\">WEBBkAMERA <\/mark><\/strong><br><strong><mark style=\"background-color:rgba(0, 0, 0, 0)\" class=\"has-inline-color has-base-3-color\">CORTINA<\/mark><\/strong><\/h2>\n<\/div><\/div>\n\n\n<div class=\"yoast-breadcrumbs\"><span><span><a href=\"https:\/\/weather-radar-live.com\/sv\/\">Weather Radar Live<\/a><\/span> \u00bb <span><a href=\"https:\/\/weather-radar-live.com\/sv\/webbkamera\/\">Webbkamera<\/a><\/span> \u00bb <span><a href=\"https:\/\/weather-radar-live.com\/sv\/webbkamera\/italien\/\">Italien<\/a><\/span> \u00bb <span class=\"breadcrumb_last\" aria-current=\"page\"><strong>Webbkamera Cortina<\/strong><\/span><\/span><\/div>\n\n\n<h2 class=\"has-text-align-center wp-block-heading\" id=\"webcam-fort-mahon\"><strong>Webbkamera Cortina<\/strong><\/h2>\n\n\n\n<p>Cortina d&#8217;Ampezzo \u00e4r en liten stad i norra Italien och med sitt l\u00e4ge i de italienska Alperna \u00e4r det en idealisk utg\u00e5ngspunkt f\u00f6r m\u00e5nga aktiviteter i bergen, s\u00e5som skid\u00e5kning, kl\u00e4ttring, vandring och cykling. Med v\u00e5r webbkamera i Cortina f\u00e5r du alltid information om det aktuella v\u00e4dret s\u00e5 att du kan planera din n\u00e4sta resa och f\u00e5 en glimt av de pittoreska topparna redan innan du kommer dit. Dessa toppar i Dolomiterna \u00e4r ocks\u00e5 en del av Unescos v\u00e4rldsnaturarv.<\/p>\n\n\n\n<p>Staden Cortina, med cirka 5 700 inv\u00e5nare, lever huvudsakligen av turismen och erbjuder d\u00e4rf\u00f6r ett utm\u00e4rkt utbud av bekv\u00e4ma hotell sommar som vinter, samt ett flertal bergsstugor med traditionella r\u00e4tter och prisbel\u00f6nta restauranger med mer innovativa r\u00e4tter. F\u00f6rutom den omedelbara staden bjuder m\u00e5nga spridda bergsg\u00e5rdar in till att uppt\u00e4cka omgivningarna och den italienska dolce vita. Som ett v\u00e4lk\u00e4nt vintersportcentrum och bergsort lockar Cortina en stor skara entusiastiska idrottare och fungerar \u00e4ven som en plats f\u00f6r de olympiska vinterspelen.<\/p><div id=\"weath-784402870\" class=\"weath-inhalt_2 weath-entity-placement\" style=\"margin-top: 15px;margin-right: 25px;margin-bottom: 35px;margin-left: 25px;\"><script async src=\"\/\/pagead2.googlesyndication.com\/pagead\/js\/adsbygoogle.js?client=ca-pub-8960936133935804\" crossorigin=\"anonymous\"><\/script><ins class=\"adsbygoogle\" style=\"display:block;\" data-ad-client=\"ca-pub-8960936133935804\" \ndata-ad-slot=\"1963584050\" \ndata-ad-format=\"auto\"><\/ins>\n<script> \n(adsbygoogle = window.adsbygoogle || []).push({}); \n<\/script>\n<\/div>\n\n\n\n<div class=\"wp-block-columns is-layout-flex wp-container-core-columns-is-layout-9d6595d7 wp-block-columns-is-layout-flex\">\n<div class=\"wp-block-column webcam-column is-layout-flow wp-block-column-is-layout-flow\">\n<h3 class=\"has-text-align-center wp-block-heading\"> \ud83d\udd34 <strong>Webbkamera<\/strong> <strong><strong><strong>Cortina<\/strong><\/strong><\/strong> &#8211; Cristallo Hotel<\/h3>\n\n\n\n<a name=\"windy-webcam-timelapse-player\" data-id=\"1511433472\" data-play=\"day\" href=\"https:\/\/windy.com\/webcams\/1511433472\" target=\"_blank\" rel=\"noopener\">Hayden: Cristallo Hotel Spa &amp; Golf<\/a><script async=\"\" type=\"text\/javascript\" src=\"https:\/\/webcams.windy.com\/webcams\/public\/embed\/script\/player.js\"><\/script>\n<\/div>\n\n\n\n<div class=\"wp-block-column webcam-column is-layout-flow wp-block-column-is-layout-flow\">\n<h3 class=\"has-text-align-center wp-block-heading\"> \ud83d\udd34 <strong>Webbkamera <strong><strong>Cortina<\/strong><\/strong><\/strong> &#8211; Corso Italia<\/h3>\n\n\n\n<a name=\"windy-webcam-timelapse-player\" data-id=\"1490171140\" data-play=\"day\" href=\"https:\/\/windy.com\/webcams\/1490171140\" target=\"_blank\" rel=\"noopener\">Hayden &#8217; South: Corso Italia<\/a><script async=\"\" type=\"text\/javascript\" src=\"https:\/\/webcams.windy.com\/webcams\/public\/embed\/script\/player.js\"><\/script>\n<\/div>\n<\/div>\n\n\n\n<div class=\"wp-block-columns is-layout-flex wp-container-core-columns-is-layout-9d6595d7 wp-block-columns-is-layout-flex\">\n<div class=\"wp-block-column webcam-column is-layout-flow wp-block-column-is-layout-flow\">\n<h3 class=\"has-text-align-center wp-block-heading\"> \ud83d\udd34 <strong>Webbkamera<\/strong> <strong><strong><strong>Cortina<\/strong><\/strong><\/strong> &#8211; Hayden<\/h3>\n\n\n\n<a name=\"windy-webcam-timelapse-player\" data-id=\"1650651667\" data-play=\"day\" href=\"https:\/\/windy.com\/webcams\/1650651667\" target=\"_blank\" rel=\"noopener\">Hayden<\/a><script async=\"\" type=\"text\/javascript\" src=\"https:\/\/webcams.windy.com\/webcams\/public\/embed\/script\/player.js\"><\/script>\n<\/div>\n\n\n\n<div class=\"wp-block-column webcam-column is-layout-flow wp-block-column-is-layout-flow\">\n<h3 class=\"has-text-align-center wp-block-heading\"> \ud83d\udd34 <strong>Webbkamera<\/strong> <strong><strong><strong>Cortina<\/strong><\/strong><\/strong> &#8211; Hayden norr<\/h3>\n\n\n\n<a name=\"windy-webcam-timelapse-player\" data-id=\"1650651350\" data-play=\"day\" href=\"https:\/\/windy.com\/webcams\/1650651350\" target=\"_blank\" rel=\"noopener\">Hayden<\/a><script async=\"\" type=\"text\/javascript\" src=\"https:\/\/webcams.windy.com\/webcams\/public\/embed\/script\/player.js\"><\/script>\n<\/div>\n<\/div>\n\n\n\n<div class=\"wp-block-columns is-layout-flex wp-container-core-columns-is-layout-9d6595d7 wp-block-columns-is-layout-flex\">\n<div class=\"wp-block-column webcam-column is-layout-flow wp-block-column-is-layout-flow\">\n<h3 class=\"has-text-align-center wp-block-heading\"> \ud83d\udd34 <strong>Webbkamera<\/strong> <strong><strong><strong>Cortina<\/strong><\/strong><\/strong> &#8211; Hayden nordv\u00e4st<\/h3>\n\n\n\n<a name=\"windy-webcam-timelapse-player\" data-id=\"1648805903\" data-play=\"day\" href=\"https:\/\/windy.com\/webcams\/1648805903\" target=\"_blank\" rel=\"noopener\">Hayden &#8217; nordv\u00e4st: Corso Italia<\/a><script async=\"\" type=\"text\/javascript\" src=\"https:\/\/webcams.windy.com\/webcams\/public\/embed\/script\/player.js\"><\/script>\n<\/div>\n\n\n\n<div class=\"wp-block-column webcam-column is-layout-flow wp-block-column-is-layout-flow\">\n<h3 class=\"has-text-align-center wp-block-heading\"> \ud83d\udd34 <strong>Webbkamera <strong><strong>Cortina<\/strong><\/strong><\/strong> &#8211; Hayden West<\/h3>\n\n\n\n<a name=\"windy-webcam-timelapse-player\" data-id=\"1490170817\" data-play=\"day\" href=\"https:\/\/windy.com\/webcams\/1490170817\" target=\"_blank\" rel=\"noopener\">Hayden &#8217; v\u00e4st: Cortina d&#8217;Ampezzo<\/a><script async=\"\" type=\"text\/javascript\" src=\"https:\/\/webcams.windy.com\/webcams\/public\/embed\/script\/player.js\"><\/script>\n<\/div>\n<\/div>\n\n\n\n<h2 class=\"wp-block-heading\" id=\"fort-mahon-today\"><strong>V\u00e4derradar Cortina &#8211; V\u00e4dret i Cortina<\/strong><\/h2>\n\n\n\n<p>V\u00e5r webbkamera i Cortina ger alltid en utm\u00e4rkt bild av de aktuella v\u00e4derf\u00f6rh\u00e5llandena. S\u00e4rskilt i bergen kan v\u00e4dret f\u00f6r\u00e4ndras mycket snabbt och det \u00e4r d\u00e4rf\u00f6r l\u00e4mpligt att alltid h\u00e5lla ett \u00f6ga p\u00e5 den aktuella utvecklingen. V\u00e5r v\u00e4derradar h\u00e5ller dig d\u00e4rf\u00f6r hela tiden informerad om de aktuella f\u00f6rh\u00e5llandena, s\u00e5 att du inte \u00f6verraskas av en storm p\u00e5 din vandring eller i skidbacken. Radarns olika f\u00e4rgade display ger dig d\u00e4rf\u00f6r en l\u00e4ttf\u00f6rst\u00e5elig \u00f6verblick \u00f6ver de f\u00f6rv\u00e4ntade f\u00f6rh\u00e5llandena och typen av nederb\u00f6rd.<\/p>\n\n\n\n<div class=\"wp-block-columns is-layout-flex wp-container-core-columns-is-layout-9d6595d7 wp-block-columns-is-layout-flex\">\n<div class=\"wp-block-column is-layout-flow wp-block-column-is-layout-flow\" style=\"flex-basis:75%\">\n<iframe loading=\"lazy\" width=\"1300\" height=\"502\" src=\"https:\/\/embed.windy.com\/embed2.html?lat=46.537&amp;lon=12.111&amp;detailLat=46.537&amp;detailLon=12.111&amp;width=1300&amp;height=502&amp;zoom=11&amp;level=surface&amp;overlay=rain&amp;product=ecmwf&amp;menu=&amp;message=&amp;marker=&amp;calendar=now&amp;pressure=&amp;type=map&amp;location=coordinates&amp;detail=&amp;metricWind=default&amp;metricTemp=default&amp;radarRange=-1\" frameborder=\"0\"><\/iframe>\n<\/div>\n\n\n\n<div class=\"wp-block-column is-layout-flow wp-block-column-is-layout-flow\" style=\"flex-basis:25%\">\n<a class=\"weatherwidget-io\" href=\"https:\/\/forecast7.com\/sv\/46d5412d14\/cortina-dampezzo\/\" data-label_1=\"CORTINA D'AMPEZZO\" data-theme=\"original\" >CORTINA D&#8217;AMPEZZO<\/a>\n<script>\n!function(d,s,id){var js,fjs=d.getElementsByTagName(s)[0];if(!d.getElementById(id)){js=d.createElement(s);js.id=id;js.src='https:\/\/weatherwidget.io\/js\/widget.min.js';fjs.parentNode.insertBefore(js,fjs);}}(document,'script','weatherwidget-io-js');\n<\/script>\n<\/div>\n<\/div>\n\n\n\n<h2 class=\"wp-block-heading\" id=\"fort-mahon-weather\"><strong>Klimatet i Cortina<\/strong><\/h2>\n\n\n\n<p>P\u00e5 grund av sitt l\u00e4ge i norra Italien ligger Cortina p\u00e5 den norra kanten av subtropikerna. Med sitt l\u00e4ge p\u00e5 cirka 1200 meter \u00f6ver havet p\u00e5verkas klimatet dock redan av det alpina l\u00e4get. Konkret inneb\u00e4r detta temperaturer p\u00e5 upp till minus fem grader p\u00e5 vintern och upp till maximala temperaturer p\u00e5 29 grader i juli. Soltimmarna varierar ocks\u00e5 fr\u00e5n i genomsnitt tre timmar i november-januari till \u00e5tta timmar i juli. Antalet regndagar n\u00e5r ett maximum p\u00e5 tio dagar i maj och sjunker till cirka fyra under vinterm\u00e5naderna.<\/p>\n\n\n\n<h2 class=\"wp-block-heading\"><strong>Sev\u00e4rdheter i Cortina<\/strong><\/h2>\n\n\n\n<p>P\u00e5 grund av sitt l\u00e4ge i Dolomiternas bergslandskap \u00e4r Cortinas st\u00f6rsta attraktioner de kilometerl\u00e5nga vandringslederna, mer \u00e4n trettio via ferrata-v\u00e4gar och m\u00e4ngder av cykelv\u00e4gar, samt de ber\u00f6mda skidbackarna och sn\u00f6skov\u00e4garna p\u00e5 vintern. F\u00f6r alla dessa aktiviteter \u00e4r en titt p\u00e5 v\u00e5r webbkamera en bra f\u00f6rberedelse. F\u00f6rutom dessa sportaktiviteter \u00e4r det ocks\u00e5 v\u00e4rt en resa till den historiska stadsk\u00e4rnan med f\u00f6rsamlingskyrkan Basilica Parrochiale SS. Filippo e Giacomo med sin takfreskem\u00e5lning. Om man d\u00e4remot planerar en n\u00e5got l\u00e4ngre utflykt kan man ocks\u00e5 n\u00e5 Venedig inom tv\u00e5 timmar.<\/p>\n","protected":false},"excerpt":{"rendered":"<p>Webbkamera Cortina Cortina d&#8217;Ampezzo \u00e4r en liten stad i norra Italien och med sitt l\u00e4ge i de italienska Alperna \u00e4r det en idealisk utg\u00e5ngspunkt f\u00f6r m\u00e5nga aktiviteter i bergen, s\u00e5som skid\u00e5kning, kl\u00e4ttring, vandring och cykling. Med v\u00e5r webbkamera i Cortina f\u00e5r du alltid information om det aktuella v\u00e4dret s\u00e5 att du kan planera din n\u00e4sta &#8230; <a title=\"Webbkamera Cortina\" class=\"read-more\" href=\"https:\/\/weather-radar-live.com\/sv\/webbkamera\/italien\/webbkamera-cortina\/\" aria-label=\"L\u00e4s mer om Webbkamera Cortina\">L\u00e4s mer<\/a><\/p>\n","protected":false},"author":1,"featured_media":7153,"parent":4314,"menu_order":0,"comment_status":"closed","ping_status":"closed","template":"","meta":{"footnotes":""},"class_list":["post-7286","page","type-page","status-publish","has-post-thumbnail"],"yoast_head":"<!-- This site is optimized with the Yoast SEO plugin v27.5 - https:\/\/yoast.com\/product\/yoast-seo-wordpress\/ -->\n<title>Webbkamera Cortina \u2192 Se det live!<\/title>\n<meta name=\"description\" content=\"Webbkamera Cortina | Livekamera fr\u00e5n Cortina! \u2705 Uppdaterad f\u00f6r dig i realtid! \u2705 Aktuell v\u00e4derprognos!\" \/>\n<meta name=\"robots\" content=\"index, follow, max-snippet:-1, max-image-preview:large, max-video-preview:-1\" \/>\n<link rel=\"canonical\" href=\"https:\/\/weather-radar-live.com\/sv\/webbkamera\/italien\/webbkamera-cortina\/\" \/>\n<meta property=\"og:locale\" content=\"sv_SE\" \/>\n<meta property=\"og:type\" content=\"article\" \/>\n<meta property=\"og:title\" content=\"Webbkamera Cortina \u2192 Se det live!\" \/>\n<meta property=\"og:description\" content=\"Webbkamera Cortina | Livekamera fr\u00e5n Cortina! \u2705 Uppdaterad f\u00f6r dig i realtid! \u2705 Aktuell v\u00e4derprognos!\" \/>\n<meta property=\"og:url\" content=\"https:\/\/weather-radar-live.com\/sv\/webbkamera\/italien\/webbkamera-cortina\/\" \/>\n<meta property=\"og:site_name\" content=\"weather-radar-live.com\" \/>\n<meta property=\"article:modified_time\" content=\"2022-08-25T19:12:57+00:00\" \/>\n<meta property=\"og:image\" content=\"https:\/\/weather-radar-live.com\/wp-content\/uploads\/2022\/08\/Webcam-Cortina-e1661414807577.jpg\" \/>\n\t<meta property=\"og:image:width\" content=\"1885\" \/>\n\t<meta property=\"og:image:height\" content=\"881\" \/>\n\t<meta property=\"og:image:type\" content=\"image\/jpeg\" \/>\n<meta name=\"twitter:card\" content=\"summary_large_image\" \/>\n<meta name=\"twitter:label1\" content=\"Ber\u00e4knad l\u00e4stid\" \/>\n\t<meta name=\"twitter:data1\" content=\"3 minuter\" \/>\n<script type=\"application\/ld+json\" class=\"yoast-schema-graph\">{\"@context\":\"https:\\\/\\\/schema.org\",\"@graph\":[{\"@type\":\"WebPage\",\"@id\":\"https:\\\/\\\/weather-radar-live.com\\\/sv\\\/webbkamera\\\/italien\\\/webbkamera-cortina\\\/\",\"url\":\"https:\\\/\\\/weather-radar-live.com\\\/sv\\\/webbkamera\\\/italien\\\/webbkamera-cortina\\\/\",\"name\":\"Webbkamera Cortina \u2192 Se det live!\",\"isPartOf\":{\"@id\":\"https:\\\/\\\/weather-radar-live.com\\\/#website\"},\"primaryImageOfPage\":{\"@id\":\"https:\\\/\\\/weather-radar-live.com\\\/sv\\\/webbkamera\\\/italien\\\/webbkamera-cortina\\\/#primaryimage\"},\"image\":{\"@id\":\"https:\\\/\\\/weather-radar-live.com\\\/sv\\\/webbkamera\\\/italien\\\/webbkamera-cortina\\\/#primaryimage\"},\"thumbnailUrl\":\"https:\\\/\\\/weather-radar-live.com\\\/wp-content\\\/uploads\\\/2022\\\/08\\\/Webcam-Cortina-e1661414807577.jpg\",\"datePublished\":\"2022-08-25T19:09:36+00:00\",\"dateModified\":\"2022-08-25T19:12:57+00:00\",\"description\":\"Webbkamera Cortina | Livekamera fr\u00e5n Cortina! \u2705 Uppdaterad f\u00f6r dig i realtid! \u2705 Aktuell v\u00e4derprognos!\",\"breadcrumb\":{\"@id\":\"https:\\\/\\\/weather-radar-live.com\\\/sv\\\/webbkamera\\\/italien\\\/webbkamera-cortina\\\/#breadcrumb\"},\"inLanguage\":\"sv-SE\",\"potentialAction\":[{\"@type\":\"ReadAction\",\"target\":[\"https:\\\/\\\/weather-radar-live.com\\\/sv\\\/webbkamera\\\/italien\\\/webbkamera-cortina\\\/\"]}]},{\"@type\":\"ImageObject\",\"inLanguage\":\"sv-SE\",\"@id\":\"https:\\\/\\\/weather-radar-live.com\\\/sv\\\/webbkamera\\\/italien\\\/webbkamera-cortina\\\/#primaryimage\",\"url\":\"https:\\\/\\\/weather-radar-live.com\\\/wp-content\\\/uploads\\\/2022\\\/08\\\/Webcam-Cortina-e1661414807577.jpg\",\"contentUrl\":\"https:\\\/\\\/weather-radar-live.com\\\/wp-content\\\/uploads\\\/2022\\\/08\\\/Webcam-Cortina-e1661414807577.jpg\",\"width\":1885,\"height\":881,\"caption\":\"Webcam Cortina\"},{\"@type\":\"BreadcrumbList\",\"@id\":\"https:\\\/\\\/weather-radar-live.com\\\/sv\\\/webbkamera\\\/italien\\\/webbkamera-cortina\\\/#breadcrumb\",\"itemListElement\":[{\"@type\":\"ListItem\",\"position\":1,\"name\":\"Weather Radar Live\",\"item\":\"https:\\\/\\\/weather-radar-live.com\\\/sv\\\/\"},{\"@type\":\"ListItem\",\"position\":2,\"name\":\"Webbkamera\",\"item\":\"https:\\\/\\\/weather-radar-live.com\\\/sv\\\/webbkamera\\\/\"},{\"@type\":\"ListItem\",\"position\":3,\"name\":\"Italien\",\"item\":\"https:\\\/\\\/weather-radar-live.com\\\/sv\\\/webbkamera\\\/italien\\\/\"},{\"@type\":\"ListItem\",\"position\":4,\"name\":\"Webbkamera Cortina\"}]},{\"@type\":\"WebSite\",\"@id\":\"https:\\\/\\\/weather-radar-live.com\\\/#website\",\"url\":\"https:\\\/\\\/weather-radar-live.com\\\/\",\"name\":\"weather-radar-live.com\",\"description\":\"Your weather and sky radar.\",\"publisher\":{\"@id\":\"https:\\\/\\\/weather-radar-live.com\\\/#organization\"},\"potentialAction\":[{\"@type\":\"SearchAction\",\"target\":{\"@type\":\"EntryPoint\",\"urlTemplate\":\"https:\\\/\\\/weather-radar-live.com\\\/?s={search_term_string}\"},\"query-input\":{\"@type\":\"PropertyValueSpecification\",\"valueRequired\":true,\"valueName\":\"search_term_string\"}}],\"inLanguage\":\"sv-SE\"},{\"@type\":\"Organization\",\"@id\":\"https:\\\/\\\/weather-radar-live.com\\\/#organization\",\"name\":\"weather-radar-live.com\",\"url\":\"https:\\\/\\\/weather-radar-live.com\\\/\",\"logo\":{\"@type\":\"ImageObject\",\"inLanguage\":\"sv-SE\",\"@id\":\"https:\\\/\\\/weather-radar-live.com\\\/#\\\/schema\\\/logo\\\/image\\\/\",\"url\":\"https:\\\/\\\/weather-radar-live.com\\\/wp-content\\\/uploads\\\/2022\\\/03\\\/cropped-WRL2503.png\",\"contentUrl\":\"https:\\\/\\\/weather-radar-live.com\\\/wp-content\\\/uploads\\\/2022\\\/03\\\/cropped-WRL2503.png\",\"width\":1920,\"height\":555,\"caption\":\"weather-radar-live.com\"},\"image\":{\"@id\":\"https:\\\/\\\/weather-radar-live.com\\\/#\\\/schema\\\/logo\\\/image\\\/\"}}]}<\/script>\n<!-- \/ Yoast SEO plugin. -->","yoast_head_json":{"title":"Webbkamera Cortina \u2192 Se det live!","description":"Webbkamera Cortina | Livekamera fr\u00e5n Cortina! \u2705 Uppdaterad f\u00f6r dig i realtid! \u2705 Aktuell v\u00e4derprognos!","robots":{"index":"index","follow":"follow","max-snippet":"max-snippet:-1","max-image-preview":"max-image-preview:large","max-video-preview":"max-video-preview:-1"},"canonical":"https:\/\/weather-radar-live.com\/sv\/webbkamera\/italien\/webbkamera-cortina\/","og_locale":"sv_SE","og_type":"article","og_title":"Webbkamera Cortina \u2192 Se det live!","og_description":"Webbkamera Cortina | Livekamera fr\u00e5n Cortina! \u2705 Uppdaterad f\u00f6r dig i realtid! \u2705 Aktuell v\u00e4derprognos!","og_url":"https:\/\/weather-radar-live.com\/sv\/webbkamera\/italien\/webbkamera-cortina\/","og_site_name":"weather-radar-live.com","article_modified_time":"2022-08-25T19:12:57+00:00","og_image":[{"width":1885,"height":881,"url":"https:\/\/weather-radar-live.com\/wp-content\/uploads\/2022\/08\/Webcam-Cortina-e1661414807577.jpg","type":"image\/jpeg"}],"twitter_card":"summary_large_image","twitter_misc":{"Ber\u00e4knad l\u00e4stid":"3 minuter"},"schema":{"@context":"https:\/\/schema.org","@graph":[{"@type":"WebPage","@id":"https:\/\/weather-radar-live.com\/sv\/webbkamera\/italien\/webbkamera-cortina\/","url":"https:\/\/weather-radar-live.com\/sv\/webbkamera\/italien\/webbkamera-cortina\/","name":"Webbkamera Cortina \u2192 Se det live!","isPartOf":{"@id":"https:\/\/weather-radar-live.com\/#website"},"primaryImageOfPage":{"@id":"https:\/\/weather-radar-live.com\/sv\/webbkamera\/italien\/webbkamera-cortina\/#primaryimage"},"image":{"@id":"https:\/\/weather-radar-live.com\/sv\/webbkamera\/italien\/webbkamera-cortina\/#primaryimage"},"thumbnailUrl":"https:\/\/weather-radar-live.com\/wp-content\/uploads\/2022\/08\/Webcam-Cortina-e1661414807577.jpg","datePublished":"2022-08-25T19:09:36+00:00","dateModified":"2022-08-25T19:12:57+00:00","description":"Webbkamera Cortina | Livekamera fr\u00e5n Cortina! \u2705 Uppdaterad f\u00f6r dig i realtid! \u2705 Aktuell v\u00e4derprognos!","breadcrumb":{"@id":"https:\/\/weather-radar-live.com\/sv\/webbkamera\/italien\/webbkamera-cortina\/#breadcrumb"},"inLanguage":"sv-SE","potentialAction":[{"@type":"ReadAction","target":["https:\/\/weather-radar-live.com\/sv\/webbkamera\/italien\/webbkamera-cortina\/"]}]},{"@type":"ImageObject","inLanguage":"sv-SE","@id":"https:\/\/weather-radar-live.com\/sv\/webbkamera\/italien\/webbkamera-cortina\/#primaryimage","url":"https:\/\/weather-radar-live.com\/wp-content\/uploads\/2022\/08\/Webcam-Cortina-e1661414807577.jpg","contentUrl":"https:\/\/weather-radar-live.com\/wp-content\/uploads\/2022\/08\/Webcam-Cortina-e1661414807577.jpg","width":1885,"height":881,"caption":"Webcam Cortina"},{"@type":"BreadcrumbList","@id":"https:\/\/weather-radar-live.com\/sv\/webbkamera\/italien\/webbkamera-cortina\/#breadcrumb","itemListElement":[{"@type":"ListItem","position":1,"name":"Weather Radar Live","item":"https:\/\/weather-radar-live.com\/sv\/"},{"@type":"ListItem","position":2,"name":"Webbkamera","item":"https:\/\/weather-radar-live.com\/sv\/webbkamera\/"},{"@type":"ListItem","position":3,"name":"Italien","item":"https:\/\/weather-radar-live.com\/sv\/webbkamera\/italien\/"},{"@type":"ListItem","position":4,"name":"Webbkamera Cortina"}]},{"@type":"WebSite","@id":"https:\/\/weather-radar-live.com\/#website","url":"https:\/\/weather-radar-live.com\/","name":"weather-radar-live.com","description":"Your weather and sky radar.","publisher":{"@id":"https:\/\/weather-radar-live.com\/#organization"},"potentialAction":[{"@type":"SearchAction","target":{"@type":"EntryPoint","urlTemplate":"https:\/\/weather-radar-live.com\/?s={search_term_string}"},"query-input":{"@type":"PropertyValueSpecification","valueRequired":true,"valueName":"search_term_string"}}],"inLanguage":"sv-SE"},{"@type":"Organization","@id":"https:\/\/weather-radar-live.com\/#organization","name":"weather-radar-live.com","url":"https:\/\/weather-radar-live.com\/","logo":{"@type":"ImageObject","inLanguage":"sv-SE","@id":"https:\/\/weather-radar-live.com\/#\/schema\/logo\/image\/","url":"https:\/\/weather-radar-live.com\/wp-content\/uploads\/2022\/03\/cropped-WRL2503.png","contentUrl":"https:\/\/weather-radar-live.com\/wp-content\/uploads\/2022\/03\/cropped-WRL2503.png","width":1920,"height":555,"caption":"weather-radar-live.com"},"image":{"@id":"https:\/\/weather-radar-live.com\/#\/schema\/logo\/image\/"}}]}},"_links":{"self":[{"href":"https:\/\/weather-radar-live.com\/sv\/wp-json\/wp\/v2\/pages\/7286","targetHints":{"allow":["GET"]}}],"collection":[{"href":"https:\/\/weather-radar-live.com\/sv\/wp-json\/wp\/v2\/pages"}],"about":[{"href":"https:\/\/weather-radar-live.com\/sv\/wp-json\/wp\/v2\/types\/page"}],"author":[{"embeddable":true,"href":"https:\/\/weather-radar-live.com\/sv\/wp-json\/wp\/v2\/users\/1"}],"replies":[{"embeddable":true,"href":"https:\/\/weather-radar-live.com\/sv\/wp-json\/wp\/v2\/comments?post=7286"}],"version-history":[{"count":2,"href":"https:\/\/weather-radar-live.com\/sv\/wp-json\/wp\/v2\/pages\/7286\/revisions"}],"predecessor-version":[{"id":7313,"href":"https:\/\/weather-radar-live.com\/sv\/wp-json\/wp\/v2\/pages\/7286\/revisions\/7313"}],"up":[{"embeddable":true,"href":"https:\/\/weather-radar-live.com\/sv\/wp-json\/wp\/v2\/pages\/4314"}],"wp:featuredmedia":[{"embeddable":true,"href":"https:\/\/weather-radar-live.com\/sv\/wp-json\/wp\/v2\/media\/7153"}],"wp:attachment":[{"href":"https:\/\/weather-radar-live.com\/sv\/wp-json\/wp\/v2\/media?parent=7286"}],"curies":[{"name":"wp","href":"https:\/\/api.w.org\/{rel}","templated":true}]}}