{"id":6282,"date":"2022-08-04T21:24:29","date_gmt":"2022-08-04T19:24:29","guid":{"rendered":"https:\/\/weather-radar-live.com\/?page_id=6282"},"modified":"2022-08-04T21:27:10","modified_gmt":"2022-08-04T19:27:10","slug":"webcam-abetone","status":"publish","type":"page","link":"https:\/\/weather-radar-live.com\/sv\/webbkamera\/italien\/webcam-abetone\/","title":{"rendered":"Webbkamera Abetone"},"content":{"rendered":"<div id=\"weath-1599515427\" class=\"weath-vor-dem-inhalt weath-entity-placement\" style=\"margin-top: 15px;margin-right: 25px;margin-bottom: 40px;margin-left: 25px;\"><script async src=\"\/\/pagead2.googlesyndication.com\/pagead\/js\/adsbygoogle.js?client=ca-pub-8960936133935804\" crossorigin=\"anonymous\"><\/script><ins class=\"adsbygoogle\" style=\"display:block;\" data-ad-client=\"ca-pub-8960936133935804\" \ndata-ad-slot=\"6172817020\" \ndata-ad-format=\"auto\"><\/ins>\n<script> \n(adsbygoogle = window.adsbygoogle || []).push({}); \n<\/script>\n<\/div>\n<div class=\"wp-block-cover alignfull is-light\"><span aria-hidden=\"true\" class=\"wp-block-cover__gradient-background has-background-dim\"><\/span><img decoding=\"async\" class=\"wp-block-cover__image-background wp-image-342\" alt=\"Webbkamera Abetone\" src=\"https:\/\/weather-radar-live.com\/wp-content\/uploads\/2021\/06\/sam-schooler-E9aetBe2w40-unsplash-e1622554814366.jpg\" data-object-fit=\"cover\"\/><div class=\"wp-block-cover__inner-container is-layout-flow wp-block-cover-is-layout-flow\">\n<h2 class=\"has-text-align-center heading wp-block-heading\" id=\"webcam-fort-mahon\" style=\"font-size:40px\"><strong><mark style=\"background-color:rgba(0, 0, 0, 0)\" class=\"has-inline-color has-base-3-color\">Webbkamera <\/mark><\/strong><br><strong><mark style=\"background-color:rgba(0, 0, 0, 0)\" class=\"has-inline-color has-base-3-color\">ABETONE<\/mark><\/strong><\/h2>\n<\/div><\/div>\n\n\n<div class=\"yoast-breadcrumbs\"><span><span><a href=\"https:\/\/weather-radar-live.com\/sv\/\">Weather Radar Live<\/a><\/span> \u00bb <span><a href=\"https:\/\/weather-radar-live.com\/sv\/webbkamera\/\">Webbkamera<\/a><\/span> \u00bb <span><a href=\"https:\/\/weather-radar-live.com\/sv\/webbkamera\/italien\/\">Italien<\/a><\/span> \u00bb <span class=\"breadcrumb_last\" aria-current=\"page\"><strong>Webbkamera Abetone<\/strong><\/span><\/span><\/div>\n\n\n<h2 class=\"has-text-align-center wp-block-heading\" id=\"webcam-fort-mahon\"><strong>Webbkamera Abetone<\/strong><\/h2>\n\n\n\n<p>Den l\u00e4tthanterliga byn Abetone med 700 inv\u00e5nare ligger vid Toscanas norra gr\u00e4ns. Men staden har mycket mer att erbjuda \u00e4n bara sol, strand och hav. Abetone har n\u00e4mligen ett stort vintersportomr\u00e5de som v\u00e4lkomnar sina bes\u00f6kare med m\u00e5nga l\u00e4ngdskidsp\u00e5r och liftar. F\u00e5 ett f\u00f6rsta intryck av den m\u00e5ngsidiga staden med webbkameran Abetone och l\u00e5t dig inspireras av de m\u00e5ngsidiga sportm\u00f6jligheterna.<\/p>\n\n\n\n<p>Uppt\u00e4ck den st\u00f6rsta skidorten i centrala Italien, som ligger i hj\u00e4rtat av Montagna Pistoiese, ett paradis f\u00f6r vintersportentusiaster och aktiva semesterfirare. Mitt i fantastiska landskap och m\u00e5nga naturparker upplever du h\u00e4r ett hisnande bergspanorama som inbjuder till avkoppling och sport b\u00e5de p\u00e5 vintern och sommaren.<\/p><div id=\"weath-541230983\" class=\"weath-inhalt_2 weath-entity-placement\" style=\"margin-top: 15px;margin-right: 25px;margin-bottom: 35px;margin-left: 25px;\"><script async src=\"\/\/pagead2.googlesyndication.com\/pagead\/js\/adsbygoogle.js?client=ca-pub-8960936133935804\" crossorigin=\"anonymous\"><\/script><ins class=\"adsbygoogle\" style=\"display:block;\" data-ad-client=\"ca-pub-8960936133935804\" \ndata-ad-slot=\"1963584050\" \ndata-ad-format=\"auto\"><\/ins>\n<script> \n(adsbygoogle = window.adsbygoogle || []).push({}); \n<\/script>\n<\/div>\n\n\n\n<div class=\"wp-block-columns is-layout-flex wp-container-core-columns-is-layout-9d6595d7 wp-block-columns-is-layout-flex\">\n<div class=\"wp-block-column webcam-column is-layout-flow wp-block-column-is-layout-flow\">\n<h3 class=\"has-text-align-center wp-block-heading\"> \ud83d\udd34 <strong>Webbkamera<\/strong> <strong>Abetone<\/strong> &#8211; Nordost<\/h3>\n\n\n\n<a name=\"windy-webcam-timelapse-player\" data-id=\"1609329335\" data-play=\"day\" href=\"https:\/\/windy.com\/webcams\/1609329335\" target=\"_blank\" rel=\"noopener\">Abetone Cutigliano &#8217; Nordost<\/a><script async=\"\" type=\"text\/javascript\" src=\"https:\/\/webcams.windy.com\/webcams\/public\/embed\/script\/player.js\"><\/script>\n<\/div>\n\n\n\n<div class=\"wp-block-column webcam-column is-layout-flow wp-block-column-is-layout-flow\">\n<h3 class=\"has-text-align-center wp-block-heading\"> \ud83d\udd34 <strong>Webbkamera Abetone<\/strong> &#8211; Via Val di Luce<\/h3>\n\n\n\n<a name=\"windy-webcam-timelapse-player\" data-id=\"1582187405\" data-play=\"day\" href=\"https:\/\/windy.com\/webcams\/1582187405\" target=\"_blank\" rel=\"noopener\">Abetone Cutigliano: Via Val di Luce &#8211; Abetone<\/a><script async=\"\" type=\"text\/javascript\" src=\"https:\/\/webcams.windy.com\/webcams\/public\/embed\/script\/player.js\"><\/script>\n<\/div>\n<\/div>\n\n\n\n<div class=\"wp-block-columns is-layout-flex wp-container-core-columns-is-layout-9d6595d7 wp-block-columns-is-layout-flex\">\n<div class=\"wp-block-column webcam-column is-layout-flow wp-block-column-is-layout-flow\">\n<h3 class=\"has-text-align-center wp-block-heading\"> \ud83d\udd34 <strong>Webbkamera<\/strong> <strong>Abetone<\/strong> &#8211; Via Val di Luce (norr)<\/h3>\n\n\n\n<a name=\"windy-webcam-timelapse-player\" data-id=\"1638158265\" data-play=\"day\" href=\"https:\/\/windy.com\/webcams\/1638158265\" target=\"_blank\" rel=\"noopener\">Abetone Cutigliano &#8217; Norr: Via Val di Luce<\/a><script async=\"\" type=\"text\/javascript\" src=\"https:\/\/webcams.windy.com\/webcams\/public\/embed\/script\/player.js\"><\/script>\n<\/div>\n\n\n\n<div class=\"wp-block-column webcam-column is-layout-flow wp-block-column-is-layout-flow\">\n<h3 class=\"has-text-align-center wp-block-heading\"> \ud83d\udd34 <strong>Webbkamera <strong><strong><strong>Abetone<\/strong><\/strong><\/strong><\/strong> &#8211; Via Val di Luce (s\u00f6der) <\/h3>\n\n\n\n<a name=\"windy-webcam-timelapse-player\" data-id=\"1651049363\" data-play=\"day\" href=\"https:\/\/windy.com\/webcams\/1651049363\" target=\"_blank\" rel=\"noopener\">Abetone Cutigliano &#8217; Syd: Via Val di Luce<\/a><script async=\"\" type=\"text\/javascript\" src=\"https:\/\/webcams.windy.com\/webcams\/public\/embed\/script\/player.js\"><\/script>\n<\/div>\n<\/div>\n\n\n\n<div class=\"wp-block-columns is-layout-flex wp-container-core-columns-is-layout-9d6595d7 wp-block-columns-is-layout-flex\">\n<div class=\"wp-block-column webcam-column is-layout-flow wp-block-column-is-layout-flow\">\n<h3 class=\"has-text-align-center wp-block-heading\"> \ud83d\udd34 <strong>Webbkamera<strong> Abetone &#8211;<\/strong><\/strong> Via Val di Luce (sydost)<\/h3>\n\n\n\n<a name=\"windy-webcam-timelapse-player\" data-id=\"1633083125\" data-play=\"day\" href=\"https:\/\/windy.com\/webcams\/1633083125\" target=\"_blank\" rel=\"noopener\">Abetone Cutigliano &#8217; Sydost: Monte Gomito &#8211; Via Val di Luce<\/a><script async=\"\" type=\"text\/javascript\" src=\"https:\/\/webcams.windy.com\/webcams\/public\/embed\/script\/player.js\"><\/script>\n<\/div>\n\n\n\n<div class=\"wp-block-column webcam-column is-layout-flow wp-block-column-is-layout-flow\">\n<h3 class=\"has-text-align-center wp-block-heading\"> \ud83d\udd34 <strong>Webbkamera <strong><strong><strong>Abetone<\/strong><\/strong><\/strong><\/strong> &#8211; (nordost)<\/h3>\n\n\n\n<a name=\"windy-webcam-timelapse-player\" data-id=\"1638976612\" data-play=\"day\" href=\"https:\/\/windy.com\/webcams\/1638976612\" target=\"_blank\" rel=\"noopener\">Abetone Cutigliano &#8217; Nordost<\/a><script async=\"\" type=\"text\/javascript\" src=\"https:\/\/webcams.windy.com\/webcams\/public\/embed\/script\/player.js\"><\/script>\n<\/div>\n<\/div>\n\n\n\n<div class=\"wp-block-columns is-layout-flex wp-container-core-columns-is-layout-9d6595d7 wp-block-columns-is-layout-flex\">\n<div class=\"wp-block-column webcam-column is-layout-flow wp-block-column-is-layout-flow\">\n<h3 class=\"has-text-align-center wp-block-heading\"> \ud83d\udd34 <strong>Webbkamera <strong><strong><strong>Abetone<\/strong><\/strong><\/strong><\/strong> &#8211; Passo di Annibale<\/h3>\n\n\n\n<a name=\"windy-webcam-timelapse-player\" data-id=\"1654407814\" data-play=\"day\" href=\"https:\/\/windy.com\/webcams\/1654407814\" target=\"_blank\" rel=\"noopener\">Abetone Cutigliano &#8217; Syd: Passo di Annibale<\/a><script async=\"\" type=\"text\/javascript\" src=\"https:\/\/webcams.windy.com\/webcams\/public\/embed\/script\/player.js\"><\/script>\n<\/div>\n\n\n\n<div class=\"wp-block-column webcam-column is-layout-flow wp-block-column-is-layout-flow\">\n<h3 class=\"has-text-align-center wp-block-heading\"> \ud83d\udd34 <strong>Webbkamera Abetone<\/strong> &#8211; Val di Luce (Piazza Centrale)<\/h3>\n\n\n\n<iframe loading=\"lazy\" width=\"560\" height=\"315\" src=\"https:\/\/www.youtube.com\/embed\/8ySM57gHETU\" title=\"YouTube video player\" frameborder=\"0\" allow=\"accelerometer; autoplay; clipboard-write; encrypted-media; gyroscope; picture-in-picture\" allowfullscreen=\"\"><\/iframe>\n<\/div>\n<\/div>\n\n\n\n<h2 class=\"wp-block-heading\" id=\"fort-mahon-today\"><strong>V\u00e4derradar Abetone &#8211; V\u00e4dret i Abetone<\/strong><\/h2>\n\n\n\n<p>Med v\u00e5r webbkamera Abetone kan du h\u00e5lla dig uppdaterad om de aktuella v\u00e4derf\u00f6rh\u00e5llandena i staden i realtid. Dessutom erbjuder vi dig en v\u00e4derradar f\u00f6r att h\u00e5lla dig informerad om den aktuella v\u00e4derprognosen och \u00e4ven om nederb\u00f6rdsomr\u00e5dena. Beroende p\u00e5 intensiteten av nederb\u00f6rden \u00e4r dessa markerade med en annan f\u00e4rg p\u00e5 kartan. Bl\u00e5 och gr\u00f6na omr\u00e5den indikerar l\u00e5ga nederb\u00f6rdsniv\u00e5er. Lila och r\u00f6da omr\u00e5den st\u00e5r d\u00e4remot f\u00f6r kraftig nederb\u00f6rd med eventuell risk f\u00f6r h\u00e5rt v\u00e4der. Dessutom indikeras \u00e5skv\u00e4der med sm\u00e5 blixtsymboler i v\u00e4derradaren. Tack vare denna omfattande bakgrundsinformation fr\u00e5n v\u00e5r webbkamera och v\u00e4derradar \u00e4r du alltid v\u00e4linformerad om det aktuella v\u00e4dret i Abetone.<\/p>\n\n\n\n<div class=\"wp-block-columns is-layout-flex wp-container-core-columns-is-layout-9d6595d7 wp-block-columns-is-layout-flex\">\n<div class=\"wp-block-column is-layout-flow wp-block-column-is-layout-flow\" style=\"flex-basis:75%\">\n<iframe loading=\"lazy\" width=\"1300\" height=\"502\" src=\"https:\/\/embed.windy.com\/embed2.html?lat=44.144&amp;lon=10.639&amp;detailLat=44.144&amp;detailLon=10.639&amp;width=1300&amp;height=502&amp;zoom=11&amp;level=surface&amp;overlay=rain&amp;product=ecmwf&amp;menu=&amp;message=&amp;marker=&amp;calendar=now&amp;pressure=&amp;type=map&amp;location=coordinates&amp;detail=&amp;metricWind=default&amp;metricTemp=default&amp;radarRange=-1\" frameborder=\"0\"><\/iframe>\n<\/div>\n\n\n\n<div class=\"wp-block-column is-layout-flow wp-block-column-is-layout-flow\" style=\"flex-basis:25%\">\n<a class=\"weatherwidget-io\" href=\"https:\/\/forecast7.com\/sv\/44d1410d66\/abetone\/\" data-label_1=\"ABETONE\" data-theme=\"original\" >ABETONE<\/a>\n<script>\n!function(d,s,id){var js,fjs=d.getElementsByTagName(s)[0];if(!d.getElementById(id)){js=d.createElement(s);js.id=id;js.src='https:\/\/weatherwidget.io\/js\/widget.min.js';fjs.parentNode.insertBefore(js,fjs);}}(document,'script','weatherwidget-io-js');\n<\/script>\n<\/div>\n<\/div>\n\n\n\n<h2 class=\"wp-block-heading\" id=\"fort-mahon-weather\"><strong>Klimatet i Abetone<\/strong><\/h2>\n\n\n\n<p>Abetone k\u00e4nnetecknas av ett varmt och tempererat klimat. \u00c5rsmedeltemperaturen \u00e4r 9,6 \u00b0C, och juli \u00e4r den varmaste m\u00e5naden med en medeltemperatur p\u00e5 18,9 \u00b0C. Den kallaste m\u00e5naden \u00e4r januari, med temperaturer som i genomsnitt \u00e4r 1,1 \u00b0C. Generellt sett har staden mycket nederb\u00f6rd, s\u00e5 att det finns ett \u00e5rsmedelv\u00e4rde p\u00e5 cirka 1318 mm nederb\u00f6rd. November \u00e4r den m\u00e5nad med mest nederb\u00f6rd, med i genomsnitt 153 mm, och augusti \u00e4r den m\u00e5nad med minst nederb\u00f6rd, med cirka 81 mm.<\/p>\n\n\n\n<h2 class=\"wp-block-heading\"><strong>Sev\u00e4rdheter i Abetone<\/strong><\/h2>\n\n\n\n<p>Under det senaste \u00e5rhundradet har Abetones popularitet som vinter- och sommarsportdestination \u00f6kat avsev\u00e4rt. P\u00e5 vintern v\u00e4ntar ett stort skidomr\u00e5de h\u00e4r, med ett 30-tal backar som har en total l\u00e4ngd p\u00e5 50 km. De historiskt k\u00e4nda backarna som Selletta, Riva och Fivizzani ing\u00e5r ocks\u00e5 i Abetones skidomr\u00e5de. Men staden \u00e4r inte bara v\u00e4rd ett bes\u00f6k under vinterm\u00e5naderna. Tack vare h\u00f6jden p\u00e5 cirka 1 400 meter \u00e4r temperaturen behagligt mild under sommarm\u00e5naderna, d\u00e5 aktiva semesterfirare kan njuta av den friska bergsluften och det fantastiska bergspanoramat under en omfattande vandring. S\u00e5 du kommer att bel\u00f6nas med en hisnande utsikt vid en kl\u00e4ttring till Monte Cimone, Monte Gomito eller Libro Aperto. Dessutom kommer mountainbike- och cyklister att f\u00e5 valuta f\u00f6r pengarna under en sprudlande cykeltur genom det fascinerande landskapet i norra Toscana. Ett lyckat slut p\u00e5 en sportfylld dag kan du hitta p\u00e5 stadens otaliga restauranger som sk\u00e4mmer bort dig med typiska lokala specialiteter.<\/p>\n","protected":false},"excerpt":{"rendered":"<p>Webbkamera Abetone Den l\u00e4tthanterliga byn Abetone med 700 inv\u00e5nare ligger vid Toscanas norra gr\u00e4ns. Men staden har mycket mer att erbjuda \u00e4n bara sol, strand och hav. Abetone har n\u00e4mligen ett stort vintersportomr\u00e5de som v\u00e4lkomnar sina bes\u00f6kare med m\u00e5nga l\u00e4ngdskidsp\u00e5r och liftar. F\u00e5 ett f\u00f6rsta intryck av den m\u00e5ngsidiga staden med webbkameran Abetone och l\u00e5t &#8230; <a title=\"Webbkamera Abetone\" class=\"read-more\" href=\"https:\/\/weather-radar-live.com\/sv\/webbkamera\/italien\/webcam-abetone\/\" aria-label=\"L\u00e4s mer om Webbkamera Abetone\">L\u00e4s mer<\/a><\/p>\n","protected":false},"author":1,"featured_media":6062,"parent":4314,"menu_order":0,"comment_status":"closed","ping_status":"closed","template":"","meta":{"footnotes":""},"class_list":["post-6282","page","type-page","status-publish","has-post-thumbnail"],"yoast_head":"<!-- This site is optimized with the Yoast SEO plugin v27.5 - https:\/\/yoast.com\/product\/yoast-seo-wordpress\/ -->\n<title>Webbkamera Abetone \u2192 Se det live!<\/title>\n<meta name=\"description\" content=\"Webbkamera Abetone | Livekamera i Abetone! \u2705 Uppdaterad f\u00f6r dig i realtid! \u2705 Aktuell v\u00e4derprognos!\" \/>\n<meta name=\"robots\" content=\"index, follow, max-snippet:-1, max-image-preview:large, max-video-preview:-1\" \/>\n<link rel=\"canonical\" href=\"https:\/\/weather-radar-live.com\/sv\/webbkamera\/italien\/webcam-abetone\/\" \/>\n<meta property=\"og:locale\" content=\"sv_SE\" \/>\n<meta property=\"og:type\" content=\"article\" \/>\n<meta property=\"og:title\" content=\"Webbkamera Abetone \u2192 Se det live!\" \/>\n<meta property=\"og:description\" content=\"Webbkamera Abetone | Livekamera i Abetone! \u2705 Uppdaterad f\u00f6r dig i realtid! \u2705 Aktuell v\u00e4derprognos!\" \/>\n<meta property=\"og:url\" content=\"https:\/\/weather-radar-live.com\/sv\/webbkamera\/italien\/webcam-abetone\/\" \/>\n<meta property=\"og:site_name\" content=\"weather-radar-live.com\" \/>\n<meta property=\"article:modified_time\" content=\"2022-08-04T19:27:10+00:00\" \/>\n<meta property=\"og:image\" content=\"https:\/\/weather-radar-live.com\/wp-content\/uploads\/2022\/08\/Webcam-Abetone-e1659464523391.jpg\" \/>\n\t<meta property=\"og:image:width\" content=\"1912\" \/>\n\t<meta property=\"og:image:height\" content=\"931\" \/>\n\t<meta property=\"og:image:type\" content=\"image\/jpeg\" \/>\n<meta name=\"twitter:card\" content=\"summary_large_image\" \/>\n<meta name=\"twitter:label1\" content=\"Ber\u00e4knad l\u00e4stid\" \/>\n\t<meta name=\"twitter:data1\" content=\"3 minuter\" \/>\n<script type=\"application\/ld+json\" class=\"yoast-schema-graph\">{\"@context\":\"https:\\\/\\\/schema.org\",\"@graph\":[{\"@type\":\"WebPage\",\"@id\":\"https:\\\/\\\/weather-radar-live.com\\\/sv\\\/webbkamera\\\/italien\\\/webcam-abetone\\\/\",\"url\":\"https:\\\/\\\/weather-radar-live.com\\\/sv\\\/webbkamera\\\/italien\\\/webcam-abetone\\\/\",\"name\":\"Webbkamera Abetone \u2192 Se det live!\",\"isPartOf\":{\"@id\":\"https:\\\/\\\/weather-radar-live.com\\\/#website\"},\"primaryImageOfPage\":{\"@id\":\"https:\\\/\\\/weather-radar-live.com\\\/sv\\\/webbkamera\\\/italien\\\/webcam-abetone\\\/#primaryimage\"},\"image\":{\"@id\":\"https:\\\/\\\/weather-radar-live.com\\\/sv\\\/webbkamera\\\/italien\\\/webcam-abetone\\\/#primaryimage\"},\"thumbnailUrl\":\"https:\\\/\\\/weather-radar-live.com\\\/wp-content\\\/uploads\\\/2022\\\/08\\\/Webcam-Abetone-e1659464523391.jpg\",\"datePublished\":\"2022-08-04T19:24:29+00:00\",\"dateModified\":\"2022-08-04T19:27:10+00:00\",\"description\":\"Webbkamera Abetone | Livekamera i Abetone! \u2705 Uppdaterad f\u00f6r dig i realtid! \u2705 Aktuell v\u00e4derprognos!\",\"breadcrumb\":{\"@id\":\"https:\\\/\\\/weather-radar-live.com\\\/sv\\\/webbkamera\\\/italien\\\/webcam-abetone\\\/#breadcrumb\"},\"inLanguage\":\"sv-SE\",\"potentialAction\":[{\"@type\":\"ReadAction\",\"target\":[\"https:\\\/\\\/weather-radar-live.com\\\/sv\\\/webbkamera\\\/italien\\\/webcam-abetone\\\/\"]}]},{\"@type\":\"ImageObject\",\"inLanguage\":\"sv-SE\",\"@id\":\"https:\\\/\\\/weather-radar-live.com\\\/sv\\\/webbkamera\\\/italien\\\/webcam-abetone\\\/#primaryimage\",\"url\":\"https:\\\/\\\/weather-radar-live.com\\\/wp-content\\\/uploads\\\/2022\\\/08\\\/Webcam-Abetone-e1659464523391.jpg\",\"contentUrl\":\"https:\\\/\\\/weather-radar-live.com\\\/wp-content\\\/uploads\\\/2022\\\/08\\\/Webcam-Abetone-e1659464523391.jpg\",\"width\":1912,\"height\":931,\"caption\":\"Webcam Abetone\"},{\"@type\":\"BreadcrumbList\",\"@id\":\"https:\\\/\\\/weather-radar-live.com\\\/sv\\\/webbkamera\\\/italien\\\/webcam-abetone\\\/#breadcrumb\",\"itemListElement\":[{\"@type\":\"ListItem\",\"position\":1,\"name\":\"Weather Radar Live\",\"item\":\"https:\\\/\\\/weather-radar-live.com\\\/sv\\\/\"},{\"@type\":\"ListItem\",\"position\":2,\"name\":\"Webbkamera\",\"item\":\"https:\\\/\\\/weather-radar-live.com\\\/sv\\\/webbkamera\\\/\"},{\"@type\":\"ListItem\",\"position\":3,\"name\":\"Italien\",\"item\":\"https:\\\/\\\/weather-radar-live.com\\\/sv\\\/webbkamera\\\/italien\\\/\"},{\"@type\":\"ListItem\",\"position\":4,\"name\":\"Webbkamera Abetone\"}]},{\"@type\":\"WebSite\",\"@id\":\"https:\\\/\\\/weather-radar-live.com\\\/#website\",\"url\":\"https:\\\/\\\/weather-radar-live.com\\\/\",\"name\":\"weather-radar-live.com\",\"description\":\"Your weather and sky radar.\",\"publisher\":{\"@id\":\"https:\\\/\\\/weather-radar-live.com\\\/#organization\"},\"potentialAction\":[{\"@type\":\"SearchAction\",\"target\":{\"@type\":\"EntryPoint\",\"urlTemplate\":\"https:\\\/\\\/weather-radar-live.com\\\/?s={search_term_string}\"},\"query-input\":{\"@type\":\"PropertyValueSpecification\",\"valueRequired\":true,\"valueName\":\"search_term_string\"}}],\"inLanguage\":\"sv-SE\"},{\"@type\":\"Organization\",\"@id\":\"https:\\\/\\\/weather-radar-live.com\\\/#organization\",\"name\":\"weather-radar-live.com\",\"url\":\"https:\\\/\\\/weather-radar-live.com\\\/\",\"logo\":{\"@type\":\"ImageObject\",\"inLanguage\":\"sv-SE\",\"@id\":\"https:\\\/\\\/weather-radar-live.com\\\/#\\\/schema\\\/logo\\\/image\\\/\",\"url\":\"https:\\\/\\\/weather-radar-live.com\\\/wp-content\\\/uploads\\\/2022\\\/03\\\/cropped-WRL2503.png\",\"contentUrl\":\"https:\\\/\\\/weather-radar-live.com\\\/wp-content\\\/uploads\\\/2022\\\/03\\\/cropped-WRL2503.png\",\"width\":1920,\"height\":555,\"caption\":\"weather-radar-live.com\"},\"image\":{\"@id\":\"https:\\\/\\\/weather-radar-live.com\\\/#\\\/schema\\\/logo\\\/image\\\/\"}}]}<\/script>\n<!-- \/ Yoast SEO plugin. -->","yoast_head_json":{"title":"Webbkamera Abetone \u2192 Se det live!","description":"Webbkamera Abetone | Livekamera i Abetone! \u2705 Uppdaterad f\u00f6r dig i realtid! \u2705 Aktuell v\u00e4derprognos!","robots":{"index":"index","follow":"follow","max-snippet":"max-snippet:-1","max-image-preview":"max-image-preview:large","max-video-preview":"max-video-preview:-1"},"canonical":"https:\/\/weather-radar-live.com\/sv\/webbkamera\/italien\/webcam-abetone\/","og_locale":"sv_SE","og_type":"article","og_title":"Webbkamera Abetone \u2192 Se det live!","og_description":"Webbkamera Abetone | Livekamera i Abetone! \u2705 Uppdaterad f\u00f6r dig i realtid! \u2705 Aktuell v\u00e4derprognos!","og_url":"https:\/\/weather-radar-live.com\/sv\/webbkamera\/italien\/webcam-abetone\/","og_site_name":"weather-radar-live.com","article_modified_time":"2022-08-04T19:27:10+00:00","og_image":[{"width":1912,"height":931,"url":"https:\/\/weather-radar-live.com\/wp-content\/uploads\/2022\/08\/Webcam-Abetone-e1659464523391.jpg","type":"image\/jpeg"}],"twitter_card":"summary_large_image","twitter_misc":{"Ber\u00e4knad l\u00e4stid":"3 minuter"},"schema":{"@context":"https:\/\/schema.org","@graph":[{"@type":"WebPage","@id":"https:\/\/weather-radar-live.com\/sv\/webbkamera\/italien\/webcam-abetone\/","url":"https:\/\/weather-radar-live.com\/sv\/webbkamera\/italien\/webcam-abetone\/","name":"Webbkamera Abetone \u2192 Se det live!","isPartOf":{"@id":"https:\/\/weather-radar-live.com\/#website"},"primaryImageOfPage":{"@id":"https:\/\/weather-radar-live.com\/sv\/webbkamera\/italien\/webcam-abetone\/#primaryimage"},"image":{"@id":"https:\/\/weather-radar-live.com\/sv\/webbkamera\/italien\/webcam-abetone\/#primaryimage"},"thumbnailUrl":"https:\/\/weather-radar-live.com\/wp-content\/uploads\/2022\/08\/Webcam-Abetone-e1659464523391.jpg","datePublished":"2022-08-04T19:24:29+00:00","dateModified":"2022-08-04T19:27:10+00:00","description":"Webbkamera Abetone | Livekamera i Abetone! \u2705 Uppdaterad f\u00f6r dig i realtid! \u2705 Aktuell v\u00e4derprognos!","breadcrumb":{"@id":"https:\/\/weather-radar-live.com\/sv\/webbkamera\/italien\/webcam-abetone\/#breadcrumb"},"inLanguage":"sv-SE","potentialAction":[{"@type":"ReadAction","target":["https:\/\/weather-radar-live.com\/sv\/webbkamera\/italien\/webcam-abetone\/"]}]},{"@type":"ImageObject","inLanguage":"sv-SE","@id":"https:\/\/weather-radar-live.com\/sv\/webbkamera\/italien\/webcam-abetone\/#primaryimage","url":"https:\/\/weather-radar-live.com\/wp-content\/uploads\/2022\/08\/Webcam-Abetone-e1659464523391.jpg","contentUrl":"https:\/\/weather-radar-live.com\/wp-content\/uploads\/2022\/08\/Webcam-Abetone-e1659464523391.jpg","width":1912,"height":931,"caption":"Webcam Abetone"},{"@type":"BreadcrumbList","@id":"https:\/\/weather-radar-live.com\/sv\/webbkamera\/italien\/webcam-abetone\/#breadcrumb","itemListElement":[{"@type":"ListItem","position":1,"name":"Weather Radar Live","item":"https:\/\/weather-radar-live.com\/sv\/"},{"@type":"ListItem","position":2,"name":"Webbkamera","item":"https:\/\/weather-radar-live.com\/sv\/webbkamera\/"},{"@type":"ListItem","position":3,"name":"Italien","item":"https:\/\/weather-radar-live.com\/sv\/webbkamera\/italien\/"},{"@type":"ListItem","position":4,"name":"Webbkamera Abetone"}]},{"@type":"WebSite","@id":"https:\/\/weather-radar-live.com\/#website","url":"https:\/\/weather-radar-live.com\/","name":"weather-radar-live.com","description":"Your weather and sky radar.","publisher":{"@id":"https:\/\/weather-radar-live.com\/#organization"},"potentialAction":[{"@type":"SearchAction","target":{"@type":"EntryPoint","urlTemplate":"https:\/\/weather-radar-live.com\/?s={search_term_string}"},"query-input":{"@type":"PropertyValueSpecification","valueRequired":true,"valueName":"search_term_string"}}],"inLanguage":"sv-SE"},{"@type":"Organization","@id":"https:\/\/weather-radar-live.com\/#organization","name":"weather-radar-live.com","url":"https:\/\/weather-radar-live.com\/","logo":{"@type":"ImageObject","inLanguage":"sv-SE","@id":"https:\/\/weather-radar-live.com\/#\/schema\/logo\/image\/","url":"https:\/\/weather-radar-live.com\/wp-content\/uploads\/2022\/03\/cropped-WRL2503.png","contentUrl":"https:\/\/weather-radar-live.com\/wp-content\/uploads\/2022\/03\/cropped-WRL2503.png","width":1920,"height":555,"caption":"weather-radar-live.com"},"image":{"@id":"https:\/\/weather-radar-live.com\/#\/schema\/logo\/image\/"}}]}},"_links":{"self":[{"href":"https:\/\/weather-radar-live.com\/sv\/wp-json\/wp\/v2\/pages\/6282","targetHints":{"allow":["GET"]}}],"collection":[{"href":"https:\/\/weather-radar-live.com\/sv\/wp-json\/wp\/v2\/pages"}],"about":[{"href":"https:\/\/weather-radar-live.com\/sv\/wp-json\/wp\/v2\/types\/page"}],"author":[{"embeddable":true,"href":"https:\/\/weather-radar-live.com\/sv\/wp-json\/wp\/v2\/users\/1"}],"replies":[{"embeddable":true,"href":"https:\/\/weather-radar-live.com\/sv\/wp-json\/wp\/v2\/comments?post=6282"}],"version-history":[{"count":2,"href":"https:\/\/weather-radar-live.com\/sv\/wp-json\/wp\/v2\/pages\/6282\/revisions"}],"predecessor-version":[{"id":6319,"href":"https:\/\/weather-radar-live.com\/sv\/wp-json\/wp\/v2\/pages\/6282\/revisions\/6319"}],"up":[{"embeddable":true,"href":"https:\/\/weather-radar-live.com\/sv\/wp-json\/wp\/v2\/pages\/4314"}],"wp:featuredmedia":[{"embeddable":true,"href":"https:\/\/weather-radar-live.com\/sv\/wp-json\/wp\/v2\/media\/6062"}],"wp:attachment":[{"href":"https:\/\/weather-radar-live.com\/sv\/wp-json\/wp\/v2\/media?parent=6282"}],"curies":[{"name":"wp","href":"https:\/\/api.w.org\/{rel}","templated":true}]}}