{"id":5529,"date":"2022-04-20T12:51:55","date_gmt":"2022-04-20T10:51:55","guid":{"rendered":"https:\/\/weather-radar-live.com\/webbkamera\/frankrike\/webcam-semnoz\/"},"modified":"2022-07-20T15:47:59","modified_gmt":"2022-07-20T13:47:59","slug":"webbkamera-semnoz","status":"publish","type":"page","link":"https:\/\/weather-radar-live.com\/sv\/webbkamera\/frankrike\/webbkamera-semnoz\/","title":{"rendered":"Webbkamera Semnoz"},"content":{"rendered":"<div id=\"weath-4003403041\" class=\"weath-vor-dem-inhalt weath-entity-placement\" style=\"margin-top: 15px;margin-right: 25px;margin-bottom: 40px;margin-left: 25px;\"><script async src=\"\/\/pagead2.googlesyndication.com\/pagead\/js\/adsbygoogle.js?client=ca-pub-8960936133935804\" crossorigin=\"anonymous\"><\/script><ins class=\"adsbygoogle\" style=\"display:block;\" data-ad-client=\"ca-pub-8960936133935804\" \ndata-ad-slot=\"6172817020\" \ndata-ad-format=\"auto\"><\/ins>\n<script> \n(adsbygoogle = window.adsbygoogle || []).push({}); \n<\/script>\n<\/div>\n<div class=\"wp-block-cover alignfull is-light\"><span aria-hidden=\"true\" class=\"wp-block-cover__gradient-background has-background-dim\"><\/span><img decoding=\"async\" class=\"wp-block-cover__image-background wp-image-342\" alt=\"Webbkamera Semnoz\" src=\"https:\/\/weather-radar-live.com\/wp-content\/uploads\/2021\/06\/sam-schooler-E9aetBe2w40-unsplash-e1622554814366.jpg\" data-object-fit=\"cover\"\/><div class=\"wp-block-cover__inner-container is-layout-flow wp-block-cover-is-layout-flow\">\n<h2 class=\"has-text-align-center heading wp-block-heading\" id=\"webcam-fort-mahon\" style=\"font-size:40px;text-transform:uppercase\"><strong><mark style=\"background-color:rgba(0, 0, 0, 0)\" class=\"has-inline-color has-base-3-color\">Webbkamera<\/mark><br><mark style=\"background-color:rgba(0, 0, 0, 0)\" class=\"has-inline-color has-base-3-color\">SEMNOZ<\/mark><\/strong><\/h2>\n<\/div><\/div>\n\n\n<div class=\"yoast-breadcrumbs\"><span><span><a href=\"https:\/\/weather-radar-live.com\/sv\/\">Weather Radar Live<\/a><\/span> \u00bb <span><a href=\"https:\/\/weather-radar-live.com\/sv\/webbkamera\/\">Webbkamera<\/a><\/span> \u00bb <span><a href=\"https:\/\/weather-radar-live.com\/sv\/webbkamera\/frankrike\/\">Frankrike<\/a><\/span> \u00bb <span class=\"breadcrumb_last\" aria-current=\"page\"><strong>Webbkamera Semnoz<\/strong><\/span><\/span><\/div>\n\n\n<h2 class=\"has-text-align-center wp-block-heading\" id=\"webcam-fort-mahon\"><strong>Webbkamera Semnoz<\/strong><\/h2>\n\n\n\n<p>Semnoz, det mest k\u00e4nda berget i Bauges-kedjan, ligger i Auvergne-Rh\u00f4ne-Alpes. Semnoz str\u00e4cker sig fr\u00e5n Ch\u00e9ran till Annecysj\u00f6ns str\u00e4nder. Detta berg i Haute-Savoie str\u00e4cker sig fr\u00e5n en h\u00f6jd av 450 meter till 1 699 meter. Det ligger n\u00e4ra Annecysj\u00f6n och erbjuder en vidstr\u00e4ckt terr\u00e4ng f\u00f6r aktiviteter som snowboarding, skid\u00e5kning, bergsvandring och promenader under hela \u00e5ret.<\/p>\n\n\n\n<p>Generellt sett \u00e4r sommaren behaglig och utomhusaktiviteter kan ut\u00f6vas i stor utstr\u00e4ckning, \u00e4ven om \u00e5skv\u00e4der och regn kan f\u00f6rekomma emellan\u00e5t. Bland de mest popul\u00e4ra platserna i Semnoz finns ett kargt omr\u00e5de som kallas Cr\u00eat-du- Chatillon. F\u00f6rutom de evigt sn\u00f6kl\u00e4dda Alperna kan du ocks\u00e5 se Annecys turkosa sj\u00f6 och pittoreska stad. Om du \u00e4r nyfiken p\u00e5 hur v\u00e4dret och klimatet ser ut i Semoz, hittar du h\u00e4r all relevant information som du beh\u00f6ver veta.<\/p><div id=\"weath-1486093495\" class=\"weath-inhalt_2 weath-entity-placement\" style=\"margin-top: 15px;margin-right: 25px;margin-bottom: 35px;margin-left: 25px;\"><script async src=\"\/\/pagead2.googlesyndication.com\/pagead\/js\/adsbygoogle.js?client=ca-pub-8960936133935804\" crossorigin=\"anonymous\"><\/script><ins class=\"adsbygoogle\" style=\"display:block;\" data-ad-client=\"ca-pub-8960936133935804\" \ndata-ad-slot=\"1963584050\" \ndata-ad-format=\"auto\"><\/ins>\n<script> \n(adsbygoogle = window.adsbygoogle || []).push({}); \n<\/script>\n<\/div>\n\n\n\n<h3 class=\"has-text-align-center wp-block-heading\">\ud83d\udd34 <strong>Webbkamera Semnoz<\/strong> (Panorama)<\/h3>\n\n\n\n<iframe src=\"https:\/\/app.webcam-hd.com\/semnoz\/semnoz-ski\" style=\"width: 100%; height: 400px; border: none;\" allowfullscreen=\"\"><\/iframe>\n\n\n\n<p><\/p>\n\n\n\n<h3 class=\"has-text-align-center wp-block-heading\">\ud83d\udd34 <strong>Webbkamera Semnoz<\/strong> bergstopp (Panorama)<\/h3>\n\n\n\n<iframe src=\"https:\/\/app.webcam-hd.com\/semnoz\/sommet_tmx\" style=\"width: 100%; height: 400px; border: none;\" allowfullscreen=\"\"><\/iframe>\n\n\n\n<p class=\"has-text-align-center\"><strong><sup>Med ett musklick (smartphone: \u00e4ndra vyn helt enkelt genom att trycka p\u00e5) kan du flytta webbkameran i den riktning du vill. Genom att vrida p\u00e5 mushjulet eller zooma med fingrarna kan du zooma in p\u00e5 webbkameran. Alternativt kan du ocks\u00e5 anv\u00e4nda knapparna f\u00f6r detta \u00e4ndam\u00e5l.<\/sup><\/strong><\/p>\n\n\n\n<div class=\"wp-block-columns is-layout-flex wp-container-core-columns-is-layout-9d6595d7 wp-block-columns-is-layout-flex\">\n<div class=\"wp-block-column webcam-column is-layout-flow wp-block-column-is-layout-flow\">\n<h3 class=\"has-text-align-center wp-block-heading\"><strong> \ud83d\udd34 Webbkamera Semnoz<\/strong> &#8211; 1699 m<\/h3>\n\n\n\n<a name=\"windy-webcam-timelapse-player\" data-id=\"1457102334\" data-play=\"day\" href=\"https:\/\/windy.com\/webcams\/1457102334\" target=\"_blank\" rel=\"noopener\">Sevrier: Semnoz &#8211; 1 699 m<\/a><script async=\"\" type=\"text\/javascript\" src=\"https:\/\/webcams.windy.com\/webcams\/public\/embed\/script\/player.js\"><\/script>\n<\/div>\n<\/div>\n\n\n\n<h2 class=\"wp-block-heading\" id=\"fort-mahon-today\"><strong><strong>V\u00e4derradar Semnoz &#8211; V\u00e4dret i Semnoz<\/strong><\/strong><\/h2>\n\n\n\n<p><a href=\"https:\/\/weather-radar-live.com\/sv\/\">V\u00e4derradar Live<\/a> tar emot information om <a href=\"https:\/\/weather-radar-live.com\/sv\/molnradar\/\">molnt\u00e4cke<\/a>, <a href=\"https:\/\/weather-radar-live.com\/sv\/blixtradar\/\">\u00e5ska<\/a>, <a href=\"https:\/\/weather-radar-live.com\/sv\/tornado\/\">tornado<\/a> och <a href=\"https:\/\/weather-radar-live.com\/sv\/regnradar\/\">nederb\u00f6rd<\/a> och visar den f\u00f6r dig p\u00e5 ett l\u00e4ttf\u00f6rst\u00e5eligt s\u00e4tt. Webbkamera Semnoz erbjuder dig b\u00e5de aktuella och prognostiserade v\u00e4deruppdateringar. Om du planerar en resa till Semnoz kan du allts\u00e5 navigera p\u00e5 kartan och f\u00e5 en uppskattning av v\u00e4dret. Dessutom kan du utan anstr\u00e4ngning se v\u00e4derf\u00f6rh\u00e5llandena, och med hj\u00e4lp av + eller &#8211; tecknet kan du zooma in eller ut p\u00e5 den exakta platsen.<\/p>\n\n\n\n<div class=\"wp-block-columns is-layout-flex wp-container-core-columns-is-layout-9d6595d7 wp-block-columns-is-layout-flex\">\n<div class=\"wp-block-column is-layout-flow wp-block-column-is-layout-flow\" style=\"flex-basis:75%\">\n<iframe loading=\"lazy\" width=\"1300\" height=\"502\" src=\"https:\/\/embed.windy.com\/embed2.html?lat=45.797&amp;lon=5.900&amp;detailLat=45.797&amp;detailLon=5.900&amp;width=1300&amp;height=502&amp;zoom=11&amp;level=surface&amp;overlay=wind&amp;product=ecmwf&amp;menu=&amp;message=&amp;marker=&amp;calendar=now&amp;pressure=&amp;type=map&amp;location=coordinates&amp;detail=&amp;metricWind=default&amp;metricTemp=default&amp;radarRange=-1\" frameborder=\"0\"><\/iframe>\n<\/div>\n\n\n\n<div class=\"wp-block-column is-layout-flow wp-block-column-is-layout-flow\" style=\"flex-basis:25%\">\n<a class=\"weatherwidget-io\" href=\"https:\/\/forecast7.com\/sv\/45d906d13\/annecy\/\" data-label_1=\"ANNECY\" data-font=\"Roboto\" data-theme=\"original\" >ANNECY<\/a>\n<script>\n!function(d,s,id){var js,fjs=d.getElementsByTagName(s)[0];if(!d.getElementById(id)){js=d.createElement(s);js.id=id;js.src='https:\/\/weatherwidget.io\/js\/widget.min.js';fjs.parentNode.insertBefore(js,fjs);}}(document,'script','weatherwidget-io-js');\n<\/script>\n<\/div>\n<\/div>\n\n\n\n<h2 class=\"wp-block-heading\" id=\"fort-mahon-weather\"><strong><strong>Klimatet i Semnoz<\/strong><\/strong><\/h2>\n\n\n\n<p>Det m\u00e5ttligt kontinentala klimatet i Semnoz g\u00f6r att inv\u00e5narna och bes\u00f6karna kan njuta av kyliga vintrar och varma somrar. P\u00e5 grund av n\u00e4rheten till Alperna \u00e4r klimatet regnigt och sn\u00f6fall \u00e4r ganska frekventa p\u00e5 vintern. Under perioder med h\u00f6ga atlantstr\u00f6mmar kan temperaturerna vara milda, men vid andra tillf\u00e4llen kan de sjunka under fryspunkten &#8211; till och med -10 \u00b0C.<\/p>\n\n\n\n<p><strong>Genomsnittlig temperatur<\/strong><\/p>\n\n\n\n<p>Under januari ligger dess medeltemperatur kring 36\u00b0F eller 2,1\u00b0C. Under \u00e5rets varmaste m\u00e5nad, dvs. juli, \u00e4r medeltemperaturen 69\u00b0F eller 20,5 \u00b0C.<\/p>\n\n\n\n<p><strong>Nederb\u00f6rd<\/strong> <\/p>\n\n\n\n<p>Den genomsnittliga nederb\u00f6rden under \u00e5ret i Semnoz \u00e4r 49.2 tum eller 1250 millimeter.<\/p>\n\n\n\n<p><strong>Sn\u00f6fall P\u00e5litlighet <\/strong><\/p>\n\n\n\n<p>Annecy-LeSemnoz mest uppskattade dagar \u00e4r Bluebird Powder-dagarna, som vanligtvis k\u00e4nnetecknas av solsken och l\u00e4tta vindar efter det allra senaste sn\u00f6fallet. Puderdagar kan ge s\u00e4mre v\u00e4derf\u00f6rh\u00e5llanden n\u00e4r sikten \u00e4r begr\u00e4nsad men sn\u00f6n \u00e4r f\u00e4rsk och djup f\u00f6r puderentusiaster. En del skid\u00e5kare tycker mer om bluebird-dagar \u00e4n puderdagar, eftersom de njuter av de sn\u00f6iga bergen i svaga vindar och varmare f\u00f6rh\u00e5llanden.<\/p>\n\n\n\n<h2 class=\"wp-block-heading\"><strong><strong>Det alpina skidomr\u00e5det<\/strong><\/strong><\/h2>\n\n\n\n<p>Skid\u00e5kare p\u00e5 alla niv\u00e5er kan njuta av Semnoz 18 backar. Det har 6 r\u00f6da, 7 gr\u00f6na och 5 bl\u00e5 backar. Tio skidliftar betj\u00e4nar backarna ( 7 skidliftar, 2 stolsliftar och en linbana). Bauges och Annecys sn\u00f6fronter ligger p\u00e5 en h\u00f6jd av 1450 m. N\u00e4r sp\u00e5ren stiger till 1704 meter passerar de genom granar och alpina \u00e4ngar. Freestylers kan v\u00e4lja en snowpark av slopestyle-typ som \u00e4r f\u00f6rsedd med moduler (glidst\u00e4nger, boxar, jibs etc.) eller inbyggda moduler (bord, ryggrader etc.) f\u00f6r att utf\u00f6ra hopp, figurer och rotationer.<\/p>\n","protected":false},"excerpt":{"rendered":"<p>Webbkamera Semnoz Semnoz, det mest k\u00e4nda berget i Bauges-kedjan, ligger i Auvergne-Rh\u00f4ne-Alpes. Semnoz str\u00e4cker sig fr\u00e5n Ch\u00e9ran till Annecysj\u00f6ns str\u00e4nder. Detta berg i Haute-Savoie str\u00e4cker sig fr\u00e5n en h\u00f6jd av 450 meter till 1 699 meter. Det ligger n\u00e4ra Annecysj\u00f6n och erbjuder en vidstr\u00e4ckt terr\u00e4ng f\u00f6r aktiviteter som snowboarding, skid\u00e5kning, bergsvandring och promenader under hela &#8230; <a title=\"Webbkamera Semnoz\" class=\"read-more\" href=\"https:\/\/weather-radar-live.com\/sv\/webbkamera\/frankrike\/webbkamera-semnoz\/\" aria-label=\"L\u00e4s mer om Webbkamera Semnoz\">L\u00e4s mer<\/a><\/p>\n","protected":false},"author":1,"featured_media":3826,"parent":4182,"menu_order":0,"comment_status":"closed","ping_status":"closed","template":"","meta":{"footnotes":""},"class_list":["post-5529","page","type-page","status-publish","has-post-thumbnail"],"yoast_head":"<!-- This site is optimized with the Yoast SEO plugin v27.5 - https:\/\/yoast.com\/product\/yoast-seo-wordpress\/ -->\n<title>Webbkamera Semnoz \u2192 Titta p\u00e5 det live!<\/title>\n<meta name=\"description\" content=\"Webbkamera Semnoz | Webbkamera fr\u00e5n Semnoz! \u2705 Uppdaterad f\u00f6r dig i realtid! \u2705 Aktuell v\u00e4derprognos!\" \/>\n<meta name=\"robots\" content=\"index, follow, max-snippet:-1, max-image-preview:large, max-video-preview:-1\" \/>\n<link rel=\"canonical\" href=\"https:\/\/weather-radar-live.com\/sv\/webbkamera\/frankrike\/webbkamera-semnoz\/\" \/>\n<meta property=\"og:locale\" content=\"sv_SE\" \/>\n<meta property=\"og:type\" content=\"article\" \/>\n<meta property=\"og:title\" content=\"Webbkamera Semnoz \u2192 Titta p\u00e5 det live!\" \/>\n<meta property=\"og:description\" content=\"Webbkamera Semnoz | Webbkamera fr\u00e5n Semnoz! \u2705 Uppdaterad f\u00f6r dig i realtid! \u2705 Aktuell v\u00e4derprognos!\" \/>\n<meta property=\"og:url\" content=\"https:\/\/weather-radar-live.com\/sv\/webbkamera\/frankrike\/webbkamera-semnoz\/\" \/>\n<meta property=\"og:site_name\" content=\"weather-radar-live.com\" \/>\n<meta property=\"article:modified_time\" content=\"2022-07-20T13:47:59+00:00\" \/>\n<meta property=\"og:image\" content=\"https:\/\/weather-radar-live.com\/wp-content\/uploads\/2022\/04\/Webcam-Semnoz-e1650462287168.jpg\" \/>\n\t<meta property=\"og:image:width\" content=\"1919\" \/>\n\t<meta property=\"og:image:height\" content=\"911\" \/>\n\t<meta property=\"og:image:type\" content=\"image\/jpeg\" \/>\n<meta name=\"twitter:card\" content=\"summary_large_image\" \/>\n<meta name=\"twitter:label1\" content=\"Ber\u00e4knad l\u00e4stid\" \/>\n\t<meta name=\"twitter:data1\" content=\"3 minuter\" \/>\n<script type=\"application\/ld+json\" class=\"yoast-schema-graph\">{\"@context\":\"https:\\\/\\\/schema.org\",\"@graph\":[{\"@type\":\"WebPage\",\"@id\":\"https:\\\/\\\/weather-radar-live.com\\\/sv\\\/webbkamera\\\/frankrike\\\/webbkamera-semnoz\\\/\",\"url\":\"https:\\\/\\\/weather-radar-live.com\\\/sv\\\/webbkamera\\\/frankrike\\\/webbkamera-semnoz\\\/\",\"name\":\"Webbkamera Semnoz \u2192 Titta p\u00e5 det live!\",\"isPartOf\":{\"@id\":\"https:\\\/\\\/weather-radar-live.com\\\/#website\"},\"primaryImageOfPage\":{\"@id\":\"https:\\\/\\\/weather-radar-live.com\\\/sv\\\/webbkamera\\\/frankrike\\\/webbkamera-semnoz\\\/#primaryimage\"},\"image\":{\"@id\":\"https:\\\/\\\/weather-radar-live.com\\\/sv\\\/webbkamera\\\/frankrike\\\/webbkamera-semnoz\\\/#primaryimage\"},\"thumbnailUrl\":\"https:\\\/\\\/weather-radar-live.com\\\/wp-content\\\/uploads\\\/2022\\\/04\\\/Webcam-Semnoz-e1650462287168.jpg\",\"datePublished\":\"2022-04-20T10:51:55+00:00\",\"dateModified\":\"2022-07-20T13:47:59+00:00\",\"description\":\"Webbkamera Semnoz | Webbkamera fr\u00e5n Semnoz! \u2705 Uppdaterad f\u00f6r dig i realtid! \u2705 Aktuell v\u00e4derprognos!\",\"breadcrumb\":{\"@id\":\"https:\\\/\\\/weather-radar-live.com\\\/sv\\\/webbkamera\\\/frankrike\\\/webbkamera-semnoz\\\/#breadcrumb\"},\"inLanguage\":\"sv-SE\",\"potentialAction\":[{\"@type\":\"ReadAction\",\"target\":[\"https:\\\/\\\/weather-radar-live.com\\\/sv\\\/webbkamera\\\/frankrike\\\/webbkamera-semnoz\\\/\"]}]},{\"@type\":\"ImageObject\",\"inLanguage\":\"sv-SE\",\"@id\":\"https:\\\/\\\/weather-radar-live.com\\\/sv\\\/webbkamera\\\/frankrike\\\/webbkamera-semnoz\\\/#primaryimage\",\"url\":\"https:\\\/\\\/weather-radar-live.com\\\/wp-content\\\/uploads\\\/2022\\\/04\\\/Webcam-Semnoz-e1650462287168.jpg\",\"contentUrl\":\"https:\\\/\\\/weather-radar-live.com\\\/wp-content\\\/uploads\\\/2022\\\/04\\\/Webcam-Semnoz-e1650462287168.jpg\",\"width\":1919,\"height\":911,\"caption\":\"Webcam-Semnoz\"},{\"@type\":\"BreadcrumbList\",\"@id\":\"https:\\\/\\\/weather-radar-live.com\\\/sv\\\/webbkamera\\\/frankrike\\\/webbkamera-semnoz\\\/#breadcrumb\",\"itemListElement\":[{\"@type\":\"ListItem\",\"position\":1,\"name\":\"Weather Radar Live\",\"item\":\"https:\\\/\\\/weather-radar-live.com\\\/sv\\\/\"},{\"@type\":\"ListItem\",\"position\":2,\"name\":\"Webbkamera\",\"item\":\"https:\\\/\\\/weather-radar-live.com\\\/sv\\\/webbkamera\\\/\"},{\"@type\":\"ListItem\",\"position\":3,\"name\":\"Frankrike\",\"item\":\"https:\\\/\\\/weather-radar-live.com\\\/sv\\\/webbkamera\\\/frankrike\\\/\"},{\"@type\":\"ListItem\",\"position\":4,\"name\":\"Webbkamera Semnoz\"}]},{\"@type\":\"WebSite\",\"@id\":\"https:\\\/\\\/weather-radar-live.com\\\/#website\",\"url\":\"https:\\\/\\\/weather-radar-live.com\\\/\",\"name\":\"weather-radar-live.com\",\"description\":\"Your weather and sky radar.\",\"publisher\":{\"@id\":\"https:\\\/\\\/weather-radar-live.com\\\/#organization\"},\"potentialAction\":[{\"@type\":\"SearchAction\",\"target\":{\"@type\":\"EntryPoint\",\"urlTemplate\":\"https:\\\/\\\/weather-radar-live.com\\\/?s={search_term_string}\"},\"query-input\":{\"@type\":\"PropertyValueSpecification\",\"valueRequired\":true,\"valueName\":\"search_term_string\"}}],\"inLanguage\":\"sv-SE\"},{\"@type\":\"Organization\",\"@id\":\"https:\\\/\\\/weather-radar-live.com\\\/#organization\",\"name\":\"weather-radar-live.com\",\"url\":\"https:\\\/\\\/weather-radar-live.com\\\/\",\"logo\":{\"@type\":\"ImageObject\",\"inLanguage\":\"sv-SE\",\"@id\":\"https:\\\/\\\/weather-radar-live.com\\\/#\\\/schema\\\/logo\\\/image\\\/\",\"url\":\"https:\\\/\\\/weather-radar-live.com\\\/wp-content\\\/uploads\\\/2022\\\/03\\\/cropped-WRL2503.png\",\"contentUrl\":\"https:\\\/\\\/weather-radar-live.com\\\/wp-content\\\/uploads\\\/2022\\\/03\\\/cropped-WRL2503.png\",\"width\":1920,\"height\":555,\"caption\":\"weather-radar-live.com\"},\"image\":{\"@id\":\"https:\\\/\\\/weather-radar-live.com\\\/#\\\/schema\\\/logo\\\/image\\\/\"}}]}<\/script>\n<!-- \/ Yoast SEO plugin. -->","yoast_head_json":{"title":"Webbkamera Semnoz \u2192 Titta p\u00e5 det live!","description":"Webbkamera Semnoz | Webbkamera fr\u00e5n Semnoz! \u2705 Uppdaterad f\u00f6r dig i realtid! \u2705 Aktuell v\u00e4derprognos!","robots":{"index":"index","follow":"follow","max-snippet":"max-snippet:-1","max-image-preview":"max-image-preview:large","max-video-preview":"max-video-preview:-1"},"canonical":"https:\/\/weather-radar-live.com\/sv\/webbkamera\/frankrike\/webbkamera-semnoz\/","og_locale":"sv_SE","og_type":"article","og_title":"Webbkamera Semnoz \u2192 Titta p\u00e5 det live!","og_description":"Webbkamera Semnoz | Webbkamera fr\u00e5n Semnoz! \u2705 Uppdaterad f\u00f6r dig i realtid! \u2705 Aktuell v\u00e4derprognos!","og_url":"https:\/\/weather-radar-live.com\/sv\/webbkamera\/frankrike\/webbkamera-semnoz\/","og_site_name":"weather-radar-live.com","article_modified_time":"2022-07-20T13:47:59+00:00","og_image":[{"width":1919,"height":911,"url":"https:\/\/weather-radar-live.com\/wp-content\/uploads\/2022\/04\/Webcam-Semnoz-e1650462287168.jpg","type":"image\/jpeg"}],"twitter_card":"summary_large_image","twitter_misc":{"Ber\u00e4knad l\u00e4stid":"3 minuter"},"schema":{"@context":"https:\/\/schema.org","@graph":[{"@type":"WebPage","@id":"https:\/\/weather-radar-live.com\/sv\/webbkamera\/frankrike\/webbkamera-semnoz\/","url":"https:\/\/weather-radar-live.com\/sv\/webbkamera\/frankrike\/webbkamera-semnoz\/","name":"Webbkamera Semnoz \u2192 Titta p\u00e5 det live!","isPartOf":{"@id":"https:\/\/weather-radar-live.com\/#website"},"primaryImageOfPage":{"@id":"https:\/\/weather-radar-live.com\/sv\/webbkamera\/frankrike\/webbkamera-semnoz\/#primaryimage"},"image":{"@id":"https:\/\/weather-radar-live.com\/sv\/webbkamera\/frankrike\/webbkamera-semnoz\/#primaryimage"},"thumbnailUrl":"https:\/\/weather-radar-live.com\/wp-content\/uploads\/2022\/04\/Webcam-Semnoz-e1650462287168.jpg","datePublished":"2022-04-20T10:51:55+00:00","dateModified":"2022-07-20T13:47:59+00:00","description":"Webbkamera Semnoz | Webbkamera fr\u00e5n Semnoz! \u2705 Uppdaterad f\u00f6r dig i realtid! \u2705 Aktuell v\u00e4derprognos!","breadcrumb":{"@id":"https:\/\/weather-radar-live.com\/sv\/webbkamera\/frankrike\/webbkamera-semnoz\/#breadcrumb"},"inLanguage":"sv-SE","potentialAction":[{"@type":"ReadAction","target":["https:\/\/weather-radar-live.com\/sv\/webbkamera\/frankrike\/webbkamera-semnoz\/"]}]},{"@type":"ImageObject","inLanguage":"sv-SE","@id":"https:\/\/weather-radar-live.com\/sv\/webbkamera\/frankrike\/webbkamera-semnoz\/#primaryimage","url":"https:\/\/weather-radar-live.com\/wp-content\/uploads\/2022\/04\/Webcam-Semnoz-e1650462287168.jpg","contentUrl":"https:\/\/weather-radar-live.com\/wp-content\/uploads\/2022\/04\/Webcam-Semnoz-e1650462287168.jpg","width":1919,"height":911,"caption":"Webcam-Semnoz"},{"@type":"BreadcrumbList","@id":"https:\/\/weather-radar-live.com\/sv\/webbkamera\/frankrike\/webbkamera-semnoz\/#breadcrumb","itemListElement":[{"@type":"ListItem","position":1,"name":"Weather Radar Live","item":"https:\/\/weather-radar-live.com\/sv\/"},{"@type":"ListItem","position":2,"name":"Webbkamera","item":"https:\/\/weather-radar-live.com\/sv\/webbkamera\/"},{"@type":"ListItem","position":3,"name":"Frankrike","item":"https:\/\/weather-radar-live.com\/sv\/webbkamera\/frankrike\/"},{"@type":"ListItem","position":4,"name":"Webbkamera Semnoz"}]},{"@type":"WebSite","@id":"https:\/\/weather-radar-live.com\/#website","url":"https:\/\/weather-radar-live.com\/","name":"weather-radar-live.com","description":"Your weather and sky radar.","publisher":{"@id":"https:\/\/weather-radar-live.com\/#organization"},"potentialAction":[{"@type":"SearchAction","target":{"@type":"EntryPoint","urlTemplate":"https:\/\/weather-radar-live.com\/?s={search_term_string}"},"query-input":{"@type":"PropertyValueSpecification","valueRequired":true,"valueName":"search_term_string"}}],"inLanguage":"sv-SE"},{"@type":"Organization","@id":"https:\/\/weather-radar-live.com\/#organization","name":"weather-radar-live.com","url":"https:\/\/weather-radar-live.com\/","logo":{"@type":"ImageObject","inLanguage":"sv-SE","@id":"https:\/\/weather-radar-live.com\/#\/schema\/logo\/image\/","url":"https:\/\/weather-radar-live.com\/wp-content\/uploads\/2022\/03\/cropped-WRL2503.png","contentUrl":"https:\/\/weather-radar-live.com\/wp-content\/uploads\/2022\/03\/cropped-WRL2503.png","width":1920,"height":555,"caption":"weather-radar-live.com"},"image":{"@id":"https:\/\/weather-radar-live.com\/#\/schema\/logo\/image\/"}}]}},"_links":{"self":[{"href":"https:\/\/weather-radar-live.com\/sv\/wp-json\/wp\/v2\/pages\/5529","targetHints":{"allow":["GET"]}}],"collection":[{"href":"https:\/\/weather-radar-live.com\/sv\/wp-json\/wp\/v2\/pages"}],"about":[{"href":"https:\/\/weather-radar-live.com\/sv\/wp-json\/wp\/v2\/types\/page"}],"author":[{"embeddable":true,"href":"https:\/\/weather-radar-live.com\/sv\/wp-json\/wp\/v2\/users\/1"}],"replies":[{"embeddable":true,"href":"https:\/\/weather-radar-live.com\/sv\/wp-json\/wp\/v2\/comments?post=5529"}],"version-history":[{"count":5,"href":"https:\/\/weather-radar-live.com\/sv\/wp-json\/wp\/v2\/pages\/5529\/revisions"}],"predecessor-version":[{"id":5570,"href":"https:\/\/weather-radar-live.com\/sv\/wp-json\/wp\/v2\/pages\/5529\/revisions\/5570"}],"up":[{"embeddable":true,"href":"https:\/\/weather-radar-live.com\/sv\/wp-json\/wp\/v2\/pages\/4182"}],"wp:featuredmedia":[{"embeddable":true,"href":"https:\/\/weather-radar-live.com\/sv\/wp-json\/wp\/v2\/media\/3826"}],"wp:attachment":[{"href":"https:\/\/weather-radar-live.com\/sv\/wp-json\/wp\/v2\/media?parent=5529"}],"curies":[{"name":"wp","href":"https:\/\/api.w.org\/{rel}","templated":true}]}}