{"id":5422,"date":"2022-04-20T08:23:01","date_gmt":"2022-04-20T06:23:01","guid":{"rendered":"https:\/\/weather-radar-live.com\/webbkamera\/frankrike\/webcam-sancy\/"},"modified":"2022-07-20T15:16:33","modified_gmt":"2022-07-20T13:16:33","slug":"webbkamera-sancy","status":"publish","type":"page","link":"https:\/\/weather-radar-live.com\/sv\/webbkamera\/frankrike\/webbkamera-sancy\/","title":{"rendered":"Webbkamera Sancy"},"content":{"rendered":"<div id=\"weath-2034626086\" class=\"weath-vor-dem-inhalt weath-entity-placement\" style=\"margin-top: 15px;margin-right: 25px;margin-bottom: 40px;margin-left: 25px;\"><script async src=\"\/\/pagead2.googlesyndication.com\/pagead\/js\/adsbygoogle.js?client=ca-pub-8960936133935804\" crossorigin=\"anonymous\"><\/script><ins class=\"adsbygoogle\" style=\"display:block;\" data-ad-client=\"ca-pub-8960936133935804\" \ndata-ad-slot=\"6172817020\" \ndata-ad-format=\"auto\"><\/ins>\n<script> \n(adsbygoogle = window.adsbygoogle || []).push({}); \n<\/script>\n<\/div>\n<div class=\"wp-block-cover alignfull is-light\"><span aria-hidden=\"true\" class=\"wp-block-cover__gradient-background has-background-dim\"><\/span><img decoding=\"async\" class=\"wp-block-cover__image-background wp-image-342\" alt=\"Webcam Sancy\" src=\"https:\/\/weather-radar-live.com\/wp-content\/uploads\/2021\/06\/sam-schooler-E9aetBe2w40-unsplash-e1622554814366.jpg\" data-object-fit=\"cover\"\/><div class=\"wp-block-cover__inner-container is-layout-flow wp-block-cover-is-layout-flow\">\n<h2 class=\"has-text-align-center heading wp-block-heading\" id=\"webcam-fort-mahon\" style=\"font-size:40px;text-transform:uppercase\"><strong><mark style=\"background-color:rgba(0, 0, 0, 0)\" class=\"has-inline-color has-base-3-color\">Webbkamera <\/mark><br><mark style=\"background-color:rgba(0, 0, 0, 0)\" class=\"has-inline-color has-base-3-color\">SANCY<\/mark><\/strong><\/h2>\n<\/div><\/div>\n\n\n<div class=\"yoast-breadcrumbs\"><span><span><a href=\"https:\/\/weather-radar-live.com\/sv\/\">Weather Radar Live<\/a><\/span> \u00bb <span><a href=\"https:\/\/weather-radar-live.com\/sv\/webbkamera\/\">Webbkamera<\/a><\/span> \u00bb <span><a href=\"https:\/\/weather-radar-live.com\/sv\/webbkamera\/frankrike\/\">Frankrike<\/a><\/span> \u00bb <span class=\"breadcrumb_last\" aria-current=\"page\"><strong>Webbkamera Sancy<\/strong><\/span><\/span><\/div>\n\n\n<h2 class=\"has-text-align-center wp-block-heading\" id=\"webcam-fort-mahon\"><strong>Webbkamera Sancy<\/strong><\/h2>\n\n\n\n<p>Sancy \u00e4r en liten ort i Frankrike som ligger i regionen Grand-Est och departementet Meurthe-et-Moselle. Den ligger i regionen Bourgogne och huvudstaden i Bourgogne \u00e4r Dijon. Den sistn\u00e4mnda ligger ungef\u00e4r 121 mil eller 195 km fr\u00e5n Sancy. Sancy ligger cirka 117 mil eller 188 km fr\u00e5n Frankrikes huvudstad Paris. Puy de Sancy \u00e4r den h\u00f6gsta toppen i Centralmassivet. Sancy \u00e4r k\u00e4nd som &#8221;korsets berg&#8221; och var en stratovulkan som upph\u00f6rde att vara aktiv f\u00f6r 220 000 \u00e5r sedan. L\u00e5t oss ta en titt p\u00e5 webbkameran Sancy!<\/p>\n\n\n\n<p>Resultatet av vulkanutbrott, lavafl\u00f6den, glaci\u00e4rer och erosion ledde till denna otroliga relief som g\u00f6r den till en plats v\u00e4rd att bes\u00f6ka. Puy de Sancy \u00e4r 6 184 fot eller 1 885 meter l\u00e5ng. Linbanor byggdes 1936 f\u00f6r att f\u00f6rbinda Mont-Dore och en av n\u00e5larna l\u00e4ngst ner p\u00e5 toppen. Fr\u00e5n Puy de Sancy grenar sig fyra dalar av: Chaudefour, Biche, Fontaine Sal\u00e9e och Dordogne. I den norra delen av dalen f\u00f6renas tv\u00e5 vattendrag, Dore och Dogne, och bildar Dordogne, som rinner genom Mont-Dore och ut i Girondemynningen. Om du vill bes\u00f6ka Sancy \u00e4r den b\u00e4sta tiden fr\u00e5n juni till september. Mer information om v\u00e4der och klimat hittar du i nedanst\u00e5ende avsnitt som behandlar v\u00e4derradarn och klimatet i Sancy.<\/p><div id=\"weath-2102608255\" class=\"weath-inhalt_2 weath-entity-placement\" style=\"margin-top: 15px;margin-right: 25px;margin-bottom: 35px;margin-left: 25px;\"><script async src=\"\/\/pagead2.googlesyndication.com\/pagead\/js\/adsbygoogle.js?client=ca-pub-8960936133935804\" crossorigin=\"anonymous\"><\/script><ins class=\"adsbygoogle\" style=\"display:block;\" data-ad-client=\"ca-pub-8960936133935804\" \ndata-ad-slot=\"1963584050\" \ndata-ad-format=\"auto\"><\/ins>\n<script> \n(adsbygoogle = window.adsbygoogle || []).push({}); \n<\/script>\n<\/div>\n\n\n\n<h3 class=\"has-text-align-center wp-block-heading\">\ud83d\udd34 <strong>Webbkamera Sancy<\/strong> bergstopp (Panorama)<\/h3>\n\n\n\n<iframe src=\"https:\/\/app.webcam-hd.com\/mont-dore\/sommet\" style=\"width: 100%; height: 400px; border: none;\" allowfullscreen=\"\"><\/iframe>\n\n\n\n<p><\/p>\n\n\n\n<h3 class=\"has-text-align-center wp-block-heading\">\ud83d\udd34 <strong>Webbkamera Sancy<\/strong> Valley (Panorama)<\/h3>\n\n\n\n<iframe src=\"https:\/\/app.webcam-hd.com\/superbesse\/superbesse_ecole\" style=\"width: 100%; height: 400px; border: none;\" allowfullscreen=\"\"><\/iframe>\n\n\n\n<p class=\"has-text-align-center\"><strong><sup>Med ett musklick (smartphone: \u00e4ndra vyn helt enkelt genom att trycka p\u00e5) kan du flytta webbkameran i den riktning du vill. Genom att vrida p\u00e5 mushjulet eller zooma med fingrarna kan du zooma in p\u00e5 webbkameran. Alternativt kan du ocks\u00e5 anv\u00e4nda knapparna f\u00f6r detta \u00e4ndam\u00e5l.<\/sup><\/strong><\/p>\n\n\n\n<div class=\"wp-block-columns is-layout-flex wp-container-core-columns-is-layout-9d6595d7 wp-block-columns-is-layout-flex\">\n<div class=\"wp-block-column webcam-column is-layout-flow wp-block-column-is-layout-flow\">\n<h3 class=\"has-text-align-center wp-block-heading\"><strong> \ud83d\udd34 Webbkamera Sancy<\/strong> Super Bresse<\/h3>\n\n\n\n<a name=\"windy-webcam-timelapse-player\" data-id=\"1484135784\" data-play=\"day\" href=\"https:\/\/windy.com\/webcams\/1484135784\" target=\"_blank\" rel=\"noopener\">Super Besse: Panoramique<\/a><script async=\"\" type=\"text\/javascript\" src=\"https:\/\/webcams.windy.com\/webcams\/public\/embed\/script\/player.js\"><\/script>\n<\/div>\n\n\n\n<div class=\"wp-block-column webcam-column is-layout-flow wp-block-column-is-layout-flow\">\n<h3 class=\"has-text-align-center live-emoji wp-block-heading\"><strong> \ud83d\udd34 Webbkamera Sancy<\/strong> Mont Dore<\/h3>\n\n\n\n<figure class=\"wp-block-embed is-type-video is-provider-youtube wp-block-embed-youtube wp-embed-aspect-16-9 wp-has-aspect-ratio\"><div class=\"wp-block-embed__wrapper\">\n<iframe loading=\"lazy\" title=\"Mont-Dore : Live\" width=\"1200\" height=\"675\" src=\"https:\/\/www.youtube.com\/embed\/cOXPs4cRbgA?feature=oembed\" frameborder=\"0\" allow=\"accelerometer; autoplay; clipboard-write; encrypted-media; gyroscope; picture-in-picture\" allowfullscreen><\/iframe>\n<\/div><\/figure>\n<\/div>\n<\/div>\n\n\n\n<h2 class=\"wp-block-heading\" id=\"fort-mahon-today\"><strong><strong>V\u00e4derradar Sancy &#8211; V\u00e4dret i Sancy<\/strong><\/strong><\/h2>\n\n\n\n<p>L\u00e4get och de f\u00f6rh\u00e4rskande <a href=\"https:\/\/weather-radar-live.com\/sv\/storm-radar\/\">vindarna<\/a> som kommer mot Sancy \u00e4r ansvariga f\u00f6r d\u00e5ligt v\u00e4der fr\u00e5n januari till april och oktober till december. Du kanske vill utforska denna plats n\u00e4r v\u00e4dret \u00e4r behagligt. <a href=\"https:\/\/weather-radar-live.com\/sv\/\">Weather Radar Live<\/a> hj\u00e4lper dig att navigera i v\u00e4dret. Fr\u00e5n <a href=\"https:\/\/weather-radar-live.com\/sv\/molnradar\/\">molnt\u00e4cke<\/a> till <a href=\"https:\/\/weather-radar-live.com\/sv\/blixtradar\/\">\u00e5skv\u00e4der<\/a>, nederb\u00f6rd till <a href=\"https:\/\/weather-radar-live.com\/sv\/tornado\/\">tornados<\/a> analyserar den alla detaljer f\u00f6r att ge dig korrekt information. Du kan zooma in eller zooma ut f\u00f6r att n\u00e5 den exakta platsen eller f\u00f6r att k\u00e4nna till v\u00e4derf\u00f6r\u00e4ndringarna i detalj. S\u00e5 h\u00e5ll dig uppdaterad om v\u00e4dret och f\u00e5 v\u00e4derprognosen direkt <\/p>\n\n\n\n<div class=\"wp-block-columns is-layout-flex wp-container-core-columns-is-layout-9d6595d7 wp-block-columns-is-layout-flex\">\n<div class=\"wp-block-column is-layout-flow wp-block-column-is-layout-flow\" style=\"flex-basis:75%\">\n<iframe loading=\"lazy\" width=\"1300\" height=\"502\" src=\"https:\/\/embed.windy.com\/embed2.html?lat=45.542&amp;lon=2.802&amp;detailLat=49.476&amp;detailLon=11.048&amp;width=1300&amp;height=502&amp;zoom=11&amp;level=surface&amp;overlay=radar&amp;product=radar&amp;menu=&amp;message=&amp;marker=&amp;calendar=now&amp;pressure=&amp;type=map&amp;location=coordinates&amp;detail=&amp;metricWind=default&amp;metricTemp=default&amp;radarRange=-1\" frameborder=\"0\"><\/iframe>\n<\/div>\n\n\n\n<div class=\"wp-block-column is-layout-flow wp-block-column-is-layout-flow\" style=\"flex-basis:25%\">\n<a class=\"weatherwidget-io\" href=\"https:\/\/forecast7.com\/sv\/48d892d96\/sancy\/\" data-label_1=\"SANCY\" data-font=\"Roboto\" data-theme=\"original\" >SANCY<\/a>\n<script>\n!function(d,s,id){var js,fjs=d.getElementsByTagName(s)[0];if(!d.getElementById(id)){js=d.createElement(s);js.id=id;js.src='https:\/\/weatherwidget.io\/js\/widget.min.js';fjs.parentNode.insertBefore(js,fjs);}}(document,'script','weatherwidget-io-js');\n<\/script>\n<\/div>\n<\/div>\n\n\n\n<h2 class=\"wp-block-heading\" id=\"fort-mahon-weather\"><strong><strong>Klimatet i Sancy<\/strong><\/strong><\/h2>\n\n\n\n<p>Enligt K\u00f6ppen-Geiger-klassificeringen har Puy de Sancy en varm sommar och tempererat oceaniskt klimat. L\u00e5t oss utforska klimatf\u00f6r\u00e4ndringarna i Sancy.<\/p>\n\n\n\n<p><strong>Temperatur <\/strong><\/p>\n\n\n\n<p>I Puy de Sancy varierar den h\u00f6gsta temperaturen fr\u00e5n 4 \u00b0C i januari till 23 \u00b0C i augusti (genomsnittlig h\u00f6gsta temperatur 14 \u00b0C).<\/p>\n\n\n\n<p><strong>Nederb\u00f6rd <\/strong><\/p>\n\n\n\n<p>Det faller minst 73 mm i september och h\u00f6gst 152 mm i maj, med en \u00e5rlig nederb\u00f6rdssumma p\u00e5 1290 mm.<\/p>\n\n\n\n<p><strong>Luftfuktighet <\/strong><\/p>\n\n\n\n<p>Den genomsnittliga luftfuktigheten \u00e4r cirka 91 % under hela \u00e5ret.<\/p>\n\n\n\n<h2 class=\"wp-block-heading\"><strong>Skidort i Super-Besse<\/strong><\/h2>\n\n\n\n<p>P\u00e5 Sancys sydv\u00e4stra sluttning ligger ytterligare en skidort, Super-Besse som erbjuder 125 km l\u00e4ngdskid\u00e5kning och 43 km utf\u00f6rs\u00e5kning. Det \u00e4r den perfekta platsen f\u00f6r \u00e4ventyrliga utomhusaktiviteter som vandring och bergskl\u00e4ttring. Flera skidliftar och linbanor tar sig upp p\u00e5 bergets norra och s\u00f6dra sluttningar, vilket g\u00f6r dess sluttningar perfekta f\u00f6r skid\u00e5kning.<\/p>\n\n\n\n<p>P\u00e5 120 km sp\u00e5r kan l\u00e4ngdskid\u00e5kare navigera mellan glittrande bergssj\u00f6ar. Skidomr\u00e5det har mycket sol p\u00e5 grund av sin sydliga orientering, vilket \u00e4r s\u00e4rskilt uppskattat f\u00f6r att ge regionens kalla vintrar och h\u00e5rda vindar. Super Besse erbjuder nattskid\u00e5kning i upplysta backar, liksom sn\u00f6skovandring, rodel\u00e5kning och till och med biathlonbanor.<\/p>\n","protected":false},"excerpt":{"rendered":"<p>Webbkamera Sancy Sancy \u00e4r en liten ort i Frankrike som ligger i regionen Grand-Est och departementet Meurthe-et-Moselle. Den ligger i regionen Bourgogne och huvudstaden i Bourgogne \u00e4r Dijon. Den sistn\u00e4mnda ligger ungef\u00e4r 121 mil eller 195 km fr\u00e5n Sancy. Sancy ligger cirka 117 mil eller 188 km fr\u00e5n Frankrikes huvudstad Paris. Puy de Sancy \u00e4r &#8230; <a title=\"Webbkamera Sancy\" class=\"read-more\" href=\"https:\/\/weather-radar-live.com\/sv\/webbkamera\/frankrike\/webbkamera-sancy\/\" aria-label=\"L\u00e4s mer om Webbkamera Sancy\">L\u00e4s mer<\/a><\/p>\n","protected":false},"author":1,"featured_media":3740,"parent":4182,"menu_order":0,"comment_status":"closed","ping_status":"closed","template":"","meta":{"footnotes":""},"class_list":["post-5422","page","type-page","status-publish","has-post-thumbnail"],"yoast_head":"<!-- This site is optimized with the Yoast SEO plugin v27.5 - https:\/\/yoast.com\/product\/yoast-seo-wordpress\/ -->\n<title>Webbkamera Sancy \u2192 Titta p\u00e5 det live!<\/title>\n<meta name=\"description\" content=\"Webbkamera Sancy | Webbkamera med Sancy! \u2705 Uppdaterad f\u00f6r dig i realtid! \u2705 Aktuell v\u00e4derprognos!\" \/>\n<meta name=\"robots\" content=\"index, follow, max-snippet:-1, max-image-preview:large, max-video-preview:-1\" \/>\n<link rel=\"canonical\" href=\"https:\/\/weather-radar-live.com\/sv\/webbkamera\/frankrike\/webbkamera-sancy\/\" \/>\n<meta property=\"og:locale\" content=\"sv_SE\" \/>\n<meta property=\"og:type\" content=\"article\" \/>\n<meta property=\"og:title\" content=\"Webbkamera Sancy \u2192 Titta p\u00e5 det live!\" \/>\n<meta property=\"og:description\" content=\"Webbkamera Sancy | Webbkamera med Sancy! \u2705 Uppdaterad f\u00f6r dig i realtid! \u2705 Aktuell v\u00e4derprognos!\" \/>\n<meta property=\"og:url\" content=\"https:\/\/weather-radar-live.com\/sv\/webbkamera\/frankrike\/webbkamera-sancy\/\" \/>\n<meta property=\"og:site_name\" content=\"weather-radar-live.com\" \/>\n<meta property=\"article:modified_time\" content=\"2022-07-20T13:16:33+00:00\" \/>\n<meta property=\"og:image\" content=\"https:\/\/weather-radar-live.com\/wp-content\/uploads\/2022\/04\/Webcam-Sancy-e1650441653692.png\" \/>\n\t<meta property=\"og:image:width\" content=\"1366\" \/>\n\t<meta property=\"og:image:height\" content=\"768\" \/>\n\t<meta property=\"og:image:type\" content=\"image\/png\" \/>\n<meta name=\"twitter:card\" content=\"summary_large_image\" \/>\n<meta name=\"twitter:label1\" content=\"Ber\u00e4knad l\u00e4stid\" \/>\n\t<meta name=\"twitter:data1\" content=\"3 minuter\" \/>\n<script type=\"application\/ld+json\" class=\"yoast-schema-graph\">{\"@context\":\"https:\\\/\\\/schema.org\",\"@graph\":[{\"@type\":\"WebPage\",\"@id\":\"https:\\\/\\\/weather-radar-live.com\\\/sv\\\/webbkamera\\\/frankrike\\\/webbkamera-sancy\\\/\",\"url\":\"https:\\\/\\\/weather-radar-live.com\\\/sv\\\/webbkamera\\\/frankrike\\\/webbkamera-sancy\\\/\",\"name\":\"Webbkamera Sancy \u2192 Titta p\u00e5 det live!\",\"isPartOf\":{\"@id\":\"https:\\\/\\\/weather-radar-live.com\\\/#website\"},\"primaryImageOfPage\":{\"@id\":\"https:\\\/\\\/weather-radar-live.com\\\/sv\\\/webbkamera\\\/frankrike\\\/webbkamera-sancy\\\/#primaryimage\"},\"image\":{\"@id\":\"https:\\\/\\\/weather-radar-live.com\\\/sv\\\/webbkamera\\\/frankrike\\\/webbkamera-sancy\\\/#primaryimage\"},\"thumbnailUrl\":\"https:\\\/\\\/weather-radar-live.com\\\/wp-content\\\/uploads\\\/2022\\\/04\\\/Webcam-Sancy-e1650441653692.png\",\"datePublished\":\"2022-04-20T06:23:01+00:00\",\"dateModified\":\"2022-07-20T13:16:33+00:00\",\"description\":\"Webbkamera Sancy | Webbkamera med Sancy! \u2705 Uppdaterad f\u00f6r dig i realtid! \u2705 Aktuell v\u00e4derprognos!\",\"breadcrumb\":{\"@id\":\"https:\\\/\\\/weather-radar-live.com\\\/sv\\\/webbkamera\\\/frankrike\\\/webbkamera-sancy\\\/#breadcrumb\"},\"inLanguage\":\"sv-SE\",\"potentialAction\":[{\"@type\":\"ReadAction\",\"target\":[\"https:\\\/\\\/weather-radar-live.com\\\/sv\\\/webbkamera\\\/frankrike\\\/webbkamera-sancy\\\/\"]}]},{\"@type\":\"ImageObject\",\"inLanguage\":\"sv-SE\",\"@id\":\"https:\\\/\\\/weather-radar-live.com\\\/sv\\\/webbkamera\\\/frankrike\\\/webbkamera-sancy\\\/#primaryimage\",\"url\":\"https:\\\/\\\/weather-radar-live.com\\\/wp-content\\\/uploads\\\/2022\\\/04\\\/Webcam-Sancy-e1650441653692.png\",\"contentUrl\":\"https:\\\/\\\/weather-radar-live.com\\\/wp-content\\\/uploads\\\/2022\\\/04\\\/Webcam-Sancy-e1650441653692.png\",\"width\":1366,\"height\":768,\"caption\":\"Webcam Sancy\"},{\"@type\":\"BreadcrumbList\",\"@id\":\"https:\\\/\\\/weather-radar-live.com\\\/sv\\\/webbkamera\\\/frankrike\\\/webbkamera-sancy\\\/#breadcrumb\",\"itemListElement\":[{\"@type\":\"ListItem\",\"position\":1,\"name\":\"Weather Radar Live\",\"item\":\"https:\\\/\\\/weather-radar-live.com\\\/sv\\\/\"},{\"@type\":\"ListItem\",\"position\":2,\"name\":\"Webbkamera\",\"item\":\"https:\\\/\\\/weather-radar-live.com\\\/sv\\\/webbkamera\\\/\"},{\"@type\":\"ListItem\",\"position\":3,\"name\":\"Frankrike\",\"item\":\"https:\\\/\\\/weather-radar-live.com\\\/sv\\\/webbkamera\\\/frankrike\\\/\"},{\"@type\":\"ListItem\",\"position\":4,\"name\":\"Webbkamera Sancy\"}]},{\"@type\":\"WebSite\",\"@id\":\"https:\\\/\\\/weather-radar-live.com\\\/#website\",\"url\":\"https:\\\/\\\/weather-radar-live.com\\\/\",\"name\":\"weather-radar-live.com\",\"description\":\"Your weather and sky radar.\",\"publisher\":{\"@id\":\"https:\\\/\\\/weather-radar-live.com\\\/#organization\"},\"potentialAction\":[{\"@type\":\"SearchAction\",\"target\":{\"@type\":\"EntryPoint\",\"urlTemplate\":\"https:\\\/\\\/weather-radar-live.com\\\/?s={search_term_string}\"},\"query-input\":{\"@type\":\"PropertyValueSpecification\",\"valueRequired\":true,\"valueName\":\"search_term_string\"}}],\"inLanguage\":\"sv-SE\"},{\"@type\":\"Organization\",\"@id\":\"https:\\\/\\\/weather-radar-live.com\\\/#organization\",\"name\":\"weather-radar-live.com\",\"url\":\"https:\\\/\\\/weather-radar-live.com\\\/\",\"logo\":{\"@type\":\"ImageObject\",\"inLanguage\":\"sv-SE\",\"@id\":\"https:\\\/\\\/weather-radar-live.com\\\/#\\\/schema\\\/logo\\\/image\\\/\",\"url\":\"https:\\\/\\\/weather-radar-live.com\\\/wp-content\\\/uploads\\\/2022\\\/03\\\/cropped-WRL2503.png\",\"contentUrl\":\"https:\\\/\\\/weather-radar-live.com\\\/wp-content\\\/uploads\\\/2022\\\/03\\\/cropped-WRL2503.png\",\"width\":1920,\"height\":555,\"caption\":\"weather-radar-live.com\"},\"image\":{\"@id\":\"https:\\\/\\\/weather-radar-live.com\\\/#\\\/schema\\\/logo\\\/image\\\/\"}}]}<\/script>\n<!-- \/ Yoast SEO plugin. -->","yoast_head_json":{"title":"Webbkamera Sancy \u2192 Titta p\u00e5 det live!","description":"Webbkamera Sancy | Webbkamera med Sancy! \u2705 Uppdaterad f\u00f6r dig i realtid! \u2705 Aktuell v\u00e4derprognos!","robots":{"index":"index","follow":"follow","max-snippet":"max-snippet:-1","max-image-preview":"max-image-preview:large","max-video-preview":"max-video-preview:-1"},"canonical":"https:\/\/weather-radar-live.com\/sv\/webbkamera\/frankrike\/webbkamera-sancy\/","og_locale":"sv_SE","og_type":"article","og_title":"Webbkamera Sancy \u2192 Titta p\u00e5 det live!","og_description":"Webbkamera Sancy | Webbkamera med Sancy! \u2705 Uppdaterad f\u00f6r dig i realtid! \u2705 Aktuell v\u00e4derprognos!","og_url":"https:\/\/weather-radar-live.com\/sv\/webbkamera\/frankrike\/webbkamera-sancy\/","og_site_name":"weather-radar-live.com","article_modified_time":"2022-07-20T13:16:33+00:00","og_image":[{"width":1366,"height":768,"url":"https:\/\/weather-radar-live.com\/wp-content\/uploads\/2022\/04\/Webcam-Sancy-e1650441653692.png","type":"image\/png"}],"twitter_card":"summary_large_image","twitter_misc":{"Ber\u00e4knad l\u00e4stid":"3 minuter"},"schema":{"@context":"https:\/\/schema.org","@graph":[{"@type":"WebPage","@id":"https:\/\/weather-radar-live.com\/sv\/webbkamera\/frankrike\/webbkamera-sancy\/","url":"https:\/\/weather-radar-live.com\/sv\/webbkamera\/frankrike\/webbkamera-sancy\/","name":"Webbkamera Sancy \u2192 Titta p\u00e5 det live!","isPartOf":{"@id":"https:\/\/weather-radar-live.com\/#website"},"primaryImageOfPage":{"@id":"https:\/\/weather-radar-live.com\/sv\/webbkamera\/frankrike\/webbkamera-sancy\/#primaryimage"},"image":{"@id":"https:\/\/weather-radar-live.com\/sv\/webbkamera\/frankrike\/webbkamera-sancy\/#primaryimage"},"thumbnailUrl":"https:\/\/weather-radar-live.com\/wp-content\/uploads\/2022\/04\/Webcam-Sancy-e1650441653692.png","datePublished":"2022-04-20T06:23:01+00:00","dateModified":"2022-07-20T13:16:33+00:00","description":"Webbkamera Sancy | Webbkamera med Sancy! \u2705 Uppdaterad f\u00f6r dig i realtid! \u2705 Aktuell v\u00e4derprognos!","breadcrumb":{"@id":"https:\/\/weather-radar-live.com\/sv\/webbkamera\/frankrike\/webbkamera-sancy\/#breadcrumb"},"inLanguage":"sv-SE","potentialAction":[{"@type":"ReadAction","target":["https:\/\/weather-radar-live.com\/sv\/webbkamera\/frankrike\/webbkamera-sancy\/"]}]},{"@type":"ImageObject","inLanguage":"sv-SE","@id":"https:\/\/weather-radar-live.com\/sv\/webbkamera\/frankrike\/webbkamera-sancy\/#primaryimage","url":"https:\/\/weather-radar-live.com\/wp-content\/uploads\/2022\/04\/Webcam-Sancy-e1650441653692.png","contentUrl":"https:\/\/weather-radar-live.com\/wp-content\/uploads\/2022\/04\/Webcam-Sancy-e1650441653692.png","width":1366,"height":768,"caption":"Webcam Sancy"},{"@type":"BreadcrumbList","@id":"https:\/\/weather-radar-live.com\/sv\/webbkamera\/frankrike\/webbkamera-sancy\/#breadcrumb","itemListElement":[{"@type":"ListItem","position":1,"name":"Weather Radar Live","item":"https:\/\/weather-radar-live.com\/sv\/"},{"@type":"ListItem","position":2,"name":"Webbkamera","item":"https:\/\/weather-radar-live.com\/sv\/webbkamera\/"},{"@type":"ListItem","position":3,"name":"Frankrike","item":"https:\/\/weather-radar-live.com\/sv\/webbkamera\/frankrike\/"},{"@type":"ListItem","position":4,"name":"Webbkamera Sancy"}]},{"@type":"WebSite","@id":"https:\/\/weather-radar-live.com\/#website","url":"https:\/\/weather-radar-live.com\/","name":"weather-radar-live.com","description":"Your weather and sky radar.","publisher":{"@id":"https:\/\/weather-radar-live.com\/#organization"},"potentialAction":[{"@type":"SearchAction","target":{"@type":"EntryPoint","urlTemplate":"https:\/\/weather-radar-live.com\/?s={search_term_string}"},"query-input":{"@type":"PropertyValueSpecification","valueRequired":true,"valueName":"search_term_string"}}],"inLanguage":"sv-SE"},{"@type":"Organization","@id":"https:\/\/weather-radar-live.com\/#organization","name":"weather-radar-live.com","url":"https:\/\/weather-radar-live.com\/","logo":{"@type":"ImageObject","inLanguage":"sv-SE","@id":"https:\/\/weather-radar-live.com\/#\/schema\/logo\/image\/","url":"https:\/\/weather-radar-live.com\/wp-content\/uploads\/2022\/03\/cropped-WRL2503.png","contentUrl":"https:\/\/weather-radar-live.com\/wp-content\/uploads\/2022\/03\/cropped-WRL2503.png","width":1920,"height":555,"caption":"weather-radar-live.com"},"image":{"@id":"https:\/\/weather-radar-live.com\/#\/schema\/logo\/image\/"}}]}},"_links":{"self":[{"href":"https:\/\/weather-radar-live.com\/sv\/wp-json\/wp\/v2\/pages\/5422","targetHints":{"allow":["GET"]}}],"collection":[{"href":"https:\/\/weather-radar-live.com\/sv\/wp-json\/wp\/v2\/pages"}],"about":[{"href":"https:\/\/weather-radar-live.com\/sv\/wp-json\/wp\/v2\/types\/page"}],"author":[{"embeddable":true,"href":"https:\/\/weather-radar-live.com\/sv\/wp-json\/wp\/v2\/users\/1"}],"replies":[{"embeddable":true,"href":"https:\/\/weather-radar-live.com\/sv\/wp-json\/wp\/v2\/comments?post=5422"}],"version-history":[{"count":1,"href":"https:\/\/weather-radar-live.com\/sv\/wp-json\/wp\/v2\/pages\/5422\/revisions"}],"predecessor-version":[{"id":5498,"href":"https:\/\/weather-radar-live.com\/sv\/wp-json\/wp\/v2\/pages\/5422\/revisions\/5498"}],"up":[{"embeddable":true,"href":"https:\/\/weather-radar-live.com\/sv\/wp-json\/wp\/v2\/pages\/4182"}],"wp:featuredmedia":[{"embeddable":true,"href":"https:\/\/weather-radar-live.com\/sv\/wp-json\/wp\/v2\/media\/3740"}],"wp:attachment":[{"href":"https:\/\/weather-radar-live.com\/sv\/wp-json\/wp\/v2\/media?parent=5422"}],"curies":[{"name":"wp","href":"https:\/\/api.w.org\/{rel}","templated":true}]}}