{"id":2302,"date":"2021-12-13T15:05:56","date_gmt":"2021-12-13T14:05:56","guid":{"rendered":"https:\/\/weather-radar-live.com\/?page_id=2302"},"modified":"2022-02-16T12:28:00","modified_gmt":"2022-02-16T11:28:00","slug":"privacy-notice","status":"publish","type":"page","link":"https:\/\/weather-radar-live.com\/sv\/privacy-notice\/","title":{"rendered":"Integritetspolicy"},"content":{"rendered":"<div id=\"weath-3918860667\" class=\"weath-vor-dem-inhalt weath-entity-placement\" style=\"margin-top: 15px;margin-right: 25px;margin-bottom: 40px;margin-left: 25px;\"><script async src=\"\/\/pagead2.googlesyndication.com\/pagead\/js\/adsbygoogle.js?client=ca-pub-8960936133935804\" crossorigin=\"anonymous\"><\/script><ins class=\"adsbygoogle\" style=\"display:block;\" data-ad-client=\"ca-pub-8960936133935804\" \ndata-ad-slot=\"6172817020\" \ndata-ad-format=\"auto\"><\/ins>\n<script> \n(adsbygoogle = window.adsbygoogle || []).push({}); \n<\/script>\n<\/div><h1><b>Integritetspolicy<\/b><\/h1>\n<h2><b>Introduktion<\/b><\/h2>\n<p><span style=\"font-weight: 400;\">Med f\u00f6ljande dataskyddsf\u00f6rklaring vill vi informera dig om vilka typer av personuppgifter (nedan \u00e4ven kallade &#8221;uppgifter&#8221;) som vi behandlar, i vilket syfte och i vilken omfattning. Dataskyddsdeklarationen g\u00e4ller f\u00f6r all behandling av personuppgifter som utf\u00f6rs av oss, b\u00e5de i samband med tillhandah\u00e5llandet av v\u00e5ra tj\u00e4nster och i synnerhet p\u00e5 v\u00e5ra webbplatser, i mobilapplikationer och inom externa online-presentationer, t.ex. v\u00e5ra profiler i sociala medier (nedan gemensamt kallade &#8221;online-erbjudande&#8221;).<\/span><\/p>\n<p><span style=\"font-weight: 400;\">De termer som anv\u00e4nds \u00e4r inte k\u00f6nsspecifika.<\/span><\/p><div id=\"weath-1428048788\" class=\"weath-inhalt_2 weath-entity-placement\" style=\"margin-top: 15px;margin-right: 25px;margin-bottom: 35px;margin-left: 25px;\"><script async src=\"\/\/pagead2.googlesyndication.com\/pagead\/js\/adsbygoogle.js?client=ca-pub-8960936133935804\" crossorigin=\"anonymous\"><\/script><ins class=\"adsbygoogle\" style=\"display:block;\" data-ad-client=\"ca-pub-8960936133935804\" \ndata-ad-slot=\"1963584050\" \ndata-ad-format=\"auto\"><\/ins>\n<script> \n(adsbygoogle = window.adsbygoogle || []).push({}); \n<\/script>\n<\/div>\n<p><span style=\"font-weight: 400;\">Status: 15 februari 2022<\/span><\/p>\n<h2><b>\u00d6versikt \u00f6ver inneh\u00e5llet<\/b><\/h2>\n<ul>\n<li style=\"font-weight: 400;\" aria-level=\"1\"><span style=\"font-weight: 400;\">Introduktion<\/span><\/li>\n<li style=\"font-weight: 400;\" aria-level=\"1\"><span style=\"font-weight: 400;\">Ansvarig person<\/span><\/li>\n<li style=\"font-weight: 400;\" aria-level=\"1\"><span style=\"font-weight: 400;\">\u00d6versikt \u00f6ver bearbetningsverksamheten<\/span><\/li>\n<li style=\"font-weight: 400;\" aria-level=\"1\"><span style=\"font-weight: 400;\">Relevant r\u00e4ttslig grund<\/span><\/li>\n<li style=\"font-weight: 400;\" aria-level=\"1\"><span style=\"font-weight: 400;\">S\u00e4kerhets\u00e5tg\u00e4rder<\/span><\/li>\n<li style=\"font-weight: 400;\" aria-level=\"1\"><span style=\"font-weight: 400;\">\u00d6verf\u00f6ring av personuppgifter<\/span><\/li>\n<li style=\"font-weight: 400;\" aria-level=\"1\"><span style=\"font-weight: 400;\">Behandling av uppgifter i tredjel\u00e4nder<\/span><\/li>\n<li style=\"font-weight: 400;\" aria-level=\"1\"><span style=\"font-weight: 400;\">Radering av uppgifter<\/span><\/li>\n<li style=\"font-weight: 400;\" aria-level=\"1\"><span style=\"font-weight: 400;\">Anv\u00e4ndning av cookies<\/span><\/li>\n<li style=\"font-weight: 400;\" aria-level=\"1\"><span style=\"font-weight: 400;\">Tillhandah\u00e5llande av online-erbjudandet och webbhotell<\/span><\/li>\n<li style=\"font-weight: 400;\" aria-level=\"1\"><span style=\"font-weight: 400;\">Bloggar och publikationer<\/span><\/li>\n<li style=\"font-weight: 400;\" aria-level=\"1\"><span style=\"font-weight: 400;\">Hantering av kontakter och f\u00f6rfr\u00e5gningar<\/span><\/li>\n<li style=\"font-weight: 400;\" aria-level=\"1\"><span style=\"font-weight: 400;\">Webbanalys, \u00f6vervakning och optimering<\/span><\/li>\n<li style=\"font-weight: 400;\" aria-level=\"1\"><span style=\"font-weight: 400;\">Marknadsf\u00f6ring p\u00e5 n\u00e4tet<\/span><\/li>\n<li style=\"font-weight: 400;\" aria-level=\"1\"><span style=\"font-weight: 400;\">Affiliateprogram och affiliatel\u00e4nkar<\/span><\/li>\n<li style=\"font-weight: 400;\" aria-level=\"1\"><span style=\"font-weight: 400;\">N\u00e4rvaro i sociala n\u00e4tverk (sociala medier)<\/span><\/li>\n<li style=\"font-weight: 400;\" aria-level=\"1\"><span style=\"font-weight: 400;\">Plugins och inb\u00e4ddade funktioner och inneh\u00e5ll<\/span><\/li>\n<li style=\"font-weight: 400;\" aria-level=\"1\"><span style=\"font-weight: 400;\">\u00c4ndring och uppdatering av dataskyddsdeklarationen<\/span><\/li>\n<li style=\"font-weight: 400;\" aria-level=\"1\"><span style=\"font-weight: 400;\">De registrerades r\u00e4ttigheter<\/span><\/li>\n<li style=\"font-weight: 400;\" aria-level=\"1\"><span style=\"font-weight: 400;\">Definitioner<\/span><\/li>\n<\/ul>\n<h2><b>Ansvarig<\/b><\/h2>\n<p><span style=\"font-weight: 400;\">U&amp;M Online Marketing GbR<\/span><\/p>\n<p><span style=\"font-weight: 400;\">Burgerstr. 50<\/span><\/p>\n<p><span style=\"font-weight: 400;\">90478 N\u00fcrnberg<\/span><\/p>\n<p><span style=\"font-weight: 400;\">E-postadress:<\/span><\/p>\n<p><span style=\"font-weight: 400;\">hey@weather-radar-live.com<\/span><\/p>\n<h2><b>\u00d6versikt \u00f6ver bearbetningen<\/b><\/h2>\n<p><span style=\"font-weight: 400;\">I f\u00f6ljande \u00f6versikt sammanfattas de typer av uppgifter som behandlas och \u00e4ndam\u00e5len med behandlingen av dem och h\u00e4nvisar till de registrerade.<\/span><\/p>\n<h3><b>Typer av uppgifter som behandlas<\/b><\/h3>\n<ul>\n<li style=\"font-weight: 400;\" aria-level=\"1\"><span style=\"font-weight: 400;\">Uppgifter om inventering.<\/span><\/li>\n<li style=\"font-weight: 400;\" aria-level=\"1\"><span style=\"font-weight: 400;\">Kontaktuppgifter.<\/span><\/li>\n<li style=\"font-weight: 400;\" aria-level=\"1\"><span style=\"font-weight: 400;\">Uppgifter om inneh\u00e5ll.<\/span><\/li>\n<li style=\"font-weight: 400;\" aria-level=\"1\"><span style=\"font-weight: 400;\">Uppgifter om kontraktet.<\/span><\/li>\n<li style=\"font-weight: 400;\" aria-level=\"1\"><span style=\"font-weight: 400;\">Anv\u00e4ndningsuppgifter.<\/span><\/li>\n<li style=\"font-weight: 400;\" aria-level=\"1\"><span style=\"font-weight: 400;\">Metadata\/kommunikationsdata.<\/span><\/li>\n<\/ul>\n<h3><b>Kategorier av registrerade personer<\/b><\/h3>\n<ul>\n<li style=\"font-weight: 400;\" aria-level=\"1\"><span style=\"font-weight: 400;\">Kommunikationspartner.<\/span><\/li>\n<li style=\"font-weight: 400;\" aria-level=\"1\"><span style=\"font-weight: 400;\">Anv\u00e4ndare.<\/span><\/li>\n<\/ul>\n<h3><b>\u00c4ndam\u00e5l med behandlingen<\/b><\/h3>\n<ul>\n<li style=\"font-weight: 400;\" aria-level=\"1\"><span style=\"font-weight: 400;\">Tillhandah\u00e5llande av avtalstj\u00e4nster och kundservice.<\/span><\/li>\n<li style=\"font-weight: 400;\" aria-level=\"1\"><span style=\"font-weight: 400;\">Kontaktf\u00f6rfr\u00e5gningar och kommunikation.<\/span><\/li>\n<li style=\"font-weight: 400;\" aria-level=\"1\"><span style=\"font-weight: 400;\">S\u00e4kerhets\u00e5tg\u00e4rder.<\/span><\/li>\n<li style=\"font-weight: 400;\" aria-level=\"1\"><span style=\"font-weight: 400;\">M\u00e4tning av r\u00e4ckvidd.<\/span><\/li>\n<li style=\"font-weight: 400;\" aria-level=\"1\"><span style=\"font-weight: 400;\">Sp\u00e5rning av affilierade f\u00f6retag.<\/span><\/li>\n<li style=\"font-weight: 400;\" aria-level=\"1\"><span style=\"font-weight: 400;\">Hantera och svara p\u00e5 f\u00f6rfr\u00e5gningar.<\/span><\/li>\n<li style=\"font-weight: 400;\" aria-level=\"1\"><span style=\"font-weight: 400;\">\u00c5terkoppling.<\/span><\/li>\n<li style=\"font-weight: 400;\" aria-level=\"1\"><span style=\"font-weight: 400;\">Marknadsf\u00f6ring.<\/span><\/li>\n<li style=\"font-weight: 400;\" aria-level=\"1\"><span style=\"font-weight: 400;\">Profiler med anv\u00e4ndarrelaterad information.<\/span><\/li>\n<li style=\"font-weight: 400;\" aria-level=\"1\"><span style=\"font-weight: 400;\">Tillhandah\u00e5llande av v\u00e5r onlinetj\u00e4nst och anv\u00e4ndarupplevelse.<\/span><\/li>\n<\/ul>\n<h3><b>Relevant r\u00e4ttslig grund<\/b><\/h3>\n<p><span style=\"font-weight: 400;\">Nedan hittar du en \u00f6versikt \u00f6ver de r\u00e4ttsliga grunderna i GDPR som ligger till grund f\u00f6r v\u00e5r behandling av personuppgifter. Observera att ut\u00f6ver best\u00e4mmelserna i GDPR kan nationella dataskyddsbest\u00e4mmelser g\u00e4lla i ditt eller v\u00e5rt hemland. Om mer specifika r\u00e4ttsliga grunder \u00e4r relevanta i enskilda fall kommer vi att informera dig om dessa i dataskyddsf\u00f6rklaringen.<\/span><\/p>\n<ul>\n<li style=\"font-weight: 400;\" aria-level=\"1\"><b>Samtycke (artikel 6.1 p. 1 lit. a. DSGVO)<\/b><span style=\"font-weight: 400;\"> &#8211; Den registrerade har gett sitt samtycke till behandlingen av personuppgifter som r\u00f6r honom eller henne f\u00f6r ett eller flera specifika \u00e4ndam\u00e5l.<\/span><\/li>\n<li style=\"font-weight: 400;\" aria-level=\"1\"><b>Fullg\u00f6rande av ett avtal och f\u00f6rfr\u00e5gningar f\u00f6re avtalstillf\u00e4llet (artikel 6.1 p. 1 lit. b. DSGVO)<\/b><span style=\"font-weight: 400;\"> &#8211; Behandlingen \u00e4r n\u00f6dv\u00e4ndig f\u00f6r att fullg\u00f6ra ett avtal i vilket den registrerade \u00e4r part eller f\u00f6r att genomf\u00f6ra \u00e5tg\u00e4rder f\u00f6re avtalstillf\u00e4llet som vidtagits p\u00e5 den registrerades beg\u00e4ran.<\/span><\/li>\n<li style=\"font-weight: 400;\" aria-level=\"1\"><b>R\u00e4ttslig f\u00f6rpliktelse (artikel 6.1 p. 1 lit. c. DSGVO)<\/b><span style=\"font-weight: 400;\"> &#8211; Behandlingen \u00e4r n\u00f6dv\u00e4ndig f\u00f6r att uppfylla en r\u00e4ttslig f\u00f6rpliktelse som den personuppgiftsansvarige \u00e4r skyldig att uppfylla.<\/span><\/li>\n<li style=\"font-weight: 400;\" aria-level=\"1\"><b>Legitima intressen (artikel 6.1 p. 1 lit. f. DSGVO)<\/b><span style=\"font-weight: 400;\"> &#8211; Behandlingen \u00e4r n\u00f6dv\u00e4ndig f\u00f6r att skydda den personuppgiftsansvariges eller en tredje parts legitima intressen, s\u00e5vida inte dessa intressen \u00e5sidos\u00e4tts av den registrerades intressen eller grundl\u00e4ggande r\u00e4ttigheter och friheter som kr\u00e4ver skydd av personuppgifter.<\/span><\/li>\n<\/ul>\n<p><span style=\"font-weight: 400;\">Ut\u00f6ver dataskyddsbest\u00e4mmelserna i den allm\u00e4nna dataskyddsf\u00f6rordningen g\u00e4ller nationella best\u00e4mmelser om dataskydd i Tyskland. Dessa omfattar s\u00e4rskilt lagen om skydd mot missbruk av personuppgifter vid databehandling (Federal Data Protection Act &#8211; BDSG). BDSG inneh\u00e5ller s\u00e4rskilt s\u00e4rskilda best\u00e4mmelser om r\u00e4tten till information, r\u00e4tten till radering, r\u00e4tten till inv\u00e4ndningar, behandling av s\u00e4rskilda kategorier av personuppgifter, behandling f\u00f6r andra \u00e4ndam\u00e5l och \u00f6verf\u00f6ring samt automatiserat beslutsfattande i enskilda fall, inklusive profilering. Dessutom regleras databehandling f\u00f6r anst\u00e4llningsf\u00f6rh\u00e5llanden (\u00a7 26 BDSG), s\u00e4rskilt n\u00e4r det g\u00e4ller uppr\u00e4ttande, genomf\u00f6rande eller avslutande av anst\u00e4llningsf\u00f6rh\u00e5llanden samt arbetstagarnas samtycke. Dessutom kan dataskyddslagar i de enskilda delstaterna vara till\u00e4mpliga.<\/span><\/p>\n<h2><b>S\u00e4kerhets\u00e5tg\u00e4rder<\/b><\/h2>\n<p><span style=\"font-weight: 400;\">Vi vidtar l\u00e4mpliga tekniska och organisatoriska \u00e5tg\u00e4rder i enlighet med de r\u00e4ttsliga kraven, med beaktande av den senaste tekniken, genomf\u00f6randekostnaderna och behandlingens art, omfattning, omst\u00e4ndigheter och \u00e4ndam\u00e5l samt de olika sannolikheterna f\u00f6r f\u00f6rekomst och omfattningen av hotet mot fysiska personers r\u00e4ttigheter och friheter, f\u00f6r att s\u00e4kerst\u00e4lla en skyddsniv\u00e5 som \u00e4r l\u00e4mplig i f\u00f6rh\u00e5llande till risken.<\/span><\/p>\n<p><span style=\"font-weight: 400;\">\u00c5tg\u00e4rderna omfattar s\u00e4rskilt att s\u00e4kerst\u00e4lla uppgifternas konfidentialitet, integritet och tillg\u00e4nglighet genom att kontrollera fysisk och elektronisk tillg\u00e5ng till uppgifterna samt tillg\u00e5ng till, inmatning av, utl\u00e4mnande av, f\u00f6rs\u00e4kran om tillg\u00e4nglighet och \u00e5tskillnad av uppgifterna. Vi har ocks\u00e5 rutiner f\u00f6r att s\u00e4kerst\u00e4lla ut\u00f6vandet av de registrerades r\u00e4ttigheter, radering av uppgifter och svar p\u00e5 kompromisser om uppgifter. Dessutom tar vi redan h\u00e4nsyn till skyddet av personuppgifter n\u00e4r vi utvecklar eller v\u00e4ljer h\u00e5rdvara, programvara och f\u00f6rfaranden i enlighet med principen om dataskydd, genom teknisk utformning och genom dataskyddsv\u00e4nliga standardinst\u00e4llningar.<\/span><\/p>\n<p><span style=\"font-weight: 400;\">SSL-kryptering (https): F\u00f6r att skydda dina uppgifter som \u00f6verf\u00f6rs via v\u00e5rt onlineerbjudande anv\u00e4nder vi SSL-kryptering. Du kan k\u00e4nna igen s\u00e5dana krypterade anslutningar genom prefixet https:\/\/ p\u00e5 adressraden i din webbl\u00e4sare.<\/span><\/p>\n<h2><b>\u00d6verf\u00f6ring av personuppgifter<\/b><\/h2>\n<p><span style=\"font-weight: 400;\">Under v\u00e5r behandling av personuppgifter kan det h\u00e4nda att uppgifterna \u00f6verf\u00f6rs till andra organ, f\u00f6retag, juridiskt oberoende organisatoriska enheter eller personer eller att de l\u00e4mnas ut till dem. Mottagarna av dessa uppgifter kan t.ex. vara tj\u00e4nsteleverant\u00f6rer som har f\u00e5tt i uppdrag att utf\u00f6ra it-uppgifter eller leverant\u00f6rer av tj\u00e4nster och inneh\u00e5ll som \u00e4r integrerade i en webbplats. I s\u00e5dana fall f\u00f6ljer vi de r\u00e4ttsliga kraven och sluter i synnerhet l\u00e4mpliga kontrakt eller avtal f\u00f6r att skydda dina uppgifter med mottagarna av dina uppgifter.<\/span><\/p>\n<h2><b>Behandling av uppgifter i tredjel\u00e4nder<\/b><\/h2>\n<p><span style=\"font-weight: 400;\">Om vi behandlar uppgifter i ett tredjeland (dvs. utanf\u00f6r Europeiska unionen (EU), Europeiska ekonomiska samarbetsomr\u00e5det (EES)) eller om behandlingen sker i samband med anv\u00e4ndning av tj\u00e4nster fr\u00e5n tredje part eller utl\u00e4mnande eller \u00f6verf\u00f6ring av uppgifter till andra personer, organ eller f\u00f6retag, sker detta endast i enlighet med de r\u00e4ttsliga kraven.<\/span><\/p>\n<p><span style=\"font-weight: 400;\">Om det inte finns ett uttryckligt samtycke eller en avtalsenlig eller lagstadgad \u00f6verf\u00f6ring, behandlar vi eller l\u00e5ter vi endast behandla uppgifter i tredjel\u00e4nder med en erk\u00e4nd dataskyddsniv\u00e5, avtalsf\u00f6rpliktelser genom EU-kommissionens s\u00e5 kallade standardskyddsklausuler, i n\u00e4rvaro av certifieringar eller bindande interna dataskyddsbest\u00e4mmelser (artiklarna 44-49 i DSGVO, EU-kommissionens informationssida:<\/span><a href=\"https:\/\/ec.europa.eu\/info\/law\/law-topic\/data-protection\/international-dimension-data-protection_de\"><span style=\"font-weight: 400;\"> https:\/\/ec.europa.eu\/info\/law\/law-topic\/data-protection\/international-dimension-data-protection_de<\/span><\/a><span style=\"font-weight: 400;\">).<\/span><\/p>\n<h2><b>Radering av uppgifter<\/b><\/h2>\n<p><span style=\"font-weight: 400;\">De uppgifter som behandlas av oss kommer att raderas i enlighet med de r\u00e4ttsliga kraven s\u00e5 snart som deras samtycken som till\u00e5ts f\u00f6r behandlingen \u00e5terkallas eller andra tillst\u00e5nd upph\u00f6r att g\u00e4lla (t.ex. om syftet med behandlingen av dessa uppgifter har upph\u00f6rt eller om de inte \u00e4r n\u00f6dv\u00e4ndiga f\u00f6r \u00e4ndam\u00e5let).<\/span><\/p>\n<p><span style=\"font-weight: 400;\">Om uppgifterna inte raderas p\u00e5 grund av att de beh\u00f6vs f\u00f6r andra och lagligt till\u00e5tna \u00e4ndam\u00e5l, begr\u00e4nsas behandlingen av dem till dessa \u00e4ndam\u00e5l. Det vill s\u00e4ga att uppgifterna blockeras och inte behandlas f\u00f6r andra \u00e4ndam\u00e5l. Detta g\u00e4ller t.ex. uppgifter som m\u00e5ste bevaras av handels- eller skattelagstiftningssk\u00e4l eller vars lagring \u00e4r n\u00f6dv\u00e4ndig f\u00f6r att h\u00e4vda, ut\u00f6va eller f\u00f6rsvara r\u00e4ttsliga anspr\u00e5k eller f\u00f6r att skydda en annan fysisk eller juridisk persons r\u00e4ttigheter.<\/span><\/p>\n<p><span style=\"font-weight: 400;\">V\u00e5ra meddelanden om dataskydd kan ocks\u00e5 inneh\u00e5lla ytterligare information om lagring och radering av uppgifter som har prioritet f\u00f6r respektive behandling.<\/span><\/p>\n<h2><b>Anv\u00e4ndning av cookies<\/b><\/h2>\n<p><span style=\"font-weight: 400;\">Cookies \u00e4r sm\u00e5 textfiler eller andra lagringsenheter som lagrar information p\u00e5 slutenheter och l\u00e4ser information fr\u00e5n slutenheterna. Till exempel f\u00f6r att spara inloggningsstatusen i ett anv\u00e4ndarkonto, inneh\u00e5llet i en varukorg i en e-butik, det inneh\u00e5ll som anropas eller de funktioner som anv\u00e4nds i ett onlineerbjudande. Cookies kan dessutom anv\u00e4ndas f\u00f6r olika \u00e4ndam\u00e5l, t.ex. f\u00f6r att f\u00f6rb\u00e4ttra funktionalitet, s\u00e4kerhet och komfort i onlineerbjudanden samt f\u00f6r att skapa analyser av bes\u00f6karfl\u00f6den.<\/span><\/p>\n<p><b>Anteckningar om samtycke: <\/b><span style=\"font-weight: 400;\">Vi anv\u00e4nder cookies i enlighet med r\u00e4ttsliga krav. Vi inh\u00e4mtar d\u00e4rf\u00f6r f\u00f6rhandsgodk\u00e4nnande fr\u00e5n anv\u00e4ndarna, utom i de fall d\u00e5 detta inte kr\u00e4vs enligt lag. I synnerhet kr\u00e4vs inget samtycke om lagring och l\u00e4sning av information, inklusive cookies, \u00e4r absolut n\u00f6dv\u00e4ndigt f\u00f6r att tillhandah\u00e5lla en telemediatj\u00e4nst (dvs. v\u00e5rt onlineerbjudande) som anv\u00e4ndaren uttryckligen har beg\u00e4rt. Det \u00e5terkallbara samtycket meddelas tydligt till anv\u00e4ndarna och inneh\u00e5ller information om anv\u00e4ndningen av respektive cookie.<\/span><\/p>\n<p><b>Anm\u00e4rkningar om r\u00e4ttsliga grunder enligt dataskyddslagstiftningen <\/b><span style=\"font-weight: 400;\">: Den r\u00e4ttsliga grund enligt dataskyddslagstiftningen p\u00e5 vilken vi behandlar anv\u00e4ndarnas personuppgifter med hj\u00e4lp av cookies beror p\u00e5 om vi ber anv\u00e4ndarna om samtycke eller inte. Om anv\u00e4ndarna ger sitt samtycke \u00e4r den r\u00e4ttsliga grunden f\u00f6r behandling av deras uppgifter deras uttalade samtycke. I annat fall behandlas de uppgifter som behandlas med hj\u00e4lp av cookies p\u00e5 grundval av v\u00e5ra legitima intressen (t.ex. i samband med aff\u00e4rsverksamheten f\u00f6r v\u00e5rt onlineerbjudande och f\u00f6rb\u00e4ttring av dess anv\u00e4ndbarhet) eller, om detta sker i samband med fullg\u00f6randet av v\u00e5ra avtalsf\u00f6rpliktelser, om anv\u00e4ndningen av cookies \u00e4r n\u00f6dv\u00e4ndig f\u00f6r att uppfylla v\u00e5ra avtalsf\u00f6rpliktelser. De syften f\u00f6r vilka cookies behandlas av oss f\u00f6rklaras i denna integritetspolicy eller som en del av v\u00e5ra samtyckes- och behandlingsf\u00f6rfaranden.<\/span><\/p>\n<p><b>Lagringstid: <\/b><span style=\"font-weight: 400;\">N\u00e4r det g\u00e4ller lagringstiden skiljer man mellan f\u00f6ljande typer av cookies:<\/span><\/p>\n<ul>\n<li style=\"font-weight: 400;\" aria-level=\"1\"><b>Tillf\u00e4lliga cookies (\u00e4ven: sessionscookies):<\/b><span style=\"font-weight: 400;\"> Tillf\u00e4lliga cookies raderas senast n\u00e4r anv\u00e4ndaren har l\u00e4mnat ett onlineerbjudande och st\u00e4ngt sin slutenhet (t.ex. webbl\u00e4sare eller mobilapplikation).<\/span><\/li>\n<li style=\"font-weight: 400;\" aria-level=\"1\"><b>Permanenta cookies:<\/b><span style=\"font-weight: 400;\"> Permanenta cookies lagras \u00e4ven efter att slutenheten st\u00e4ngts. Till exempel kan inloggningsstatusen sparas eller f\u00f6redraget inneh\u00e5ll kan visas direkt n\u00e4r anv\u00e4ndaren bes\u00f6ker en webbplats igen. P\u00e5 samma s\u00e4tt kan anv\u00e4ndaruppgifter som samlas in med hj\u00e4lp av cookies anv\u00e4ndas f\u00f6r att m\u00e4ta r\u00e4ckvidden. Om vi inte ger anv\u00e4ndarna uttrycklig information om typen och lagringstiden f\u00f6r cookies (t.ex. n\u00e4r vi inh\u00e4mtar samtycke) b\u00f6r anv\u00e4ndarna anta att cookies \u00e4r permanenta och att de kan lagras i upp till tv\u00e5 \u00e5r.<\/span><\/li>\n<\/ul>\n<p><b>Allm\u00e4n information om \u00e5terkallelse och inv\u00e4ndning (opt-out): <\/b><span style=\"font-weight: 400;\">Anv\u00e4ndarna kan n\u00e4r som helst \u00e5terkalla det samtycke de har gett och \u00e4ven inv\u00e4nda mot behandlingen i enlighet med de r\u00e4ttsliga kraven i artikel 21 i DSGVO (ytterligare information om inv\u00e4ndning ges i samband med denna dataskyddsf\u00f6rklaring). Anv\u00e4ndarna kan ocks\u00e5 f\u00f6rklara att de mots\u00e4tter sig detta genom att anv\u00e4nda inst\u00e4llningarna i sin webbl\u00e4sare.<\/span><\/p>\n<p><b>Ytterligare information om behandlingsprocesser, f\u00f6rfaranden och tj\u00e4nster:<\/b><\/p>\n<ul>\n<li style=\"font-weight: 400;\" aria-level=\"1\"><b>Behandling av cookieuppgifter p\u00e5 grundval av samtycke: <\/b><span style=\"font-weight: 400;\">Vi anv\u00e4nder ett f\u00f6rfarande f\u00f6r hantering av samtycke till cookies enligt vilket anv\u00e4ndarnas samtycke till anv\u00e4ndningen av cookies eller till den behandling och de leverant\u00f6rer som n\u00e4mns i f\u00f6rfarandet f\u00f6r hantering av samtycke till cookies kan erh\u00e5llas, hanteras och \u00e5terkallas av anv\u00e4ndarna. Samtyckesf\u00f6rklaringen sparas f\u00f6r att inte beh\u00f6va upprepa beg\u00e4ran och f\u00f6r att kunna bevisa samtycket i enlighet med den r\u00e4ttsliga skyldigheten. Lagringen kan ske p\u00e5 serversidan och\/eller i en cookie (s\u00e5 kallad opt-in-cookie eller med hj\u00e4lp av j\u00e4mf\u00f6rbar teknik) f\u00f6r att kunna tilldela samtycket till en anv\u00e4ndare eller dennes enhet. Med f\u00f6rbeh\u00e5ll f\u00f6r individuell information om leverant\u00f6rerna av cookiehanteringstj\u00e4nster g\u00e4ller f\u00f6ljande information: Lagringen av samtycke kan vara upp till tv\u00e5 \u00e5r. En pseudonym anv\u00e4ndaridentifierare skapas och lagras tillsammans med tidpunkten f\u00f6r samtycket, information om omfattningen av samtycket (t.ex. vilka kategorier av cookies och\/eller tj\u00e4nsteleverant\u00f6rer) och den webbl\u00e4sare, det system och den slutenhet som anv\u00e4nds.<\/span><\/li>\n<\/ul>\n<h3><b>Samtycke till cookies med Complianz<\/b><\/h3>\n<p><span style=\"font-weight: 400;\">V\u00e5r webbplats anv\u00e4nder tekniken f\u00f6r samtycke till cookies &#8221;Complianz GDPR\/CCPA Cookie Consent<\/span><b>&#8221;<\/b><span style=\"font-weight: 400;\"> f\u00f6r att f\u00e5 ditt samtycke till lagring av vissa cookies i din webbl\u00e4sare och f\u00f6r att dokumentera detta p\u00e5 ett s\u00e4tt som \u00e4r f\u00f6renligt med dataskyddet. Leverant\u00f6ren av denna teknik \u00e4r Complianz B.V., Atoomweg 6b, 9743 AK Groningen, Nederl\u00e4nderna (nedan kallad Complianz).<\/span><\/p>\n<p><span style=\"font-weight: 400;\">N\u00e4r du g\u00e5r in p\u00e5 v\u00e5r webbplats lagras en Complianz-cookie i din webbl\u00e4sare, d\u00e4r de samtycken du har gett eller \u00e5terkallat lagras.<\/span><\/p>\n<p><span style=\"font-weight: 400;\">De insamlade uppgifterna lagras tills du ber oss att radera dem eller raderar Complianz-cookien sj\u00e4lv, eller tills syftet med att lagra uppgifterna inte l\u00e4ngre \u00e4r till\u00e4mpligt. Obligatoriska lagringstider p\u00e5verkas inte. Mer information om Complianz databehandling finns p\u00e5<\/span><a href=\"https:\/\/complianz.io\/privacy-statement\"> <span style=\"font-weight: 400;\">https:\/\/complianz.io\/privacy-statement<\/span><\/a><span style=\"font-weight: 400;\">.<\/span><\/p>\n<p><span style=\"font-weight: 400;\">Complianz-tekniken f\u00f6r samtycke till cookies anv\u00e4nds f\u00f6r att f\u00e5 det lagstadgade samtycket till anv\u00e4ndningen av cookies. Den r\u00e4ttsliga grunden f\u00f6r detta \u00e4r artikel 6.1 p. 1 lit. c i DSGVO.<\/span><\/p>\n<p><span style=\"font-weight: 400;\">[cmplz-document type=&#8221;cookie-statement&#8221; region=&#8221;eu&#8221;]<\/span><\/p>\n<h2><b>Tillhandah\u00e5llande av online-erbjudandet och webbhotell<\/b><\/h2>\n<p><span style=\"font-weight: 400;\">F\u00f6r att kunna tillhandah\u00e5lla v\u00e5rt onlineerbjudande p\u00e5 ett s\u00e4kert och effektivt s\u00e4tt anv\u00e4nder vi oss av tj\u00e4nster fr\u00e5n en eller flera webbhotell fr\u00e5n vars servrar (eller servrar som f\u00f6rvaltas av dem) onlineerbjudandet kan n\u00e5s. F\u00f6r dessa \u00e4ndam\u00e5l kan vi anv\u00e4nda infrastruktur- och plattformstj\u00e4nster, datorkapacitet, lagringsutrymme och databastj\u00e4nster samt s\u00e4kerhetstj\u00e4nster och tekniska underh\u00e5llstj\u00e4nster.<\/span><\/p>\n<p><span style=\"font-weight: 400;\">De uppgifter som behandlas i samband med tillhandah\u00e5llandet av webbtj\u00e4nsten kan omfatta all information om anv\u00e4ndarna av v\u00e5r onlinetj\u00e4nst som genereras i samband med anv\u00e4ndningen och kommunikationen. Detta inkluderar regelbundet IP-adressen, som \u00e4r n\u00f6dv\u00e4ndig f\u00f6r att kunna leverera inneh\u00e5llet i onlineerbjudanden till webbl\u00e4sare och alla poster som g\u00f6rs i v\u00e5rt onlineerbjudande eller fr\u00e5n webbplatser.<\/span><\/p>\n<ul>\n<li style=\"font-weight: 400;\" aria-level=\"1\"><b>Typer av uppgifter som behandlas:<\/b><span style=\"font-weight: 400;\"> Inneh\u00e5llsdata (t.ex. uppgifter i onlineformul\u00e4r), anv\u00e4ndningsdata (t.ex. bes\u00f6kta webbplatser, intresse f\u00f6r inneh\u00e5ll, \u00e5tkomsttider), metadata\/kommunikationsdata (t.ex. enhetsinformation, IP-adresser).<\/span><\/li>\n<li style=\"font-weight: 400;\" aria-level=\"1\"><b>Uppgiftsl\u00e4mnare:<\/b><span style=\"font-weight: 400;\"> Anv\u00e4ndare (t.ex. webbplatsbes\u00f6kare, anv\u00e4ndare av onlinetj\u00e4nster).<\/span><\/li>\n<li style=\"font-weight: 400;\" aria-level=\"1\"><b>\u00c4ndam\u00e5l med behandlingen:<\/b><span style=\"font-weight: 400;\"> tillhandah\u00e5llande av v\u00e5rt onlineutbud och anv\u00e4ndarv\u00e4nlighet, tillhandah\u00e5llande av avtalstj\u00e4nster och kundservice.<\/span><\/li>\n<li style=\"font-weight: 400;\" aria-level=\"1\"><b>R\u00e4ttslig grund:<\/b><span style=\"font-weight: 400;\"> Legitima intressen (artikel 6.1 p. 1 lit. f. DSGVO).<\/span><\/li>\n<\/ul>\n<p><b>Ytterligare information om behandlingsprocesser, f\u00f6rfaranden och tj\u00e4nster:<\/b><\/p>\n<ul>\n<li style=\"font-weight: 400;\" aria-level=\"1\"><b>Insamling av \u00e5tkomstuppgifter och loggfiler: <\/b><span style=\"font-weight: 400;\">Vi sj\u00e4lva (eller v\u00e5r webbhotellleverant\u00f6r) samlar in uppgifter om varje \u00e5tkomst till servern (s\u00e5 kallade serverloggfiler). Serverns loggfiler kan inneh\u00e5lla adressen och namnet p\u00e5 de webbsidor och filer som n\u00e5s, datum och tid f\u00f6r \u00e5tkomsten, volymen av \u00f6verf\u00f6rda data, meddelande om lyckad \u00e5tkomst, typ och version av webbl\u00e4sare, anv\u00e4ndarens operativsystem, referens-URL (den tidigare bes\u00f6kta sidan) och, som regel, IP-adresser och den beg\u00e4rande leverant\u00f6ren. Serverloggfilerna kan \u00e5 ena sidan anv\u00e4ndas i s\u00e4kerhetssyfte, t.ex. f\u00f6r att undvika \u00f6verbelastning av servrarna (s\u00e4rskilt i h\u00e4ndelse av missbruk, s\u00e5 kallade DDoS-attacker) och \u00e5 andra sidan f\u00f6r att s\u00e4kerst\u00e4lla anv\u00e4ndningen av servrarna och deras stabilitet; <\/span><b>radering av uppgifter<\/b><span style=\"font-weight: 400;\">: Loggfilinformation lagras i h\u00f6gst 30 dagar och raderas sedan eller anonymiseras. Uppgifter som m\u00e5ste bevaras f\u00f6r att kunna bevisas f\u00e5r inte raderas f\u00f6rr\u00e4n h\u00e4ndelsen \u00e4r slutgiltigt klarlagd.<\/span><\/li>\n<li style=\"font-weight: 400;\" aria-level=\"1\"><b>WordPress.com: <\/b><span style=\"font-weight: 400;\">Hostingplattform f\u00f6r bloggar\/webbplatser; <\/span><b>Tj\u00e4nsteleverant\u00f6r<\/b><span style=\"font-weight: 400;\">: Automattic Inc, 60 29th Street #343, San Francisco, CA 94110, USA; <\/span><b>Webbplats:<\/b><a href=\"https:\/\/wordpress.com\"><span style=\"font-weight: 400;\"> https:\/\/wordpress.com<\/span><\/a><span style=\"font-weight: 400;\">; <\/span><b>Integritetspolicy:<\/b><span style=\"font-weight: 400;\">https:<\/span><a href=\"https:\/\/automattic.com\/de\/privacy\/\"><span style=\"font-weight: 400;\"> \/\/automattic.com\/de\/privacy\/<\/span><\/a><span style=\"font-weight: 400;\">; <\/span><b>Avtal om orderhantering:<\/b><span style=\"font-weight: 400;\"> ing\u00e5tt med leverant\u00f6ren: https:<\/span><a href=\"https:\/\/wordpress.com\/support\/data-processing-agreements\/\"><span style=\"font-weight: 400;\"> \/\/wordpress.com\/support\/data-processing-agreements\/.<\/span><\/a><\/li>\n<li style=\"font-weight: 400;\" aria-level=\"1\"><b>ALL-INKL: <\/b><span style=\"font-weight: 400;\">Tj\u00e4nster inom tillhandah\u00e5llande av infrastruktur f\u00f6r informationsteknik och relaterade tj\u00e4nster (t.ex. lagringsutrymme och\/eller datorkapacitet); <\/span><b>tj\u00e4nsteleverant\u00f6r:<\/b><span style=\"font-weight: 400;\"> ALL-INKL.COM &#8211; Neue Medien M\u00fcnnich, \u00c4gare: Ren\u00e9 M\u00fcnnich, Hauptstra\u00dfe 68, 02742 Friedersdorf, Tyskland; <\/span><b>Webbplats:<\/b><a href=\"https:\/\/all-inkl.com\/\"><span style=\"font-weight: 400;\"> https:\/\/all-inkl.com\/<\/span><\/a><span style=\"font-weight: 400;\">; <\/span><b>Integritetspolicy:<\/b><span style=\"font-weight: 400;\">https:<\/span><a href=\"https:\/\/all-inkl.com\/datenschutzinformationen\/\"><span style=\"font-weight: 400;\"> \/\/all-inkl.com\/datenschutzinformationen\/<\/span><\/a><span style=\"font-weight: 400;\">; <\/span><b>Avtal om orderhantering:<\/b><span style=\"font-weight: 400;\"> ing\u00e5tt med leverant\u00f6r .<\/span><\/li>\n<\/ul>\n<h2><b>Bloggar och publikationer<\/b><\/h2>\n<p><span style=\"font-weight: 400;\">Vi anv\u00e4nder bloggar eller j\u00e4mf\u00f6rbara medel f\u00f6r kommunikation och publicering online (nedan kallat publiceringsmedium). Uppgifter om l\u00e4sare behandlas f\u00f6r publikationsmediets \u00e4ndam\u00e5l endast i den utstr\u00e4ckning som kr\u00e4vs f\u00f6r presentationen och kommunikationen mellan f\u00f6rfattare och l\u00e4sare eller av s\u00e4kerhetssk\u00e4l. I \u00f6vrigt h\u00e4nvisar vi till informationen om behandlingen av bes\u00f6kare p\u00e5 v\u00e5rt publikationsmedium inom ramen f\u00f6r detta meddelande om dataskydd.<\/span><\/p>\n<ul>\n<li style=\"font-weight: 400;\" aria-level=\"1\"><b>Typer av uppgifter som behandlas:<\/b><span style=\"font-weight: 400;\"> inventeringsuppgifter (t.ex. namn, adresser), kontaktuppgifter (t.ex. e-post, telefonnummer), inneh\u00e5llsuppgifter (t.ex. uppgifter i onlineformul\u00e4r), anv\u00e4ndningsuppgifter (t.ex. bes\u00f6kta webbplatser, intresse f\u00f6r inneh\u00e5ll, \u00e5tkomsttider), metadata\/kommunikationsuppgifter (t.ex. information om enheter, IP-adresser).<\/span><\/li>\n<li style=\"font-weight: 400;\" aria-level=\"1\"><b>Uppgiftsl\u00e4mnare:<\/b><span style=\"font-weight: 400;\"> Anv\u00e4ndare (t.ex. webbplatsbes\u00f6kare, anv\u00e4ndare av onlinetj\u00e4nster).<\/span><\/li>\n<li style=\"font-weight: 400;\" aria-level=\"1\"><b>\u00c4ndam\u00e5l med behandlingen:<\/b><span style=\"font-weight: 400;\"> tillhandah\u00e5llande av avtalstj\u00e4nster och kundservice, feedback (t.ex. insamling av feedback via ett onlineformul\u00e4r), s\u00e4kerhets\u00e5tg\u00e4rder, tillhandah\u00e5llande av v\u00e5rt onlineutbud och anv\u00e4ndarv\u00e4nlighet, administration och svar p\u00e5 f\u00f6rfr\u00e5gningar.<\/span><\/li>\n<li style=\"font-weight: 400;\" aria-level=\"1\"><b>R\u00e4ttslig grund:<\/b><span style=\"font-weight: 400;\"> Avtalsuppfyllelse och f\u00f6rfr\u00e5gningar f\u00f6re avtalstillf\u00e4llet (artikel 6.1 p. 1 lit. b. DSGVO), ber\u00e4ttigade intressen (artikel 6.1 p. 1 lit. f. DSGVO).<\/span><\/li>\n<\/ul>\n<p><b>Ytterligare anm\u00e4rkningar om behandling, f\u00f6rfaranden och tj\u00e4nster:<\/b><\/p>\n<ul>\n<li style=\"font-weight: 400;\" aria-level=\"1\"><b>Kommentarer och bidrag: <\/b><span style=\"font-weight: 400;\">N\u00e4r anv\u00e4ndare l\u00e4mnar kommentarer eller andra bidrag kan deras IP-adresser lagras p\u00e5 grundval av v\u00e5ra legitima intressen. Detta g\u00f6rs f\u00f6r v\u00e5r s\u00e4kerhet om n\u00e5gon l\u00e4mnar olagligt inneh\u00e5ll i kommentarer och inl\u00e4gg (f\u00f6rol\u00e4mpningar, otill\u00e5ten politisk propaganda osv.). I detta fall kan vi sj\u00e4lva bli \u00e5talade f\u00f6r kommentaren eller inl\u00e4gget och \u00e4r d\u00e4rf\u00f6r intresserade av f\u00f6rfattarens identitet. Dessutom f\u00f6rbeh\u00e5ller vi oss r\u00e4tten att p\u00e5 grundval av v\u00e5ra legitima intressen behandla anv\u00e4ndarnas uppgifter f\u00f6r att uppt\u00e4cka skr\u00e4ppost. P\u00e5 samma r\u00e4ttsliga grund f\u00f6rbeh\u00e5ller vi oss r\u00e4tten att lagra anv\u00e4ndarnas IP-adresser s\u00e5 l\u00e4nge unders\u00f6kningarna p\u00e5g\u00e5r och att anv\u00e4nda cookies f\u00f6r att undvika flerfaldig r\u00f6stning. De personuppgifter som l\u00e4mnas i samband med kommentarer och bidrag, all kontakt- och webbplatsinformation samt inneh\u00e5llsrelaterad information lagras permanent av oss tills anv\u00e4ndaren mots\u00e4tter sig detta.<\/span><\/li>\n<li style=\"font-weight: 400;\" aria-level=\"1\"><b>Akismet antispamkontroll: <\/b><span style=\"font-weight: 400;\">Akismet antispamkontroll &#8211; Vi anv\u00e4nder tj\u00e4nsten Akismet p\u00e5 grundval av v\u00e5ra legitima intressen. Med hj\u00e4lp av Akismet kan kommentarer fr\u00e5n riktiga personer skiljas fr\u00e5n spamkommentarer. F\u00f6r detta \u00e4ndam\u00e5l skickas alla kommentarer till en server i USA, d\u00e4r de analyseras och lagras i fyra dagar f\u00f6r att kunna j\u00e4mf\u00f6ras. Om en kommentar har klassificerats som skr\u00e4ppost lagras uppgifterna efter denna tid. Denna information omfattar det namn som skrivs in, e-postadressen, IP-adressen, kommentarens inneh\u00e5ll, h\u00e4nvisaren, information om vilken webbl\u00e4sare som anv\u00e4nds samt datasystem och tidpunkt f\u00f6r inl\u00e4gget. Anv\u00e4ndarna \u00e4r v\u00e4lkomna att anv\u00e4nda pseudonymer eller att avst\u00e5 fr\u00e5n att ange sitt namn eller sin e-postadress. De kan helt f\u00f6rhindra \u00f6verf\u00f6ringen av uppgifter genom att inte anv\u00e4nda v\u00e5rt kommentarsystem. Det vore synd, men tyv\u00e4rr ser vi inga alternativ som fungerar lika effektivt; <\/span><b>Tj\u00e4nsteleverant\u00f6r<\/b><span style=\"font-weight: 400;\">: Automattic Inc, 60 29th Street #343, San Francisco, CA 94110, USA; <\/span><b>webbplats:<\/b><a href=\"https:\/\/automattic.com\"><span style=\"font-weight: 400;\"> https:\/\/automattic.com<\/span><\/a><span style=\"font-weight: 400;\">; <\/span><b>sekretesspolicy:<\/b><span style=\"font-weight: 400;\">https:<\/span><a href=\"https:\/\/automattic.com\/privacy\"><span style=\"font-weight: 400;\"> \/\/automattic.com\/privacy<\/span><\/a><span style=\"font-weight: 400;\">.<\/span><\/li>\n<li style=\"font-weight: 400;\" aria-level=\"1\"><b>Profilbilder fr\u00e5n Gravatar: <\/b><span style=\"font-weight: 400;\">Profilbilder &#8211; Vi anv\u00e4nder tj\u00e4nsten Gravatar i v\u00e5rt onlineutbud och s\u00e4rskilt p\u00e5 bloggen. Gravatar \u00e4r en tj\u00e4nst d\u00e4r anv\u00e4ndare kan registrera och lagra profilbilder och sina e-postadresser. Om anv\u00e4ndarna l\u00e4mnar inl\u00e4gg eller kommentarer p\u00e5 andra webbplatser (s\u00e4rskilt bloggar) med respektive e-postadress kan deras profilbilder visas bredvid inl\u00e4ggen eller kommentarerna. F\u00f6r detta \u00e4ndam\u00e5l \u00f6verf\u00f6rs den e-postadress som anv\u00e4ndaren anger till Gravatar i krypterad form f\u00f6r att kontrollera om det finns en profil lagrad f\u00f6r den. Detta \u00e4r det enda syftet med \u00f6verf\u00f6ringen av e-postadressen. Den anv\u00e4nds inte f\u00f6r andra \u00e4ndam\u00e5l utan raderas efter\u00e5t. Anv\u00e4ndningen av Gravatar grundar sig p\u00e5 v\u00e5ra legitima intressen, eftersom vi anv\u00e4nder Gravatar f\u00f6r att ge f\u00f6rfattare av inl\u00e4gg och kommentarer m\u00f6jlighet att anpassa sina inl\u00e4gg med en profilbild. Genom att visa bilderna f\u00e5r Gravatar anv\u00e4ndarnas IP-adress, eftersom detta \u00e4r n\u00f6dv\u00e4ndigt f\u00f6r kommunikationen mellan en webbl\u00e4sare och en onlinetj\u00e4nst. Om anv\u00e4ndarna inte vill att en anv\u00e4ndarbild som \u00e4r kopplad till deras Gravatar-e-postadress ska visas i kommentarerna b\u00f6r de anv\u00e4nda en e-postadress som inte \u00e4r registrerad hos Gravatar f\u00f6r att kommentera. Vi p\u00e5pekar ocks\u00e5 att det ocks\u00e5 \u00e4r m\u00f6jligt att anv\u00e4nda en anonym e-postadress eller ingen e-postadress alls om anv\u00e4ndarna inte vill att deras e-postadress ska skickas till Gravatar. Anv\u00e4ndarna kan f\u00f6rhindra \u00f6verf\u00f6ringen av uppgifter helt och h\u00e5llet genom att inte anv\u00e4nda v\u00e5rt kommentarsystem eller v\u00e5r <\/span><b>tj\u00e4nsteleverant\u00f6r<\/b><span style=\"font-weight: 400;\">: Automattic Inc, 60 29th Street #343, San Francisco, CA 94110, USA; <\/span><b>webbplats:<\/b><a href=\"https:\/\/automattic.com\"><span style=\"font-weight: 400;\"> https:\/\/automattic.com<\/span><\/a><span style=\"font-weight: 400;\">; <\/span><b>sekretesspolicy:<\/b><span style=\"font-weight: 400;\">https:<\/span><a href=\"https:\/\/automattic.com\/privacy\"><span style=\"font-weight: 400;\"> \/\/automattic.com\/privacy<\/span><\/a><span style=\"font-weight: 400;\">.<\/span><\/li>\n<li style=\"font-weight: 400;\" aria-level=\"1\"><b>UpdraftPlus <\/b><span style=\"font-weight: 400;\">: Programvara f\u00f6r s\u00e4kerhetskopiering och lagring av s\u00e4kerhetskopior; <\/span><b>tj\u00e4nsteleverant\u00f6r<\/b><span style=\"font-weight: 400;\">: Simba Hosting Ltd, 11, Barringer Way, St Neots, Cambs., PE19 1LW, UK; <\/span><b>webbplats:<\/b><a href=\"https:\/\/updraftplus.com\/\"><span style=\"font-weight: 400;\"> https:\/\/updraftplus.com\/<\/span><\/a><span style=\"font-weight: 400;\">; <\/span><b>sekretesspolicy:<\/b><span style=\"font-weight: 400;\">https:<\/span><a href=\"https:\/\/updraftplus.com\/data-protection-and-privacy-centre\/\"><span style=\"font-weight: 400;\"> \/\/updraftplus.com\/data-protection-and-privacy-centre\/<\/span><\/a><span style=\"font-weight: 400;\">.<\/span><\/li>\n<li style=\"font-weight: 400;\" aria-level=\"1\"><b>Wordfence: <\/b><span style=\"font-weight: 400;\">brandv\u00e4gg och funktioner f\u00f6r s\u00e4kerhet och uppt\u00e4ckt av fel; <\/span><b>tj\u00e4nsteleverant\u00f6r<\/b><span style=\"font-weight: 400;\">: Defiant, Inc, 800 5th Ave Ste 4100, Seattle, WA 98104, USA; <\/span><b>webbplats:<\/b><a href=\"https:\/\/www.wordfence.com\"><span style=\"font-weight: 400;\"> https:\/\/www.wordfence.com<\/span><\/a><span style=\"font-weight: 400;\">; <\/span><b>sekretesspolicy:<\/b><span style=\"font-weight: 400;\">https:<\/span><a href=\"https:\/\/www.wordfence.com\/privacy-policy\/\"><span style=\"font-weight: 400;\"> \/\/www.wordfence.com\/privacy-policy\/<\/span><\/a><span style=\"font-weight: 400;\">; <\/span><b>standardavtalsklausuler (f\u00f6r att s\u00e4kerst\u00e4lla dataskyddsniv\u00e5n vid behandling i tredje land):<\/b><a href=\"https:\/\/www.wordfence.com\/standard-contractual-clauses\/\"><span style=\"font-weight: 400;\"> https:\/\/www.wordfence.com\/standard-contractual-clauses\/<\/span><\/a><span style=\"font-weight: 400;\">.<\/span><\/li>\n<\/ul>\n<h2><b>Hantering av kontakter och f\u00f6rfr\u00e5gningar<\/b><\/h2>\n<p><span style=\"font-weight: 400;\">N\u00e4r du kontaktar oss (t.ex. via kontaktformul\u00e4r, e-post, telefon eller sociala medier) och i samband med befintliga anv\u00e4ndar- och aff\u00e4rsrelationer behandlas de fr\u00e5gande personernas uppgifter i den m\u00e5n det \u00e4r n\u00f6dv\u00e4ndigt f\u00f6r att besvara kontaktf\u00f6rfr\u00e5gningarna och eventuella beg\u00e4rda \u00e5tg\u00e4rder.<\/span><\/p>\n<p><span style=\"font-weight: 400;\">Svaret p\u00e5 kontaktf\u00f6rfr\u00e5gningar samt hanteringen av kontakt- och f\u00f6rfr\u00e5gningsuppgifter i samband med avtalsf\u00f6rh\u00e5llanden eller f\u00f6rh\u00e5llanden f\u00f6re avtalstillf\u00e4llet utf\u00f6rs f\u00f6r att uppfylla v\u00e5ra avtalsf\u00f6rpliktelser eller f\u00f6r att svara p\u00e5 (f\u00f6r)avtalsf\u00f6rfr\u00e5gningar och dessutom p\u00e5 grundval av legitima intressen i att svara p\u00e5 f\u00f6rfr\u00e5gningar och uppr\u00e4tth\u00e5lla anv\u00e4ndar- eller aff\u00e4rsrelationer.<\/span><\/p>\n<ul>\n<li style=\"font-weight: 400;\" aria-level=\"1\"><b>Typer av uppgifter som behandlas:<\/b><span style=\"font-weight: 400;\"> inventeringsuppgifter (t.ex. namn, adresser), kontaktuppgifter (t.ex. e-post, telefonnummer), inneh\u00e5llsuppgifter (t.ex. uppgifter i onlineformul\u00e4r).<\/span><\/li>\n<li style=\"font-weight: 400;\" aria-level=\"1\"><b>Uppgiftsl\u00e4mnare:<\/b><span style=\"font-weight: 400;\"> Kommunikationspartner.<\/span><\/li>\n<li style=\"font-weight: 400;\" aria-level=\"1\"><b>\u00c4ndam\u00e5l med behandlingen:<\/b><span style=\"font-weight: 400;\"> kontaktf\u00f6rfr\u00e5gningar och kommunikation, tillhandah\u00e5llande av avtalstj\u00e4nster och kundservice.<\/span><\/li>\n<li style=\"font-weight: 400;\" aria-level=\"1\"><b>R\u00e4ttslig grund:<\/b><span style=\"font-weight: 400;\"> Avtalsuppfyllelse och f\u00f6rfr\u00e5gningar f\u00f6re avtalstillf\u00e4llet (artikel 6.1 p. 1 lit. b i DSGVO), ber\u00e4ttigade intressen (artikel 6.1 p. 1 lit. f i DSGVO), r\u00e4ttslig f\u00f6rpliktelse (artikel 6.1 p. 1 lit. c i DSGVO).<\/span><\/li>\n<\/ul>\n<p><b>Ytterligare information om behandling, f\u00f6rfaranden och tj\u00e4nster:<\/b><\/p>\n<ul>\n<li style=\"font-weight: 400;\" aria-level=\"1\"><b>Kontaktformul\u00e4r: <\/b><span style=\"font-weight: 400;\">Om anv\u00e4ndare kontaktar oss via v\u00e5rt kontaktformul\u00e4r, e-post eller andra kommunikationskanaler behandlar vi de uppgifter som meddelats till oss i detta sammanhang f\u00f6r att behandla den kommunicerade beg\u00e4ran. I detta syfte behandlar vi personuppgifter i samband med aff\u00e4rsf\u00f6rbindelser f\u00f6re och efter avtal, i den m\u00e5n det \u00e4r n\u00f6dv\u00e4ndigt f\u00f6r att uppfylla dem och i \u00f6vrigt p\u00e5 grundval av v\u00e5ra legitima intressen samt kommunikationspartnernas intressen av att svara p\u00e5 fr\u00e5gor och v\u00e5ra lagstadgade lagringsskyldigheter.<\/span><\/li>\n<\/ul>\n<h2><b>Webbanalys, \u00f6vervakning och optimering<\/b><\/h2>\n<p><span style=\"font-weight: 400;\">Webbanalys (\u00e4ven kallad &#8221;r\u00e4ckviddsm\u00e4tning&#8221;) anv\u00e4nds f\u00f6r att utv\u00e4rdera fl\u00f6det av bes\u00f6kare till v\u00e5rt onlineutbud och kan inneh\u00e5lla beteende, intressen eller demografisk information om bes\u00f6kare, t.ex. \u00e5lder eller k\u00f6n, som pseudonyma v\u00e4rden. Med hj\u00e4lp av r\u00e4ckviddsanalysen kan vi till exempel se vid vilken tidpunkt v\u00e5rt onlineerbjudande eller dess funktioner eller inneh\u00e5ll anv\u00e4nds mest eller inbjuder till \u00e5teranv\u00e4ndning. P\u00e5 samma s\u00e4tt kan vi f\u00f6rst\u00e5 vilka omr\u00e5den som beh\u00f6ver optimeras.<\/span><\/p>\n<p><span style=\"font-weight: 400;\">F\u00f6rutom webbanalys kan vi ocks\u00e5 anv\u00e4nda testf\u00f6rfaranden, t.ex. f\u00f6r att testa och optimera olika versioner av v\u00e5rt onlineerbjudande eller dess komponenter.<\/span><\/p>\n<p><span style=\"font-weight: 400;\">Om inget annat anges nedan kan profiler, dvs. uppgifter som sammanfattas f\u00f6r en anv\u00e4ndningsprocess, skapas f\u00f6r dessa \u00e4ndam\u00e5l och information kan lagras i en webbl\u00e4sare eller i en terminal och l\u00e4sas d\u00e4rifr\u00e5n. Den insamlade informationen omfattar i synnerhet bes\u00f6kta webbplatser och de element som anv\u00e4nds d\u00e4r samt teknisk information, t.ex. vilken webbl\u00e4sare som anv\u00e4nds, vilket datorsystem som anv\u00e4nds och information om anv\u00e4ndningstider. Om anv\u00e4ndarna har samtyckt till att vi eller leverant\u00f6rerna av de tj\u00e4nster som vi anv\u00e4nder samlar in deras lokaliseringsuppgifter, kan lokaliseringsuppgifter ocks\u00e5 behandlas.<\/span><\/p>\n<p><span style=\"font-weight: 400;\">Anv\u00e4ndarnas IP-adresser lagras ocks\u00e5. Vi anv\u00e4nder dock ett IP-maskningsf\u00f6rfarande (dvs. pseudonymisering genom att f\u00f6rkorta IP-adressen) f\u00f6r att skydda anv\u00e4ndarna. I allm\u00e4nhet lagras inga tydliga anv\u00e4ndaruppgifter (t.ex. e-postadresser eller namn) i samband med webbanalys, A\/B-testning och optimering, utan pseudonymer. Detta inneb\u00e4r att vi och leverant\u00f6rerna av den programvara som anv\u00e4nds inte k\u00e4nner till anv\u00e4ndarnas faktiska identitet, utan endast den information som lagras i deras profiler f\u00f6r respektive f\u00f6rfaranden.<\/span><\/p>\n<p><b>Anm\u00e4rkningar om r\u00e4ttslig grund:<\/b><span style=\"font-weight: 400;\"> Om vi ber anv\u00e4ndarna om deras samtycke till att anv\u00e4nda tredjepartsleverant\u00f6rer \u00e4r den r\u00e4ttsliga grunden f\u00f6r behandling av uppgifter samtycke. I annat fall behandlas anv\u00e4ndarnas uppgifter p\u00e5 grundval av v\u00e5ra legitima intressen (dvs. intresse av effektiva, ekonomiska och mottagarv\u00e4nliga tj\u00e4nster). I detta sammanhang vill vi ocks\u00e5 h\u00e4nvisa dig till informationen om anv\u00e4ndningen av cookies i denna integritetspolicy.<\/span><\/p>\n<ul>\n<li style=\"font-weight: 400;\" aria-level=\"1\"><b>Typer av uppgifter som behandlas:<\/b><span style=\"font-weight: 400;\"> Anv\u00e4ndaruppgifter (t.ex. bes\u00f6kta webbplatser, intresse f\u00f6r inneh\u00e5ll, \u00e5tkomsttider), metadata\/kommunikationsuppgifter (t.ex. information om enheter, IP-adresser).<\/span><\/li>\n<li style=\"font-weight: 400;\" aria-level=\"1\"><b>Uppgiftsl\u00e4mnare:<\/b><span style=\"font-weight: 400;\"> Anv\u00e4ndare (t.ex. webbplatsbes\u00f6kare, anv\u00e4ndare av onlinetj\u00e4nster).<\/span><\/li>\n<li style=\"font-weight: 400;\" aria-level=\"1\"><b>Behandlingens syfte:<\/b><span style=\"font-weight: 400;\"> m\u00e4tning av r\u00e4ckvidd (t.ex. \u00e5tkomststatistik, identifiering av \u00e5terkommande bes\u00f6kare), profiler med anv\u00e4ndarrelaterad information (skapande av anv\u00e4ndarprofiler).<\/span><\/li>\n<li style=\"font-weight: 400;\" aria-level=\"1\"><b>S\u00e4kerhets\u00e5tg\u00e4rder:<\/b><span style=\"font-weight: 400;\"> IP-maskering (pseudonymisering av IP-adressen).<\/span><\/li>\n<li style=\"font-weight: 400;\" aria-level=\"1\"><b>R\u00e4ttslig grund:<\/b><span style=\"font-weight: 400;\"> Samtycke (artikel 6.1 p. 1 lit. a. DSGVO), ber\u00e4ttigade intressen (artikel 6.1 p. 1 lit. f. DSGVO).<\/span><\/li>\n<\/ul>\n<p><b>Ytterligare information om behandling, f\u00f6rfaranden och tj\u00e4nster:Google Analytics <\/b><span style=\"font-weight: 400;\">: webbanalys, r\u00e4ckviddsm\u00e4tning och m\u00e4tning av anv\u00e4ndarfl\u00f6den; <\/span><b>tj\u00e4nsteleverant\u00f6r<\/b><span style=\"font-weight: 400;\">: Google Ireland Limited, Gordon House, Barrow Street, Dublin 4, Irland, moderbolag: Google LLC, 1600 Amphitheatre Parkway, Mountain View, CA 94043, USA; <\/span><b>webbplats:<\/b><a href=\"https:\/\/marketingplatform.google.com\/intl\/de\/about\/analytics\/\"><span style=\"font-weight: 400;\"> https:\/\/marketingplatform.google.com\/intl\/de\/about\/analytics\/<\/span><\/a><span style=\"font-weight: 400;\">; <\/span><b>sekretesspolicy:<\/b><span style=\"font-weight: 400;\">https:<\/span><a href=\"https:\/\/policies.google.com\/privacy\"><span style=\"font-weight: 400;\"> \/\/policies.google.com\/privacy<\/span><\/a><span style=\"font-weight: 400;\">; <\/span><b>ytterligare information<\/b><span style=\"font-weight: 400;\">: Typer av behandling och behandlade uppgifter:<\/span><a href=\"https:\/\/privacy.google.com\/businesses\/adsservices\"><span style=\"font-weight: 400;\"> https:\/\/privacy.google.com\/businesses\/adsservices<\/span><\/a><span style=\"font-weight: 400;\">. Villkor f\u00f6r behandling av uppgifter f\u00f6r Googles reklamprodukter och standardavtalsklausuler f\u00f6r \u00f6verf\u00f6ring av uppgifter till tredje land:<\/span><a href=\"https:\/\/business.safety.google\/adsprocessorterms\"><span style=\"font-weight: 400;\"> https:\/\/business.safety.google\/adsprocessorterms<\/span><\/a><span style=\"font-weight: 400;\">.<\/span><\/p>\n<h2><b>Marknadsf\u00f6ring p\u00e5 n\u00e4tet<\/b><\/h2>\n<p><span style=\"font-weight: 400;\">Vi behandlar personuppgifter f\u00f6r marknadsf\u00f6ring p\u00e5 n\u00e4tet, vilket i synnerhet kan omfatta marknadsf\u00f6ring av annonsutrymme eller visning av reklam och annat inneh\u00e5ll (kollektivt &#8221;inneh\u00e5ll&#8221;) baserat p\u00e5 anv\u00e4ndarnas potentiella intressen och m\u00e4tning av dess effektivitet.<\/span><\/p>\n<p><span style=\"font-weight: 400;\">F\u00f6r dessa \u00e4ndam\u00e5l skapas och lagras s\u00e5 kallade anv\u00e4ndarprofiler i en fil (s\u00e5 kallad cookie) eller liknande f\u00f6rfaranden, med hj\u00e4lp av vilka information om anv\u00e4ndaren som \u00e4r relevant f\u00f6r presentationen av det ovann\u00e4mnda inneh\u00e5llet lagras. Denna information kan t.ex. omfatta inneh\u00e5ll som tittats p\u00e5, bes\u00f6kta webbplatser, anv\u00e4nda onlinen\u00e4tverk, men \u00e4ven kommunikationspartners och teknisk information, t.ex. vilken webbl\u00e4sare som anv\u00e4nts, vilket datorsystem som anv\u00e4nts och information om anv\u00e4ndningstider och anv\u00e4nda funktioner. Om anv\u00e4ndarna har samtyckt till att samla in sina lokaliseringsuppgifter kan dessa ocks\u00e5 behandlas.<\/span><\/p>\n<p><span style=\"font-weight: 400;\">Anv\u00e4ndarnas IP-adresser lagras ocks\u00e5. Vi anv\u00e4nder dock tillg\u00e4ngliga IP-maskningsf\u00f6rfaranden (dvs. pseudonymisering genom att f\u00f6rkorta IP-adressen) f\u00f6r att skydda anv\u00e4ndarna. I allm\u00e4nhet lagras inga tydliga anv\u00e4ndaruppgifter (t.ex. e-postadresser eller namn) inom ramen f\u00f6r marknadsf\u00f6ringen online, utan pseudonymer. Detta inneb\u00e4r att vi och leverant\u00f6rerna av marknadsf\u00f6ringsf\u00f6rfaranden online inte k\u00e4nner till anv\u00e4ndarnas faktiska identitet, utan endast den information som finns lagrad i deras profiler.<\/span><\/p>\n<p><span style=\"font-weight: 400;\">Informationen i profilerna lagras vanligtvis i cookies eller med hj\u00e4lp av liknande f\u00f6rfaranden. Dessa cookies kan i allm\u00e4nhet ocks\u00e5 l\u00e4sas senare p\u00e5 andra webbplatser som anv\u00e4nder samma f\u00f6rfarande f\u00f6r marknadsf\u00f6ring online och analyseras f\u00f6r att visa inneh\u00e5ll samt kompletteras med ytterligare uppgifter och lagras p\u00e5 servern hos leverant\u00f6ren av f\u00f6rfarandet f\u00f6r marknadsf\u00f6ring online.<\/span><\/p>\n<p><span style=\"font-weight: 400;\">I undantagsfall kan tydliga uppgifter tilldelas profilerna. Detta g\u00e4ller till exempel om anv\u00e4ndarna \u00e4r medlemmar i ett socialt n\u00e4tverk vars marknadsf\u00f6ring online vi anv\u00e4nder och n\u00e4tverket kopplar anv\u00e4ndarnas profiler till de ovann\u00e4mnda uppgifterna. Vi ber dig notera att anv\u00e4ndarna kan ing\u00e5 ytterligare avtal med leverant\u00f6rerna, t.ex. genom att ge sitt samtycke som en del av registreringsprocessen.<\/span><\/p>\n<p><span style=\"font-weight: 400;\">I princip f\u00e5r vi bara tillg\u00e5ng till sammanfattad information om hur framg\u00e5ngsrika v\u00e5ra annonser \u00e4r. Inom ramen f\u00f6r s\u00e5 kallade konverteringsm\u00e4tningar kan vi dock kontrollera vilka av v\u00e5ra marknadsf\u00f6rings\u00e5tg\u00e4rder online som har lett till en s\u00e5 kallad konvertering, det vill s\u00e4ga till exempel till att ett avtal har ing\u00e5tts med oss. Konverteringsm\u00e4tningen anv\u00e4nds endast f\u00f6r att analysera hur framg\u00e5ngsrika v\u00e5ra marknadsf\u00f6rings\u00e5tg\u00e4rder \u00e4r.<\/span><\/p>\n<p><span style=\"font-weight: 400;\">Om inget annat anges ber vi dig anta att de cookies som anv\u00e4nds lagras i tv\u00e5 \u00e5r.<\/span><\/p>\n<p><b>Anm\u00e4rkningar om r\u00e4ttslig grund:<\/b><span style=\"font-weight: 400;\"> Om vi ber anv\u00e4ndarna om deras samtycke till att anv\u00e4nda tredjepartsleverant\u00f6rer \u00e4r den r\u00e4ttsliga grunden f\u00f6r behandlingen av uppgifter samtycke. I annat fall behandlas anv\u00e4ndarnas uppgifter p\u00e5 grundval av v\u00e5ra legitima intressen (dvs. intresse av effektiva, ekonomiska och mottagarv\u00e4nliga tj\u00e4nster). I detta sammanhang vill vi ocks\u00e5 h\u00e4nvisa dig till informationen om anv\u00e4ndningen av cookies i denna integritetspolicy.<\/span><\/p>\n<ul>\n<li style=\"font-weight: 400;\" aria-level=\"1\"><b>Typer av uppgifter som behandlas:<\/b><span style=\"font-weight: 400;\"> Anv\u00e4ndaruppgifter (t.ex. bes\u00f6kta webbplatser, intresse f\u00f6r inneh\u00e5ll, \u00e5tkomsttider), metadata\/kommunikationsuppgifter (t.ex. information om enheter, IP-adresser).<\/span><\/li>\n<li style=\"font-weight: 400;\" aria-level=\"1\"><b>Uppgiftsl\u00e4mnare:<\/b><span style=\"font-weight: 400;\"> Anv\u00e4ndare (t.ex. webbplatsbes\u00f6kare, anv\u00e4ndare av onlinetj\u00e4nster).<\/span><\/li>\n<li style=\"font-weight: 400;\" aria-level=\"1\"><b>\u00c4ndam\u00e5l med behandlingen:<\/b><span style=\"font-weight: 400;\"> marknadsf\u00f6ring, profilering med anv\u00e4ndarrelaterad information (skapande av anv\u00e4ndarprofiler).<\/span><\/li>\n<li style=\"font-weight: 400;\" aria-level=\"1\"><b>S\u00e4kerhets\u00e5tg\u00e4rder:<\/b><span style=\"font-weight: 400;\"> IP-maskering (pseudonymisering av IP-adressen).<\/span><\/li>\n<li style=\"font-weight: 400;\" aria-level=\"1\"><b>R\u00e4ttslig grund:<\/b><span style=\"font-weight: 400;\"> Samtycke (artikel 6.1 p. 1 lit. a. DSGVO), ber\u00e4ttigade intressen (artikel 6.1 p. 1 lit. f. DSGVO).<\/span><\/li>\n<li style=\"font-weight: 400;\" aria-level=\"1\"><b>M\u00f6jlighet till inv\u00e4ndning (opt-out): <\/b><span style=\"font-weight: 400;\">Vi h\u00e4nvisar till respektive leverant\u00f6rs dataskyddsmeddelanden och de m\u00f6jligheter till inv\u00e4ndning som leverant\u00f6rerna har (s.k. opt-out). Om inget uttryckligt undantag har angetts har du m\u00f6jlighet att st\u00e4nga av cookies i din webbl\u00e4sares inst\u00e4llningar. Detta kan dock begr\u00e4nsa funktionerna i v\u00e5rt onlineerbjudande. Vi rekommenderar d\u00e4rf\u00f6r f\u00f6ljande ytterligare alternativ f\u00f6r avst\u00e4ngning, som erbjuds i en sammanfattning f\u00f6r respektive region: a) Europa: https:<\/span><a href=\"https:\/\/www.youronlinechoices.eu\"><span style=\"font-weight: 400;\"> \/\/www.youronlinechoices.eu<\/span><\/a><span style=\"font-weight: 400;\">. b) Kanada: https:<\/span><a href=\"https:\/\/www.youradchoices.ca\/choices\"><span style=\"font-weight: 400;\"> \/\/www.youradchoices.ca\/choices<\/span><\/a><span style=\"font-weight: 400;\">. c) USA:<\/span><a href=\"https:\/\/www.aboutads.info\/choices\"><span style=\"font-weight: 400;\"> https:\/\/www.aboutads.info\/choices<\/span><\/a><span style=\"font-weight: 400;\">. d) Territoriellt:<\/span><a href=\"https:\/\/optout.aboutads.info\"><span style=\"font-weight: 400;\"> https:\/\/optout.aboutads.info<\/span><\/a><span style=\"font-weight: 400;\">.<\/span><\/li>\n<\/ul>\n<p><b>Ytterligare information om behandling, f\u00f6rfaranden och tj\u00e4nster:<\/b><\/p>\n<ul>\n<li style=\"font-weight: 400;\" aria-level=\"1\"><b>Google Adsense med personliga annonser: <\/b><span style=\"font-weight: 400;\">Vi anv\u00e4nder tj\u00e4nsten Google Adsense med personliga annonser, med vars hj\u00e4lp annonser visas i v\u00e5rt onlineutbud och vi f\u00e5r ers\u00e4ttning f\u00f6r visning eller annan anv\u00e4ndning av dem; <\/span><b>tj\u00e4nsteleverant\u00f6r<\/b><span style=\"font-weight: 400;\">: Google Ireland Limited, Gordon House, Barrow Street, Dublin 4, Irland, moderbolag: Google LLC, 1600 Amphitheatre Parkway, Mountain View, CA 94043, USA; <\/span><b>webbplats:<\/b><a href=\"https:\/\/marketingplatform.google.com\"><span style=\"font-weight: 400;\"> https:\/\/marketingplatform.google.com<\/span><\/a><span style=\"font-weight: 400;\">; <\/span><b>sekretesspolicy:<\/b><span style=\"font-weight: 400;\">https:<\/span><a href=\"https:\/\/policies.google.com\/privacy\"><span style=\"font-weight: 400;\"> \/\/policies.google.com\/privacy<\/span><\/a><span style=\"font-weight: 400;\">; <\/span><b>ytterligare information<\/b><span style=\"font-weight: 400;\">: Typer av behandling och behandlade uppgifter:<\/span><a href=\"https:\/\/privacy.google.com\/businesses\/adsservices\"><span style=\"font-weight: 400;\"> https:\/\/privacy.google.com\/businesses\/adsservices<\/span><\/a><span style=\"font-weight: 400;\">; Villkor f\u00f6r databehandling av Google Advertising Products Data Processing Terms: Information om tj\u00e4nster Villkor f\u00f6r databehandling mellan registeransvariga och standardavtalsklausuler f\u00f6r \u00f6verf\u00f6ring av uppgifter till tredje land:<\/span><a href=\"https:\/\/business.safety.google\/adscontrollerterms\"><span style=\"font-weight: 400;\"> https:\/\/business.safety.google\/adscontrollerterms<\/span><\/a><span style=\"font-weight: 400;\">.<\/span><\/li>\n<li style=\"font-weight: 400;\" aria-level=\"1\"><b>Google Adsense med icke-personaliserade annonser: <\/b><span style=\"font-weight: 400;\">Vi anv\u00e4nder Google Adsense-tj\u00e4nsten med icke-personaliserade annonser, med hj\u00e4lp av vilken annonser visas i v\u00e5rt onlineutbud och vi f\u00e5r ers\u00e4ttning f\u00f6r visning eller annan anv\u00e4ndning av dem; <\/span><b>tj\u00e4nsteleverant\u00f6r<\/b><span style=\"font-weight: 400;\">: Google Ireland Limited, Gordon House, Barrow Street, Dublin 4, Irland, moderbolag: Google LLC, 1600 Amphitheatre Parkway, Mountain View, CA 94043, USA; <\/span><b>webbplats:<\/b><a href=\"https:\/\/marketingplatform.google.com\"><span style=\"font-weight: 400;\"> https:\/\/marketingplatform.google.com<\/span><\/a><span style=\"font-weight: 400;\">; <\/span><b>sekretesspolicy:<\/b><span style=\"font-weight: 400;\">https:<\/span><a href=\"https:\/\/policies.google.com\/privacy\"><span style=\"font-weight: 400;\"> \/\/policies.google.com\/privacy<\/span><\/a><span style=\"font-weight: 400;\">; <\/span><b>ytterligare information<\/b><span style=\"font-weight: 400;\">: Typer av behandling och behandlade uppgifter:<\/span><a href=\"https:\/\/privacy.google.com\/businesses\/adsservices\"><span style=\"font-weight: 400;\"> https:\/\/privacy.google.com\/businesses\/adsservices<\/span><\/a><span style=\"font-weight: 400;\">; Google Ads Controller-Controller Data Protection Terms och standardavtalsklausuler f\u00f6r \u00f6verf\u00f6ring av uppgifter till tredjel\u00e4nder:<\/span><a href=\"https:\/\/business.safety.google\/adscontrollerterms\"><span style=\"font-weight: 400;\"> https:\/\/business.safety.google\/adscontrollerterms<\/span><\/a><span style=\"font-weight: 400;\">.<\/span><\/li>\n<\/ul>\n<h2><b>Affiliateprogram och affiliatel\u00e4nkar<\/b><\/h2>\n<p><span style=\"font-weight: 400;\">Vi inkluderar s\u00e5 kallade affiliatel\u00e4nkar eller andra referenser (som till exempel kan inneh\u00e5lla s\u00f6kmasker, widgets eller rabattkoder) till erbjudanden och tj\u00e4nster fr\u00e5n tredjepartsleverant\u00f6rer (gemensamt kallade &#8221;affiliatel\u00e4nkar&#8221;) i v\u00e5rt onlineutbud. Om anv\u00e4ndarna f\u00f6ljer affiliate-l\u00e4nkarna eller senare utnyttjar erbjudandena kan vi f\u00e5 en provision eller andra f\u00f6rm\u00e5ner fr\u00e5n dessa tredje parter (tillsammans &#8221;provision&#8221;).<\/span><\/p>\n<p><span style=\"font-weight: 400;\">F\u00f6r att kunna sp\u00e5ra om anv\u00e4ndarna har utnyttjat erbjudandena fr\u00e5n en affiliatel\u00e4nk som anv\u00e4nds av oss \u00e4r det n\u00f6dv\u00e4ndigt att respektive tredjepartsleverant\u00f6r f\u00e5r veta att anv\u00e4ndarna har f\u00f6ljt en affiliatel\u00e4nk som anv\u00e4nds i v\u00e5rt onlineerbjudande. Tilldelningen av affiliatel\u00e4nkar till respektive aff\u00e4rstransaktioner eller till andra \u00e5tg\u00e4rder (t.ex. k\u00f6p) tj\u00e4nar endast syftet att redovisa provisioner och kommer att annulleras s\u00e5 snart det inte l\u00e4ngre \u00e4r n\u00f6dv\u00e4ndigt f\u00f6r \u00e4ndam\u00e5let.<\/span><\/p>\n<p><span style=\"font-weight: 400;\">F\u00f6r den ovan n\u00e4mnda tilldelningen av affiliatel\u00e4nkar kan affiliatel\u00e4nkarna kompletteras med vissa v\u00e4rden som ing\u00e5r i l\u00e4nken eller lagras p\u00e5 annat h\u00e5ll, t.ex. i en cookie. V\u00e4rdena kan s\u00e4rskilt omfatta k\u00e4llwebbplatsen (referrer), tiden, en online-identifierare f\u00f6r operat\u00f6ren av den webbplats d\u00e4r affiliatel\u00e4nken fanns, en online-identifierare f\u00f6r respektive erbjudande, den typ av l\u00e4nk som anv\u00e4nts, typen av erbjudande och en online-identifierare f\u00f6r anv\u00e4ndaren.<\/span><\/p>\n<p><b>Anm\u00e4rkningar om r\u00e4ttslig grund:<\/b><span style=\"font-weight: 400;\"> Om vi ber anv\u00e4ndarna om deras samtycke till att anv\u00e4nda tredjepartsleverant\u00f6rer \u00e4r den r\u00e4ttsliga grunden f\u00f6r behandlingen av uppgifter samtycke. Dessutom kan anv\u00e4ndningen av dem vara en del av v\u00e5ra (f\u00f6r)avtalsenliga tj\u00e4nster, f\u00f6rutsatt att anv\u00e4ndningen av tredjepartsleverant\u00f6rer har \u00f6verenskommits inom denna ram. I annat fall behandlas anv\u00e4ndaruppgifterna p\u00e5 grundval av v\u00e5ra legitima intressen (dvs. intresse av effektiva, ekonomiska och mottagarv\u00e4nliga tj\u00e4nster). I detta sammanhang vill vi ocks\u00e5 h\u00e4nvisa dig till informationen om anv\u00e4ndningen av cookies i denna integritetspolicy.<\/span><\/p>\n<ul>\n<li style=\"font-weight: 400;\" aria-level=\"1\"><b>Typer av uppgifter som behandlas:<\/b><span style=\"font-weight: 400;\"> avtalsuppgifter (t.ex. f\u00f6rem\u00e5l f\u00f6r avtalet, villkor, kundkategori), anv\u00e4ndningsuppgifter (t.ex. bes\u00f6kta webbplatser, intresse f\u00f6r inneh\u00e5ll, \u00e5tkomsttider), metadata\/kommunikationsuppgifter (t.ex. information om enheter, IP-adresser).<\/span><\/li>\n<li style=\"font-weight: 400;\" aria-level=\"1\"><b>Uppgiftsl\u00e4mnare:<\/b><span style=\"font-weight: 400;\"> Anv\u00e4ndare (t.ex. webbplatsbes\u00f6kare, anv\u00e4ndare av onlinetj\u00e4nster).<\/span><\/li>\n<li style=\"font-weight: 400;\" aria-level=\"1\"><b>\u00c4ndam\u00e5l med behandlingen:<\/b><span style=\"font-weight: 400;\"> Sp\u00e5rning av affiliatef\u00f6retag.<\/span><\/li>\n<li style=\"font-weight: 400;\" aria-level=\"1\"><b>R\u00e4ttslig grund:<\/b><span style=\"font-weight: 400;\"> samtycke (artikel 6.1 p. 1 lit. a i DSGVO), fullg\u00f6rande av avtal och f\u00f6rfr\u00e5gningar f\u00f6re avtalstillf\u00e4llet (artikel 6.1 p. 1 lit. b i DSGVO), ber\u00e4ttigade intressen (artikel 6.1 p. 1 lit. f i DSGVO).<\/span><\/li>\n<\/ul>\n<p><b>Ytterligare information om behandlingsprocesser, f\u00f6rfaranden och tj\u00e4nster:<\/b><\/p>\n<ul>\n<li style=\"font-weight: 400;\" aria-level=\"1\"><b>Amazon Affiliate Programme: <\/b><span style=\"font-weight: 400;\">Affiliate Partner Programme (Amazon och Amazon-logotypen \u00e4r varum\u00e4rken som tillh\u00f6r Amazon.com, Inc. eller n\u00e5got av dess dotterbolag); <\/span><b>Tj\u00e4nsteleverant\u00f6r<\/b><span style=\"font-weight: 400;\">: Amazon Europe Core S.\u00e0.r.l., Amazon EU S.\u00e0.r.l., Amazon Services Europe S.\u00e0.r.l. och Amazon Media EU S.\u00e0.r.l., alla fyra bel\u00e4gna p\u00e5 38, avenue John F. Kennedy, L-1855 Luxemburg, och Amazon Instant Video Germany GmbH, Domagkstr. 28, 80807 M\u00fcnchen, Tyskland (tillsammans &#8221;Amazon Europe&#8221;), moderbolag: Amazon.com, Inc, 2021 Seventh Ave, Seattle, Washington 98121, USA; <\/span><b>webbplats:<\/b><a href=\"https:\/\/www.amazon.de\"><span style=\"font-weight: 400;\"> https:\/\/www.amazon.de<\/span><\/a><span style=\"font-weight: 400;\">; <\/span><b>sekretesspolicy:<\/b><span style=\"font-weight: 400;\">https:<\/span><a href=\"https:\/\/www.amazon.de\/gp\/help\/customer\/display.html?nodeId=201909010\"><span style=\"font-weight: 400;\"> \/\/www.amazon.de\/gp\/help\/customer\/display.html?nodeId=201909010<\/span><\/a><span style=\"font-weight: 400;\">.<\/span><\/li>\n<li style=\"font-weight: 400;\" aria-level=\"1\"><b>Digistore24:s affiliateprogram: <\/b><span style=\"font-weight: 400;\">affiliateprogram f\u00f6r affiliatemarknadsf\u00f6ring; <\/span><b>Tj\u00e4nsteleverant\u00f6r<\/b><span style=\"font-weight: 400;\">: Digistore24 GmbH, St.-Godehard-Stra\u00dfe 32, 31139 Hildesheim, Tyskland; <\/span><b>Webbplats:<\/b><a href=\"https:\/\/www.digistore24.com\"><span style=\"font-weight: 400;\"> https:\/\/www.digistore24.com<\/span><\/a><span style=\"font-weight: 400;\">; <\/span><b>Integritetspolicy:<\/b><span style=\"font-weight: 400;\">https:<\/span><a href=\"https:\/\/www.digistore24.com\/page\/privacy\"><span style=\"font-weight: 400;\"> \/\/www.digistore24.com\/page\/privacy<\/span><\/a><span style=\"font-weight: 400;\">.<\/span><\/li>\n<\/ul>\n<h2><b>N\u00e4rvaro i sociala n\u00e4tverk (sociala medier)<\/b><\/h2>\n<p><span style=\"font-weight: 400;\">Vi uppr\u00e4tth\u00e5ller online-n\u00e4rvaro i sociala n\u00e4tverk och behandlar anv\u00e4ndaruppgifter i detta sammanhang f\u00f6r att kommunicera med anv\u00e4ndare som \u00e4r aktiva d\u00e4r eller f\u00f6r att erbjuda information om oss.<\/span><\/p>\n<p><span style=\"font-weight: 400;\">Vi vill p\u00e5peka att anv\u00e4ndaruppgifter kan behandlas utanf\u00f6r EU. Detta kan leda till risker f\u00f6r anv\u00e4ndarna eftersom det till exempel kan g\u00f6ra det sv\u00e5rare att h\u00e4vda anv\u00e4ndarnas r\u00e4ttigheter.<\/span><\/p>\n<p><span style=\"font-weight: 400;\">Anv\u00e4ndaruppgifter behandlas dessutom vanligen i sociala n\u00e4tverk f\u00f6r marknadsunders\u00f6kningar och reklam\u00e4ndam\u00e5l. Anv\u00e4ndarprofiler kan till exempel skapas utifr\u00e5n anv\u00e4ndarnas anv\u00e4ndningsbeteende och intressen. Anv\u00e4ndarprofilerna kan i sin tur anv\u00e4ndas till exempel f\u00f6r att placera reklam inom och utanf\u00f6r n\u00e4tverken som f\u00f6rmodligen motsvarar anv\u00e4ndarnas intressen. F\u00f6r dessa \u00e4ndam\u00e5l lagras vanligtvis cookies p\u00e5 anv\u00e4ndarnas datorer, d\u00e4r anv\u00e4ndarnas anv\u00e4ndningsbeteende och intressen lagras. Dessutom kan uppgifter som \u00e4r oberoende av de enheter som anv\u00e4nds av anv\u00e4ndarna ocks\u00e5 lagras i anv\u00e4ndningsprofilerna (s\u00e4rskilt om anv\u00e4ndarna \u00e4r medlemmar i respektive plattform och \u00e4r inloggade p\u00e5 dem).<\/span><\/p>\n<p><span style=\"font-weight: 400;\">F\u00f6r en detaljerad presentation av respektive former av behandling och m\u00f6jligheterna att g\u00f6ra inv\u00e4ndningar (opt-out) h\u00e4nvisar vi till de dataskyddsdeklarationer och den information som tillhandah\u00e5lls av operat\u00f6rerna f\u00f6r respektive n\u00e4tverk.<\/span><\/p>\n<p><span style=\"font-weight: 400;\">N\u00e4r det g\u00e4ller beg\u00e4ran om information och h\u00e4vdande av den registrerades r\u00e4ttigheter vill vi ocks\u00e5 p\u00e5peka att dessa kan h\u00e4vdas mest effektivt hos leverant\u00f6rerna. Endast leverant\u00f6rerna har tillg\u00e5ng till anv\u00e4ndarnas uppgifter och kan vidta l\u00e4mpliga \u00e5tg\u00e4rder och ge information direkt. Om du fortfarande beh\u00f6ver hj\u00e4lp kan du kontakta oss.<\/span><\/p>\n<ul>\n<li style=\"font-weight: 400;\" aria-level=\"1\"><b>Typer av uppgifter som behandlas:<\/b><span style=\"font-weight: 400;\"> kontaktuppgifter (t.ex. e-post, telefonnummer), inneh\u00e5llsuppgifter (t.ex. uppgifter i onlineformul\u00e4r), anv\u00e4ndningsuppgifter (t.ex. bes\u00f6kta webbplatser, intresse f\u00f6r inneh\u00e5ll, \u00e5tkomsttider), metadata\/kommunikationsuppgifter (t.ex. information om enheter, IP-adresser).<\/span><\/li>\n<li style=\"font-weight: 400;\" aria-level=\"1\"><b>Uppgiftsl\u00e4mnare:<\/b><span style=\"font-weight: 400;\"> Anv\u00e4ndare (t.ex. webbplatsbes\u00f6kare, anv\u00e4ndare av onlinetj\u00e4nster).<\/span><\/li>\n<li style=\"font-weight: 400;\" aria-level=\"1\"><b>\u00c4ndam\u00e5l med behandlingen:<\/b><span style=\"font-weight: 400;\"> kontaktf\u00f6rfr\u00e5gningar och kommunikation, feedback (t.ex. insamling av feedback via ett onlineformul\u00e4r), marknadsf\u00f6ring.<\/span><\/li>\n<li style=\"font-weight: 400;\" aria-level=\"1\"><b>R\u00e4ttslig grund:<\/b><span style=\"font-weight: 400;\"> Legitima intressen (artikel 6.1 p. 1 lit. f. DSGVO).<\/span><\/li>\n<\/ul>\n<p><b>Ytterligare information om behandlingsprocesser, f\u00f6rfaranden och tj\u00e4nster:<\/b><\/p>\n<ul>\n<li style=\"font-weight: 400;\" aria-level=\"1\"><b>Instagram: <\/b><span style=\"font-weight: 400;\">Socialt n\u00e4tverk; <\/span><b>Tj\u00e4nsteleverant\u00f6r<\/b><span style=\"font-weight: 400;\">: Instagram Inc, 1601 Willow Road, Menlo Park, CA, 94025, USA; <\/span><b>webbplats:<\/b><a href=\"https:\/\/www.instagram.com\"><span style=\"font-weight: 400;\"> https:\/\/www.instagram.com<\/span><\/a><span style=\"font-weight: 400;\">; <\/span><b>sekretesspolicy:<\/b><span style=\"font-weight: 400;\">https:<\/span><a href=\"https:\/\/instagram.com\/about\/legal\/privacy\"><span style=\"font-weight: 400;\"> \/\/instagram.com\/about\/legal\/privacy<\/span><\/a><span style=\"font-weight: 400;\">.<\/span><\/li>\n<li style=\"font-weight: 400;\" aria-level=\"1\"><b>Facebook-sidor: <\/b><span style=\"font-weight: 400;\">Profiler inom det sociala n\u00e4tverket Facebook &#8211; Vi \u00e4r gemensamt ansvariga tillsammans med Meta Platforms Ireland Limited f\u00f6r insamling (men inte f\u00f6r vidare behandling) av uppgifter fr\u00e5n bes\u00f6kare p\u00e5 v\u00e5r Facebook-sida (s\u00e5 kallad &#8221;fan page&#8221;). Dessa uppgifter omfattar information om vilka typer av inneh\u00e5ll som anv\u00e4ndarna tittar p\u00e5 eller interagerar med, eller vilka \u00e5tg\u00e4rder de vidtar (se under &#8221;Saker som du och andra g\u00f6r och tillhandah\u00e5ller&#8221; i Facebooks datapolicy:<\/span><a href=\"https:\/\/www.facebook.com\/policy\"><span style=\"font-weight: 400;\"> https:\/\/www.facebook.com\/policy<\/span><\/a><span style=\"font-weight: 400;\">), samt information om de enheter som anv\u00e4ndarna anv\u00e4nder (t.ex. IP-adresser, operativsystem, webbl\u00e4sartyp, spr\u00e5kinst\u00e4llningar, cookie-data; se under &#8221;Enhetsinformation&#8221; i Facebooks datapolicy: https:<\/span><a href=\"https:\/\/www.facebook.com\/policy\"><span style=\"font-weight: 400;\"> \/\/www.facebook.com\/policy<\/span><\/a><span style=\"font-weight: 400;\">). Som f\u00f6rklaras i Facebooks datapolicy under &#8221;Hur anv\u00e4nder vi den h\u00e4r informationen?&#8221; samlar Facebook ocks\u00e5 in och anv\u00e4nder information f\u00f6r att tillhandah\u00e5lla analystj\u00e4nster, kallade &#8221;Page Insights&#8221;, till sidoperat\u00f6rer f\u00f6r att ge dem insikter om hur m\u00e4nniskor interagerar med deras sidor och med det inneh\u00e5ll som \u00e4r kopplat till dem. Vi har ing\u00e5tt ett s\u00e4rskilt avtal med Facebook (&#8221;Page Insights Information&#8221;,<\/span><a href=\"https:\/\/www.facebook.com\/legal\/terms\/page_controller_addendum\"><span style=\"font-weight: 400;\"> https:\/\/www.facebook.com\/legal\/terms\/page_controller_addendum<\/span><\/a><span style=\"font-weight: 400;\">), som i synnerhet reglerar vilka s\u00e4kerhets\u00e5tg\u00e4rder Facebook m\u00e5ste iaktta och d\u00e4r Facebook har g\u00e5tt med p\u00e5 att uppfylla de registrerades r\u00e4ttigheter (dvs. anv\u00e4ndarna kan t.ex. skicka information eller beg\u00e4ran om radering direkt till Facebook). Anv\u00e4ndarnas r\u00e4ttigheter (s\u00e4rskilt r\u00e4tten till information, radering, inv\u00e4ndningar och klagom\u00e5l till den beh\u00f6riga tillsynsmyndigheten) begr\u00e4nsas inte av avtalen med Facebook. Mer information finns i &#8221;Information om Page Insights&#8221;<\/span><a href=\"https:\/\/www.facebook.com\/legal\/terms\/information_about_page_insights_data\"><span style=\"font-weight: 400;\">(https:\/\/www.facebook.com\/legal\/terms\/information_about_page_insights_data<\/span><\/a><span style=\"font-weight: 400;\">); <\/span><b>tj\u00e4nsteleverant\u00f6r<\/b><span style=\"font-weight: 400;\">: Meta Platforms Ireland Limited, 4 Grand Canal Square, Grand Canal Harbour, Dublin 2, Irland; <\/span><b>webbplats:<\/b><a href=\"https:\/\/www.facebook.com\"><span style=\"font-weight: 400;\"> https:\/\/www.facebook.com<\/span><\/a><span style=\"font-weight: 400;\">; <\/span><b>sekretesspolicy:<\/b><a href=\"https:\/\/www.facebook.com\/about\/privacy\"><span style=\"font-weight: 400;\"> https:\/\/www.facebook.com\/about\/privacy<\/span><\/a><span style=\"font-weight: 400;\">; <\/span><b>standardavtalsklausuler (f\u00f6r att s\u00e4kerst\u00e4lla dataskyddsniv\u00e5n vid behandling i tredjel\u00e4nder):<\/b><a href=\"https:\/\/www.facebook.com\/legal\/EU_data_transfer_addendum\"><span style=\"font-weight: 400;\"> https:\/\/www.facebook.com\/legal\/EU_data_transfer_addendum<\/span><\/a><span style=\"font-weight: 400;\">; <\/span><b>ytterligare information<\/b><span style=\"font-weight: 400;\">: Avtal om delat ansvar: https:<\/span><a href=\"https:\/\/www.facebook.com\/legal\/terms\/information_about_page_insights_data\"><span style=\"font-weight: 400;\"> \/\/www.facebook.com\/legal\/terms\/information_about_page_insights_data<\/span><\/a><span style=\"font-weight: 400;\">.<\/span><\/li>\n<\/ul>\n<h2><b>Plugins och inb\u00e4ddade funktioner och inneh\u00e5ll<\/b><\/h2>\n<p><span style=\"font-weight: 400;\">Vi integrerar funktionella och inneh\u00e5llsm\u00e4ssiga element i v\u00e5rt onlineerbjudande som h\u00e4mtas fr\u00e5n servrar hos respektive leverant\u00f6rer (nedan kallade &#8221;tredjepartsleverant\u00f6rer&#8221;). Det kan t.ex. vara grafik, videor eller stadskartor (nedan kallat &#8221;inneh\u00e5ll&#8221;).<\/span><\/p>\n<p><span style=\"font-weight: 400;\">Integrationen kr\u00e4ver alltid att tredjepartsleverant\u00f6rerna av detta inneh\u00e5ll behandlar anv\u00e4ndarens IP-adress, eftersom de utan IP-adressen inte skulle kunna skicka inneh\u00e5llet till webbl\u00e4saren. IP-adressen kr\u00e4vs allts\u00e5 f\u00f6r att dessa inneh\u00e5ll eller funktioner ska kunna visas. Vi str\u00e4var efter att endast anv\u00e4nda inneh\u00e5ll vars respektive leverant\u00f6rer endast anv\u00e4nder IP-adressen f\u00f6r att leverera inneh\u00e5llet. Tredjepartsleverant\u00f6rer kan ocks\u00e5 anv\u00e4nda s\u00e5 kallade pixeltaggar (osynlig grafik, \u00e4ven k\u00e4nd som &#8221;web beacons&#8221;) f\u00f6r statistiska eller marknadsf\u00f6rings\u00e4ndam\u00e5l. &#8221;Pixeltaggar&#8221; kan anv\u00e4ndas f\u00f6r att analysera information om t.ex. bes\u00f6kartrafik p\u00e5 sidorna p\u00e5 denna webbplats. Den pseudonyma informationen kan ocks\u00e5 lagras i cookies p\u00e5 anv\u00e4ndarens enhet och kan bland annat inneh\u00e5lla teknisk information om webbl\u00e4saren och operativsystemet, h\u00e4nvisande webbplatser, bes\u00f6kstid och annan information om anv\u00e4ndningen av v\u00e5rt onlineutbud, samt vara kopplad till s\u00e5dan information fr\u00e5n andra k\u00e4llor.<\/span><\/p>\n<p><b>Anm\u00e4rkningar om r\u00e4ttslig grund:<\/b><span style=\"font-weight: 400;\"> Om vi ber anv\u00e4ndarna om deras samtycke till att anv\u00e4nda tredjepartsleverant\u00f6rer \u00e4r den r\u00e4ttsliga grunden f\u00f6r behandlingen av uppgifter samtycke. I annat fall behandlas anv\u00e4ndarnas uppgifter p\u00e5 grundval av v\u00e5ra legitima intressen (dvs. intresse av effektiva, ekonomiska och mottagarv\u00e4nliga tj\u00e4nster). I detta sammanhang vill vi ocks\u00e5 h\u00e4nvisa dig till informationen om anv\u00e4ndningen av cookies i denna integritetspolicy.<\/span><\/p>\n<ul>\n<li style=\"font-weight: 400;\" aria-level=\"1\"><b>Typer av uppgifter som behandlas:<\/b><span style=\"font-weight: 400;\"> Anv\u00e4ndaruppgifter (t.ex. bes\u00f6kta webbplatser, intresse f\u00f6r inneh\u00e5ll, \u00e5tkomsttider), metadata\/kommunikationsuppgifter (t.ex. enhetsinformation, IP-adresser), inventeringsuppgifter (t.ex. namn, adresser), kontaktuppgifter (t.ex. e-post, telefonnummer), inneh\u00e5llsuppgifter (t.ex. uppgifter i onlineformul\u00e4r).<\/span><\/li>\n<li style=\"font-weight: 400;\" aria-level=\"1\"><b>Uppgiftsl\u00e4mnare:<\/b><span style=\"font-weight: 400;\"> Anv\u00e4ndare (t.ex. webbplatsbes\u00f6kare, anv\u00e4ndare av onlinetj\u00e4nster).<\/span><\/li>\n<li style=\"font-weight: 400;\" aria-level=\"1\"><b>\u00c4ndam\u00e5l med behandlingen:<\/b><span style=\"font-weight: 400;\"> tillhandah\u00e5llande av v\u00e5rt onlineutbud och anv\u00e4ndarv\u00e4nlighet, tillhandah\u00e5llande av avtalstj\u00e4nster och kundservice, marknadsf\u00f6ring, profiler med anv\u00e4ndarrelaterad information (skapande av anv\u00e4ndarprofiler).<\/span><\/li>\n<li style=\"font-weight: 400;\" aria-level=\"1\"><b>R\u00e4ttsliga grunder:<\/b><span style=\"font-weight: 400;\"> Samtycke (artikel 6.1 p. 1 lit. a i DSGVO), fullg\u00f6rande av avtal och f\u00f6rfr\u00e5gningar f\u00f6re avtalstillf\u00e4llet (artikel 6.1 p. 1 lit. b i DSGVO), ber\u00e4ttigade intressen (artikel 6.1 p. 1 lit. f i DSGVO).<\/span><\/li>\n<\/ul>\n<p><b>Ytterligare anm\u00e4rkningar om behandlingsprocesser, f\u00f6rfaranden och tj\u00e4nster:<\/b><\/p>\n<ul>\n<li style=\"font-weight: 400;\" aria-level=\"1\"><b>Google Fonts: <\/b><span style=\"font-weight: 400;\">Vi integrerar typsnitt (&#8221;Google Fonts&#8221;) fr\u00e5n leverant\u00f6ren Google, varvid anv\u00e4ndarnas uppgifter endast anv\u00e4nds f\u00f6r att visa typsnitten i anv\u00e4ndarnas webbl\u00e4sare. Integrationen grundar sig p\u00e5 v\u00e5rt legitima intresse av en tekniskt s\u00e4ker, underh\u00e5llsfri och effektiv anv\u00e4ndning av typsnitt, enhetlig visning av dessa och beaktande av eventuella licensbegr\u00e4nsningar f\u00f6r integrering av dessa. <\/span><b>tj\u00e4nsteleverant\u00f6r<\/b><span style=\"font-weight: 400;\">: Google Ireland Limited, Gordon House, Barrow Street, Dublin 4, Irland, moderbolag: Google LLC, 1600 Amphitheatre Parkway, Mountain View, CA 94043, USA; <\/span><b>webbplats:<\/b><a href=\"https:\/\/fonts.google.com\/\"><span style=\"font-weight: 400;\"> https:\/\/fonts.google.com\/<\/span><\/a><span style=\"font-weight: 400;\">; <\/span><b>sekretesspolicy:<\/b><span style=\"font-weight: 400;\">https:<\/span><a href=\"https:\/\/policies.google.com\/privacy\"><span style=\"font-weight: 400;\"> \/\/policies.google.com\/privacy<\/span><\/a><span style=\"font-weight: 400;\">.<\/span><\/li>\n<li style=\"font-weight: 400;\" aria-level=\"1\"><b>Google Maps: <\/b><span style=\"font-weight: 400;\">Vi integrerar kartorna i Google Maps-tj\u00e4nsten fr\u00e5n Google. De uppgifter som behandlas kan s\u00e4rskilt omfatta anv\u00e4ndarnas IP-adresser och lokaliseringsuppgifter, som dock inte samlas in utan deras samtycke (vanligtvis inom ramen f\u00f6r inst\u00e4llningarna f\u00f6r deras mobila enheter), <\/span><b>tj\u00e4nsteleverant\u00f6r<\/b><span style=\"font-weight: 400;\">: Google Ireland Limited, Gordon House, Barrow Street, Dublin 4, Irland, moderbolag: Google LLC, 1600 Amphitheatre Parkway, Mountain View, CA 94043, USA; <\/span><b>webbplats:<\/b><a href=\"https:\/\/cloud.google.com\/maps-platform\"><span style=\"font-weight: 400;\"> https:\/\/cloud.google.com\/maps-platform<\/span><\/a><span style=\"font-weight: 400;\">; <\/span><b>sekretesspolicy:<\/b><span style=\"font-weight: 400;\">https:<\/span><a href=\"https:\/\/policies.google.com\/privacy\"><span style=\"font-weight: 400;\"> \/\/policies.google.com\/privacy<\/span><\/a><span style=\"font-weight: 400;\">; <\/span><b>opt-out:<\/b><span style=\"font-weight: 400;\"> opt-out plugin: https:<\/span><a href=\"https:\/\/tools.google.com\/dlpage\/gaoptout?hl=de\"><span style=\"font-weight: 400;\"> \/\/tools.google.com\/dlpage\/gaoptout?hl=de<\/span><\/a><span style=\"font-weight: 400;\">, inst\u00e4llningar f\u00f6r visning av annonser: https:<\/span><a href=\"https:\/\/adssettings.google.com\/authenticated\"><span style=\"font-weight: 400;\"> \/\/adssettings.google.com\/authenticated<\/span><\/a><span style=\"font-weight: 400;\">.<\/span><\/li>\n<li style=\"font-weight: 400;\" aria-level=\"1\"><b>Instagram-plugins och inneh\u00e5ll: <\/b><span style=\"font-weight: 400;\">Instagram-plugins och inneh\u00e5ll &#8211; Detta kan till exempel omfatta inneh\u00e5ll som bilder, videor eller texter och knappar med vilka anv\u00e4ndare kan dela inneh\u00e5ll fr\u00e5n detta onlineutbud p\u00e5 Instagram. &#8211; Vi \u00e4r gemensamt ansvariga med Meta Platforms Ireland Limited f\u00f6r insamling eller mottagande i samband med en \u00f6verf\u00f6ring (men inte vidare behandling) av &#8221;h\u00e4ndelsedata&#8221; som Facebook samlar in eller tar emot i samband med en \u00f6verf\u00f6ring genom Instagram-funktioner (t.ex. funktioner f\u00f6r inb\u00e4ddning av inneh\u00e5ll) som k\u00f6rs p\u00e5 v\u00e5rt onlineutbud i syfte att: a) visa inneh\u00e5ll och marknadsf\u00f6ringsinformation som \u00e4r relevant f\u00f6r anv\u00e4ndarnas upplevda intressen, b) leverera kommersiella och transaktionsrelaterade meddelanden (t.ex. (c) F\u00f6rb\u00e4ttra annonsering och personalisering av funktioner och inneh\u00e5ll (t.ex. f\u00f6rb\u00e4ttra f\u00f6rm\u00e5gan att identifiera vilket inneh\u00e5ll eller vilken reklaminformation som sannolikt \u00e4r av intresse f\u00f6r anv\u00e4ndarna). Vi har ing\u00e5tt ett s\u00e4rskilt avtal med Facebook (&#8221;Controller Addendum&#8221;,<\/span><a href=\"https:\/\/www.facebook.com\/legal\/controller_addendum\"><span style=\"font-weight: 400;\"> https:\/\/www.facebook.com\/legal\/controller_addendum<\/span><\/a><span style=\"font-weight: 400;\">), som s\u00e4rskilt reglerar vilka s\u00e4kerhets\u00e5tg\u00e4rder som Facebook m\u00e5ste iaktta<\/span><a href=\"https:\/\/www.facebook.com\/legal\/terms\/data_security_terms\"><span style=\"font-weight: 400;\">(https:\/\/www.facebook.com\/legal\/terms\/data_security_terms<\/span><\/a><span style=\"font-weight: 400;\">) och d\u00e4r Facebook har g\u00e5tt med p\u00e5 att uppfylla de registrerades r\u00e4ttigheter (dvs. anv\u00e4ndarna kan t.ex. skicka information eller beg\u00e4ran om radering direkt till Facebook). Observera: N\u00e4r Facebook f\u00f6rser oss med m\u00e4tv\u00e4rden, analyser och rapporter (som \u00e4r aggregerade, dvs. inte inneh\u00e5ller uppgifter om enskilda anv\u00e4ndare och \u00e4r anonyma f\u00f6r oss), utf\u00f6rs denna behandling inte under delat ansvar, utan p\u00e5 grundval av ett avtal om uppdragsbehandling (&#8221;Villkor f\u00f6r databehandling&#8221;,<\/span><a href=\"https:\/\/www.facebook.com\/legal\/terms\/dataprocessing\"><span style=\"font-weight: 400;\"> https:\/\/www.facebook.com\/legal\/terms\/dataprocessing<\/span><\/a><span style=\"font-weight: 400;\">) &#8221;Data Security Terms and Conditions&#8221;<\/span><a href=\"https:\/\/www.facebook.com\/legal\/terms\/data_security_terms\"><span style=\"font-weight: 400;\">(https:\/\/www.facebook.com\/legal\/terms\/data_security_terms<\/span><\/a><span style=\"font-weight: 400;\">) och, n\u00e4r det g\u00e4ller behandling i USA, p\u00e5 grundval av standardavtalsklausuler (&#8221;Facebook EU Data Transfer Addendum&#8221;,<\/span><a href=\"https:\/\/www.facebook.com\/legal\/EU_data_transfer_addendum\"><span style=\"font-weight: 400;\"> https:\/\/www.facebook.com\/legal\/EU_data_transfer_addendum<\/span><\/a><span style=\"font-weight: 400;\">). Anv\u00e4ndarnas r\u00e4ttigheter (s\u00e4rskilt r\u00e4tten till information, radering, inv\u00e4ndningar och klagom\u00e5l till den beh\u00f6riga tillsynsmyndigheten) begr\u00e4nsas inte av avtalen med Facebook, <\/span><b>tj\u00e4nsteleverant\u00f6ren<\/b><span style=\"font-weight: 400;\">: Instagram Inc, 1601 Willow Road, Menlo Park, CA, 94025, USA; <\/span><b>webbplats:<\/b><a href=\"https:\/\/www.instagram.com\"><span style=\"font-weight: 400;\"> https:\/\/www.instagram.com<\/span><\/a><span style=\"font-weight: 400;\">; <\/span><b>sekretesspolicy:<\/b><span style=\"font-weight: 400;\">https:<\/span><a href=\"https:\/\/instagram.com\/about\/legal\/privacy\"><span style=\"font-weight: 400;\"> \/\/instagram.com\/about\/legal\/privacy<\/span><\/a><span style=\"font-weight: 400;\">.<\/span><\/li>\n<li style=\"font-weight: 400;\" aria-level=\"1\"><b>YouTube-videor: <\/b><span style=\"font-weight: 400;\">Videoinneh\u00e5ll; <\/span><b>Tj\u00e4nsteleverant\u00f6r<\/b><span style=\"font-weight: 400;\">: Google Ireland Limited, Gordon House, Barrow Street, Dublin 4, Irland; moderbolag: Google LLC, 1600 Amphitheatre Parkway, Mountain View, CA 94043, USA; <\/span><b>Webbplats:<\/b><a href=\"https:\/\/www.youtube.com\"><span style=\"font-weight: 400;\"> https:\/\/www.youtube.com<\/span><\/a><span style=\"font-weight: 400;\">; <\/span><b>Integritetspolicy:<\/b><span style=\"font-weight: 400;\">https:<\/span><a href=\"https:\/\/policies.google.com\/privacy\"><span style=\"font-weight: 400;\"> \/\/policies.google.com\/privacy<\/span><\/a><span style=\"font-weight: 400;\">; <\/span><b>Opt-out:<\/b><span style=\"font-weight: 400;\"> Plugin f\u00f6r opt-out: https:<\/span><a href=\"https:\/\/tools.google.com\/dlpage\/gaoptout?hl=de\"><span style=\"font-weight: 400;\"> \/\/tools.google.com\/dlpage\/gaoptout?hl=de<\/span><\/a><span style=\"font-weight: 400;\">, Inst\u00e4llningar f\u00f6r annonsvisning: https:<\/span><a href=\"https:\/\/adssettings.google.com\/authenticated\"><span style=\"font-weight: 400;\"> \/\/adssettings.google.com\/authenticated.<\/span><\/a><\/li>\n<\/ul>\n<h2><b>\u00c4ndring och uppdatering av dataskyddsdeklarationen<\/b><\/h2>\n<p><span style=\"font-weight: 400;\">Vi ber dig att regelbundet informera dig om inneh\u00e5llet i v\u00e5r dataskyddsdeklaration. Vi anpassar dataskyddsdeklarationen s\u00e5 snart f\u00f6r\u00e4ndringar i den databehandling som vi utf\u00f6r g\u00f6r det n\u00f6dv\u00e4ndigt. Vi kommer att informera dig s\u00e5 snart \u00e4ndringarna kr\u00e4ver en samarbetshandling fr\u00e5n din sida (t.ex. samtycke) eller annan individuell anm\u00e4lan.<\/span><\/p>\n<p><span style=\"font-weight: 400;\">N\u00e4r vi anger adresser och kontaktuppgifter till f\u00f6retag och organisationer i denna integritetspolicy b\u00f6r du notera att adresserna kan \u00e4ndras med tiden och kontrollera uppgifterna innan du kontaktar oss.<\/span><\/p>\n<h2><b>De registrerades r\u00e4ttigheter<\/b><\/h2>\n<p><span style=\"font-weight: 400;\">Som registrerad har du olika r\u00e4ttigheter enligt dataskyddsf\u00f6rordningen, s\u00e4rskilt enligt artiklarna 15-21 i dataskyddsf\u00f6rordningen:<\/span><\/p>\n<ul>\n<li style=\"font-weight: 400;\" aria-level=\"1\"><b>R\u00e4tt att inv\u00e4nda: Du har r\u00e4tt att n\u00e4r som helst inv\u00e4nda mot behandling av personuppgifter som r\u00f6r dig och som utf\u00f6rs p\u00e5 grundval av artikel 6.1 e eller f i DSGVO, av sk\u00e4l som har att g\u00f6ra med din s\u00e4rskilda situation. Om de personuppgifter som r\u00f6r dig behandlas f\u00f6r direktmarknadsf\u00f6ring har du r\u00e4tt att n\u00e4r som helst inv\u00e4nda mot behandlingen av personuppgifter om dig f\u00f6r s\u00e5dan marknadsf\u00f6ring; detta g\u00e4ller \u00e4ven profilering i den m\u00e5n den \u00e4r relaterad till s\u00e5dan direktmarknadsf\u00f6ring.<\/b><\/li>\n<li style=\"font-weight: 400;\" aria-level=\"1\"><b>R\u00e4tt att \u00e5terkalla samtycke:<\/b><span style=\"font-weight: 400;\"> Du har r\u00e4tt att n\u00e4r som helst \u00e5terkalla ditt samtycke.<\/span><\/li>\n<li style=\"font-weight: 400;\" aria-level=\"1\"><b>R\u00e4tt till<\/b><span style=\"font-weight: 400;\"> information: Du har r\u00e4tt att beg\u00e4ra en bekr\u00e4ftelse p\u00e5 om uppgifterna i fr\u00e5ga behandlas och att f\u00e5 information om dessa uppgifter samt ytterligare information och en kopia av uppgifterna i enlighet med de r\u00e4ttsliga kraven.<\/span><\/li>\n<li style=\"font-weight: 400;\" aria-level=\"1\"><span style=\"font-weight: 400;\">R\u00e4tt till<\/span><b>r\u00e4ttelse:<\/b><span style=\"font-weight: 400;\"> Du har r\u00e4tt att i enlighet med lagen beg\u00e4ra att uppgifter om dig kompletteras eller att felaktiga uppgifter om dig r\u00e4ttas.<\/span><\/li>\n<li style=\"font-weight: 400;\" aria-level=\"1\"><b>R\u00e4tt till radering och begr\u00e4nsning av behandling:<\/b><span style=\"font-weight: 400;\"> Du har r\u00e4tt att i enlighet med lagen beg\u00e4ra att uppgifter om dig raderas utan dr\u00f6jsm\u00e5l eller alternativt beg\u00e4ra begr\u00e4nsning av behandlingen av uppgifterna i enlighet med lagen.<\/span><\/li>\n<li style=\"font-weight: 400;\" aria-level=\"1\"><b>R\u00e4tt till dataportabilitet:<\/b><span style=\"font-weight: 400;\"> Du har r\u00e4tt att f\u00e5 de uppgifter om dig som du har l\u00e4mnat till oss i ett strukturerat, gemensamt och maskinl\u00e4sbart format i enlighet med de r\u00e4ttsliga kraven eller att kr\u00e4va att de \u00f6verf\u00f6rs till en annan ansvarig person.<\/span><\/li>\n<li style=\"font-weight: 400;\" aria-level=\"1\"><b>Klagom\u00e5l till en tillsynsmyndighet:<\/b><span style=\"font-weight: 400;\"> Utan att det p\u00e5verkar andra administrativa eller r\u00e4ttsliga \u00e5tg\u00e4rder har du r\u00e4tt att l\u00e4mna in ett klagom\u00e5l till en tillsynsmyndighet, s\u00e4rskilt i den medlemsstat d\u00e4r du har din vanliga vistelseort, din arbetsplats eller den plats d\u00e4r den p\u00e5st\u00e5dda \u00f6vertr\u00e4delsen \u00e4ger rum, om du anser att behandlingen av personuppgifter om dig strider mot kraven i dataskyddsf\u00f6rordningen.<\/span><\/li>\n<\/ul>\n<h2><b>Definitioner<\/b><\/h2>\n<p><span style=\"font-weight: 400;\">I det h\u00e4r avsnittet f\u00e5r du en \u00f6versikt \u00f6ver de termer som anv\u00e4nds i detta integritetsmeddelande. M\u00e5nga av termerna \u00e4r h\u00e4mtade fr\u00e5n lagen och definieras fr\u00e4mst i artikel 4 i GDPR. De r\u00e4ttsliga definitionerna \u00e4r bindande. F\u00f6ljande f\u00f6rklaringar \u00e4r d\u00e4remot fr\u00e4mst avsedda att hj\u00e4lpa dig att f\u00f6rst\u00e5 dem. Termerna \u00e4r sorterade i alfabetisk ordning.<\/span><\/p>\n<ul>\n<li style=\"font-weight: 400;\" aria-level=\"1\"><b>Sp\u00e5rning av affilierade f\u00f6retag:<\/b><span style=\"font-weight: 400;\"> I samband med affiliate tracking loggas l\u00e4nkar med hj\u00e4lp av vilka de l\u00e4nkande webbplatserna h\u00e4nvisar anv\u00e4ndare till webbplatser med produkt- eller andra erbjudanden. Operat\u00f6rerna av respektive l\u00e4nkande webbplats kan f\u00e5 en provision om anv\u00e4ndarna f\u00f6ljer dessa s\u00e5 kallade affiliate-l\u00e4nkar och d\u00e4refter utnyttjar erbjudandena (t.ex. k\u00f6per varor eller anv\u00e4nder tj\u00e4nster). I detta syfte \u00e4r det n\u00f6dv\u00e4ndigt f\u00f6r leverant\u00f6rerna att kunna sp\u00e5ra om anv\u00e4ndare som \u00e4r intresserade av vissa erbjudanden senare utnyttjar dem p\u00e5 initiativ av affiliatel\u00e4nkarna. F\u00f6r att affiliatel\u00e4nkarna ska fungera \u00e4r det d\u00e4rf\u00f6r n\u00f6dv\u00e4ndigt att de kompletteras med vissa v\u00e4rden som blir en del av l\u00e4nken eller lagras p\u00e5 annat h\u00e5ll, t.ex. i en cookie. V\u00e4rdena omfattar i synnerhet k\u00e4llwebbplatsen (referrer), tiden, en online-identifierare f\u00f6r operat\u00f6ren av den webbplats d\u00e4r affiliatel\u00e4nken fanns, en online-identifierare f\u00f6r respektive erbjudande, en online-identifierare f\u00f6r anv\u00e4ndaren samt sp\u00e5rningsspecifika v\u00e4rden, s\u00e5som t.ex. reklammaterial-id, partner-id och kategoriseringar<\/span><\/li>\n<li style=\"font-weight: 400;\" aria-level=\"1\"><b>Personuppgifter:<\/b><span style=\"font-weight: 400;\"> Med personuppgifter avses all information om en identifierad eller identifierbar fysisk person (nedan kallad den registrerade); en identifierbar fysisk person \u00e4r en person som direkt eller indirekt kan identifieras, s\u00e4rskilt genom h\u00e4nvisning till en identifierare s\u00e5som ett namn, ett identifikationsnummer, lokaliseringsuppgifter, en online-identifierare (t.ex. en cookie) eller till en eller flera faktorer som \u00e4r specifika f\u00f6r den fysiska personens fysiska, fysiologiska, genetiska, psykiska, ekonomiska, kulturella eller sociala identitet.<\/span><\/li>\n<li style=\"font-weight: 400;\" aria-level=\"1\"><b>Profiler med anv\u00e4ndarrelaterad information:<\/b><span style=\"font-weight: 400;\"> Behandlingen av &#8221;profiler med anv\u00e4ndarrelaterad information&#8221;, eller kort sagt &#8221;profiler&#8221;, omfattar varje typ av automatiserad behandling av personuppgifter som best\u00e5r i att anv\u00e4nda s\u00e5dana personuppgifter f\u00f6r att analysera, utv\u00e4rdera eller f\u00f6ruts\u00e4ga vissa personliga aspekter som r\u00f6r en fysisk person (beroende p\u00e5 vilken typ av profilering det r\u00f6r sig om kan detta inbegripa olika uppgifter om demografi, beteende och intressen, t.ex. interaktion med webbplatser och deras inneh\u00e5ll) (t.ex. intressen f\u00f6r visst inneh\u00e5ll eller vissa produkter, klickbeteende p\u00e5 en webbplats eller plats). Cookies och webbfyrar anv\u00e4nds ofta f\u00f6r profilering.<\/span><\/li>\n<li style=\"font-weight: 400;\" aria-level=\"1\"><b>M\u00e4tning av<\/b><span style=\"font-weight: 400;\"> r\u00e4ckvidd<\/span><b>:<\/b><span style=\"font-weight: 400;\"> M\u00e4tning av r\u00e4ckvidd (\u00e4ven k\u00e4nd som webbanalys) anv\u00e4nds f\u00f6r att utv\u00e4rdera fl\u00f6det av bes\u00f6kare till ett online-erbjudande och kan omfatta bes\u00f6karnas beteende eller intresse f\u00f6r viss information, t.ex. webbplatsens inneh\u00e5ll. Med hj\u00e4lp av r\u00e4ckviddsanalys kan webbplats\u00e4gare till exempel se vid vilken tidpunkt bes\u00f6karna bes\u00f6ker deras webbplats och vilket inneh\u00e5ll de \u00e4r intresserade av. P\u00e5 s\u00e5 s\u00e4tt kan de till exempel b\u00e4ttre anpassa webbplatsens inneh\u00e5ll till bes\u00f6karnas behov. I syfte att analysera r\u00e4ckvidden anv\u00e4nds ofta pseudonyma cookies och web beacons f\u00f6r att k\u00e4nna igen \u00e5terkommande bes\u00f6kare och p\u00e5 s\u00e5 s\u00e4tt f\u00e5 mer exakta analyser av anv\u00e4ndningen av ett onlineerbjudande.<\/span><\/li>\n<li style=\"font-weight: 400;\" aria-level=\"1\"><b>Personuppgiftsansvarig:<\/b><span style=\"font-weight: 400;\"> &#8221;Personuppgiftsansvarig&#8221; \u00e4r den fysiska eller juridiska person, offentliga myndighet, byr\u00e5 eller annat organ som ensam eller tillsammans med andra best\u00e4mmer \u00e4ndam\u00e5len och medlen f\u00f6r behandlingen av personuppgifter.<\/span><\/li>\n<li style=\"font-weight: 400;\" aria-level=\"1\"><b>Behandling:<\/b><span style=\"font-weight: 400;\"> Med &#8221;behandling&#8221; avses varje \u00e5tg\u00e4rd eller upps\u00e4ttning \u00e5tg\u00e4rder som utf\u00f6rs p\u00e5 personuppgifter, oavsett om det sker p\u00e5 automatisk v\u00e4g eller inte. Begreppet \u00e4r brett och omfattar praktiskt taget all hantering av uppgifter, oavsett om det g\u00e4ller insamling, analys, lagring, \u00f6verf\u00f6ring eller radering.<\/span><\/li>\n<\/ul>\n","protected":false},"excerpt":{"rendered":"<p>Integritetspolicy Introduktion Med f\u00f6ljande dataskyddsf\u00f6rklaring vill vi informera dig om vilka typer av personuppgifter (nedan \u00e4ven kallade &#8221;uppgifter&#8221;) som vi behandlar, i vilket syfte och i vilken omfattning. Dataskyddsdeklarationen g\u00e4ller f\u00f6r all behandling av personuppgifter som utf\u00f6rs av oss, b\u00e5de i samband med tillhandah\u00e5llandet av v\u00e5ra tj\u00e4nster och i synnerhet p\u00e5 v\u00e5ra webbplatser, i mobilapplikationer &#8230; <a title=\"Integritetspolicy\" class=\"read-more\" href=\"https:\/\/weather-radar-live.com\/sv\/privacy-notice\/\" aria-label=\"L\u00e4s mer om Integritetspolicy\">L\u00e4s mer<\/a><\/p>\n","protected":false},"author":1,"featured_media":0,"parent":0,"menu_order":0,"comment_status":"closed","ping_status":"closed","template":"","meta":{"footnotes":""},"class_list":["post-2302","page","type-page","status-publish"],"yoast_head":"<!-- This site is optimized with the Yoast SEO plugin v27.5 - https:\/\/yoast.com\/product\/yoast-seo-wordpress\/ -->\n<title>Integritetspolicy - weather-radar-live.com<\/title>\n<meta name=\"robots\" content=\"noindex, nofollow\" \/>\n<meta property=\"og:locale\" content=\"sv_SE\" \/>\n<meta property=\"og:type\" content=\"article\" \/>\n<meta property=\"og:title\" content=\"Integritetspolicy - weather-radar-live.com\" \/>\n<meta property=\"og:description\" content=\"Integritetspolicy Introduktion Med f\u00f6ljande dataskyddsf\u00f6rklaring vill vi informera dig om vilka typer av personuppgifter (nedan \u00e4ven kallade &#8221;uppgifter&#8221;) som vi behandlar, i vilket syfte och i vilken omfattning. Dataskyddsdeklarationen g\u00e4ller f\u00f6r all behandling av personuppgifter som utf\u00f6rs av oss, b\u00e5de i samband med tillhandah\u00e5llandet av v\u00e5ra tj\u00e4nster och i synnerhet p\u00e5 v\u00e5ra webbplatser, i mobilapplikationer ... L\u00e4s mer\" \/>\n<meta property=\"og:url\" content=\"https:\/\/weather-radar-live.com\/sv\/privacy-notice\/\" \/>\n<meta property=\"og:site_name\" content=\"weather-radar-live.com\" \/>\n<meta property=\"article:modified_time\" content=\"2022-02-16T11:28:00+00:00\" \/>\n<meta name=\"twitter:card\" content=\"summary_large_image\" \/>\n<meta name=\"twitter:label1\" content=\"Ber\u00e4knad l\u00e4stid\" \/>\n\t<meta name=\"twitter:data1\" content=\"31 minuter\" \/>\n<script type=\"application\/ld+json\" class=\"yoast-schema-graph\">{\"@context\":\"https:\\\/\\\/schema.org\",\"@graph\":[{\"@type\":\"WebPage\",\"@id\":\"https:\\\/\\\/weather-radar-live.com\\\/sv\\\/privacy-notice\\\/\",\"url\":\"https:\\\/\\\/weather-radar-live.com\\\/sv\\\/privacy-notice\\\/\",\"name\":\"Integritetspolicy - weather-radar-live.com\",\"isPartOf\":{\"@id\":\"https:\\\/\\\/weather-radar-live.com\\\/#website\"},\"datePublished\":\"2021-12-13T14:05:56+00:00\",\"dateModified\":\"2022-02-16T11:28:00+00:00\",\"breadcrumb\":{\"@id\":\"https:\\\/\\\/weather-radar-live.com\\\/sv\\\/privacy-notice\\\/#breadcrumb\"},\"inLanguage\":\"sv-SE\",\"potentialAction\":[{\"@type\":\"ReadAction\",\"target\":[\"https:\\\/\\\/weather-radar-live.com\\\/sv\\\/privacy-notice\\\/\"]}]},{\"@type\":\"BreadcrumbList\",\"@id\":\"https:\\\/\\\/weather-radar-live.com\\\/sv\\\/privacy-notice\\\/#breadcrumb\",\"itemListElement\":[{\"@type\":\"ListItem\",\"position\":1,\"name\":\"Weather Radar Live\",\"item\":\"https:\\\/\\\/weather-radar-live.com\\\/sv\\\/\"},{\"@type\":\"ListItem\",\"position\":2,\"name\":\"Integritetspolicy\"}]},{\"@type\":\"WebSite\",\"@id\":\"https:\\\/\\\/weather-radar-live.com\\\/#website\",\"url\":\"https:\\\/\\\/weather-radar-live.com\\\/\",\"name\":\"weather-radar-live.com\",\"description\":\"Your weather and sky radar.\",\"publisher\":{\"@id\":\"https:\\\/\\\/weather-radar-live.com\\\/#organization\"},\"potentialAction\":[{\"@type\":\"SearchAction\",\"target\":{\"@type\":\"EntryPoint\",\"urlTemplate\":\"https:\\\/\\\/weather-radar-live.com\\\/?s={search_term_string}\"},\"query-input\":{\"@type\":\"PropertyValueSpecification\",\"valueRequired\":true,\"valueName\":\"search_term_string\"}}],\"inLanguage\":\"sv-SE\"},{\"@type\":\"Organization\",\"@id\":\"https:\\\/\\\/weather-radar-live.com\\\/#organization\",\"name\":\"weather-radar-live.com\",\"url\":\"https:\\\/\\\/weather-radar-live.com\\\/\",\"logo\":{\"@type\":\"ImageObject\",\"inLanguage\":\"sv-SE\",\"@id\":\"https:\\\/\\\/weather-radar-live.com\\\/#\\\/schema\\\/logo\\\/image\\\/\",\"url\":\"https:\\\/\\\/weather-radar-live.com\\\/wp-content\\\/uploads\\\/2022\\\/03\\\/cropped-WRL2503.png\",\"contentUrl\":\"https:\\\/\\\/weather-radar-live.com\\\/wp-content\\\/uploads\\\/2022\\\/03\\\/cropped-WRL2503.png\",\"width\":1920,\"height\":555,\"caption\":\"weather-radar-live.com\"},\"image\":{\"@id\":\"https:\\\/\\\/weather-radar-live.com\\\/#\\\/schema\\\/logo\\\/image\\\/\"}}]}<\/script>\n<!-- \/ Yoast SEO plugin. -->","yoast_head_json":{"title":"Integritetspolicy - weather-radar-live.com","robots":{"index":"noindex","follow":"nofollow"},"og_locale":"sv_SE","og_type":"article","og_title":"Integritetspolicy - weather-radar-live.com","og_description":"Integritetspolicy Introduktion Med f\u00f6ljande dataskyddsf\u00f6rklaring vill vi informera dig om vilka typer av personuppgifter (nedan \u00e4ven kallade &#8221;uppgifter&#8221;) som vi behandlar, i vilket syfte och i vilken omfattning. Dataskyddsdeklarationen g\u00e4ller f\u00f6r all behandling av personuppgifter som utf\u00f6rs av oss, b\u00e5de i samband med tillhandah\u00e5llandet av v\u00e5ra tj\u00e4nster och i synnerhet p\u00e5 v\u00e5ra webbplatser, i mobilapplikationer ... L\u00e4s mer","og_url":"https:\/\/weather-radar-live.com\/sv\/privacy-notice\/","og_site_name":"weather-radar-live.com","article_modified_time":"2022-02-16T11:28:00+00:00","twitter_card":"summary_large_image","twitter_misc":{"Ber\u00e4knad l\u00e4stid":"31 minuter"},"schema":{"@context":"https:\/\/schema.org","@graph":[{"@type":"WebPage","@id":"https:\/\/weather-radar-live.com\/sv\/privacy-notice\/","url":"https:\/\/weather-radar-live.com\/sv\/privacy-notice\/","name":"Integritetspolicy - weather-radar-live.com","isPartOf":{"@id":"https:\/\/weather-radar-live.com\/#website"},"datePublished":"2021-12-13T14:05:56+00:00","dateModified":"2022-02-16T11:28:00+00:00","breadcrumb":{"@id":"https:\/\/weather-radar-live.com\/sv\/privacy-notice\/#breadcrumb"},"inLanguage":"sv-SE","potentialAction":[{"@type":"ReadAction","target":["https:\/\/weather-radar-live.com\/sv\/privacy-notice\/"]}]},{"@type":"BreadcrumbList","@id":"https:\/\/weather-radar-live.com\/sv\/privacy-notice\/#breadcrumb","itemListElement":[{"@type":"ListItem","position":1,"name":"Weather Radar Live","item":"https:\/\/weather-radar-live.com\/sv\/"},{"@type":"ListItem","position":2,"name":"Integritetspolicy"}]},{"@type":"WebSite","@id":"https:\/\/weather-radar-live.com\/#website","url":"https:\/\/weather-radar-live.com\/","name":"weather-radar-live.com","description":"Your weather and sky radar.","publisher":{"@id":"https:\/\/weather-radar-live.com\/#organization"},"potentialAction":[{"@type":"SearchAction","target":{"@type":"EntryPoint","urlTemplate":"https:\/\/weather-radar-live.com\/?s={search_term_string}"},"query-input":{"@type":"PropertyValueSpecification","valueRequired":true,"valueName":"search_term_string"}}],"inLanguage":"sv-SE"},{"@type":"Organization","@id":"https:\/\/weather-radar-live.com\/#organization","name":"weather-radar-live.com","url":"https:\/\/weather-radar-live.com\/","logo":{"@type":"ImageObject","inLanguage":"sv-SE","@id":"https:\/\/weather-radar-live.com\/#\/schema\/logo\/image\/","url":"https:\/\/weather-radar-live.com\/wp-content\/uploads\/2022\/03\/cropped-WRL2503.png","contentUrl":"https:\/\/weather-radar-live.com\/wp-content\/uploads\/2022\/03\/cropped-WRL2503.png","width":1920,"height":555,"caption":"weather-radar-live.com"},"image":{"@id":"https:\/\/weather-radar-live.com\/#\/schema\/logo\/image\/"}}]}},"_links":{"self":[{"href":"https:\/\/weather-radar-live.com\/sv\/wp-json\/wp\/v2\/pages\/2302","targetHints":{"allow":["GET"]}}],"collection":[{"href":"https:\/\/weather-radar-live.com\/sv\/wp-json\/wp\/v2\/pages"}],"about":[{"href":"https:\/\/weather-radar-live.com\/sv\/wp-json\/wp\/v2\/types\/page"}],"author":[{"embeddable":true,"href":"https:\/\/weather-radar-live.com\/sv\/wp-json\/wp\/v2\/users\/1"}],"replies":[{"embeddable":true,"href":"https:\/\/weather-radar-live.com\/sv\/wp-json\/wp\/v2\/comments?post=2302"}],"version-history":[{"count":3,"href":"https:\/\/weather-radar-live.com\/sv\/wp-json\/wp\/v2\/pages\/2302\/revisions"}],"predecessor-version":[{"id":3196,"href":"https:\/\/weather-radar-live.com\/sv\/wp-json\/wp\/v2\/pages\/2302\/revisions\/3196"}],"wp:attachment":[{"href":"https:\/\/weather-radar-live.com\/sv\/wp-json\/wp\/v2\/media?parent=2302"}],"curies":[{"name":"wp","href":"https:\/\/api.w.org\/{rel}","templated":true}]}}