{"id":5303,"date":"2022-04-21T12:13:22","date_gmt":"2022-04-21T10:13:22","guid":{"rendered":"https:\/\/weather-radar-live.com\/webcam\/franca\/webcam-les-gets\/"},"modified":"2022-07-20T12:19:10","modified_gmt":"2022-07-20T10:19:10","slug":"webcam-les-gets","status":"publish","type":"page","link":"https:\/\/weather-radar-live.com\/pt-br\/webcam\/franca\/webcam-les-gets\/","title":{"rendered":"Webcam Les Gets"},"content":{"rendered":"<div id=\"weath-435682978\" class=\"weath-vor-dem-inhalt weath-entity-placement\" style=\"margin-top: 15px;margin-right: 25px;margin-bottom: 40px;margin-left: 25px;\"><script async src=\"\/\/pagead2.googlesyndication.com\/pagead\/js\/adsbygoogle.js?client=ca-pub-8960936133935804\" crossorigin=\"anonymous\"><\/script><ins class=\"adsbygoogle\" style=\"display:block;\" data-ad-client=\"ca-pub-8960936133935804\" \ndata-ad-slot=\"6172817020\" \ndata-ad-format=\"auto\"><\/ins>\n<script> \n(adsbygoogle = window.adsbygoogle || []).push({}); \n<\/script>\n<\/div>\n<div class=\"wp-block-cover alignfull is-light\"><span aria-hidden=\"true\" class=\"wp-block-cover__gradient-background has-background-dim\"><\/span><img decoding=\"async\" class=\"wp-block-cover__image-background wp-image-342\" alt=\"Webcam Les Gets \" src=\"https:\/\/weather-radar-live.com\/wp-content\/uploads\/2021\/06\/sam-schooler-E9aetBe2w40-unsplash-e1622554814366.jpg\" data-object-fit=\"cover\"\/><div class=\"wp-block-cover__inner-container is-layout-flow wp-block-cover-is-layout-flow\">\n<h2 class=\"has-text-align-center heading wp-block-heading\" id=\"webcam-fort-mahon\" style=\"font-size:40px\"><strong><mark style=\"background-color:rgba(0, 0, 0, 0)\" class=\"has-inline-color has-base-3-color\">WEBCAM <\/mark><\/strong><br><strong><mark style=\"background-color:rgba(0, 0, 0, 0)\" class=\"has-inline-color has-base-3-color\">LES GETS<\/mark><\/strong><\/h2>\n<\/div><\/div>\n\n\n<div class=\"yoast-breadcrumbs\"><span><span><a href=\"https:\/\/weather-radar-live.com\/pt-br\/\">Weather Radar Live<\/a><\/span> \u00bb <span><a href=\"https:\/\/weather-radar-live.com\/pt-br\/webcam\/\">Webcam<\/a><\/span> \u00bb <span><a href=\"https:\/\/weather-radar-live.com\/pt-br\/webcam\/franca\/\">Fran\u00e7a<\/a><\/span> \u00bb <span class=\"breadcrumb_last\" aria-current=\"page\"><strong>Webcam Les Gets<\/strong><\/span><\/span><\/div>\n\n\n<h2 class=\"has-text-align-center wp-block-heading\" id=\"webcam-fort-mahon\"><strong>Webcam <strong>Les Gets<\/strong><\/strong><\/h2>\n\n\n\n<p>Na regi\u00e3o Auvergne-Rh\u00f4ne-Alpes, Les Gets \u00e9 uma comuna localizada no sudeste da Fran\u00e7a, na prov\u00edncia francesa de Haute-Savoie. \u00c9 essencialmente um vilarejo de montanha franc\u00eas que se transformou em um balne\u00e1rio popular. Essa grande \u00e1rea liga muitos vilarejos e \u00e1reas pr\u00f3ximas atrav\u00e9s de telef\u00e9ricos e pistas de esqui. Al\u00e9m disso, os charcuteries locais, os fromageries e os patisseries, que d\u00e3o \u00e0 \u00e1rea uma vibra\u00e7\u00e3o aut\u00eantica e artesanal, fazem dessa vila um destino obrigat\u00f3rio.<\/p>\n\n\n\n<p>As fam\u00edlias achar\u00e3o o resort amig\u00e1vel devido ao calor geral, \u00e0 f\u00e1cil navega\u00e7\u00e3o, e a um punhado de pistas de esqui f\u00e1ceis. Se o senhor estiver interessado em conhecer o tempo, o clima e o famoso lugar de Les Gets, aqui neste escrito lhe forneceremos todas as informa\u00e7\u00f5es pertinentes.<\/p><div id=\"weath-3755966072\" class=\"weath-inhalt_2 weath-entity-placement\" style=\"margin-top: 15px;margin-right: 25px;margin-bottom: 35px;margin-left: 25px;\"><script async src=\"\/\/pagead2.googlesyndication.com\/pagead\/js\/adsbygoogle.js?client=ca-pub-8960936133935804\" crossorigin=\"anonymous\"><\/script><ins class=\"adsbygoogle\" style=\"display:block;\" data-ad-client=\"ca-pub-8960936133935804\" \ndata-ad-slot=\"1963584050\" \ndata-ad-format=\"auto\"><\/ins>\n<script> \n(adsbygoogle = window.adsbygoogle || []).push({}); \n<\/script>\n<\/div>\n\n\n\n<div class=\"wp-block-columns is-layout-flex wp-container-core-columns-is-layout-9d6595d7 wp-block-columns-is-layout-flex\">\n<div class=\"wp-block-column webcam-column is-layout-flow wp-block-column-is-layout-flow\">\n<h3 class=\"has-text-align-center live-emoji wp-block-heading\"> \ud83d\udd34 <strong>Webcam <strong><strong>Les Gets<\/strong><\/strong><\/strong> Sommet Ch\u00e9ry (Panorama)<\/h3>\n\n\n\n<iframe src=\"https:\/\/app.webcam-hd.com\/lesgets\/les_gets_sommet-chery\" style=\"width: 100%; height: 400px; border: none;\" allowfullscreen=\"\"><\/iframe>\n\n\n\n<p><\/p>\n\n\n\n<h3 class=\"has-text-align-center wp-block-heading\">\ud83d\udd34 <strong>Webcam <strong><strong>Les Gets<\/strong><\/strong><\/strong> Mountain peak (Panorama)<\/h3>\n\n\n\n<iframe src=\"https:\/\/app.webcam-hd.com\/lesgets\/lesgets_chavannes\" style=\"width: 100%; height: 400px; border: none;\" allowfullscreen=\"\"><\/iframe>\n\n\n\n<p class=\"has-text-align-center\"><strong><sup>Com um clique do mouse (smartphone: mude a vis\u00e3o simplesmente tocando) voc\u00ea pode mover a webcam na dire\u00e7\u00e3o de sua escolha. Ao girar a roda do mouse ou fazer zoom com os dedos, o senhor pode fazer zoom na webcam. Alternativamente, o usu\u00e1rio tamb\u00e9m pode usar os bot\u00f5es para esse fim.<\/sup><\/strong><\/p>\n\n\n\n<h3 class=\"has-text-align-center wp-block-heading\">\ud83d\udd34 <strong>Webcam <strong><strong>Les Gets<\/strong><\/strong><\/strong> Village center <\/h3>\n\n\n\n<iframe src=\"https:\/\/app.webcam-hd.com\/lesgets\/les_gets_centre-village\" style=\"width: 100%; height: 400px; border: none;\" allowfullscreen=\"\"><\/iframe>\n\n\n\n<p><\/p>\n\n\n\n<div class=\"wp-block-columns is-layout-flex wp-container-core-columns-is-layout-9d6595d7 wp-block-columns-is-layout-flex\">\n<div class=\"wp-block-column is-layout-flow wp-block-column-is-layout-flow\">\n<h3 class=\"has-text-align-center wp-block-heading\"><strong>\ud83d\udd34 Webcam <strong><strong><strong>Les Gets<\/strong><\/strong><\/strong><\/strong> Front (Panorama)<\/h3>\n\n\n\n<iframe src=\"https:\/\/app.webcam-hd.com\/lesgets\/front-de-neige-panoramique\" style=\"width: 100%; height: 400px; border: none;\" allowfullscreen=\"\"><\/iframe>\n<\/div>\n\n\n\n<div class=\"wp-block-column is-layout-flow wp-block-column-is-layout-flow\">\n<h3 class=\"has-text-align-center wp-block-heading\"><strong> \ud83d\udd34 Webcam <strong><strong><strong>Les Gets<\/strong><\/strong><\/strong><\/strong> Ranfoilly<\/h3>\n\n\n\n<figure class=\"wp-block-embed is-type-video is-provider-youtube wp-block-embed-youtube wp-embed-aspect-16-9 wp-has-aspect-ratio\"><div class=\"wp-block-embed__wrapper\">\n<iframe loading=\"lazy\" title=\"Les Gets - D\u00e9part Ranfoilly\" width=\"1200\" height=\"675\" src=\"https:\/\/www.youtube.com\/embed\/Q54SkOueJNk?feature=oembed\" frameborder=\"0\" allow=\"accelerometer; autoplay; clipboard-write; encrypted-media; gyroscope; picture-in-picture\" allowfullscreen><\/iframe>\n<\/div><\/figure>\n<\/div>\n<\/div>\n\n\n\n<div class=\"wp-block-columns webcam-spalte is-layout-flex wp-container-core-columns-is-layout-9d6595d7 wp-block-columns-is-layout-flex\">\n<div class=\"wp-block-column is-layout-flow wp-block-column-is-layout-flow\">\n<h3 class=\"has-text-align-center wp-block-heading\"><strong> \ud83d\udd34 <strong>Webcam <strong><strong><strong>Les Gets<\/strong><\/strong><\/strong><\/strong> <\/strong>Chavannes<\/h3>\n\n\n\n<figure class=\"wp-block-embed is-type-video is-provider-youtube wp-block-embed-youtube wp-embed-aspect-16-9 wp-has-aspect-ratio\"><div class=\"wp-block-embed__wrapper\">\n<iframe loading=\"lazy\" title=\"Les Gets - Chavannes\" width=\"1200\" height=\"675\" src=\"https:\/\/www.youtube.com\/embed\/lBoKvilf9sU?feature=oembed\" frameborder=\"0\" allow=\"accelerometer; autoplay; clipboard-write; encrypted-media; gyroscope; picture-in-picture\" allowfullscreen><\/iframe>\n<\/div><\/figure>\n<\/div>\n\n\n\n<div class=\"wp-block-column is-layout-flow wp-block-column-is-layout-flow\">\n<h3 class=\"has-text-align-center wp-block-heading\"><strong><strong> \ud83d\udd34 Webcam <strong><strong><strong><strong><strong>Les Gets<\/strong><\/strong><\/strong><\/strong><\/strong><\/strong><\/strong> Aldeia do Nordeste<\/h3>\n\n\n\n<a name=\"windy-webcam-timelapse-player\" data-id=\"1513169372\" data-play=\"day\" href=\"https:\/\/windy.com\/webcams\/1513169372\" target=\"_blank\" rel=\"noopener\">Les Gets &#8216; Nord-Ost: Les Gets Village<\/a><script async=\"\" type=\"text\/javascript\" src=\"https:\/\/webcams.windy.com\/webcams\/public\/embed\/script\/player.js\"><\/script>\n<\/div>\n<\/div>\n<\/div>\n<\/div>\n\n\n\n<h2 class=\"wp-block-heading\" id=\"fort-mahon-today\"><strong>Radar meteorol\u00f3gico Les Gets &#8211; O tempo em Les Gets<\/strong><\/h2>\n\n\n\n<p>Se o senhor deseja obter informa\u00e7\u00f5es relacionadas com <strong><a href=\"https:\/\/weather-radar-live.com\/pt-br\/previsao-de-neve\/\">condi\u00e7\u00f5es de neve<\/a><\/strong>, <strong><a href=\"https:\/\/weather-radar-live.com\/pt-br\/trovao\/\">thunderstorms<\/a><\/strong>, <strong><a href=\"https:\/\/weather-radar-live.com\/pt-br\/radar-de-chuva\/\">precipita\u00e7\u00e3o<\/a><\/strong>, <strong><a href=\"https:\/\/weather-radar-live.com\/pt-br\/tornado\/\">tornados<\/a><\/strong>e <strong><a href=\"https:\/\/weather-radar-live.com\/pt-br\/nuvens\/\">cobertura de nuvens<\/a><\/strong>, <strong><a href=\"https:\/\/weather-radar-live.com\/pt-br\/\">Radar Meteorol\u00f3gico ao Vivo<\/a><\/strong> tem o senhor coberto. Nesta se\u00e7\u00e3o, o senhor receber\u00e1 uma atualiza\u00e7\u00e3o e previs\u00f5es meteorol\u00f3gicas detalhadas sobre Les Gets, Fran\u00e7a. Felizmente, as encostas fortemente florestadas de Les Gets oferecem uma boa prote\u00e7\u00e3o contra o tempo. Se o senhor quiser ficar em dia com o tempo l\u00e1 fora, nossos modelos de previs\u00e3o do tempo lhe oferecer\u00e3o atualiza\u00e7\u00f5es meteorol\u00f3gicas precisas.<\/p>\n\n\n\n<div class=\"wp-block-columns is-layout-flex wp-container-core-columns-is-layout-9d6595d7 wp-block-columns-is-layout-flex\">\n<div class=\"wp-block-column is-layout-flow wp-block-column-is-layout-flow\" style=\"flex-basis:75%\">\n<iframe loading=\"lazy\" width=\"1300\" height=\"502\" src=\"https:\/\/embed.windy.com\/embed2.html?lat=46.153&amp;lon=5.015&amp;detailLat=46.153&amp;detailLon=5.015&amp;width=1300&amp;height=502&amp;zoom=8&amp;level=surface&amp;overlay=wind&amp;product=ecmwf&amp;menu=&amp;message=&amp;marker=&amp;calendar=now&amp;pressure=&amp;type=map&amp;location=coordinates&amp;detail=&amp;metricWind=default&amp;metricTemp=default&amp;radarRange=-1\" frameborder=\"0\"><\/iframe>\n<\/div>\n\n\n\n<div class=\"wp-block-column is-layout-flow wp-block-column-is-layout-flow\" style=\"flex-basis:25%\">\n<a class=\"weatherwidget-io\" href=\"https:\/\/forecast7.com\/pt\/46d166d67\/les-gets\/\" data-label_1=\"LES GETS\" data-font=\"Roboto\" data-theme=\"original\">LES GETS<\/a>\n<script>\n!function(d,s,id){var js,fjs=d.getElementsByTagName(s)[0];if(!d.getElementById(id)){js=d.createElement(s);js.id=id;js.src='https:\/\/weatherwidget.io\/js\/widget.min.js';fjs.parentNode.insertBefore(js,fjs);}}(document,'script','weatherwidget-io-js');\n<\/script>\n<\/div>\n<\/div>\n\n\n\n<h2 class=\"wp-block-heading\" id=\"fort-mahon-weather\"><strong>O clima em Les Gets<\/strong><\/h2>\n\n\n\n<p>Les Gets tem um clima frio e temperado. Com 95% das encostas abaixo de 2000m em Les Gets, a precipita\u00e7\u00e3o n\u00e3o \u00e9 um problema, mas a altitude \u00e9 um problema. A regi\u00e3o pode receber muita neve, mas a \u00e1rea tamb\u00e9m pode sofrer com o tempo quente &#8211; e a cobertura de neve pode ser desigualmente mais baixa.<\/p>\n\n\n\n<p>Cobertura geral de neve: 3\/5<\/p>\n\n\n\n<p>Potencial de p\u00f3: 2,5\/5<\/p>\n\n\n\n<p>Na zona superior, a qualidade da neve \u00e9 de 3\/5<\/p>\n\n\n\n<p>Qualidade da neve (mais baixa): 2\/5<\/p>\n\n\n\n<p>N\u00edvel de neve no resort: 2\/5<\/p>\n\n\n\n<p><strong>Temperatura <\/strong><\/p>\n\n\n\n<p>A temperatura m\u00e9dia anual do Les Gets \u00e9 de 3,7\u00b0C.<\/p>\n\n\n\n<p><strong>Chuva <\/strong> <\/p>\n\n\n\n<p>Cerca de 1802 mm de precipita\u00e7\u00e3o caem aqui a cada ano.<\/p>\n\n\n\n<p><strong>Precipita\u00e7\u00e3o <\/strong><\/p>\n\n\n\n<p>A precipita\u00e7\u00e3o no m\u00eas mais seco (fevereiro) \u00e9 de 4,6 polegadas ou 117 mm. A maior precipita\u00e7\u00e3o registrada no m\u00eas de julho \u00e9 de 7,8 polegadas ou 198 mm.<\/p>\n\n\n\n<h2 class=\"wp-block-heading\"><strong><strong>Est\u00e2ncia de Esqui Les Gets<\/strong> <\/strong><\/h2>\n\n\n\n<p>Trata-se de um centro de esqui ecologicamente consciente, bem reconhecido, excessivamente conveniente e de f\u00e1cil acesso \u00e0 fam\u00edlia. A altura do resort de Les Gets \u00e9 de 1170m e tem declives de 950-2275m, Portes du Soleil. Al\u00e9m disso, suas Pistes s\u00e3o de 650km, Portes du Soleil. A esta\u00e7\u00e3o de esqui Les Gets oferece uma variedade de bons restaurantes, vida noturna animada, e uma pista de patina\u00e7\u00e3o no gelo no centro da esta\u00e7\u00e3o. A altura da est\u00e2ncia de Les Gets \u00e9 de 1170m e tem declives que medem 950-2275m Portes du Soleil. Al\u00e9m disso, suas Pistes s\u00e3o Portes du Soleil de 650km. O senhor encontrar\u00e1 um lugar perfeito para relaxar entre Savoyarde Chatel e a vibrante cidade de Morzine. As florestas de pinheiros est\u00e3o entremeadas de pistas para todos os n\u00edveis de habilidade nessa est\u00e2ncia de esqui deliciosa.<\/p>\n\n\n\n<p>A esta\u00e7\u00e3o de esqui em Les Gets fica entre dezembro e abril. Essa \u00e1rea \u00e9 perfeita para esquiadores de todos os n\u00edveis de aptid\u00e3o. Esquiadores e esquiadores podem usar os telef\u00e9ricos de Chavannes para ter acesso \u00e0s pistas de Nyon e Le Pleney, assim como a outras pistas compartilhadas com a vizinha Morzine. Al\u00e9m disso, ele d\u00e1 acesso \u00e0 regi\u00e3o de Portes du Soleil e mais al\u00e9m em esquis. A g\u00f4ndola d\u00e1 acesso a terrenos intermedi\u00e1rios e avan\u00e7ados acima da linha das \u00e1rvores, proporcionando vistas fant\u00e1sticas do Monte Blanc.<\/p>\n","protected":false},"excerpt":{"rendered":"<p>Webcam Les Gets Na regi\u00e3o Auvergne-Rh\u00f4ne-Alpes, Les Gets \u00e9 uma comuna localizada no sudeste da Fran\u00e7a, na prov\u00edncia francesa de Haute-Savoie. \u00c9 essencialmente um vilarejo de montanha franc\u00eas que se transformou em um balne\u00e1rio popular. Essa grande \u00e1rea liga muitos vilarejos e \u00e1reas pr\u00f3ximas atrav\u00e9s de telef\u00e9ricos e pistas de esqui. Al\u00e9m disso, os charcuteries &#8230; <a title=\"Webcam Les Gets\" class=\"read-more\" href=\"https:\/\/weather-radar-live.com\/pt-br\/webcam\/franca\/webcam-les-gets\/\" aria-label=\"Read more about Webcam Les Gets\">Ler mais<\/a><\/p>\n","protected":false},"author":1,"featured_media":3857,"parent":4179,"menu_order":0,"comment_status":"closed","ping_status":"closed","template":"","meta":{"footnotes":""},"class_list":["post-5303","page","type-page","status-publish","has-post-thumbnail"],"yoast_head":"<!-- This site is optimized with the Yoast SEO plugin v27.5 - https:\/\/yoast.com\/product\/yoast-seo-wordpress\/ -->\n<title>Webcam Les Gets \u2192 Veja isso ao vivo!<\/title>\n<meta name=\"description\" content=\"Webcam Les Gets | Webcam de Les Gets! \u2705 Atualizado para voc\u00ea em tempo real! \u2705 Previs\u00e3o do tempo atual!\" \/>\n<meta name=\"robots\" content=\"index, follow, max-snippet:-1, max-image-preview:large, max-video-preview:-1\" \/>\n<link rel=\"canonical\" href=\"https:\/\/weather-radar-live.com\/pt-br\/webcam\/franca\/webcam-les-gets\/\" \/>\n<meta property=\"og:locale\" content=\"pt_BR\" \/>\n<meta property=\"og:type\" content=\"article\" \/>\n<meta property=\"og:title\" content=\"Webcam Les Gets \u2192 Veja isso ao vivo!\" \/>\n<meta property=\"og:description\" content=\"Webcam Les Gets | Webcam de Les Gets! \u2705 Atualizado para voc\u00ea em tempo real! \u2705 Previs\u00e3o do tempo atual!\" \/>\n<meta property=\"og:url\" content=\"https:\/\/weather-radar-live.com\/pt-br\/webcam\/franca\/webcam-les-gets\/\" \/>\n<meta property=\"og:site_name\" content=\"weather-radar-live.com\" \/>\n<meta property=\"article:modified_time\" content=\"2022-07-20T10:19:10+00:00\" \/>\n<meta property=\"og:image\" content=\"https:\/\/weather-radar-live.com\/wp-content\/uploads\/2022\/04\/Webcam-Les-Gets-e1650536387683.jpg\" \/>\n\t<meta property=\"og:image:width\" content=\"1920\" \/>\n\t<meta property=\"og:image:height\" content=\"622\" \/>\n\t<meta property=\"og:image:type\" content=\"image\/jpeg\" \/>\n<meta name=\"twitter:card\" content=\"summary_large_image\" \/>\n<meta name=\"twitter:label1\" content=\"Est. tempo de leitura\" \/>\n\t<meta name=\"twitter:data1\" content=\"4 minutos\" \/>\n<script type=\"application\/ld+json\" class=\"yoast-schema-graph\">{\"@context\":\"https:\\\/\\\/schema.org\",\"@graph\":[{\"@type\":\"WebPage\",\"@id\":\"https:\\\/\\\/weather-radar-live.com\\\/pt-br\\\/webcam\\\/franca\\\/webcam-les-gets\\\/\",\"url\":\"https:\\\/\\\/weather-radar-live.com\\\/pt-br\\\/webcam\\\/franca\\\/webcam-les-gets\\\/\",\"name\":\"Webcam Les Gets \u2192 Veja isso ao vivo!\",\"isPartOf\":{\"@id\":\"https:\\\/\\\/weather-radar-live.com\\\/#website\"},\"primaryImageOfPage\":{\"@id\":\"https:\\\/\\\/weather-radar-live.com\\\/pt-br\\\/webcam\\\/franca\\\/webcam-les-gets\\\/#primaryimage\"},\"image\":{\"@id\":\"https:\\\/\\\/weather-radar-live.com\\\/pt-br\\\/webcam\\\/franca\\\/webcam-les-gets\\\/#primaryimage\"},\"thumbnailUrl\":\"https:\\\/\\\/weather-radar-live.com\\\/wp-content\\\/uploads\\\/2022\\\/04\\\/Webcam-Les-Gets-e1650536387683.jpg\",\"datePublished\":\"2022-04-21T10:13:22+00:00\",\"dateModified\":\"2022-07-20T10:19:10+00:00\",\"description\":\"Webcam Les Gets | Webcam de Les Gets! \u2705 Atualizado para voc\u00ea em tempo real! \u2705 Previs\u00e3o do tempo atual!\",\"breadcrumb\":{\"@id\":\"https:\\\/\\\/weather-radar-live.com\\\/pt-br\\\/webcam\\\/franca\\\/webcam-les-gets\\\/#breadcrumb\"},\"inLanguage\":\"pt-BR\",\"potentialAction\":[{\"@type\":\"ReadAction\",\"target\":[\"https:\\\/\\\/weather-radar-live.com\\\/pt-br\\\/webcam\\\/franca\\\/webcam-les-gets\\\/\"]}]},{\"@type\":\"ImageObject\",\"inLanguage\":\"pt-BR\",\"@id\":\"https:\\\/\\\/weather-radar-live.com\\\/pt-br\\\/webcam\\\/franca\\\/webcam-les-gets\\\/#primaryimage\",\"url\":\"https:\\\/\\\/weather-radar-live.com\\\/wp-content\\\/uploads\\\/2022\\\/04\\\/Webcam-Les-Gets-e1650536387683.jpg\",\"contentUrl\":\"https:\\\/\\\/weather-radar-live.com\\\/wp-content\\\/uploads\\\/2022\\\/04\\\/Webcam-Les-Gets-e1650536387683.jpg\",\"width\":1920,\"height\":622,\"caption\":\"Webcam Les Gets\"},{\"@type\":\"BreadcrumbList\",\"@id\":\"https:\\\/\\\/weather-radar-live.com\\\/pt-br\\\/webcam\\\/franca\\\/webcam-les-gets\\\/#breadcrumb\",\"itemListElement\":[{\"@type\":\"ListItem\",\"position\":1,\"name\":\"Weather Radar Live\",\"item\":\"https:\\\/\\\/weather-radar-live.com\\\/pt-br\\\/\"},{\"@type\":\"ListItem\",\"position\":2,\"name\":\"Webcam\",\"item\":\"https:\\\/\\\/weather-radar-live.com\\\/pt-br\\\/webcam\\\/\"},{\"@type\":\"ListItem\",\"position\":3,\"name\":\"Fran\u00e7a\",\"item\":\"https:\\\/\\\/weather-radar-live.com\\\/pt-br\\\/webcam\\\/franca\\\/\"},{\"@type\":\"ListItem\",\"position\":4,\"name\":\"Webcam Les Gets\"}]},{\"@type\":\"WebSite\",\"@id\":\"https:\\\/\\\/weather-radar-live.com\\\/#website\",\"url\":\"https:\\\/\\\/weather-radar-live.com\\\/\",\"name\":\"weather-radar-live.com\",\"description\":\"Your weather and sky radar.\",\"publisher\":{\"@id\":\"https:\\\/\\\/weather-radar-live.com\\\/#organization\"},\"potentialAction\":[{\"@type\":\"SearchAction\",\"target\":{\"@type\":\"EntryPoint\",\"urlTemplate\":\"https:\\\/\\\/weather-radar-live.com\\\/?s={search_term_string}\"},\"query-input\":{\"@type\":\"PropertyValueSpecification\",\"valueRequired\":true,\"valueName\":\"search_term_string\"}}],\"inLanguage\":\"pt-BR\"},{\"@type\":\"Organization\",\"@id\":\"https:\\\/\\\/weather-radar-live.com\\\/#organization\",\"name\":\"weather-radar-live.com\",\"url\":\"https:\\\/\\\/weather-radar-live.com\\\/\",\"logo\":{\"@type\":\"ImageObject\",\"inLanguage\":\"pt-BR\",\"@id\":\"https:\\\/\\\/weather-radar-live.com\\\/#\\\/schema\\\/logo\\\/image\\\/\",\"url\":\"https:\\\/\\\/weather-radar-live.com\\\/wp-content\\\/uploads\\\/2022\\\/03\\\/cropped-WRL2503.png\",\"contentUrl\":\"https:\\\/\\\/weather-radar-live.com\\\/wp-content\\\/uploads\\\/2022\\\/03\\\/cropped-WRL2503.png\",\"width\":1920,\"height\":555,\"caption\":\"weather-radar-live.com\"},\"image\":{\"@id\":\"https:\\\/\\\/weather-radar-live.com\\\/#\\\/schema\\\/logo\\\/image\\\/\"}}]}<\/script>\n<!-- \/ Yoast SEO plugin. -->","yoast_head_json":{"title":"Webcam Les Gets \u2192 Veja isso ao vivo!","description":"Webcam Les Gets | Webcam de Les Gets! \u2705 Atualizado para voc\u00ea em tempo real! \u2705 Previs\u00e3o do tempo atual!","robots":{"index":"index","follow":"follow","max-snippet":"max-snippet:-1","max-image-preview":"max-image-preview:large","max-video-preview":"max-video-preview:-1"},"canonical":"https:\/\/weather-radar-live.com\/pt-br\/webcam\/franca\/webcam-les-gets\/","og_locale":"pt_BR","og_type":"article","og_title":"Webcam Les Gets \u2192 Veja isso ao vivo!","og_description":"Webcam Les Gets | Webcam de Les Gets! \u2705 Atualizado para voc\u00ea em tempo real! \u2705 Previs\u00e3o do tempo atual!","og_url":"https:\/\/weather-radar-live.com\/pt-br\/webcam\/franca\/webcam-les-gets\/","og_site_name":"weather-radar-live.com","article_modified_time":"2022-07-20T10:19:10+00:00","og_image":[{"width":1920,"height":622,"url":"https:\/\/weather-radar-live.com\/wp-content\/uploads\/2022\/04\/Webcam-Les-Gets-e1650536387683.jpg","type":"image\/jpeg"}],"twitter_card":"summary_large_image","twitter_misc":{"Est. tempo de leitura":"4 minutos"},"schema":{"@context":"https:\/\/schema.org","@graph":[{"@type":"WebPage","@id":"https:\/\/weather-radar-live.com\/pt-br\/webcam\/franca\/webcam-les-gets\/","url":"https:\/\/weather-radar-live.com\/pt-br\/webcam\/franca\/webcam-les-gets\/","name":"Webcam Les Gets \u2192 Veja isso ao vivo!","isPartOf":{"@id":"https:\/\/weather-radar-live.com\/#website"},"primaryImageOfPage":{"@id":"https:\/\/weather-radar-live.com\/pt-br\/webcam\/franca\/webcam-les-gets\/#primaryimage"},"image":{"@id":"https:\/\/weather-radar-live.com\/pt-br\/webcam\/franca\/webcam-les-gets\/#primaryimage"},"thumbnailUrl":"https:\/\/weather-radar-live.com\/wp-content\/uploads\/2022\/04\/Webcam-Les-Gets-e1650536387683.jpg","datePublished":"2022-04-21T10:13:22+00:00","dateModified":"2022-07-20T10:19:10+00:00","description":"Webcam Les Gets | Webcam de Les Gets! \u2705 Atualizado para voc\u00ea em tempo real! \u2705 Previs\u00e3o do tempo atual!","breadcrumb":{"@id":"https:\/\/weather-radar-live.com\/pt-br\/webcam\/franca\/webcam-les-gets\/#breadcrumb"},"inLanguage":"pt-BR","potentialAction":[{"@type":"ReadAction","target":["https:\/\/weather-radar-live.com\/pt-br\/webcam\/franca\/webcam-les-gets\/"]}]},{"@type":"ImageObject","inLanguage":"pt-BR","@id":"https:\/\/weather-radar-live.com\/pt-br\/webcam\/franca\/webcam-les-gets\/#primaryimage","url":"https:\/\/weather-radar-live.com\/wp-content\/uploads\/2022\/04\/Webcam-Les-Gets-e1650536387683.jpg","contentUrl":"https:\/\/weather-radar-live.com\/wp-content\/uploads\/2022\/04\/Webcam-Les-Gets-e1650536387683.jpg","width":1920,"height":622,"caption":"Webcam Les Gets"},{"@type":"BreadcrumbList","@id":"https:\/\/weather-radar-live.com\/pt-br\/webcam\/franca\/webcam-les-gets\/#breadcrumb","itemListElement":[{"@type":"ListItem","position":1,"name":"Weather Radar Live","item":"https:\/\/weather-radar-live.com\/pt-br\/"},{"@type":"ListItem","position":2,"name":"Webcam","item":"https:\/\/weather-radar-live.com\/pt-br\/webcam\/"},{"@type":"ListItem","position":3,"name":"Fran\u00e7a","item":"https:\/\/weather-radar-live.com\/pt-br\/webcam\/franca\/"},{"@type":"ListItem","position":4,"name":"Webcam Les Gets"}]},{"@type":"WebSite","@id":"https:\/\/weather-radar-live.com\/#website","url":"https:\/\/weather-radar-live.com\/","name":"weather-radar-live.com","description":"Your weather and sky radar.","publisher":{"@id":"https:\/\/weather-radar-live.com\/#organization"},"potentialAction":[{"@type":"SearchAction","target":{"@type":"EntryPoint","urlTemplate":"https:\/\/weather-radar-live.com\/?s={search_term_string}"},"query-input":{"@type":"PropertyValueSpecification","valueRequired":true,"valueName":"search_term_string"}}],"inLanguage":"pt-BR"},{"@type":"Organization","@id":"https:\/\/weather-radar-live.com\/#organization","name":"weather-radar-live.com","url":"https:\/\/weather-radar-live.com\/","logo":{"@type":"ImageObject","inLanguage":"pt-BR","@id":"https:\/\/weather-radar-live.com\/#\/schema\/logo\/image\/","url":"https:\/\/weather-radar-live.com\/wp-content\/uploads\/2022\/03\/cropped-WRL2503.png","contentUrl":"https:\/\/weather-radar-live.com\/wp-content\/uploads\/2022\/03\/cropped-WRL2503.png","width":1920,"height":555,"caption":"weather-radar-live.com"},"image":{"@id":"https:\/\/weather-radar-live.com\/#\/schema\/logo\/image\/"}}]}},"_links":{"self":[{"href":"https:\/\/weather-radar-live.com\/pt-br\/wp-json\/wp\/v2\/pages\/5303","targetHints":{"allow":["GET"]}}],"collection":[{"href":"https:\/\/weather-radar-live.com\/pt-br\/wp-json\/wp\/v2\/pages"}],"about":[{"href":"https:\/\/weather-radar-live.com\/pt-br\/wp-json\/wp\/v2\/types\/page"}],"author":[{"embeddable":true,"href":"https:\/\/weather-radar-live.com\/pt-br\/wp-json\/wp\/v2\/users\/1"}],"replies":[{"embeddable":true,"href":"https:\/\/weather-radar-live.com\/pt-br\/wp-json\/wp\/v2\/comments?post=5303"}],"version-history":[{"count":1,"href":"https:\/\/weather-radar-live.com\/pt-br\/wp-json\/wp\/v2\/pages\/5303\/revisions"}],"predecessor-version":[{"id":5325,"href":"https:\/\/weather-radar-live.com\/pt-br\/wp-json\/wp\/v2\/pages\/5303\/revisions\/5325"}],"up":[{"embeddable":true,"href":"https:\/\/weather-radar-live.com\/pt-br\/wp-json\/wp\/v2\/pages\/4179"}],"wp:featuredmedia":[{"embeddable":true,"href":"https:\/\/weather-radar-live.com\/pt-br\/wp-json\/wp\/v2\/media\/3857"}],"wp:attachment":[{"href":"https:\/\/weather-radar-live.com\/pt-br\/wp-json\/wp\/v2\/media?parent=5303"}],"curies":[{"name":"wp","href":"https:\/\/api.w.org\/{rel}","templated":true}]}}