{"id":3701,"date":"2022-04-19T14:04:52","date_gmt":"2022-04-19T12:04:52","guid":{"rendered":"https:\/\/weather-radar-live.com\/webcam-la-bresse\/"},"modified":"2022-07-15T13:43:37","modified_gmt":"2022-07-15T11:43:37","slug":"webcam-la-bresse","status":"publish","type":"page","link":"https:\/\/weather-radar-live.com\/pt-br\/webcam\/franca\/webcam-la-bresse\/","title":{"rendered":"Webcam La Bresse"},"content":{"rendered":"<div id=\"weath-1591170463\" class=\"weath-vor-dem-inhalt weath-entity-placement\" style=\"margin-top: 15px;margin-right: 25px;margin-bottom: 40px;margin-left: 25px;\"><script async src=\"\/\/pagead2.googlesyndication.com\/pagead\/js\/adsbygoogle.js?client=ca-pub-8960936133935804\" crossorigin=\"anonymous\"><\/script><ins class=\"adsbygoogle\" style=\"display:block;\" data-ad-client=\"ca-pub-8960936133935804\" \ndata-ad-slot=\"6172817020\" \ndata-ad-format=\"auto\"><\/ins>\n<script> \n(adsbygoogle = window.adsbygoogle || []).push({}); \n<\/script>\n<\/div>\n<div class=\"wp-block-cover alignfull is-light\"><span aria-hidden=\"true\" class=\"wp-block-cover__gradient-background has-background-dim\"><\/span><img decoding=\"async\" class=\"wp-block-cover__image-background wp-image-342\" alt=\"Webcam La Bresse\" src=\"https:\/\/weather-radar-live.com\/wp-content\/uploads\/2021\/06\/sam-schooler-E9aetBe2w40-unsplash-e1622554814366.jpg\" data-object-fit=\"cover\"\/><div class=\"wp-block-cover__inner-container is-layout-flow wp-block-cover-is-layout-flow\">\n<h2 class=\"has-text-align-center heading wp-block-heading\" id=\"webcam-fort-mahon\" style=\"font-size:40px\"><strong><mark style=\"background-color:rgba(0, 0, 0, 0)\" class=\"has-inline-color has-base-3-color\">WEBCAM <\/mark><br><mark style=\"background-color:rgba(0, 0, 0, 0)\" class=\"has-inline-color has-base-3-color\">LA BRESSE<\/mark><\/strong><\/h2>\n<\/div><\/div>\n\n\n<div class=\"yoast-breadcrumbs\"><span><span><a href=\"https:\/\/weather-radar-live.com\/pt-br\/\">Weather Radar Live<\/a><\/span> \u00bb <span><a href=\"https:\/\/weather-radar-live.com\/pt-br\/webcam\/\">Webcam<\/a><\/span> \u00bb <span><a href=\"https:\/\/weather-radar-live.com\/pt-br\/webcam\/franca\/\">Fran\u00e7a<\/a><\/span> \u00bb <span class=\"breadcrumb_last\" aria-current=\"page\"><strong>Webcam La Bresse<\/strong><\/span><\/span><\/div>\n\n\n<h2 class=\"has-text-align-center wp-block-heading\" id=\"webcam-fort-mahon\"><strong>Webcam La Bresse<\/strong><\/h2>\n\n\n\n<p>La Bresse \u00e9 uma comuna e uma pequena aldeia de montanha que fica na montanha dos Vosges, em Grand Est, no nordeste da Fran\u00e7a. A \u00e1rea atrai muitos visitantes e se tornou um lugar para esta\u00e7\u00f5es de esqui e muitas atividades ao ar livre. Est\u00e1 localizada no vale do rio Moselotte, no parque regional dos Vosges, cerca de 45 quil\u00f4metros a oeste de Colmar e 55 quil\u00f4metros a noroeste de Mulhouse.<\/p>\n\n\n\n<p>Para os amantes da natureza e da vida selvagem, La Bresse \u00e9 um dos lugares mais famosos da Europa. Ao planejar uma viagem a La Bresse, o senhor talvez esteja interessado em ver ao vivo as condi\u00e7\u00f5es do esqui. A webcam La Bresse lhe fornecer\u00e1 as \u00faltimas informa\u00e7\u00f5es. Na pr\u00f3xima se\u00e7\u00e3o, abordaremos o tempo em La Bresse, seu clima, e algumas informa\u00e7\u00f5es relacionadas ao centro de La Bresse Hohneck.<\/p><div id=\"weath-3196771558\" class=\"weath-inhalt_2 weath-entity-placement\" style=\"margin-top: 15px;margin-right: 25px;margin-bottom: 35px;margin-left: 25px;\"><script async src=\"\/\/pagead2.googlesyndication.com\/pagead\/js\/adsbygoogle.js?client=ca-pub-8960936133935804\" crossorigin=\"anonymous\"><\/script><ins class=\"adsbygoogle\" style=\"display:block;\" data-ad-client=\"ca-pub-8960936133935804\" \ndata-ad-slot=\"1963584050\" \ndata-ad-format=\"auto\"><\/ins>\n<script> \n(adsbygoogle = window.adsbygoogle || []).push({}); \n<\/script>\n<\/div>\n\n\n\n<div class=\"wp-block-columns is-layout-flex wp-container-core-columns-is-layout-9d6595d7 wp-block-columns-is-layout-flex\">\n<div class=\"wp-block-column webcam-column is-layout-flow wp-block-column-is-layout-flow\">\n<h3 class=\"has-text-align-center wp-block-heading\"><strong> \ud83d\udd34 Webcam La Bresse<\/strong> Front de Neige<\/h3>\n\n\n\n<a name=\"windy-webcam-timelapse-player\" data-id=\"1582614103\" data-play=\"day\" href=\"https:\/\/windy.com\/webcams\/1582614103\" target=\"_blank\" rel=\"noopener\">Woll<\/a><script async=\"\" type=\"text\/javascript\" src=\"https:\/\/webcams.windy.com\/webcams\/public\/embed\/script\/player.js\"><\/script>\n<\/div>\n\n\n\n<div class=\"wp-block-column webcam-column is-layout-flow wp-block-column-is-layout-flow\">\n<h3 class=\"has-text-align-center live-emoji wp-block-heading\"><strong> \ud83d\udd34 Webcam La Bresse<\/strong> Petit Artimont<\/h3>\n\n\n\n<a name=\"windy-webcam-timelapse-player\" data-id=\"1582613209\" data-play=\"day\" href=\"https:\/\/windy.com\/webcams\/1582613209\" target=\"_blank\" rel=\"noopener\">Woll &#8216; S\u00fcd: Petit Artimont<\/a><script async=\"\" type=\"text\/javascript\" src=\"https:\/\/webcams.windy.com\/webcams\/public\/embed\/script\/player.js\"><\/script>\n<\/div>\n<\/div>\n\n\n\n<h2 class=\"wp-block-heading\" id=\"fort-mahon-today\"><strong><strong>Radar Meteorol\u00f3gico La Bresse &#8211; O tempo em La Bresse<\/strong><\/strong><\/h2>\n\n\n\n<p>Obter informa\u00e7\u00f5es em tempo real relacionadas com atualiza\u00e7\u00f5es meteorol\u00f3gicas, <a href=\"https:\/\/weather-radar-live.com\/pt-br\/previsao-de-neve\/\">totais de neve<\/a>, <a href=\"https:\/\/weather-radar-live.com\/pt-br\/radar-de-chuva\/\">precipita\u00e7\u00e3o<\/a> e <a href=\"https:\/\/weather-radar-live.com\/pt-br\/tempestades\/\">tempestades<\/a> \u00e9 bastante simples com o <a href=\"https:\/\/weather-radar-live.com\/pt-br\/\">Weather Radar<\/a> La Bresse. As webcams de La Bresse podem ser vistas de uma variedade de locais, para que o senhor possa ver de perto o local desejado. Veja as webcams de La Bresse em diferentes intervalos de tempo, clicando em uma webcam e rolando atrav\u00e9s das imagens. Al\u00e9m disso, usando as op\u00e7\u00f5es de zoom in e zoom out, \u00e9 f\u00e1cil ver o local exato que o senhor est\u00e1 interessado em ver.<\/p>\n\n\n\n<div class=\"wp-block-columns is-layout-flex wp-container-core-columns-is-layout-9d6595d7 wp-block-columns-is-layout-flex\">\n<div class=\"wp-block-column is-layout-flow wp-block-column-is-layout-flow\" style=\"flex-basis:75%\">\n<iframe loading=\"lazy\" width=\"1300\" height=\"502\" src=\"https:\/\/embed.windy.com\/embed2.html?lat=48.026&amp;lon=6.989&amp;detailLat=49.476&amp;detailLon=11.048&amp;width=1300&amp;height=508&amp;zoom=11&amp;level=surface&amp;overlay=radar&amp;product=radar&amp;menu=&amp;message=&amp;marker=&amp;calendar=now&amp;pressure=&amp;type=map&amp;location=coordinates&amp;detail=&amp;metricWind=default&amp;metricTemp=default&amp;radarRange=-1\" frameborder=\"0\"><\/iframe>\n<\/div>\n\n\n\n<div class=\"wp-block-column is-layout-flow wp-block-column-is-layout-flow\" style=\"flex-basis:25%\">\n<div align=\"center\"><a class=\"weatherwidget-io\" href=\"https:\/\/forecast7.com\/pt\/48d006d87\/la-bresse\/\" data-label_1=\"LA BRESSE\" data-theme=\"original\">LA BRESSE<\/a>\n<script>\n!function(d,s,id){var js,fjs=d.getElementsByTagName(s)[0];if(!d.getElementById(id)){js=d.createElement(s);js.id=id;js.src='https:\/\/weatherwidget.io\/js\/widget.min.js';fjs.parentNode.insertBefore(js,fjs);}}(document,'script','weatherwidget-io-js');\n<\/script><\/div>\n<\/div>\n<\/div>\n\n\n\n<h2 class=\"wp-block-heading\" id=\"fort-mahon-weather\"><strong><strong>O clima de La Bresse<\/strong><\/strong><\/h2>\n\n\n\n<p>O clima de La Bresse \u00e9 temperado e quente. Ele est\u00e1 no hemisf\u00e9rio norte. Esta cidade goza de chuvas significativas. Maio tem o maior n\u00famero de dias de chuva (15,70), enquanto que setembro tem o menor n\u00famero de dias de chuva (12,27 dias). Aqui, o \u00edndice UV \u00e9 de 3.<\/p>\n\n\n\n<p><strong>Temperatura <\/strong><\/p>\n\n\n\n<p>La Bresse tem uma temperatura m\u00e9dia de 8,0\u00b0C ou 46,4\u00b0F.<\/p>\n\n\n\n<p><strong>Precipita\u00e7\u00e3o <\/strong><\/p>\n\n\n\n<p>Um total de 1256 mm ou 49,4 polegadas de precipita\u00e7\u00e3o cai a cada ano.<\/p>\n\n\n\n<p><strong>Umidade <\/strong><\/p>\n\n\n\n<p>Em novembro, h\u00e1 a maior umidade relativa do ar, ou seja, 86,55 %. A umidade relativa do ar em julho \u00e9 a menor e mede 69,65%.<\/p>\n\n\n\n<h2 class=\"wp-block-heading\"><strong><strong>La Bresse Hohneck Resort<\/strong><\/strong><\/h2>\n\n\n\n<p>A esta\u00e7\u00e3o de esqui de La Bresse Hohneck, situada no munic\u00edpio de La Bresse, \u00e9 a maior do nordeste da Fran\u00e7a, bem como das montanhas Vosges. Essa esta\u00e7\u00e3o de esqui fica na Lorena, no cora\u00e7\u00e3o do Parque Natural Regional de Ballons des Vosges. H\u00e1 34 pistas, 17 telef\u00e9ricos de esqui e um est\u00e1dio de slalom. Essa \u00e1rea de esqui compreende 220 hectares e est\u00e1 aninhada no centro das florestas dos Vosges, no setor de Kastelberg.<\/p>\n\n\n\n<p>H\u00e1 muito o que fazer fora do esqui em La Bresse Hohneck, inclusive andar de tren\u00f3 nas quatro esta\u00e7\u00f5es, um complexo de piscinas de lazer, e uma pista de patina\u00e7\u00e3o no gelo. Velhos entusiastas da pedra e da cultura v\u00e3o gostar de explorar as aldeias pr\u00f3ximas para ver a velha mina de cobre, a igreja do s\u00e9culo 18, e v\u00e1rias oficinas de arte.<\/p>\n\n\n\n<p>Como a maior \u00e1rea de esqui iluminada da Europa, La Bresse Hohneck se distingue pelo fato de oferecer sess\u00f5es de esqui noturnas a seus visitantes. Essa est\u00e2ncia oferece 50 quil\u00f4metros de pistas, uma arena de biatlo, 40 quil\u00f4metros de trilhas, saltos de esqui, e at\u00e9 uma \u00e1rea de divers\u00e3o para a fam\u00edlia.<\/p>\n","protected":false},"excerpt":{"rendered":"<p>Webcam La Bresse La Bresse \u00e9 uma comuna e uma pequena aldeia de montanha que fica na montanha dos Vosges, em Grand Est, no nordeste da Fran\u00e7a. A \u00e1rea atrai muitos visitantes e se tornou um lugar para esta\u00e7\u00f5es de esqui e muitas atividades ao ar livre. Est\u00e1 localizada no vale do rio Moselotte, no &#8230; <a title=\"Webcam La Bresse\" class=\"read-more\" href=\"https:\/\/weather-radar-live.com\/pt-br\/webcam\/franca\/webcam-la-bresse\/\" aria-label=\"Read more about Webcam La Bresse\">Ler mais<\/a><\/p>\n","protected":false},"author":1,"featured_media":3662,"parent":4179,"menu_order":0,"comment_status":"closed","ping_status":"closed","template":"","meta":{"footnotes":""},"class_list":["post-3701","page","type-page","status-publish","has-post-thumbnail"],"yoast_head":"<!-- This site is optimized with the Yoast SEO plugin v27.5 - https:\/\/yoast.com\/product\/yoast-seo-wordpress\/ -->\n<title>Webcam La Bresse \u2192 Veja isso ao vivo!<\/title>\n<meta name=\"description\" content=\"Webcam La Bresse | Livecam de La Bresse! \u2705 Atualizado para voc\u00ea em tempo real! \u2705 Previs\u00e3o do tempo atual!\" \/>\n<meta name=\"robots\" content=\"index, follow, max-snippet:-1, max-image-preview:large, max-video-preview:-1\" \/>\n<link rel=\"canonical\" href=\"https:\/\/weather-radar-live.com\/pt-br\/webcam\/franca\/webcam-la-bresse\/\" \/>\n<meta property=\"og:locale\" content=\"pt_BR\" \/>\n<meta property=\"og:type\" content=\"article\" \/>\n<meta property=\"og:title\" content=\"Webcam La Bresse \u2192 Veja isso ao vivo!\" \/>\n<meta property=\"og:description\" content=\"Webcam La Bresse | Livecam de La Bresse! \u2705 Atualizado para voc\u00ea em tempo real! \u2705 Previs\u00e3o do tempo atual!\" \/>\n<meta property=\"og:url\" content=\"https:\/\/weather-radar-live.com\/pt-br\/webcam\/franca\/webcam-la-bresse\/\" \/>\n<meta property=\"og:site_name\" content=\"weather-radar-live.com\" \/>\n<meta property=\"article:modified_time\" content=\"2022-07-15T11:43:37+00:00\" \/>\n<meta property=\"og:image\" content=\"https:\/\/weather-radar-live.com\/wp-content\/uploads\/2021\/06\/sam-schooler-E9aetBe2w40-unsplash-e1622554814366.jpg\" \/>\n<meta name=\"twitter:card\" content=\"summary_large_image\" \/>\n<meta name=\"twitter:label1\" content=\"Est. tempo de leitura\" \/>\n\t<meta name=\"twitter:data1\" content=\"3 minutos\" \/>\n<script type=\"application\/ld+json\" class=\"yoast-schema-graph\">{\"@context\":\"https:\\\/\\\/schema.org\",\"@graph\":[{\"@type\":\"WebPage\",\"@id\":\"https:\\\/\\\/weather-radar-live.com\\\/pt-br\\\/webcam\\\/franca\\\/webcam-la-bresse\\\/\",\"url\":\"https:\\\/\\\/weather-radar-live.com\\\/pt-br\\\/webcam\\\/franca\\\/webcam-la-bresse\\\/\",\"name\":\"Webcam La Bresse \u2192 Veja isso ao vivo!\",\"isPartOf\":{\"@id\":\"https:\\\/\\\/weather-radar-live.com\\\/#website\"},\"primaryImageOfPage\":{\"@id\":\"https:\\\/\\\/weather-radar-live.com\\\/pt-br\\\/webcam\\\/franca\\\/webcam-la-bresse\\\/#primaryimage\"},\"image\":{\"@id\":\"https:\\\/\\\/weather-radar-live.com\\\/pt-br\\\/webcam\\\/franca\\\/webcam-la-bresse\\\/#primaryimage\"},\"thumbnailUrl\":\"https:\\\/\\\/weather-radar-live.com\\\/wp-content\\\/uploads\\\/2022\\\/04\\\/Webcam-La-Bresse.png\",\"datePublished\":\"2022-04-19T12:04:52+00:00\",\"dateModified\":\"2022-07-15T11:43:37+00:00\",\"description\":\"Webcam La Bresse | Livecam de La Bresse! \u2705 Atualizado para voc\u00ea em tempo real! \u2705 Previs\u00e3o do tempo atual!\",\"breadcrumb\":{\"@id\":\"https:\\\/\\\/weather-radar-live.com\\\/pt-br\\\/webcam\\\/franca\\\/webcam-la-bresse\\\/#breadcrumb\"},\"inLanguage\":\"pt-BR\",\"potentialAction\":[{\"@type\":\"ReadAction\",\"target\":[\"https:\\\/\\\/weather-radar-live.com\\\/pt-br\\\/webcam\\\/franca\\\/webcam-la-bresse\\\/\"]}]},{\"@type\":\"ImageObject\",\"inLanguage\":\"pt-BR\",\"@id\":\"https:\\\/\\\/weather-radar-live.com\\\/pt-br\\\/webcam\\\/franca\\\/webcam-la-bresse\\\/#primaryimage\",\"url\":\"https:\\\/\\\/weather-radar-live.com\\\/wp-content\\\/uploads\\\/2022\\\/04\\\/Webcam-La-Bresse.png\",\"contentUrl\":\"https:\\\/\\\/weather-radar-live.com\\\/wp-content\\\/uploads\\\/2022\\\/04\\\/Webcam-La-Bresse.png\",\"width\":299,\"height\":199,\"caption\":\"Webcam-La-Bresse\"},{\"@type\":\"BreadcrumbList\",\"@id\":\"https:\\\/\\\/weather-radar-live.com\\\/pt-br\\\/webcam\\\/franca\\\/webcam-la-bresse\\\/#breadcrumb\",\"itemListElement\":[{\"@type\":\"ListItem\",\"position\":1,\"name\":\"Weather Radar Live\",\"item\":\"https:\\\/\\\/weather-radar-live.com\\\/pt-br\\\/\"},{\"@type\":\"ListItem\",\"position\":2,\"name\":\"Webcam\",\"item\":\"https:\\\/\\\/weather-radar-live.com\\\/pt-br\\\/webcam\\\/\"},{\"@type\":\"ListItem\",\"position\":3,\"name\":\"Fran\u00e7a\",\"item\":\"https:\\\/\\\/weather-radar-live.com\\\/pt-br\\\/webcam\\\/franca\\\/\"},{\"@type\":\"ListItem\",\"position\":4,\"name\":\"Webcam La Bresse\"}]},{\"@type\":\"WebSite\",\"@id\":\"https:\\\/\\\/weather-radar-live.com\\\/#website\",\"url\":\"https:\\\/\\\/weather-radar-live.com\\\/\",\"name\":\"weather-radar-live.com\",\"description\":\"Your weather and sky radar.\",\"publisher\":{\"@id\":\"https:\\\/\\\/weather-radar-live.com\\\/#organization\"},\"potentialAction\":[{\"@type\":\"SearchAction\",\"target\":{\"@type\":\"EntryPoint\",\"urlTemplate\":\"https:\\\/\\\/weather-radar-live.com\\\/?s={search_term_string}\"},\"query-input\":{\"@type\":\"PropertyValueSpecification\",\"valueRequired\":true,\"valueName\":\"search_term_string\"}}],\"inLanguage\":\"pt-BR\"},{\"@type\":\"Organization\",\"@id\":\"https:\\\/\\\/weather-radar-live.com\\\/#organization\",\"name\":\"weather-radar-live.com\",\"url\":\"https:\\\/\\\/weather-radar-live.com\\\/\",\"logo\":{\"@type\":\"ImageObject\",\"inLanguage\":\"pt-BR\",\"@id\":\"https:\\\/\\\/weather-radar-live.com\\\/#\\\/schema\\\/logo\\\/image\\\/\",\"url\":\"https:\\\/\\\/weather-radar-live.com\\\/wp-content\\\/uploads\\\/2022\\\/03\\\/cropped-WRL2503.png\",\"contentUrl\":\"https:\\\/\\\/weather-radar-live.com\\\/wp-content\\\/uploads\\\/2022\\\/03\\\/cropped-WRL2503.png\",\"width\":1920,\"height\":555,\"caption\":\"weather-radar-live.com\"},\"image\":{\"@id\":\"https:\\\/\\\/weather-radar-live.com\\\/#\\\/schema\\\/logo\\\/image\\\/\"}}]}<\/script>\n<!-- \/ Yoast SEO plugin. -->","yoast_head_json":{"title":"Webcam La Bresse \u2192 Veja isso ao vivo!","description":"Webcam La Bresse | Livecam de La Bresse! \u2705 Atualizado para voc\u00ea em tempo real! \u2705 Previs\u00e3o do tempo atual!","robots":{"index":"index","follow":"follow","max-snippet":"max-snippet:-1","max-image-preview":"max-image-preview:large","max-video-preview":"max-video-preview:-1"},"canonical":"https:\/\/weather-radar-live.com\/pt-br\/webcam\/franca\/webcam-la-bresse\/","og_locale":"pt_BR","og_type":"article","og_title":"Webcam La Bresse \u2192 Veja isso ao vivo!","og_description":"Webcam La Bresse | Livecam de La Bresse! \u2705 Atualizado para voc\u00ea em tempo real! \u2705 Previs\u00e3o do tempo atual!","og_url":"https:\/\/weather-radar-live.com\/pt-br\/webcam\/franca\/webcam-la-bresse\/","og_site_name":"weather-radar-live.com","article_modified_time":"2022-07-15T11:43:37+00:00","og_image":[{"url":"https:\/\/weather-radar-live.com\/wp-content\/uploads\/2021\/06\/sam-schooler-E9aetBe2w40-unsplash-e1622554814366.jpg","type":"","width":"","height":""}],"twitter_card":"summary_large_image","twitter_misc":{"Est. tempo de leitura":"3 minutos"},"schema":{"@context":"https:\/\/schema.org","@graph":[{"@type":"WebPage","@id":"https:\/\/weather-radar-live.com\/pt-br\/webcam\/franca\/webcam-la-bresse\/","url":"https:\/\/weather-radar-live.com\/pt-br\/webcam\/franca\/webcam-la-bresse\/","name":"Webcam La Bresse \u2192 Veja isso ao vivo!","isPartOf":{"@id":"https:\/\/weather-radar-live.com\/#website"},"primaryImageOfPage":{"@id":"https:\/\/weather-radar-live.com\/pt-br\/webcam\/franca\/webcam-la-bresse\/#primaryimage"},"image":{"@id":"https:\/\/weather-radar-live.com\/pt-br\/webcam\/franca\/webcam-la-bresse\/#primaryimage"},"thumbnailUrl":"https:\/\/weather-radar-live.com\/wp-content\/uploads\/2022\/04\/Webcam-La-Bresse.png","datePublished":"2022-04-19T12:04:52+00:00","dateModified":"2022-07-15T11:43:37+00:00","description":"Webcam La Bresse | Livecam de La Bresse! \u2705 Atualizado para voc\u00ea em tempo real! \u2705 Previs\u00e3o do tempo atual!","breadcrumb":{"@id":"https:\/\/weather-radar-live.com\/pt-br\/webcam\/franca\/webcam-la-bresse\/#breadcrumb"},"inLanguage":"pt-BR","potentialAction":[{"@type":"ReadAction","target":["https:\/\/weather-radar-live.com\/pt-br\/webcam\/franca\/webcam-la-bresse\/"]}]},{"@type":"ImageObject","inLanguage":"pt-BR","@id":"https:\/\/weather-radar-live.com\/pt-br\/webcam\/franca\/webcam-la-bresse\/#primaryimage","url":"https:\/\/weather-radar-live.com\/wp-content\/uploads\/2022\/04\/Webcam-La-Bresse.png","contentUrl":"https:\/\/weather-radar-live.com\/wp-content\/uploads\/2022\/04\/Webcam-La-Bresse.png","width":299,"height":199,"caption":"Webcam-La-Bresse"},{"@type":"BreadcrumbList","@id":"https:\/\/weather-radar-live.com\/pt-br\/webcam\/franca\/webcam-la-bresse\/#breadcrumb","itemListElement":[{"@type":"ListItem","position":1,"name":"Weather Radar Live","item":"https:\/\/weather-radar-live.com\/pt-br\/"},{"@type":"ListItem","position":2,"name":"Webcam","item":"https:\/\/weather-radar-live.com\/pt-br\/webcam\/"},{"@type":"ListItem","position":3,"name":"Fran\u00e7a","item":"https:\/\/weather-radar-live.com\/pt-br\/webcam\/franca\/"},{"@type":"ListItem","position":4,"name":"Webcam La Bresse"}]},{"@type":"WebSite","@id":"https:\/\/weather-radar-live.com\/#website","url":"https:\/\/weather-radar-live.com\/","name":"weather-radar-live.com","description":"Your weather and sky radar.","publisher":{"@id":"https:\/\/weather-radar-live.com\/#organization"},"potentialAction":[{"@type":"SearchAction","target":{"@type":"EntryPoint","urlTemplate":"https:\/\/weather-radar-live.com\/?s={search_term_string}"},"query-input":{"@type":"PropertyValueSpecification","valueRequired":true,"valueName":"search_term_string"}}],"inLanguage":"pt-BR"},{"@type":"Organization","@id":"https:\/\/weather-radar-live.com\/#organization","name":"weather-radar-live.com","url":"https:\/\/weather-radar-live.com\/","logo":{"@type":"ImageObject","inLanguage":"pt-BR","@id":"https:\/\/weather-radar-live.com\/#\/schema\/logo\/image\/","url":"https:\/\/weather-radar-live.com\/wp-content\/uploads\/2022\/03\/cropped-WRL2503.png","contentUrl":"https:\/\/weather-radar-live.com\/wp-content\/uploads\/2022\/03\/cropped-WRL2503.png","width":1920,"height":555,"caption":"weather-radar-live.com"},"image":{"@id":"https:\/\/weather-radar-live.com\/#\/schema\/logo\/image\/"}}]}},"_links":{"self":[{"href":"https:\/\/weather-radar-live.com\/pt-br\/wp-json\/wp\/v2\/pages\/3701","targetHints":{"allow":["GET"]}}],"collection":[{"href":"https:\/\/weather-radar-live.com\/pt-br\/wp-json\/wp\/v2\/pages"}],"about":[{"href":"https:\/\/weather-radar-live.com\/pt-br\/wp-json\/wp\/v2\/types\/page"}],"author":[{"embeddable":true,"href":"https:\/\/weather-radar-live.com\/pt-br\/wp-json\/wp\/v2\/users\/1"}],"replies":[{"embeddable":true,"href":"https:\/\/weather-radar-live.com\/pt-br\/wp-json\/wp\/v2\/comments?post=3701"}],"version-history":[{"count":2,"href":"https:\/\/weather-radar-live.com\/pt-br\/wp-json\/wp\/v2\/pages\/3701\/revisions"}],"predecessor-version":[{"id":4565,"href":"https:\/\/weather-radar-live.com\/pt-br\/wp-json\/wp\/v2\/pages\/3701\/revisions\/4565"}],"up":[{"embeddable":true,"href":"https:\/\/weather-radar-live.com\/pt-br\/wp-json\/wp\/v2\/pages\/4179"}],"wp:featuredmedia":[{"embeddable":true,"href":"https:\/\/weather-radar-live.com\/pt-br\/wp-json\/wp\/v2\/media\/3662"}],"wp:attachment":[{"href":"https:\/\/weather-radar-live.com\/pt-br\/wp-json\/wp\/v2\/media?parent=3701"}],"curies":[{"name":"wp","href":"https:\/\/api.w.org\/{rel}","templated":true}]}}