{"id":4019,"date":"2022-05-12T14:36:21","date_gmt":"2022-05-12T12:36:21","guid":{"rendered":"https:\/\/weather-radar-live.com\/?page_id=4019"},"modified":"2022-07-19T07:55:52","modified_gmt":"2022-07-19T05:55:52","slug":"webcam-les-gets","status":"publish","type":"page","link":"https:\/\/weather-radar-live.com\/fr\/webcam\/france\/webcam-les-gets\/","title":{"rendered":"Webcam Les Gets"},"content":{"rendered":"<div id=\"weath-589578318\" class=\"weath-vor-dem-inhalt weath-entity-placement\" style=\"margin-top: 15px;margin-right: 25px;margin-bottom: 40px;margin-left: 25px;\"><script async src=\"\/\/pagead2.googlesyndication.com\/pagead\/js\/adsbygoogle.js?client=ca-pub-8960936133935804\" crossorigin=\"anonymous\"><\/script><ins class=\"adsbygoogle\" style=\"display:block;\" data-ad-client=\"ca-pub-8960936133935804\" \ndata-ad-slot=\"6172817020\" \ndata-ad-format=\"auto\"><\/ins>\n<script> \n(adsbygoogle = window.adsbygoogle || []).push({}); \n<\/script>\n<\/div>\n<div class=\"wp-block-cover alignfull is-light\"><span aria-hidden=\"true\" class=\"wp-block-cover__gradient-background has-background-dim\"><\/span><img decoding=\"async\" class=\"wp-block-cover__image-background wp-image-342\" alt=\"Webcam Les Gets \" src=\"https:\/\/weather-radar-live.com\/wp-content\/uploads\/2021\/06\/sam-schooler-E9aetBe2w40-unsplash-e1622554814366.jpg\" data-object-fit=\"cover\"\/><div class=\"wp-block-cover__inner-container is-layout-flow wp-block-cover-is-layout-flow\">\n<h2 class=\"has-text-align-center heading wp-block-heading\" id=\"webcam-fort-mahon\" style=\"font-size:40px\"><strong><mark style=\"background-color:rgba(0, 0, 0, 0)\" class=\"has-inline-color has-base-3-color\">WEBCAM <\/mark><\/strong><br><strong><mark style=\"background-color:rgba(0, 0, 0, 0)\" class=\"has-inline-color has-base-3-color\">LES GETS<\/mark><\/strong><\/h2>\n<\/div><\/div>\n\n\n<div class=\"yoast-breadcrumbs\"><span><span><a href=\"https:\/\/weather-radar-live.com\/fr\/\">Weather Radar Live<\/a><\/span> \u00bb <span><a href=\"https:\/\/weather-radar-live.com\/fr\/webcam\/\">Webcam<\/a><\/span> \u00bb <span><a href=\"https:\/\/weather-radar-live.com\/fr\/webcam\/france\/\">France<\/a><\/span> \u00bb <span class=\"breadcrumb_last\" aria-current=\"page\"><strong>Webcam Les Gets<\/strong><\/span><\/span><\/div>\n\n\n<h2 class=\"has-text-align-center wp-block-heading\" id=\"webcam-fort-mahon\"><strong>Webcam <strong>Les Gets<\/strong><\/strong><\/h2>\n\n\n\n<p>Dans la r\u00e9gion Auvergne-Rh\u00f4ne-Alpes, Les Gets est une commune situ\u00e9e dans le sud-est de la France, dans la province fran\u00e7aise de Haute-Savoie. Il s&rsquo;agit essentiellement d&rsquo;un village de montagne fran\u00e7ais qui s&rsquo;est d\u00e9velopp\u00e9 en une station baln\u00e9aire populaire. Cette vaste zone relie de nombreux villages et r\u00e9gions voisines par des remont\u00e9es m\u00e9caniques et des pistes. De plus, les charcuteries, fromageries et p\u00e2tisseries locales, qui donnent \u00e0 la r\u00e9gion une ambiance authentique et artisanale, font de ce village une destination incontournable. <\/p>\n\n\n\n<p>Les familles trouveront la station conviviale gr\u00e2ce \u00e0 la chaleur g\u00e9n\u00e9rale, \u00e0 la navigation facile et \u00e0 une poign\u00e9e de pistes de ski faciles. Si vous souhaitez conna\u00eetre la m\u00e9t\u00e9o, le climat et le c\u00e9l\u00e8bre spot des Gets, nous vous fournirons toutes les informations pertinentes dans cet article.<\/p><div id=\"weath-82169710\" class=\"weath-inhalt_2 weath-entity-placement\" style=\"margin-top: 15px;margin-right: 25px;margin-bottom: 35px;margin-left: 25px;\"><script async src=\"\/\/pagead2.googlesyndication.com\/pagead\/js\/adsbygoogle.js?client=ca-pub-8960936133935804\" crossorigin=\"anonymous\"><\/script><ins class=\"adsbygoogle\" style=\"display:block;\" data-ad-client=\"ca-pub-8960936133935804\" \ndata-ad-slot=\"1963584050\" \ndata-ad-format=\"auto\"><\/ins>\n<script> \n(adsbygoogle = window.adsbygoogle || []).push({}); \n<\/script>\n<\/div>\n\n\n\n<div class=\"wp-block-columns is-layout-flex wp-container-core-columns-is-layout-9d6595d7 wp-block-columns-is-layout-flex\">\n<div class=\"wp-block-column webcam-column is-layout-flow wp-block-column-is-layout-flow\">\n<h3 class=\"has-text-align-center live-emoji wp-block-heading\"> \ud83d\udd34 <strong>Webcam <strong><strong>Les Gets<\/strong><\/strong><\/strong> Sommet Ch\u00e9ry (Panorama)<\/h3>\n\n\n\n<iframe src=\"https:\/\/app.webcam-hd.com\/lesgets\/les_gets_sommet-chery\" style=\"width: 100%; height: 400px; border: none;\" allowfullscreen=\"\"><\/iframe>\n\n\n\n<p><\/p>\n\n\n\n<h3 class=\"has-text-align-center wp-block-heading\">\ud83d\udd34 <strong>Webcam <strong><strong>Les Gets<\/strong><\/strong><\/strong> Sommet Ch\u00e9ry (Panorama)<\/h3>\n\n\n\n<iframe src=\"https:\/\/app.webcam-hd.com\/lesgets\/lesgets_chavannes\" style=\"width: 100%; height: 400px; border: none;\" allowfullscreen=\"\"><\/iframe>\n\n\n\n<p class=\"has-text-align-center\"><strong><sup>D&rsquo;un clic de souris (smartphone : changez la vue simplement en tapant), vous pouvez d\u00e9placer la webcam dans la direction de votre choix. En tournant la molette de la souris ou en zoomant avec les doigts, vous pouvez zoomer sur la webcam. Vous pouvez \u00e9galement utiliser les boutons \u00e0 cet effet.<\/sup><\/strong><\/p>\n\n\n\n<h3 class=\"has-text-align-center wp-block-heading\">\ud83d\udd34 <strong>Webcam <strong><strong>Les Gets<\/strong><\/strong><\/strong> Village center <\/h3>\n\n\n\n<iframe src=\"https:\/\/app.webcam-hd.com\/lesgets\/les_gets_centre-village\" style=\"width: 100%; height: 400px; border: none;\" allowfullscreen=\"\"><\/iframe>\n\n\n\n<p><\/p>\n\n\n\n<div class=\"wp-block-columns is-layout-flex wp-container-core-columns-is-layout-9d6595d7 wp-block-columns-is-layout-flex\">\n<div class=\"wp-block-column is-layout-flow wp-block-column-is-layout-flow\">\n<h3 class=\"has-text-align-center wp-block-heading\"><strong>\ud83d\udd34 Webcam <strong><strong><strong>Les Gets<\/strong><\/strong><\/strong><\/strong> Front (Panorama)<\/h3>\n\n\n\n<iframe src=\"https:\/\/app.webcam-hd.com\/lesgets\/front-de-neige-panoramique\" style=\"width: 100%; height: 400px; border: none;\" allowfullscreen=\"\"><\/iframe>\n<\/div>\n\n\n\n<div class=\"wp-block-column is-layout-flow wp-block-column-is-layout-flow\">\n<h3 class=\"has-text-align-center wp-block-heading\"><strong> \ud83d\udd34 Web<\/strong> cam<strong> <strong><strong><strong>Les Gets<\/strong><\/strong><\/strong><\/strong><strong> <strong><strong><strong><\/strong><\/strong><\/strong><\/strong> Ranfoilly<\/h3>\n\n\n\n<figure class=\"wp-block-embed is-type-video is-provider-youtube wp-block-embed-youtube wp-embed-aspect-16-9 wp-has-aspect-ratio\"><div class=\"wp-block-embed__wrapper\">\n<iframe loading=\"lazy\" title=\"Les Gets - D\u00e9part Ranfoilly\" width=\"1200\" height=\"675\" src=\"https:\/\/www.youtube.com\/embed\/Q54SkOueJNk?feature=oembed\" frameborder=\"0\" allow=\"accelerometer; autoplay; clipboard-write; encrypted-media; gyroscope; picture-in-picture\" allowfullscreen><\/iframe>\n<\/div><\/figure>\n<\/div>\n<\/div>\n\n\n\n<div class=\"wp-block-columns webcam-spalte is-layout-flex wp-container-core-columns-is-layout-9d6595d7 wp-block-columns-is-layout-flex\">\n<div class=\"wp-block-column is-layout-flow wp-block-column-is-layout-flow\">\n<h3 class=\"has-text-align-center wp-block-heading\"><strong> \ud83d\udd34 <strong>Webcam <strong><strong><strong>Les Gets<\/strong><\/strong><\/strong><\/strong> <\/strong>Chavannes<\/h3>\n\n\n\n<figure class=\"wp-block-embed is-type-video is-provider-youtube wp-block-embed-youtube wp-embed-aspect-16-9 wp-has-aspect-ratio\"><div class=\"wp-block-embed__wrapper\">\n<iframe loading=\"lazy\" title=\"Les Gets - Chavannes\" width=\"1200\" height=\"675\" src=\"https:\/\/www.youtube.com\/embed\/lBoKvilf9sU?feature=oembed\" frameborder=\"0\" allow=\"accelerometer; autoplay; clipboard-write; encrypted-media; gyroscope; picture-in-picture\" allowfullscreen><\/iframe>\n<\/div><\/figure>\n<\/div>\n\n\n\n<div class=\"wp-block-column is-layout-flow wp-block-column-is-layout-flow\">\n<h3 class=\"has-text-align-center wp-block-heading\"><strong><strong> \ud83d\udd34 Webcam <strong><strong><strong><strong><strong>Les Gets<\/strong><\/strong><\/strong><\/strong><\/strong><\/strong><\/strong> Village du Nord-Est<\/h3>\n\n\n\n<a name=\"windy-webcam-timelapse-player\" data-id=\"1513169372\" data-play=\"day\" href=\"https:\/\/windy.com\/webcams\/1513169372\" target=\"_blank\" rel=\"noopener\">Les Gets &lsquo; Nord-Ost : Village de Les Gets<\/a><script async=\"\" type=\"text\/javascript\" src=\"https:\/\/webcams.windy.com\/webcams\/public\/embed\/script\/player.js\"><\/script>\n<\/div>\n<\/div>\n<\/div>\n<\/div>\n\n\n\n<h2 class=\"wp-block-heading\" id=\"fort-mahon-today\"><strong>Radar m\u00e9t\u00e9o Les Gets<\/strong> &#8211; <strong>La m\u00e9t\u00e9o \u00e0 Les Gets<\/strong><\/h2>\n\n\n\n<p>Que vous souhaitiez obtenir des informations relatives aux conditions <strong><a href=\"https:\/\/weather-radar-live.com\/fr\/radar-neige\/\">de neige<\/a><\/strong>, aux <strong><a href=\"https:\/\/weather-radar-live.com\/fr\/orage-en-direct\/\">orages<\/a><\/strong>, aux <strong><a href=\"https:\/\/weather-radar-live.com\/fr\/radar-pluie\/\">pr\u00e9cipitations<\/a><\/strong>, aux <strong><a href=\"https:\/\/weather-radar-live.com\/fr\/tornades-en-direct\/\">tornades<\/a><\/strong> et \u00e0 la <strong><a href=\"https:\/\/weather-radar-live.com\/fr\/radar-nuages\/\">couverture nuageuse<\/a><\/strong>, <strong><a href=\"https:\/\/weather-radar-live.com\/fr\/\">Weather Radar Live<\/a><\/strong> a tout pr\u00e9vu. Dans cette section, vous obtiendrez une mise \u00e0 jour et des pr\u00e9visions m\u00e9t\u00e9orologiques d\u00e9taill\u00e9es pour Les Gets, France. Heureusement, les pentes fortement bois\u00e9es de Les Gets offrent une bonne protection m\u00e9t\u00e9orologique. Si vous voulez rester \u00e0 jour avec le temps qu&rsquo;il fait, nos mod\u00e8les de pr\u00e9visions m\u00e9t\u00e9orologiques vous offriront des mises \u00e0 jour m\u00e9t\u00e9orologiques pr\u00e9cises.<\/p>\n\n\n\n<div class=\"wp-block-columns is-layout-flex wp-container-core-columns-is-layout-9d6595d7 wp-block-columns-is-layout-flex\">\n<div class=\"wp-block-column is-layout-flow wp-block-column-is-layout-flow\" style=\"flex-basis:75%\">\n<iframe loading=\"lazy\" width=\"1300\" height=\"502\" src=\"https:\/\/embed.windy.com\/embed2.html?lat=46.153&amp;lon=5.015&amp;detailLat=46.153&amp;detailLon=5.015&amp;width=1300&amp;height=502&amp;zoom=8&amp;level=surface&amp;overlay=wind&amp;product=ecmwf&amp;menu=&amp;message=&amp;marker=&amp;calendar=now&amp;pressure=&amp;type=map&amp;location=coordinates&amp;detail=&amp;metricWind=default&amp;metricTemp=default&amp;radarRange=-1\" frameborder=\"0\"><\/iframe>\n<\/div>\n\n\n\n<div class=\"wp-block-column is-layout-flow wp-block-column-is-layout-flow\" style=\"flex-basis:25%\">\n<a class=\"weatherwidget-io\" href=\"https:\/\/forecast7.com\/en\/46d166d67\/les-gets\/\" data-label_1=\"LES GETS\" data-font=\"Roboto\" data-theme=\"original\">LES GETS<\/a>\n<script>\n!function(d,s,id){var js,fjs=d.getElementsByTagName(s)[0];if(!d.getElementById(id)){js=d.createElement(s);js.id=id;js.src='https:\/\/weatherwidget.io\/js\/widget.min.js';fjs.parentNode.insertBefore(js,fjs);}}(document,'script','weatherwidget-io-js') ;\n<\/script>\n<\/div>\n<\/div>\n\n\n\n<h2 class=\"wp-block-heading\" id=\"fort-mahon-weather\"><strong>Le climat aux Gets<\/strong><\/h2>\n\n\n\n<p>Les Gets a un climat froid et temp\u00e9r\u00e9. Avec 95% des pistes en dessous de 2000m aux Gets, les pr\u00e9cipitations ne sont pas un probl\u00e8me, mais l&rsquo;altitude l&rsquo;est. La r\u00e9gion peut recevoir beaucoup de neige, mais elle peut aussi souffrir de temps chaud &#8211; et la couverture neigeuse peut \u00eatre in\u00e9gale en bas. <\/p>\n\n\n\n<p>Couverture de neige g\u00e9n\u00e9rale : 3\/5<\/p>\n\n\n\n<p>Potentiel de poudreuse : 2,5\/5<\/p>\n\n\n\n<p>Dans la zone sup\u00e9rieure, la qualit\u00e9 de la neige est de 3\/5<\/p>\n\n\n\n<p>Qualit\u00e9 de la neige (plus bas) : 2\/5<\/p>\n\n\n\n<p>Neige de niveau station : 2\/5<\/p>\n\n\n\n<p><strong>Temp\u00e9rature <\/strong><\/p>\n\n\n\n<p>La temp\u00e9rature annuelle moyenne de Les Gets est de 3,7 \u00b0C.<\/p>\n\n\n\n<p><strong>Pr\u00e9cipitations <\/strong> <\/p>\n\n\n\n<p>Environ 1802 mm de pr\u00e9cipitations tombent ici chaque ann\u00e9e.<\/p>\n\n\n\n<p><strong>Pr\u00e9cipitations <\/strong><\/p>\n\n\n\n<p>Les pr\u00e9cipitations du mois le plus sec (f\u00e9vrier) sont de 4.6 inches ou 117 mm. La plus grande pr\u00e9cipitation enregistr\u00e9e en juillet est de 7.8 pouces ou 198 mm.<\/p>\n\n\n\n<h2 class=\"wp-block-heading\"><strong><strong>Station de ski Les Gets<\/strong> <\/strong><\/h2>\n\n\n\n<p>Il s&rsquo;agit d&rsquo;une station de ski \u00e9cologique, bien r\u00e9put\u00e9e, extr\u00eamement pratique et familiale. L&rsquo;altitude de la station des Gets est de 1170m et ses pistes mesurent 950-2275m Portes du Soleil. De plus, ses Pistes sont de 650km Portes du Soleil. La station de ski Les Gets offre une vari\u00e9t\u00e9 de bons restaurants, une vie nocturne anim\u00e9e et une patinoire au centre de la station. L&rsquo;altitude de la station des Gets est de 1170m et ses pistes mesurent 950-2275m Portes du Soleil. De plus, ses pistes sont de 650km Portes du Soleil. Vous y trouverez un endroit parfait pour vous d\u00e9tendre entre la Savoyarde Chatel et la vibrante ville de f\u00eate de Morzine. Les for\u00eats de pins sont entrecoup\u00e9es de pistes pour tous les niveaux d&rsquo;aptitude dans cette charmante station de ski.<\/p>\n\n\n\n<p>La saison de ski aux Gets s&rsquo;\u00e9tend de d\u00e9cembre \u00e0 avril. Cette r\u00e9gion est parfaite pour les skieurs de tous niveaux. Les snowboarders et les skieurs peuvent utiliser les remont\u00e9es m\u00e9caniques de Chavannes pour acc\u00e9der aux pistes de Nyon et du Pleney ainsi qu&rsquo;\u00e0 d&rsquo;autres pistes partag\u00e9es avec la station voisine de Morzine. Elle permet \u00e9galement d&rsquo;acc\u00e9der \u00e0 la r\u00e9gion des Portes du Soleil et au-del\u00e0 \u00e0 ski. La t\u00e9l\u00e9cabine donne acc\u00e8s \u00e0 des terrains interm\u00e9diaires et avanc\u00e9s au-dessus de la limite des arbres, offrant des vues fantastiques sur le Mont Blanc.<\/p>\n","protected":false},"excerpt":{"rendered":"<p>Webcam Les Gets Dans la r\u00e9gion Auvergne-Rh\u00f4ne-Alpes, Les Gets est une commune situ\u00e9e dans le sud-est de la France, dans la province fran\u00e7aise de Haute-Savoie. Il s&rsquo;agit essentiellement d&rsquo;un village de montagne fran\u00e7ais qui s&rsquo;est d\u00e9velopp\u00e9 en une station baln\u00e9aire populaire. Cette vaste zone relie de nombreux villages et r\u00e9gions voisines par des remont\u00e9es m\u00e9caniques &#8230; <a title=\"Webcam Les Gets\" class=\"read-more\" href=\"https:\/\/weather-radar-live.com\/fr\/webcam\/france\/webcam-les-gets\/\" aria-label=\"En savoir plus sur Webcam Les Gets\">Lire la suite<\/a><\/p>\n","protected":false},"author":1,"featured_media":3855,"parent":3155,"menu_order":0,"comment_status":"closed","ping_status":"closed","template":"","meta":{"footnotes":""},"class_list":["post-4019","page","type-page","status-publish","has-post-thumbnail"],"yoast_head":"<!-- This site is optimized with the Yoast SEO plugin v27.5 - https:\/\/yoast.com\/product\/yoast-seo-wordpress\/ -->\n<title>Webcam Les Gets - weather-radar-live.com<\/title>\n<meta name=\"description\" content=\"Webcam Les Gets | Livecam de Les Gets ! \u2705 Mise \u00e0 jour pour vous en temps r\u00e9el ! \u2705 Pr\u00e9visions m\u00e9t\u00e9orologiques actuelles !\" \/>\n<meta name=\"robots\" content=\"index, follow, max-snippet:-1, max-image-preview:large, max-video-preview:-1\" \/>\n<link rel=\"canonical\" href=\"https:\/\/weather-radar-live.com\/fr\/webcam\/france\/webcam-les-gets\/\" \/>\n<meta property=\"og:locale\" content=\"fr_FR\" \/>\n<meta property=\"og:type\" content=\"article\" \/>\n<meta property=\"og:title\" content=\"Webcam Les Gets - weather-radar-live.com\" \/>\n<meta property=\"og:description\" content=\"Webcam Les Gets | Livecam de Les Gets ! \u2705 Mise \u00e0 jour pour vous en temps r\u00e9el ! \u2705 Pr\u00e9visions m\u00e9t\u00e9orologiques actuelles !\" \/>\n<meta property=\"og:url\" content=\"https:\/\/weather-radar-live.com\/fr\/webcam\/france\/webcam-les-gets\/\" \/>\n<meta property=\"og:site_name\" content=\"weather-radar-live.com\" \/>\n<meta property=\"article:modified_time\" content=\"2022-07-19T05:55:52+00:00\" \/>\n<meta property=\"og:image\" content=\"https:\/\/weather-radar-live.com\/wp-content\/uploads\/2021\/06\/sam-schooler-E9aetBe2w40-unsplash-e1622554814366.jpg\" \/>\n<meta name=\"twitter:card\" content=\"summary_large_image\" \/>\n<meta name=\"twitter:label1\" content=\"Dur\u00e9e de lecture estim\u00e9e\" \/>\n\t<meta name=\"twitter:data1\" content=\"4 minutes\" \/>\n<script type=\"application\/ld+json\" class=\"yoast-schema-graph\">{\"@context\":\"https:\\\/\\\/schema.org\",\"@graph\":[{\"@type\":\"WebPage\",\"@id\":\"https:\\\/\\\/weather-radar-live.com\\\/fr\\\/webcam\\\/france\\\/webcam-les-gets\\\/\",\"url\":\"https:\\\/\\\/weather-radar-live.com\\\/fr\\\/webcam\\\/france\\\/webcam-les-gets\\\/\",\"name\":\"Webcam Les Gets - weather-radar-live.com\",\"isPartOf\":{\"@id\":\"https:\\\/\\\/weather-radar-live.com\\\/#website\"},\"primaryImageOfPage\":{\"@id\":\"https:\\\/\\\/weather-radar-live.com\\\/fr\\\/webcam\\\/france\\\/webcam-les-gets\\\/#primaryimage\"},\"image\":{\"@id\":\"https:\\\/\\\/weather-radar-live.com\\\/fr\\\/webcam\\\/france\\\/webcam-les-gets\\\/#primaryimage\"},\"thumbnailUrl\":\"https:\\\/\\\/weather-radar-live.com\\\/wp-content\\\/uploads\\\/2022\\\/04\\\/Webcam-Les-Gets-e1650536387683.jpg\",\"datePublished\":\"2022-05-12T12:36:21+00:00\",\"dateModified\":\"2022-07-19T05:55:52+00:00\",\"description\":\"Webcam Les Gets | Livecam de Les Gets ! \u2705 Mise \u00e0 jour pour vous en temps r\u00e9el ! \u2705 Pr\u00e9visions m\u00e9t\u00e9orologiques actuelles !\",\"breadcrumb\":{\"@id\":\"https:\\\/\\\/weather-radar-live.com\\\/fr\\\/webcam\\\/france\\\/webcam-les-gets\\\/#breadcrumb\"},\"inLanguage\":\"fr-FR\",\"potentialAction\":[{\"@type\":\"ReadAction\",\"target\":[\"https:\\\/\\\/weather-radar-live.com\\\/fr\\\/webcam\\\/france\\\/webcam-les-gets\\\/\"]}]},{\"@type\":\"ImageObject\",\"inLanguage\":\"fr-FR\",\"@id\":\"https:\\\/\\\/weather-radar-live.com\\\/fr\\\/webcam\\\/france\\\/webcam-les-gets\\\/#primaryimage\",\"url\":\"https:\\\/\\\/weather-radar-live.com\\\/wp-content\\\/uploads\\\/2022\\\/04\\\/Webcam-Les-Gets-e1650536387683.jpg\",\"contentUrl\":\"https:\\\/\\\/weather-radar-live.com\\\/wp-content\\\/uploads\\\/2022\\\/04\\\/Webcam-Les-Gets-e1650536387683.jpg\",\"width\":1920,\"height\":622,\"caption\":\"Webcam Les Gets\"},{\"@type\":\"BreadcrumbList\",\"@id\":\"https:\\\/\\\/weather-radar-live.com\\\/fr\\\/webcam\\\/france\\\/webcam-les-gets\\\/#breadcrumb\",\"itemListElement\":[{\"@type\":\"ListItem\",\"position\":1,\"name\":\"Weather Radar Live\",\"item\":\"https:\\\/\\\/weather-radar-live.com\\\/fr\\\/\"},{\"@type\":\"ListItem\",\"position\":2,\"name\":\"Webcam\",\"item\":\"https:\\\/\\\/weather-radar-live.com\\\/fr\\\/webcam\\\/\"},{\"@type\":\"ListItem\",\"position\":3,\"name\":\"France\",\"item\":\"https:\\\/\\\/weather-radar-live.com\\\/fr\\\/webcam\\\/france\\\/\"},{\"@type\":\"ListItem\",\"position\":4,\"name\":\"Webcam Les Gets\"}]},{\"@type\":\"WebSite\",\"@id\":\"https:\\\/\\\/weather-radar-live.com\\\/#website\",\"url\":\"https:\\\/\\\/weather-radar-live.com\\\/\",\"name\":\"weather-radar-live.com\",\"description\":\"Your weather and sky radar.\",\"publisher\":{\"@id\":\"https:\\\/\\\/weather-radar-live.com\\\/#organization\"},\"potentialAction\":[{\"@type\":\"SearchAction\",\"target\":{\"@type\":\"EntryPoint\",\"urlTemplate\":\"https:\\\/\\\/weather-radar-live.com\\\/?s={search_term_string}\"},\"query-input\":{\"@type\":\"PropertyValueSpecification\",\"valueRequired\":true,\"valueName\":\"search_term_string\"}}],\"inLanguage\":\"fr-FR\"},{\"@type\":\"Organization\",\"@id\":\"https:\\\/\\\/weather-radar-live.com\\\/#organization\",\"name\":\"weather-radar-live.com\",\"url\":\"https:\\\/\\\/weather-radar-live.com\\\/\",\"logo\":{\"@type\":\"ImageObject\",\"inLanguage\":\"fr-FR\",\"@id\":\"https:\\\/\\\/weather-radar-live.com\\\/#\\\/schema\\\/logo\\\/image\\\/\",\"url\":\"https:\\\/\\\/weather-radar-live.com\\\/wp-content\\\/uploads\\\/2022\\\/03\\\/cropped-WRL2503.png\",\"contentUrl\":\"https:\\\/\\\/weather-radar-live.com\\\/wp-content\\\/uploads\\\/2022\\\/03\\\/cropped-WRL2503.png\",\"width\":1920,\"height\":555,\"caption\":\"weather-radar-live.com\"},\"image\":{\"@id\":\"https:\\\/\\\/weather-radar-live.com\\\/#\\\/schema\\\/logo\\\/image\\\/\"}}]}<\/script>\n<!-- \/ Yoast SEO plugin. -->","yoast_head_json":{"title":"Webcam Les Gets - weather-radar-live.com","description":"Webcam Les Gets | Livecam de Les Gets ! \u2705 Mise \u00e0 jour pour vous en temps r\u00e9el ! \u2705 Pr\u00e9visions m\u00e9t\u00e9orologiques actuelles !","robots":{"index":"index","follow":"follow","max-snippet":"max-snippet:-1","max-image-preview":"max-image-preview:large","max-video-preview":"max-video-preview:-1"},"canonical":"https:\/\/weather-radar-live.com\/fr\/webcam\/france\/webcam-les-gets\/","og_locale":"fr_FR","og_type":"article","og_title":"Webcam Les Gets - weather-radar-live.com","og_description":"Webcam Les Gets | Livecam de Les Gets ! \u2705 Mise \u00e0 jour pour vous en temps r\u00e9el ! \u2705 Pr\u00e9visions m\u00e9t\u00e9orologiques actuelles !","og_url":"https:\/\/weather-radar-live.com\/fr\/webcam\/france\/webcam-les-gets\/","og_site_name":"weather-radar-live.com","article_modified_time":"2022-07-19T05:55:52+00:00","og_image":[{"url":"https:\/\/weather-radar-live.com\/wp-content\/uploads\/2021\/06\/sam-schooler-E9aetBe2w40-unsplash-e1622554814366.jpg","type":"","width":"","height":""}],"twitter_card":"summary_large_image","twitter_misc":{"Dur\u00e9e de lecture estim\u00e9e":"4 minutes"},"schema":{"@context":"https:\/\/schema.org","@graph":[{"@type":"WebPage","@id":"https:\/\/weather-radar-live.com\/fr\/webcam\/france\/webcam-les-gets\/","url":"https:\/\/weather-radar-live.com\/fr\/webcam\/france\/webcam-les-gets\/","name":"Webcam Les Gets - weather-radar-live.com","isPartOf":{"@id":"https:\/\/weather-radar-live.com\/#website"},"primaryImageOfPage":{"@id":"https:\/\/weather-radar-live.com\/fr\/webcam\/france\/webcam-les-gets\/#primaryimage"},"image":{"@id":"https:\/\/weather-radar-live.com\/fr\/webcam\/france\/webcam-les-gets\/#primaryimage"},"thumbnailUrl":"https:\/\/weather-radar-live.com\/wp-content\/uploads\/2022\/04\/Webcam-Les-Gets-e1650536387683.jpg","datePublished":"2022-05-12T12:36:21+00:00","dateModified":"2022-07-19T05:55:52+00:00","description":"Webcam Les Gets | Livecam de Les Gets ! \u2705 Mise \u00e0 jour pour vous en temps r\u00e9el ! \u2705 Pr\u00e9visions m\u00e9t\u00e9orologiques actuelles !","breadcrumb":{"@id":"https:\/\/weather-radar-live.com\/fr\/webcam\/france\/webcam-les-gets\/#breadcrumb"},"inLanguage":"fr-FR","potentialAction":[{"@type":"ReadAction","target":["https:\/\/weather-radar-live.com\/fr\/webcam\/france\/webcam-les-gets\/"]}]},{"@type":"ImageObject","inLanguage":"fr-FR","@id":"https:\/\/weather-radar-live.com\/fr\/webcam\/france\/webcam-les-gets\/#primaryimage","url":"https:\/\/weather-radar-live.com\/wp-content\/uploads\/2022\/04\/Webcam-Les-Gets-e1650536387683.jpg","contentUrl":"https:\/\/weather-radar-live.com\/wp-content\/uploads\/2022\/04\/Webcam-Les-Gets-e1650536387683.jpg","width":1920,"height":622,"caption":"Webcam Les Gets"},{"@type":"BreadcrumbList","@id":"https:\/\/weather-radar-live.com\/fr\/webcam\/france\/webcam-les-gets\/#breadcrumb","itemListElement":[{"@type":"ListItem","position":1,"name":"Weather Radar Live","item":"https:\/\/weather-radar-live.com\/fr\/"},{"@type":"ListItem","position":2,"name":"Webcam","item":"https:\/\/weather-radar-live.com\/fr\/webcam\/"},{"@type":"ListItem","position":3,"name":"France","item":"https:\/\/weather-radar-live.com\/fr\/webcam\/france\/"},{"@type":"ListItem","position":4,"name":"Webcam Les Gets"}]},{"@type":"WebSite","@id":"https:\/\/weather-radar-live.com\/#website","url":"https:\/\/weather-radar-live.com\/","name":"weather-radar-live.com","description":"Your weather and sky radar.","publisher":{"@id":"https:\/\/weather-radar-live.com\/#organization"},"potentialAction":[{"@type":"SearchAction","target":{"@type":"EntryPoint","urlTemplate":"https:\/\/weather-radar-live.com\/?s={search_term_string}"},"query-input":{"@type":"PropertyValueSpecification","valueRequired":true,"valueName":"search_term_string"}}],"inLanguage":"fr-FR"},{"@type":"Organization","@id":"https:\/\/weather-radar-live.com\/#organization","name":"weather-radar-live.com","url":"https:\/\/weather-radar-live.com\/","logo":{"@type":"ImageObject","inLanguage":"fr-FR","@id":"https:\/\/weather-radar-live.com\/#\/schema\/logo\/image\/","url":"https:\/\/weather-radar-live.com\/wp-content\/uploads\/2022\/03\/cropped-WRL2503.png","contentUrl":"https:\/\/weather-radar-live.com\/wp-content\/uploads\/2022\/03\/cropped-WRL2503.png","width":1920,"height":555,"caption":"weather-radar-live.com"},"image":{"@id":"https:\/\/weather-radar-live.com\/#\/schema\/logo\/image\/"}}]}},"_links":{"self":[{"href":"https:\/\/weather-radar-live.com\/fr\/wp-json\/wp\/v2\/pages\/4019","targetHints":{"allow":["GET"]}}],"collection":[{"href":"https:\/\/weather-radar-live.com\/fr\/wp-json\/wp\/v2\/pages"}],"about":[{"href":"https:\/\/weather-radar-live.com\/fr\/wp-json\/wp\/v2\/types\/page"}],"author":[{"embeddable":true,"href":"https:\/\/weather-radar-live.com\/fr\/wp-json\/wp\/v2\/users\/1"}],"replies":[{"embeddable":true,"href":"https:\/\/weather-radar-live.com\/fr\/wp-json\/wp\/v2\/comments?post=4019"}],"version-history":[{"count":5,"href":"https:\/\/weather-radar-live.com\/fr\/wp-json\/wp\/v2\/pages\/4019\/revisions"}],"predecessor-version":[{"id":5312,"href":"https:\/\/weather-radar-live.com\/fr\/wp-json\/wp\/v2\/pages\/4019\/revisions\/5312"}],"up":[{"embeddable":true,"href":"https:\/\/weather-radar-live.com\/fr\/wp-json\/wp\/v2\/pages\/3155"}],"wp:featuredmedia":[{"embeddable":true,"href":"https:\/\/weather-radar-live.com\/fr\/wp-json\/wp\/v2\/media\/3855"}],"wp:attachment":[{"href":"https:\/\/weather-radar-live.com\/fr\/wp-json\/wp\/v2\/media?parent=4019"}],"curies":[{"name":"wp","href":"https:\/\/api.w.org\/{rel}","templated":true}]}}