{"id":5525,"date":"2022-04-20T12:51:55","date_gmt":"2022-04-20T10:51:55","guid":{"rendered":"https:\/\/weather-radar-live.com\/webkamera\/ranska\/webcam-semnoz\/"},"modified":"2022-07-22T11:29:43","modified_gmt":"2022-07-22T09:29:43","slug":"%e6%91%84%e5%83%8f%e5%a4%b4semnoz","status":"publish","type":"page","link":"https:\/\/weather-radar-live.com\/fi\/webkamera\/ranska\/%e6%91%84%e5%83%8f%e5%a4%b4semnoz\/","title":{"rendered":"Webcam Semnoz"},"content":{"rendered":"<div id=\"weath-1420914660\" class=\"weath-vor-dem-inhalt weath-entity-placement\" style=\"margin-top: 15px;margin-right: 25px;margin-bottom: 40px;margin-left: 25px;\"><script async src=\"\/\/pagead2.googlesyndication.com\/pagead\/js\/adsbygoogle.js?client=ca-pub-8960936133935804\" crossorigin=\"anonymous\"><\/script><ins class=\"adsbygoogle\" style=\"display:block;\" data-ad-client=\"ca-pub-8960936133935804\" \ndata-ad-slot=\"6172817020\" \ndata-ad-format=\"auto\"><\/ins>\n<script> \n(adsbygoogle = window.adsbygoogle || []).push({}); \n<\/script>\n<\/div>\n<div class=\"wp-block-cover alignfull is-light\"><span aria-hidden=\"true\" class=\"wp-block-cover__gradient-background has-background-dim\"><\/span><img decoding=\"async\" class=\"wp-block-cover__image-background wp-image-342\" alt=\"Webcam Semnoz\" src=\"https:\/\/weather-radar-live.com\/wp-content\/uploads\/2021\/06\/sam-schooler-E9aetBe2w40-unsplash-e1622554814366.jpg\" data-object-fit=\"cover\"\/><div class=\"wp-block-cover__inner-container is-layout-flow wp-block-cover-is-layout-flow\">\n<h2 class=\"has-text-align-center heading wp-block-heading\" id=\"webcam-fort-mahon\" style=\"font-size:40px;text-transform:uppercase\"><strong><mark style=\"background-color:rgba(0, 0, 0, 0)\" class=\"has-inline-color has-base-3-color\"><strong>Webcam<\/strong><\/mark><br><mark style=\"background-color:rgba(0, 0, 0, 0)\" class=\"has-inline-color has-base-3-color\">SEMNOZ<\/mark><\/strong><\/h2>\n<\/div><\/div>\n\n\n<div class=\"yoast-breadcrumbs\"><span><span><a href=\"https:\/\/weather-radar-live.com\/fi\/\">Weather Radar Live<\/a><\/span> \u00bb <span><a href=\"https:\/\/weather-radar-live.com\/fi\/webkamera\/\">Webkamera<\/a><\/span> \u00bb <span><a href=\"https:\/\/weather-radar-live.com\/fi\/webkamera\/ranska\/\">Ranska<\/a><\/span> \u00bb <span class=\"breadcrumb_last\" aria-current=\"page\"><strong>Webcam Semnoz<\/strong><\/span><\/span><\/div>\n\n\n<h2 class=\"has-text-align-center wp-block-heading\" id=\"webcam-fort-mahon\"><strong>Webcam<\/strong> <strong>Semnoz<\/strong><\/h2>\n\n\n\n<p>Semnoz, Bauges-vuoriston kuuluisin vuori, sijaitsee Auvergne-Rh\u00f4ne-Alpesissa. Semnoz ulottuu Ch\u00e9ranista Annecy-j\u00e4rven rannalle. T\u00e4m\u00e4 Haute-Savoien vuori ulottuu 450 metrin korkeudesta 1 699 metriin. L\u00e4hell\u00e4 Annecy-j\u00e4rve\u00e4 se tarjoaa laajan m.aston, jossa voi harrastaa lumilautailua, hiihtoa, vuoristovaellusta ja k\u00e4vely\u00e4 ymp\u00e4ri vuoden <\/p>\n\n\n\n<p>Yleisesti ottaen kes\u00e4 on miellytt\u00e4v\u00e4, ja ulkoilma-aktiviteeteista voi nauttia laajalti, vaikka toisinaan voi esiinty\u00e4 ukkosmyrskyj\u00e4 ja sadetta. Semnozin suosituimpiin paikkoihin kuuluu karu alue nimelt\u00e4 Cr\u00eat-du- Chatillon. Ikuisesti lumihuippuisten Alppien lis\u00e4ksi voit n\u00e4hd\u00e4 my\u00f6s Annecyn turkoosin j\u00e4rven ja vieh\u00e4tt\u00e4v\u00e4n kaupungin. Jos olet utelias tiet\u00e4m\u00e4\u00e4n Semozin s\u00e4\u00e4tiedotukset ja ilmaston, t\u00e4\u00e4lt\u00e4 saat kaikki olennaiset tiedot, jotka sinun tarvitsee tiet\u00e4\u00e4.<\/p><div id=\"weath-4115134895\" class=\"weath-inhalt_2 weath-entity-placement\" style=\"margin-top: 15px;margin-right: 25px;margin-bottom: 35px;margin-left: 25px;\"><script async src=\"\/\/pagead2.googlesyndication.com\/pagead\/js\/adsbygoogle.js?client=ca-pub-8960936133935804\" crossorigin=\"anonymous\"><\/script><ins class=\"adsbygoogle\" style=\"display:block;\" data-ad-client=\"ca-pub-8960936133935804\" \ndata-ad-slot=\"1963584050\" \ndata-ad-format=\"auto\"><\/ins>\n<script> \n(adsbygoogle = window.adsbygoogle || []).push({}); \n<\/script>\n<\/div>\n\n\n\n<h3 class=\"has-text-align-center wp-block-heading\">\ud83d\udd34 <strong>Webcam<\/strong> <strong>Semnoz<\/strong> (panoraama)<\/h3>\n\n\n\n<iframe src=\"https:\/\/app.webcam-hd.com\/semnoz\/semnoz-ski\" style=\"width: 100%; height: 400px; border: none;\" allowfullscreen=\"\"><\/iframe>\n\n\n\n<p><\/p>\n\n\n\n<h3 class=\"has-text-align-center wp-block-heading\">\ud83d\udd34 <strong>Webcam Semnoz<\/strong> Mountain Peak (Panorama)<\/h3>\n\n\n\n<iframe src=\"https:\/\/app.webcam-hd.com\/semnoz\/sommet_tmx\" style=\"width: 100%; height: 400px; border: none;\" allowfullscreen=\"\"><\/iframe>\n\n\n\n<p class=\"has-text-align-center\"><strong><sup>Hiiren napsautuksella (\u00e4lypuhelimella: vaihda n\u00e4kym\u00e4\u00e4 yksinkertaisesti napauttamalla) voit siirt\u00e4\u00e4 web-kameraa haluamaasi suuntaan. K\u00e4\u00e4nt\u00e4m\u00e4ll\u00e4 hiiren py\u00f6r\u00e4\u00e4 tai zoomaamalla sormilla voit l\u00e4hent\u00e4\u00e4 web-kameraa. Vaihtoehtoisesti voit k\u00e4ytt\u00e4\u00e4 t\u00e4h\u00e4n tarkoitukseen my\u00f6s painikkeita.<\/sup><\/strong><\/p>\n\n\n\n<div class=\"wp-block-columns is-layout-flex wp-container-core-columns-is-layout-9d6595d7 wp-block-columns-is-layout-flex\">\n<div class=\"wp-block-column webcam-column is-layout-flow wp-block-column-is-layout-flow\">\n<h3 class=\"has-text-align-center wp-block-heading\"><strong> \ud83d\udd34 Webcam<\/strong> <strong>Semnoz<\/strong> &#8211; 1699 m<\/h3>\n\n\n\n<a name=\"windy-webcam-timelapse-player\" data-id=\"1457102334\" data-play=\"day\" href=\"https:\/\/windy.com\/webcams\/1457102334\" target=\"_blank\" rel=\"noopener\">Sevrier: Semnoz &#8211; 1 699 m<\/a><script async=\"\" type=\"text\/javascript\" src=\"https:\/\/webcams.windy.com\/webcams\/public\/embed\/script\/player.js\"><\/script>\n<\/div>\n<\/div>\n\n\n\n<h2 class=\"wp-block-heading\" id=\"fort-mahon-today\"><strong><strong>S\u00e4\u00e4 tutka Semnoz &#8211; S\u00e4\u00e4 Semnozissa<\/strong><\/strong><\/h2>\n\n\n\n<p><a href=\"https:\/\/weather-radar-live.com\/fi\/\">Weather Radar Live<\/a> vastaanottaa tietoja <a href=\"https:\/\/weather-radar-live.com\/fi\/pilvet\/\">pilvipeitteest\u00e4<\/a>, <a href=\"https:\/\/weather-radar-live.com\/fi\/ukkostutka\/\">ukkosista<\/a>, <a href=\"https:\/\/weather-radar-live.com\/fi\/tornado-radar\/\">tornadoista<\/a> ja <a href=\"https:\/\/weather-radar-live.com\/fi\/sadetutka\/\">sateista<\/a> ja n\u00e4ytt\u00e4\u00e4 ne sinulle helposti ymm\u00e4rrett\u00e4v\u00e4ll\u00e4 tavalla. Webcam Semnoz tarjoaa sinulle sek\u00e4 ajankohtaiset ett\u00e4 ennustetut s\u00e4\u00e4tiedotukset. Joten jos olet suunnitellut retke\u00e4 kohteeseen Semnoz, voit selata karttaa ja saada arvion s\u00e4\u00e4olosuhteista. Lis\u00e4ksi voit tarkastella s\u00e4\u00e4olosuhteita vaivattomasti, ja k\u00e4ytt\u00e4m\u00e4ll\u00e4 + tai &#8211; merkki\u00e4 voit zoomata tarkkaa sijaintia.<\/p>\n\n\n\n<div class=\"wp-block-columns is-layout-flex wp-container-core-columns-is-layout-9d6595d7 wp-block-columns-is-layout-flex\">\n<div class=\"wp-block-column is-layout-flow wp-block-column-is-layout-flow\" style=\"flex-basis:75%\">\n<iframe loading=\"lazy\" width=\"1300\" height=\"502\" src=\"https:\/\/embed.windy.com\/embed2.html?lat=45.797&amp;lon=5.900&amp;detailLat=45.797&amp;detailLon=5.900&amp;width=1300&amp;height=502&amp;zoom=11&amp;level=surface&amp;overlay=wind&amp;product=ecmwf&amp;menu=&amp;message=&amp;marker=&amp;calendar=now&amp;pressure=&amp;type=map&amp;location=coordinates&amp;detail=&amp;metricWind=default&amp;metricTemp=default&amp;radarRange=-1\" frameborder=\"0\"><\/iframe>\n<\/div>\n\n\n\n<div class=\"wp-block-column is-layout-flow wp-block-column-is-layout-flow\" style=\"flex-basis:25%\">\n<a class=\"weatherwidget-io\" href=\"https:\/\/forecast7.com\/en\/45d906d13\/annecy\/\" data-label_1=\"ANNECY\" data-font=\"Roboto\" data-theme=\"original\">ANNECY<\/a>\n<script>\n!function(d,s,id){var js,fjs=d.getElementsByTagName(s)[0];if(!d.getElementById(id)){js=d.createElement(s);js.id=id;js.src='https:\/\/weatherwidget.io\/js\/widget.min.js';fjs.parentNode.insertBefore(js,fjs);}}(document,'script','weatherwidget-io-js');\n<\/script>\n<\/div>\n<\/div>\n\n\n\n<h2 class=\"wp-block-heading\" id=\"fort-mahon-weather\"><strong><strong>Ilmasto Semnoz<\/strong><\/strong><\/h2>\n\n\n\n<p>Semnazin kohtalaisen mannermainen ilmasto antaa asukkaille ja vierailijoille mahdollisuuden nauttia j\u00e4isist\u00e4 talvista ja l\u00e4mpimist\u00e4 kesist\u00e4. Alppien l\u00e4heisyyden vuoksi ilmasto on sateinen ja lumisateet ovat talvella melko yleisi\u00e4. Atlantin korkeiden virtausten aikaan l\u00e4mp\u00f6tila voi olla leuto, mutta muina aikoina se voi laskea pakkasen alapuolelle &#8211; jopa -10 \u00b0C:een.<\/p>\n\n\n\n<p><strong>Keskil\u00e4mp\u00f6tila<\/strong><\/p>\n\n\n\n<p>Tammikuussa sen keskil\u00e4mp\u00f6tila on noin 36 \u00b0F eli 2,1 \u00b0C. Vuoden l\u00e4mpimimp\u00e4n\u00e4 kuukautena eli hein\u00e4kuussa keskil\u00e4mp\u00f6tila on 20,5 \u00b0C <\/p>\n\n\n\n<p><strong>Sadem\u00e4\u00e4r\u00e4<\/strong> <\/p>\n\n\n\n<p>Keskim\u00e4\u00e4r\u00e4inen sadem\u00e4\u00e4r\u00e4 vuodessa kohteessa Semnoz on 49,2 tuumaa eli 1 250 millimetri\u00e4.<\/p>\n\n\n\n<p><strong>Lumisateen luotettavuus <\/strong><\/p>\n\n\n\n<p>Annecy-LeSemnozin rakastetuimpia p\u00e4ivi\u00e4 ovat Bluebird Powder -p\u00e4iv\u00e4t, joille on tyypillist\u00e4 auringonpaiste ja kevyt tuuli hyvin tuoreen lumisateen j\u00e4lkeen. Powder-p\u00e4iv\u00e4t voivat tuoda huonommat s\u00e4\u00e4olosuhteet, jolloin n\u00e4kyvyys on rajoitettu, mutta lumi on tuoretta ja syv\u00e4\u00e4 puuteriharrastajille. Jotkut hiiht\u00e4j\u00e4t nauttivat bluebird-p\u00e4ivist\u00e4 enemm\u00e4n kuin puuterip\u00e4ivist\u00e4, sill\u00e4 he nauttivat lumisista vuorista kevyess\u00e4 tuulessa ja l\u00e4mpimiss\u00e4 olosuhteissa.<\/p>\n\n\n\n<h2 class=\"wp-block-heading\"><strong><strong>Alppihiihtoalue<\/strong><\/strong><\/h2>\n\n\n\n<p>Kaiken tasoiset laskettelijat voivat nauttia Semnozin 18 rinteest\u00e4. Siell\u00e4 on 6 punaista, 7 vihre\u00e4\u00e4 ja 5 sinist\u00e4 rinnett\u00e4. Rinteit\u00e4 palvelee kymmenen hiihtohissi\u00e4 ( 7 hiihtohissi\u00e4, 2 tuolihissi\u00e4 ja k\u00f6ysirata). Baugesin ja Annecyn lumirintamat sijaitsevat 1450 metrin korkeudessa. 1704 metriin noustessa ladut kulkevat l\u00e4pi kuusien ja alppiniittyjen. Freestylerit voivat valita slopestyle-tyyppisen snowparkin, joka on vuorattu moduuleilla (liukutangot, laatikot, jibit jne.) tai sis\u00e4\u00e4nrakennetuilla moduuleilla (p\u00f6yd\u00e4t, selk\u00e4rangat jne.) hyppyjen, kuvioiden ja py\u00f6r\u00e4hdysten suorittamiseksi.<\/p>\n","protected":false},"excerpt":{"rendered":"<p>Webcam Semnoz Semnoz, Bauges-vuoriston kuuluisin vuori, sijaitsee Auvergne-Rh\u00f4ne-Alpesissa. Semnoz ulottuu Ch\u00e9ranista Annecy-j\u00e4rven rannalle. T\u00e4m\u00e4 Haute-Savoien vuori ulottuu 450 metrin korkeudesta 1 699 metriin. L\u00e4hell\u00e4 Annecy-j\u00e4rve\u00e4 se tarjoaa laajan m.aston, jossa voi harrastaa lumilautailua, hiihtoa, vuoristovaellusta ja k\u00e4vely\u00e4 ymp\u00e4ri vuoden Yleisesti ottaen kes\u00e4 on miellytt\u00e4v\u00e4, ja ulkoilma-aktiviteeteista voi nauttia laajalti, vaikka toisinaan voi esiinty\u00e4 ukkosmyrskyj\u00e4 ja &#8230; <a title=\"Webcam Semnoz\" class=\"read-more\" href=\"https:\/\/weather-radar-live.com\/fi\/webkamera\/ranska\/%e6%91%84%e5%83%8f%e5%a4%b4semnoz\/\" aria-label=\"Lue lis\u00e4\u00e4 aiheesta Webcam Semnoz\">Lue lis\u00e4\u00e4<\/a><\/p>\n","protected":false},"author":1,"featured_media":3820,"parent":4177,"menu_order":0,"comment_status":"closed","ping_status":"closed","template":"","meta":{"footnotes":""},"class_list":["post-5525","page","type-page","status-publish","has-post-thumbnail"],"yoast_head":"<!-- This site is optimized with the Yoast SEO plugin v27.5 - https:\/\/yoast.com\/product\/yoast-seo-wordpress\/ -->\n<title>Webcam Semnoz \u2192 Katso se suorana l\u00e4hetyksen\u00e4!<\/title>\n<meta name=\"description\" content=\"Webcam Semnoz | Webcam Semnoz! \u2705 P\u00e4ivitetty sinulle reaaliajassa! \u2705 Nykyinen s\u00e4\u00e4ennuste!\" \/>\n<meta name=\"robots\" content=\"index, follow, max-snippet:-1, max-image-preview:large, max-video-preview:-1\" \/>\n<link rel=\"canonical\" href=\"https:\/\/weather-radar-live.com\/fi\/webkamera\/ranska\/\u6444\u50cf\u5934semnoz\/\" \/>\n<meta property=\"og:locale\" content=\"fi_FI\" \/>\n<meta property=\"og:type\" content=\"article\" \/>\n<meta property=\"og:title\" content=\"Webcam Semnoz \u2192 Katso se suorana l\u00e4hetyksen\u00e4!\" \/>\n<meta property=\"og:description\" content=\"Webcam Semnoz | Webcam Semnoz! \u2705 P\u00e4ivitetty sinulle reaaliajassa! \u2705 Nykyinen s\u00e4\u00e4ennuste!\" \/>\n<meta property=\"og:url\" content=\"https:\/\/weather-radar-live.com\/fi\/webkamera\/ranska\/\u6444\u50cf\u5934semnoz\/\" \/>\n<meta property=\"og:site_name\" content=\"weather-radar-live.com\" \/>\n<meta property=\"article:modified_time\" content=\"2022-07-22T09:29:43+00:00\" \/>\n<meta property=\"og:image\" content=\"https:\/\/weather-radar-live.com\/wp-content\/uploads\/2022\/04\/Webcam-Semnoz-e1650462287168.jpg\" \/>\n\t<meta property=\"og:image:width\" content=\"1919\" \/>\n\t<meta property=\"og:image:height\" content=\"911\" \/>\n\t<meta property=\"og:image:type\" content=\"image\/jpeg\" \/>\n<meta name=\"twitter:card\" content=\"summary_large_image\" \/>\n<meta name=\"twitter:label1\" content=\"Arvioitu lukuaika\" \/>\n\t<meta name=\"twitter:data1\" content=\"2 minuuttia\" \/>\n<script type=\"application\/ld+json\" class=\"yoast-schema-graph\">{\"@context\":\"https:\\\/\\\/schema.org\",\"@graph\":[{\"@type\":\"WebPage\",\"@id\":\"https:\\\/\\\/weather-radar-live.com\\\/fi\\\/webkamera\\\/ranska\\\/%e6%91%84%e5%83%8f%e5%a4%b4semnoz\\\/\",\"url\":\"https:\\\/\\\/weather-radar-live.com\\\/fi\\\/webkamera\\\/ranska\\\/%e6%91%84%e5%83%8f%e5%a4%b4semnoz\\\/\",\"name\":\"Webcam Semnoz \u2192 Katso se suorana l\u00e4hetyksen\u00e4!\",\"isPartOf\":{\"@id\":\"https:\\\/\\\/weather-radar-live.com\\\/#website\"},\"primaryImageOfPage\":{\"@id\":\"https:\\\/\\\/weather-radar-live.com\\\/fi\\\/webkamera\\\/ranska\\\/%e6%91%84%e5%83%8f%e5%a4%b4semnoz\\\/#primaryimage\"},\"image\":{\"@id\":\"https:\\\/\\\/weather-radar-live.com\\\/fi\\\/webkamera\\\/ranska\\\/%e6%91%84%e5%83%8f%e5%a4%b4semnoz\\\/#primaryimage\"},\"thumbnailUrl\":\"https:\\\/\\\/weather-radar-live.com\\\/wp-content\\\/uploads\\\/2022\\\/04\\\/Webcam-Semnoz-e1650462287168.jpg\",\"datePublished\":\"2022-04-20T10:51:55+00:00\",\"dateModified\":\"2022-07-22T09:29:43+00:00\",\"description\":\"Webcam Semnoz | Webcam Semnoz! \u2705 P\u00e4ivitetty sinulle reaaliajassa! \u2705 Nykyinen s\u00e4\u00e4ennuste!\",\"breadcrumb\":{\"@id\":\"https:\\\/\\\/weather-radar-live.com\\\/fi\\\/webkamera\\\/ranska\\\/%e6%91%84%e5%83%8f%e5%a4%b4semnoz\\\/#breadcrumb\"},\"inLanguage\":\"fi\",\"potentialAction\":[{\"@type\":\"ReadAction\",\"target\":[\"https:\\\/\\\/weather-radar-live.com\\\/fi\\\/webkamera\\\/ranska\\\/%e6%91%84%e5%83%8f%e5%a4%b4semnoz\\\/\"]}]},{\"@type\":\"ImageObject\",\"inLanguage\":\"fi\",\"@id\":\"https:\\\/\\\/weather-radar-live.com\\\/fi\\\/webkamera\\\/ranska\\\/%e6%91%84%e5%83%8f%e5%a4%b4semnoz\\\/#primaryimage\",\"url\":\"https:\\\/\\\/weather-radar-live.com\\\/wp-content\\\/uploads\\\/2022\\\/04\\\/Webcam-Semnoz-e1650462287168.jpg\",\"contentUrl\":\"https:\\\/\\\/weather-radar-live.com\\\/wp-content\\\/uploads\\\/2022\\\/04\\\/Webcam-Semnoz-e1650462287168.jpg\",\"width\":1919,\"height\":911,\"caption\":\"Webcam-Semnoz\"},{\"@type\":\"BreadcrumbList\",\"@id\":\"https:\\\/\\\/weather-radar-live.com\\\/fi\\\/webkamera\\\/ranska\\\/%e6%91%84%e5%83%8f%e5%a4%b4semnoz\\\/#breadcrumb\",\"itemListElement\":[{\"@type\":\"ListItem\",\"position\":1,\"name\":\"Weather Radar Live\",\"item\":\"https:\\\/\\\/weather-radar-live.com\\\/fi\\\/\"},{\"@type\":\"ListItem\",\"position\":2,\"name\":\"Webkamera\",\"item\":\"https:\\\/\\\/weather-radar-live.com\\\/fi\\\/webkamera\\\/\"},{\"@type\":\"ListItem\",\"position\":3,\"name\":\"Ranska\",\"item\":\"https:\\\/\\\/weather-radar-live.com\\\/fi\\\/webkamera\\\/ranska\\\/\"},{\"@type\":\"ListItem\",\"position\":4,\"name\":\"Webcam Semnoz\"}]},{\"@type\":\"WebSite\",\"@id\":\"https:\\\/\\\/weather-radar-live.com\\\/#website\",\"url\":\"https:\\\/\\\/weather-radar-live.com\\\/\",\"name\":\"weather-radar-live.com\",\"description\":\"Your weather and sky radar.\",\"publisher\":{\"@id\":\"https:\\\/\\\/weather-radar-live.com\\\/#organization\"},\"potentialAction\":[{\"@type\":\"SearchAction\",\"target\":{\"@type\":\"EntryPoint\",\"urlTemplate\":\"https:\\\/\\\/weather-radar-live.com\\\/?s={search_term_string}\"},\"query-input\":{\"@type\":\"PropertyValueSpecification\",\"valueRequired\":true,\"valueName\":\"search_term_string\"}}],\"inLanguage\":\"fi\"},{\"@type\":\"Organization\",\"@id\":\"https:\\\/\\\/weather-radar-live.com\\\/#organization\",\"name\":\"weather-radar-live.com\",\"url\":\"https:\\\/\\\/weather-radar-live.com\\\/\",\"logo\":{\"@type\":\"ImageObject\",\"inLanguage\":\"fi\",\"@id\":\"https:\\\/\\\/weather-radar-live.com\\\/#\\\/schema\\\/logo\\\/image\\\/\",\"url\":\"https:\\\/\\\/weather-radar-live.com\\\/wp-content\\\/uploads\\\/2022\\\/03\\\/cropped-WRL2503.png\",\"contentUrl\":\"https:\\\/\\\/weather-radar-live.com\\\/wp-content\\\/uploads\\\/2022\\\/03\\\/cropped-WRL2503.png\",\"width\":1920,\"height\":555,\"caption\":\"weather-radar-live.com\"},\"image\":{\"@id\":\"https:\\\/\\\/weather-radar-live.com\\\/#\\\/schema\\\/logo\\\/image\\\/\"}}]}<\/script>\n<!-- \/ Yoast SEO plugin. -->","yoast_head_json":{"title":"Webcam Semnoz \u2192 Katso se suorana l\u00e4hetyksen\u00e4!","description":"Webcam Semnoz | Webcam Semnoz! \u2705 P\u00e4ivitetty sinulle reaaliajassa! \u2705 Nykyinen s\u00e4\u00e4ennuste!","robots":{"index":"index","follow":"follow","max-snippet":"max-snippet:-1","max-image-preview":"max-image-preview:large","max-video-preview":"max-video-preview:-1"},"canonical":"https:\/\/weather-radar-live.com\/fi\/webkamera\/ranska\/\u6444\u50cf\u5934semnoz\/","og_locale":"fi_FI","og_type":"article","og_title":"Webcam Semnoz \u2192 Katso se suorana l\u00e4hetyksen\u00e4!","og_description":"Webcam Semnoz | Webcam Semnoz! \u2705 P\u00e4ivitetty sinulle reaaliajassa! \u2705 Nykyinen s\u00e4\u00e4ennuste!","og_url":"https:\/\/weather-radar-live.com\/fi\/webkamera\/ranska\/\u6444\u50cf\u5934semnoz\/","og_site_name":"weather-radar-live.com","article_modified_time":"2022-07-22T09:29:43+00:00","og_image":[{"width":1919,"height":911,"url":"https:\/\/weather-radar-live.com\/wp-content\/uploads\/2022\/04\/Webcam-Semnoz-e1650462287168.jpg","type":"image\/jpeg"}],"twitter_card":"summary_large_image","twitter_misc":{"Arvioitu lukuaika":"2 minuuttia"},"schema":{"@context":"https:\/\/schema.org","@graph":[{"@type":"WebPage","@id":"https:\/\/weather-radar-live.com\/fi\/webkamera\/ranska\/%e6%91%84%e5%83%8f%e5%a4%b4semnoz\/","url":"https:\/\/weather-radar-live.com\/fi\/webkamera\/ranska\/%e6%91%84%e5%83%8f%e5%a4%b4semnoz\/","name":"Webcam Semnoz \u2192 Katso se suorana l\u00e4hetyksen\u00e4!","isPartOf":{"@id":"https:\/\/weather-radar-live.com\/#website"},"primaryImageOfPage":{"@id":"https:\/\/weather-radar-live.com\/fi\/webkamera\/ranska\/%e6%91%84%e5%83%8f%e5%a4%b4semnoz\/#primaryimage"},"image":{"@id":"https:\/\/weather-radar-live.com\/fi\/webkamera\/ranska\/%e6%91%84%e5%83%8f%e5%a4%b4semnoz\/#primaryimage"},"thumbnailUrl":"https:\/\/weather-radar-live.com\/wp-content\/uploads\/2022\/04\/Webcam-Semnoz-e1650462287168.jpg","datePublished":"2022-04-20T10:51:55+00:00","dateModified":"2022-07-22T09:29:43+00:00","description":"Webcam Semnoz | Webcam Semnoz! \u2705 P\u00e4ivitetty sinulle reaaliajassa! \u2705 Nykyinen s\u00e4\u00e4ennuste!","breadcrumb":{"@id":"https:\/\/weather-radar-live.com\/fi\/webkamera\/ranska\/%e6%91%84%e5%83%8f%e5%a4%b4semnoz\/#breadcrumb"},"inLanguage":"fi","potentialAction":[{"@type":"ReadAction","target":["https:\/\/weather-radar-live.com\/fi\/webkamera\/ranska\/%e6%91%84%e5%83%8f%e5%a4%b4semnoz\/"]}]},{"@type":"ImageObject","inLanguage":"fi","@id":"https:\/\/weather-radar-live.com\/fi\/webkamera\/ranska\/%e6%91%84%e5%83%8f%e5%a4%b4semnoz\/#primaryimage","url":"https:\/\/weather-radar-live.com\/wp-content\/uploads\/2022\/04\/Webcam-Semnoz-e1650462287168.jpg","contentUrl":"https:\/\/weather-radar-live.com\/wp-content\/uploads\/2022\/04\/Webcam-Semnoz-e1650462287168.jpg","width":1919,"height":911,"caption":"Webcam-Semnoz"},{"@type":"BreadcrumbList","@id":"https:\/\/weather-radar-live.com\/fi\/webkamera\/ranska\/%e6%91%84%e5%83%8f%e5%a4%b4semnoz\/#breadcrumb","itemListElement":[{"@type":"ListItem","position":1,"name":"Weather Radar Live","item":"https:\/\/weather-radar-live.com\/fi\/"},{"@type":"ListItem","position":2,"name":"Webkamera","item":"https:\/\/weather-radar-live.com\/fi\/webkamera\/"},{"@type":"ListItem","position":3,"name":"Ranska","item":"https:\/\/weather-radar-live.com\/fi\/webkamera\/ranska\/"},{"@type":"ListItem","position":4,"name":"Webcam Semnoz"}]},{"@type":"WebSite","@id":"https:\/\/weather-radar-live.com\/#website","url":"https:\/\/weather-radar-live.com\/","name":"weather-radar-live.com","description":"Your weather and sky radar.","publisher":{"@id":"https:\/\/weather-radar-live.com\/#organization"},"potentialAction":[{"@type":"SearchAction","target":{"@type":"EntryPoint","urlTemplate":"https:\/\/weather-radar-live.com\/?s={search_term_string}"},"query-input":{"@type":"PropertyValueSpecification","valueRequired":true,"valueName":"search_term_string"}}],"inLanguage":"fi"},{"@type":"Organization","@id":"https:\/\/weather-radar-live.com\/#organization","name":"weather-radar-live.com","url":"https:\/\/weather-radar-live.com\/","logo":{"@type":"ImageObject","inLanguage":"fi","@id":"https:\/\/weather-radar-live.com\/#\/schema\/logo\/image\/","url":"https:\/\/weather-radar-live.com\/wp-content\/uploads\/2022\/03\/cropped-WRL2503.png","contentUrl":"https:\/\/weather-radar-live.com\/wp-content\/uploads\/2022\/03\/cropped-WRL2503.png","width":1920,"height":555,"caption":"weather-radar-live.com"},"image":{"@id":"https:\/\/weather-radar-live.com\/#\/schema\/logo\/image\/"}}]}},"_links":{"self":[{"href":"https:\/\/weather-radar-live.com\/fi\/wp-json\/wp\/v2\/pages\/5525","targetHints":{"allow":["GET"]}}],"collection":[{"href":"https:\/\/weather-radar-live.com\/fi\/wp-json\/wp\/v2\/pages"}],"about":[{"href":"https:\/\/weather-radar-live.com\/fi\/wp-json\/wp\/v2\/types\/page"}],"author":[{"embeddable":true,"href":"https:\/\/weather-radar-live.com\/fi\/wp-json\/wp\/v2\/users\/1"}],"replies":[{"embeddable":true,"href":"https:\/\/weather-radar-live.com\/fi\/wp-json\/wp\/v2\/comments?post=5525"}],"version-history":[{"count":3,"href":"https:\/\/weather-radar-live.com\/fi\/wp-json\/wp\/v2\/pages\/5525\/revisions"}],"predecessor-version":[{"id":5548,"href":"https:\/\/weather-radar-live.com\/fi\/wp-json\/wp\/v2\/pages\/5525\/revisions\/5548"}],"up":[{"embeddable":true,"href":"https:\/\/weather-radar-live.com\/fi\/wp-json\/wp\/v2\/pages\/4177"}],"wp:featuredmedia":[{"embeddable":true,"href":"https:\/\/weather-radar-live.com\/fi\/wp-json\/wp\/v2\/media\/3820"}],"wp:attachment":[{"href":"https:\/\/weather-radar-live.com\/fi\/wp-json\/wp\/v2\/media?parent=5525"}],"curies":[{"name":"wp","href":"https:\/\/api.w.org\/{rel}","templated":true}]}}