{"id":5331,"date":"2022-04-21T12:50:04","date_gmt":"2022-04-21T10:50:04","guid":{"rendered":"https:\/\/weather-radar-live.com\/webkamera\/ranska\/webcam-markstein\/"},"modified":"2022-07-20T13:54:46","modified_gmt":"2022-07-20T11:54:46","slug":"webcam-markstein","status":"publish","type":"page","link":"https:\/\/weather-radar-live.com\/fi\/webkamera\/ranska\/webcam-markstein\/","title":{"rendered":"Webkamera Markstein"},"content":{"rendered":"<div id=\"weath-3144646972\" class=\"weath-vor-dem-inhalt weath-entity-placement\" style=\"margin-top: 15px;margin-right: 25px;margin-bottom: 40px;margin-left: 25px;\"><script async src=\"\/\/pagead2.googlesyndication.com\/pagead\/js\/adsbygoogle.js?client=ca-pub-8960936133935804\" crossorigin=\"anonymous\"><\/script><ins class=\"adsbygoogle\" style=\"display:block;\" data-ad-client=\"ca-pub-8960936133935804\" \ndata-ad-slot=\"6172817020\" \ndata-ad-format=\"auto\"><\/ins>\n<script> \n(adsbygoogle = window.adsbygoogle || []).push({}); \n<\/script>\n<\/div>\n<div class=\"wp-block-cover alignfull is-light\"><span aria-hidden=\"true\" class=\"wp-block-cover__gradient-background has-background-dim\"><\/span><img decoding=\"async\" class=\"wp-block-cover__image-background wp-image-342\" alt=\"Webcam Markstein \" src=\"https:\/\/weather-radar-live.com\/wp-content\/uploads\/2021\/06\/sam-schooler-E9aetBe2w40-unsplash-e1622554814366.jpg\" data-object-fit=\"cover\"\/><div class=\"wp-block-cover__inner-container is-layout-flow wp-block-cover-is-layout-flow\">\n<h2 class=\"has-text-align-center heading wp-block-heading\" id=\"webcam-fort-mahon\" style=\"font-size:40px;text-transform:uppercase\"><strong><mark style=\"background-color:rgba(0, 0, 0, 0)\" class=\"has-inline-color has-base-3-color\"><strong>Webkamera <\/strong><\/mark><\/strong><br><strong><mark style=\"background-color:rgba(0, 0, 0, 0)\" class=\"has-inline-color has-base-3-color\"><strong>MARKSTEIN<\/strong><\/mark><\/strong><\/h2>\n<\/div><\/div>\n\n\n<div class=\"yoast-breadcrumbs\"><span><span><a href=\"https:\/\/weather-radar-live.com\/fi\/\">Weather Radar Live<\/a><\/span> \u00bb <span><a href=\"https:\/\/weather-radar-live.com\/fi\/webkamera\/\">Webkamera<\/a><\/span> \u00bb <span><a href=\"https:\/\/weather-radar-live.com\/fi\/webkamera\/ranska\/\">Ranska<\/a><\/span> \u00bb <span class=\"breadcrumb_last\" aria-current=\"page\"><strong>Webkamera Markstein<\/strong><\/span><\/span><\/div>\n\n\n<h2 class=\"has-text-align-center wp-block-heading\" id=\"webcam-fort-mahon\"><strong>Webkamera <strong><strong>Markstein<\/strong><\/strong><\/strong><\/h2>\n\n\n\n<p>Vosges-vuoristossa Ranskassa sijaitseva Le Markstein on alppihiihtokeskus, joka sijaitsee 1020 metrin ja 1268 metrin korkeudessa. T\u00e4m\u00e4 hiihtoasema sijaitsee Route des Cr\u00eates -reitin varrella Haut Rhinin departementissa. Slalom-asemalla, joka sijaitsee hiihtokeskuksessa, j\u00e4rjestet\u00e4\u00e4n vuosittain Kansainv\u00e4lisen hiihtoliiton kilpailuja. Le Grand Ballonin, Le Marksteinin ja Le Schnepfenriedin yhdist\u00e4v\u00e4 Route Nordique on alueen selk\u00e4ranka, jonka avulla voit tutustua siihen t\u00e4ydellisesti. Jos haluat suunnitella matkaa Marsteiniin tai nauttia t\u00e4st\u00e4 paikasta kotoa k\u00e4sin, Webcam Markstein auttaa sinua. Tutustutaanpa tarkemmin s\u00e4\u00e4h\u00e4n, ilmastoon ja Le Marskteinin lomakohteeseen!<\/p>\n\n\n\n<div class=\"wp-block-columns is-layout-flex wp-container-core-columns-is-layout-9d6595d7 wp-block-columns-is-layout-flex\">\n<div class=\"wp-block-column webcam-column is-layout-flow wp-block-column-is-layout-flow\">\n<h3 class=\"has-text-align-center live-emoji wp-block-heading\"><strong><strong><strong>\ud83d\udd34 Webkamera Markstein <\/strong><\/strong><\/strong>Grenouill\u00e8re (panoraama)<\/h3>\n\n\n\n<iframe src=\"https:\/\/app.webcam-hd.com\/markstein\/grenouillere\" style=\"width: 100%; height: 400px; border: none;\" allowfullscreen=\"\"><\/iframe>\n\n\n\n<p><\/p>\n\n\n\n<h3 class=\"has-text-align-center wp-block-heading\"><strong><strong><strong>\ud83d\udd34 Webkamera Markstein <\/strong><\/strong><\/strong>Steinlebach (panoraama)<\/h3>\n\n\n\n<iframe src=\"https:\/\/app.webcam-hd.com\/markstein\/maison-accueil\" style=\"width: 100%; height: 400px; border: none;\" allowfullscreen=\"\"><\/iframe>\n\n\n\n<h3 class=\"has-text-align-center wp-block-heading\"><strong><strong><strong><strong>\ud83d\udd34 Webkamera Markstein <\/strong><\/strong><\/strong><\/strong>La f\u00e9d\u00e9rale (Panorama)<\/h3>\n\n\n\n<iframe src=\"https:\/\/app.webcam-hd.com\/markstein\/la-federale\" style=\"width: 100%; height: 400px; border: none;\" allowfullscreen=\"\"><\/iframe>\n\n\n\n<p class=\"has-text-align-center\"><strong><sup>Hiiren napsautuksella (\u00e4lypuhelimella voit vaihtaa n\u00e4kym\u00e4\u00e4 napauttamalla) voit siirt\u00e4\u00e4 web-kameraa haluamaasi suuntaan. Voit zoomata web-kameraa k\u00e4\u00e4nt\u00e4m\u00e4ll\u00e4 hiiren py\u00f6r\u00e4\u00e4 tai k\u00e4ytt\u00e4m\u00e4ll\u00e4 sormia zoomaamiseen. Vaihtoehtoisesti voit k\u00e4ytt\u00e4\u00e4 painikkeita t\u00e4h\u00e4n tarkoitukseen.<\/sup><\/strong><\/p>\n\n\n\n<div class=\"wp-block-columns is-layout-flex wp-container-core-columns-is-layout-9d6595d7 wp-block-columns-is-layout-flex\">\n<div class=\"wp-block-column is-layout-flow wp-block-column-is-layout-flow\">\n<h3 class=\"has-text-align-center wp-block-heading\"><strong><strong><strong><strong>\ud83d\udd34 Webkamera Markstein<\/strong><\/strong> <\/strong><\/strong>Station du Grand-Ballon<\/h3>\n\n\n\n<iframe src=\"https:\/\/app.webcam-hd.com\/markstein\/grand-ballon\" style=\"width: 100%; height: 400px; border: none;\" allowfullscreen=\"\"><\/iframe>\n<\/div>\n\n\n\n<div class=\"wp-block-column is-layout-flow wp-block-column-is-layout-flow\">\n<h3 class=\"has-text-align-center wp-block-heading\"><strong><strong>\ud83d\udd34 Webkamera Markstein <\/strong><\/strong>Oderen<\/h3>\n\n\n\n<a name=\"windy-webcam-timelapse-player\" data-id=\"1389769199\" data-play=\"day\" href=\"https:\/\/windy.com\/webcams\/1389769199\" target=\"_blank\" rel=\"noopener\">Oder: Markstein<\/a><script async=\"\" type=\"text\/javascript\" src=\"https:\/\/webcams.windy.com\/webcams\/public\/embed\/script\/player.js\"><\/script>\n<\/div>\n<\/div>\n<\/div>\n<\/div>\n\n\n\n<h2 class=\"wp-block-heading\" id=\"fort-mahon-today\"><strong>S\u00e4\u00e4 tutka Markstein &#8211; S\u00e4\u00e4 Marksteinissa<\/strong><\/h2>\n\n\n\n<p>Haluatko tiet\u00e4\u00e4, millainen s\u00e4\u00e4 <a href=\"https:\/\/weather-radar-live.com\/fi\/\">on<\/a> t\u00e4n\u00e4\u00e4n Marksteinissa? Webcam Marksteinin avulla n\u00e4et s\u00e4\u00e4olosuhteet, keskil\u00e4mp\u00f6tilan, <a href=\"https:\/\/weather-radar-live.com\/fi\/pilvet\/\">pilvipeitteen<\/a>, <a href=\"https:\/\/weather-radar-live.com\/fi\/sadetutka\/\">sadem\u00e4\u00e4r\u00e4t<\/a>, <a href=\"https:\/\/weather-radar-live.com\/fi\/ukkostutka\/\">ukkoset<\/a> ja <a href=\"https:\/\/weather-radar-live.com\/fi\/tornado-radar\/\">tornadot<\/a> reaaliajassa. Selaa oikealle saadaksesi lis\u00e4tietoja s\u00e4\u00e4ennusteesta ja p\u00e4ivityksist\u00e4. Lis\u00e4ksi voit suurentaa tai pienent\u00e4\u00e4 n\u00e4et kohteen Le Markstein yksityiskohtaisen s\u00e4\u00e4ennusteen tuleviksi p\u00e4iviksi.<\/p><div id=\"weath-3831950026\" class=\"weath-inhalt_2 weath-entity-placement\" style=\"margin-top: 15px;margin-right: 25px;margin-bottom: 35px;margin-left: 25px;\"><script async src=\"\/\/pagead2.googlesyndication.com\/pagead\/js\/adsbygoogle.js?client=ca-pub-8960936133935804\" crossorigin=\"anonymous\"><\/script><ins class=\"adsbygoogle\" style=\"display:block;\" data-ad-client=\"ca-pub-8960936133935804\" \ndata-ad-slot=\"1963584050\" \ndata-ad-format=\"auto\"><\/ins>\n<script> \n(adsbygoogle = window.adsbygoogle || []).push({}); \n<\/script>\n<\/div>\n\n\n\n<div class=\"wp-block-columns is-layout-flex wp-container-core-columns-is-layout-9d6595d7 wp-block-columns-is-layout-flex\">\n<div class=\"wp-block-column is-layout-flow wp-block-column-is-layout-flow\" style=\"flex-basis:75%\">\n<iframe loading=\"lazy\" width=\"1300\" height=\"502\" src=\"https:\/\/embed.windy.com\/embed2.html?lat=47.692&amp;lon=5.513&amp;detailLat=47.692&amp;detailLon=5.513&amp;width=1300&amp;height=502&amp;zoom=8&amp;level=surface&amp;overlay=wind&amp;product=ecmwf&amp;menu=&amp;message=&amp;marker=&amp;calendar=now&amp;pressure=&amp;type=map&amp;location=coordinates&amp;detail=&amp;metricWind=default&amp;metricTemp=default&amp;radarRange=-1\" frameborder=\"0\"><\/iframe>\n<\/div>\n\n\n\n<div class=\"wp-block-column is-layout-flow wp-block-column-is-layout-flow\" style=\"flex-basis:25%\">\n<a class=\"weatherwidget-io\" href=\"https:\/\/forecast7.com\/en\/47d916d98\/oderen\/\" data-label_1=\"ODEREN\" data-font=\"Roboto\" data-theme=\"original\" >ODEREN<\/a>\n<script>\n!function(d,s,id){var js,fjs=d.getElementsByTagName(s)[0];if(!d.getElementById(id)){js=d.createElement(s);js.id=id;js.src='https:\/\/weatherwidget.io\/js\/widget.min.js';fjs.parentNode.insertBefore(js,fjs);}}(document,'script','weatherwidget-io-js');\n<\/script>\n<\/div>\n<\/div>\n\n\n\n<h2 class=\"wp-block-heading\" id=\"fort-mahon-weather\"><strong>Ilmasto <strong><strong><strong>Markstein<\/strong><\/strong><\/strong><\/strong><\/h2>\n\n\n\n<p>Katso alta Le Marksteinin ilmasto-olosuhteet.<\/p>\n\n\n\n<p><strong>L\u00e4mp\u00f6tila <\/strong><\/p>\n\n\n\n<p>L\u00e4mpim\u00e4n hein\u00e4kuun ylin l\u00e4mp\u00f6tila kohteessa Markstein on 76 \u00b0F eli 24 \u00b0C. Hein\u00e4kuun alin l\u00e4mp\u00f6tila on 56\u00b0F eli 13\u00b0C.<\/p>\n\n\n\n<p>Helmikuussa vuorokauden keskil\u00e4mp\u00f6tilat ovat 41\u00b0F (5\u00b0C) ja 27\u00b0F (-3\u00b0C).<\/p>\n\n\n\n<p><strong>Sade<\/strong> <\/p>\n\n\n\n<p>Marksteinin sateisin kuukausi, joulukuu, on 0,09 tuumaa (2,3 mm) sadetta p\u00e4iv\u00e4ss\u00e4, kun taas syyskuu, vuoden kuivin kuukausi, on 24,8 % sademahdollisuus.<\/p>\n\n\n\n<p><strong>Tuuli <\/strong><\/p>\n\n\n\n<p>Elokuu on hiljaisin kuukausi keskim\u00e4\u00e4r\u00e4isen tuulennopeuden ollessa 8,8 mph (14,2 kph), kun taas helmikuu on tuulisin kuukausi keskim\u00e4\u00e4r\u00e4isen tuulennopeuden ollessa 13,0 mph (20,9 kph).<\/p>\n\n\n\n<p><strong>Kosteus <\/strong><\/p>\n\n\n\n<p>Suurin suhteellinen kosteus 98 % mitataan tammikuussa ja pienin suhteellinen kosteus 69 % hein\u00e4kuussa.<\/p>\n\n\n\n<p><strong>Pilvipeite <\/strong><\/p>\n\n\n\n<p>Pilvisin kuukausi on hein\u00e4kuu, jolloin pilvisyys on 55 %, kun taas marraskuu on pilvin pimein kuukausi, jolloin pilvisyys on 28 %.<\/p>\n\n\n\n<h2 class=\"wp-block-heading\"><strong><strong>Hiihtokeskus Les Gets<\/strong> <\/strong><\/h2>\n\n\n\n<p>Le Marksteinin hiihtokeskus on maastohiihdon p\u00e4\u00e4paikka. Sen huipulla sijaitsee Jungfraukopfin huippu. Le Marksteinissa, joka sijaitsee 1000-1424 metrin korkeudella merenpinnasta, on yhteens\u00e4 35 kilometri\u00e4 rinteit\u00e4. Se koostuu 7 kilometrin pituisista punaisista, 5 kilometrin pituisista sinisist\u00e4 ja 23 kilometrin pituisista mustista lenkist\u00e4. Jokainen rinne on profiililtaan erilainen ja enemm\u00e4n tai v\u00e4hemm\u00e4n leve\u00e4 ja m\u00e4kinen. Marksteinin hiihtoalueella on 13 laskettelurataa kaikille tasoille, aloittelijoista kokeneisiin hiiht\u00e4jiin, ja se tarjoaa jokaiselle jotakin.<\/p>\n\n\n\n<p>Voit nauttia kelkkailusta kiskoilla ja kokea j\u00e4nnityst\u00e4 ja vilunv\u00e4ristyksi\u00e4. Lis\u00e4ksi Le Markstein tarjoaa boardercrossin ja snowparkin, jotka lis\u00e4\u00e4v\u00e4t j\u00e4nnityst\u00e4. Er\u00e4maassa on my\u00f6s lumilautailualue, jonne p\u00e4\u00e4see hiihtohissill\u00e4 hiihtokeskuksesta. Kaiken kaikkiaan Le Marsktein on paras vierailukohde sek\u00e4 kes\u00e4ll\u00e4 ett\u00e4 talvella.<\/p>\n","protected":false},"excerpt":{"rendered":"<p>Webkamera Markstein Vosges-vuoristossa Ranskassa sijaitseva Le Markstein on alppihiihtokeskus, joka sijaitsee 1020 metrin ja 1268 metrin korkeudessa. T\u00e4m\u00e4 hiihtoasema sijaitsee Route des Cr\u00eates -reitin varrella Haut Rhinin departementissa. Slalom-asemalla, joka sijaitsee hiihtokeskuksessa, j\u00e4rjestet\u00e4\u00e4n vuosittain Kansainv\u00e4lisen hiihtoliiton kilpailuja. Le Grand Ballonin, Le Marksteinin ja Le Schnepfenriedin yhdist\u00e4v\u00e4 Route Nordique on alueen selk\u00e4ranka, jonka avulla voit tutustua &#8230; <a title=\"Webkamera Markstein\" class=\"read-more\" href=\"https:\/\/weather-radar-live.com\/fi\/webkamera\/ranska\/webcam-markstein\/\" aria-label=\"Lue lis\u00e4\u00e4 aiheesta Webkamera Markstein\">Lue lis\u00e4\u00e4<\/a><\/p>\n","protected":false},"author":1,"featured_media":3877,"parent":4177,"menu_order":0,"comment_status":"closed","ping_status":"closed","template":"","meta":{"footnotes":""},"class_list":["post-5331","page","type-page","status-publish","has-post-thumbnail"],"yoast_head":"<!-- This site is optimized with the Yoast SEO plugin v27.5 - https:\/\/yoast.com\/product\/yoast-seo-wordpress\/ -->\n<title>Webkamera Markstein \u2192 Katso se suorana l\u00e4hetyksen\u00e4!<\/title>\n<meta name=\"description\" content=\"Webkamera Markstein | Webcam Markstein! \u2705 P\u00e4ivitetty sinulle reaaliajassa! \u2705 Ajantasainen s\u00e4\u00e4ennuste!\" \/>\n<meta name=\"robots\" content=\"index, follow, max-snippet:-1, max-image-preview:large, max-video-preview:-1\" \/>\n<link rel=\"canonical\" href=\"https:\/\/weather-radar-live.com\/fi\/webkamera\/ranska\/webcam-markstein\/\" \/>\n<meta property=\"og:locale\" content=\"fi_FI\" \/>\n<meta property=\"og:type\" content=\"article\" \/>\n<meta property=\"og:title\" content=\"Webkamera Markstein \u2192 Katso se suorana l\u00e4hetyksen\u00e4!\" \/>\n<meta property=\"og:description\" content=\"Webkamera Markstein | Webcam Markstein! \u2705 P\u00e4ivitetty sinulle reaaliajassa! \u2705 Ajantasainen s\u00e4\u00e4ennuste!\" \/>\n<meta property=\"og:url\" content=\"https:\/\/weather-radar-live.com\/fi\/webkamera\/ranska\/webcam-markstein\/\" \/>\n<meta property=\"og:site_name\" content=\"weather-radar-live.com\" \/>\n<meta property=\"article:modified_time\" content=\"2022-07-20T11:54:46+00:00\" \/>\n<meta property=\"og:image\" content=\"https:\/\/weather-radar-live.com\/wp-content\/uploads\/2022\/04\/Webcam-Markstein-e1650541510854.jpg\" \/>\n\t<meta property=\"og:image:width\" content=\"1920\" \/>\n\t<meta property=\"og:image:height\" content=\"932\" \/>\n\t<meta property=\"og:image:type\" content=\"image\/jpeg\" \/>\n<meta name=\"twitter:card\" content=\"summary_large_image\" \/>\n<meta name=\"twitter:label1\" content=\"Arvioitu lukuaika\" \/>\n\t<meta name=\"twitter:data1\" content=\"3 minuuttia\" \/>\n<script type=\"application\/ld+json\" class=\"yoast-schema-graph\">{\"@context\":\"https:\\\/\\\/schema.org\",\"@graph\":[{\"@type\":\"WebPage\",\"@id\":\"https:\\\/\\\/weather-radar-live.com\\\/fi\\\/webkamera\\\/ranska\\\/webcam-markstein\\\/\",\"url\":\"https:\\\/\\\/weather-radar-live.com\\\/fi\\\/webkamera\\\/ranska\\\/webcam-markstein\\\/\",\"name\":\"Webkamera Markstein \u2192 Katso se suorana l\u00e4hetyksen\u00e4!\",\"isPartOf\":{\"@id\":\"https:\\\/\\\/weather-radar-live.com\\\/#website\"},\"primaryImageOfPage\":{\"@id\":\"https:\\\/\\\/weather-radar-live.com\\\/fi\\\/webkamera\\\/ranska\\\/webcam-markstein\\\/#primaryimage\"},\"image\":{\"@id\":\"https:\\\/\\\/weather-radar-live.com\\\/fi\\\/webkamera\\\/ranska\\\/webcam-markstein\\\/#primaryimage\"},\"thumbnailUrl\":\"https:\\\/\\\/weather-radar-live.com\\\/wp-content\\\/uploads\\\/2022\\\/04\\\/Webcam-Markstein-e1650541510854.jpg\",\"datePublished\":\"2022-04-21T10:50:04+00:00\",\"dateModified\":\"2022-07-20T11:54:46+00:00\",\"description\":\"Webkamera Markstein | Webcam Markstein! \u2705 P\u00e4ivitetty sinulle reaaliajassa! \u2705 Ajantasainen s\u00e4\u00e4ennuste!\",\"breadcrumb\":{\"@id\":\"https:\\\/\\\/weather-radar-live.com\\\/fi\\\/webkamera\\\/ranska\\\/webcam-markstein\\\/#breadcrumb\"},\"inLanguage\":\"fi\",\"potentialAction\":[{\"@type\":\"ReadAction\",\"target\":[\"https:\\\/\\\/weather-radar-live.com\\\/fi\\\/webkamera\\\/ranska\\\/webcam-markstein\\\/\"]}]},{\"@type\":\"ImageObject\",\"inLanguage\":\"fi\",\"@id\":\"https:\\\/\\\/weather-radar-live.com\\\/fi\\\/webkamera\\\/ranska\\\/webcam-markstein\\\/#primaryimage\",\"url\":\"https:\\\/\\\/weather-radar-live.com\\\/wp-content\\\/uploads\\\/2022\\\/04\\\/Webcam-Markstein-e1650541510854.jpg\",\"contentUrl\":\"https:\\\/\\\/weather-radar-live.com\\\/wp-content\\\/uploads\\\/2022\\\/04\\\/Webcam-Markstein-e1650541510854.jpg\",\"width\":1920,\"height\":932,\"caption\":\"Webcam Markstein\"},{\"@type\":\"BreadcrumbList\",\"@id\":\"https:\\\/\\\/weather-radar-live.com\\\/fi\\\/webkamera\\\/ranska\\\/webcam-markstein\\\/#breadcrumb\",\"itemListElement\":[{\"@type\":\"ListItem\",\"position\":1,\"name\":\"Weather Radar Live\",\"item\":\"https:\\\/\\\/weather-radar-live.com\\\/fi\\\/\"},{\"@type\":\"ListItem\",\"position\":2,\"name\":\"Webkamera\",\"item\":\"https:\\\/\\\/weather-radar-live.com\\\/fi\\\/webkamera\\\/\"},{\"@type\":\"ListItem\",\"position\":3,\"name\":\"Ranska\",\"item\":\"https:\\\/\\\/weather-radar-live.com\\\/fi\\\/webkamera\\\/ranska\\\/\"},{\"@type\":\"ListItem\",\"position\":4,\"name\":\"Webkamera Markstein\"}]},{\"@type\":\"WebSite\",\"@id\":\"https:\\\/\\\/weather-radar-live.com\\\/#website\",\"url\":\"https:\\\/\\\/weather-radar-live.com\\\/\",\"name\":\"weather-radar-live.com\",\"description\":\"Your weather and sky radar.\",\"publisher\":{\"@id\":\"https:\\\/\\\/weather-radar-live.com\\\/#organization\"},\"potentialAction\":[{\"@type\":\"SearchAction\",\"target\":{\"@type\":\"EntryPoint\",\"urlTemplate\":\"https:\\\/\\\/weather-radar-live.com\\\/?s={search_term_string}\"},\"query-input\":{\"@type\":\"PropertyValueSpecification\",\"valueRequired\":true,\"valueName\":\"search_term_string\"}}],\"inLanguage\":\"fi\"},{\"@type\":\"Organization\",\"@id\":\"https:\\\/\\\/weather-radar-live.com\\\/#organization\",\"name\":\"weather-radar-live.com\",\"url\":\"https:\\\/\\\/weather-radar-live.com\\\/\",\"logo\":{\"@type\":\"ImageObject\",\"inLanguage\":\"fi\",\"@id\":\"https:\\\/\\\/weather-radar-live.com\\\/#\\\/schema\\\/logo\\\/image\\\/\",\"url\":\"https:\\\/\\\/weather-radar-live.com\\\/wp-content\\\/uploads\\\/2022\\\/03\\\/cropped-WRL2503.png\",\"contentUrl\":\"https:\\\/\\\/weather-radar-live.com\\\/wp-content\\\/uploads\\\/2022\\\/03\\\/cropped-WRL2503.png\",\"width\":1920,\"height\":555,\"caption\":\"weather-radar-live.com\"},\"image\":{\"@id\":\"https:\\\/\\\/weather-radar-live.com\\\/#\\\/schema\\\/logo\\\/image\\\/\"}}]}<\/script>\n<!-- \/ Yoast SEO plugin. -->","yoast_head_json":{"title":"Webkamera Markstein \u2192 Katso se suorana l\u00e4hetyksen\u00e4!","description":"Webkamera Markstein | Webcam Markstein! \u2705 P\u00e4ivitetty sinulle reaaliajassa! \u2705 Ajantasainen s\u00e4\u00e4ennuste!","robots":{"index":"index","follow":"follow","max-snippet":"max-snippet:-1","max-image-preview":"max-image-preview:large","max-video-preview":"max-video-preview:-1"},"canonical":"https:\/\/weather-radar-live.com\/fi\/webkamera\/ranska\/webcam-markstein\/","og_locale":"fi_FI","og_type":"article","og_title":"Webkamera Markstein \u2192 Katso se suorana l\u00e4hetyksen\u00e4!","og_description":"Webkamera Markstein | Webcam Markstein! \u2705 P\u00e4ivitetty sinulle reaaliajassa! \u2705 Ajantasainen s\u00e4\u00e4ennuste!","og_url":"https:\/\/weather-radar-live.com\/fi\/webkamera\/ranska\/webcam-markstein\/","og_site_name":"weather-radar-live.com","article_modified_time":"2022-07-20T11:54:46+00:00","og_image":[{"width":1920,"height":932,"url":"https:\/\/weather-radar-live.com\/wp-content\/uploads\/2022\/04\/Webcam-Markstein-e1650541510854.jpg","type":"image\/jpeg"}],"twitter_card":"summary_large_image","twitter_misc":{"Arvioitu lukuaika":"3 minuuttia"},"schema":{"@context":"https:\/\/schema.org","@graph":[{"@type":"WebPage","@id":"https:\/\/weather-radar-live.com\/fi\/webkamera\/ranska\/webcam-markstein\/","url":"https:\/\/weather-radar-live.com\/fi\/webkamera\/ranska\/webcam-markstein\/","name":"Webkamera Markstein \u2192 Katso se suorana l\u00e4hetyksen\u00e4!","isPartOf":{"@id":"https:\/\/weather-radar-live.com\/#website"},"primaryImageOfPage":{"@id":"https:\/\/weather-radar-live.com\/fi\/webkamera\/ranska\/webcam-markstein\/#primaryimage"},"image":{"@id":"https:\/\/weather-radar-live.com\/fi\/webkamera\/ranska\/webcam-markstein\/#primaryimage"},"thumbnailUrl":"https:\/\/weather-radar-live.com\/wp-content\/uploads\/2022\/04\/Webcam-Markstein-e1650541510854.jpg","datePublished":"2022-04-21T10:50:04+00:00","dateModified":"2022-07-20T11:54:46+00:00","description":"Webkamera Markstein | Webcam Markstein! \u2705 P\u00e4ivitetty sinulle reaaliajassa! \u2705 Ajantasainen s\u00e4\u00e4ennuste!","breadcrumb":{"@id":"https:\/\/weather-radar-live.com\/fi\/webkamera\/ranska\/webcam-markstein\/#breadcrumb"},"inLanguage":"fi","potentialAction":[{"@type":"ReadAction","target":["https:\/\/weather-radar-live.com\/fi\/webkamera\/ranska\/webcam-markstein\/"]}]},{"@type":"ImageObject","inLanguage":"fi","@id":"https:\/\/weather-radar-live.com\/fi\/webkamera\/ranska\/webcam-markstein\/#primaryimage","url":"https:\/\/weather-radar-live.com\/wp-content\/uploads\/2022\/04\/Webcam-Markstein-e1650541510854.jpg","contentUrl":"https:\/\/weather-radar-live.com\/wp-content\/uploads\/2022\/04\/Webcam-Markstein-e1650541510854.jpg","width":1920,"height":932,"caption":"Webcam Markstein"},{"@type":"BreadcrumbList","@id":"https:\/\/weather-radar-live.com\/fi\/webkamera\/ranska\/webcam-markstein\/#breadcrumb","itemListElement":[{"@type":"ListItem","position":1,"name":"Weather Radar Live","item":"https:\/\/weather-radar-live.com\/fi\/"},{"@type":"ListItem","position":2,"name":"Webkamera","item":"https:\/\/weather-radar-live.com\/fi\/webkamera\/"},{"@type":"ListItem","position":3,"name":"Ranska","item":"https:\/\/weather-radar-live.com\/fi\/webkamera\/ranska\/"},{"@type":"ListItem","position":4,"name":"Webkamera Markstein"}]},{"@type":"WebSite","@id":"https:\/\/weather-radar-live.com\/#website","url":"https:\/\/weather-radar-live.com\/","name":"weather-radar-live.com","description":"Your weather and sky radar.","publisher":{"@id":"https:\/\/weather-radar-live.com\/#organization"},"potentialAction":[{"@type":"SearchAction","target":{"@type":"EntryPoint","urlTemplate":"https:\/\/weather-radar-live.com\/?s={search_term_string}"},"query-input":{"@type":"PropertyValueSpecification","valueRequired":true,"valueName":"search_term_string"}}],"inLanguage":"fi"},{"@type":"Organization","@id":"https:\/\/weather-radar-live.com\/#organization","name":"weather-radar-live.com","url":"https:\/\/weather-radar-live.com\/","logo":{"@type":"ImageObject","inLanguage":"fi","@id":"https:\/\/weather-radar-live.com\/#\/schema\/logo\/image\/","url":"https:\/\/weather-radar-live.com\/wp-content\/uploads\/2022\/03\/cropped-WRL2503.png","contentUrl":"https:\/\/weather-radar-live.com\/wp-content\/uploads\/2022\/03\/cropped-WRL2503.png","width":1920,"height":555,"caption":"weather-radar-live.com"},"image":{"@id":"https:\/\/weather-radar-live.com\/#\/schema\/logo\/image\/"}}]}},"_links":{"self":[{"href":"https:\/\/weather-radar-live.com\/fi\/wp-json\/wp\/v2\/pages\/5331","targetHints":{"allow":["GET"]}}],"collection":[{"href":"https:\/\/weather-radar-live.com\/fi\/wp-json\/wp\/v2\/pages"}],"about":[{"href":"https:\/\/weather-radar-live.com\/fi\/wp-json\/wp\/v2\/types\/page"}],"author":[{"embeddable":true,"href":"https:\/\/weather-radar-live.com\/fi\/wp-json\/wp\/v2\/users\/1"}],"replies":[{"embeddable":true,"href":"https:\/\/weather-radar-live.com\/fi\/wp-json\/wp\/v2\/comments?post=5331"}],"version-history":[{"count":4,"href":"https:\/\/weather-radar-live.com\/fi\/wp-json\/wp\/v2\/pages\/5331\/revisions"}],"predecessor-version":[{"id":5356,"href":"https:\/\/weather-radar-live.com\/fi\/wp-json\/wp\/v2\/pages\/5331\/revisions\/5356"}],"up":[{"embeddable":true,"href":"https:\/\/weather-radar-live.com\/fi\/wp-json\/wp\/v2\/pages\/4177"}],"wp:featuredmedia":[{"embeddable":true,"href":"https:\/\/weather-radar-live.com\/fi\/wp-json\/wp\/v2\/media\/3877"}],"wp:attachment":[{"href":"https:\/\/weather-radar-live.com\/fi\/wp-json\/wp\/v2\/media?parent=5331"}],"curies":[{"name":"wp","href":"https:\/\/api.w.org\/{rel}","templated":true}]}}