{"id":4807,"date":"2022-07-18T19:17:13","date_gmt":"2022-07-18T17:17:13","guid":{"rendered":"https:\/\/weather-radar-live.com\/?page_id=4807"},"modified":"2022-07-19T07:49:52","modified_gmt":"2022-07-19T05:49:52","slug":"webcam-val-disere","status":"publish","type":"page","link":"https:\/\/weather-radar-live.com\/fi\/webkamera\/ranska\/webcam-val-disere\/","title":{"rendered":"Webcam Val-d&#8217;Is\u00e8re"},"content":{"rendered":"<div id=\"weath-3211142834\" class=\"weath-vor-dem-inhalt weath-entity-placement\" style=\"margin-top: 15px;margin-right: 25px;margin-bottom: 40px;margin-left: 25px;\"><script async src=\"\/\/pagead2.googlesyndication.com\/pagead\/js\/adsbygoogle.js?client=ca-pub-8960936133935804\" crossorigin=\"anonymous\"><\/script><ins class=\"adsbygoogle\" style=\"display:block;\" data-ad-client=\"ca-pub-8960936133935804\" \ndata-ad-slot=\"6172817020\" \ndata-ad-format=\"auto\"><\/ins>\n<script> \n(adsbygoogle = window.adsbygoogle || []).push({}); \n<\/script>\n<\/div>\n<div class=\"wp-block-cover alignfull is-light\"><span aria-hidden=\"true\" class=\"wp-block-cover__gradient-background has-background-dim\"><\/span><img decoding=\"async\" class=\"wp-block-cover__image-background wp-image-342\" alt=\"Webcam Val-d'Is\u00e8re\" src=\"https:\/\/weather-radar-live.com\/wp-content\/uploads\/2021\/06\/sam-schooler-E9aetBe2w40-unsplash-e1622554814366.jpg\" data-object-fit=\"cover\"\/><div class=\"wp-block-cover__inner-container is-layout-flow wp-block-cover-is-layout-flow\">\n<h2 class=\"has-text-align-center heading wp-block-heading\" id=\"webcam-fort-mahon\" style=\"font-size:40px\"><strong><mark style=\"background-color:rgba(0, 0, 0, 0)\" class=\"has-inline-color has-base-3-color\">WEBCAM <\/mark><\/strong><br><strong><mark style=\"background-color:rgba(0, 0, 0, 0)\" class=\"has-inline-color has-base-3-color\"><strong>VAL-D&#8217;IS\u00c8RE<\/strong><\/mark><\/strong><\/h2>\n<\/div><\/div>\n\n\n<div class=\"yoast-breadcrumbs\"><span><span><a href=\"https:\/\/weather-radar-live.com\/fi\/\">Weather Radar Live<\/a><\/span> \u00bb <span><a href=\"https:\/\/weather-radar-live.com\/fi\/webkamera\/\">Webkamera<\/a><\/span> \u00bb <span><a href=\"https:\/\/weather-radar-live.com\/fi\/webkamera\/ranska\/\">Ranska<\/a><\/span> \u00bb <span class=\"breadcrumb_last\" aria-current=\"page\"><strong>Webcam Val-d&#8217;Is\u00e8re<\/strong><\/span><\/span><\/div>\n\n\n<h2 class=\"has-text-align-center wp-block-heading\" id=\"webcam-fort-mahon\"><strong>Webcam <strong>Val-d&#8217;Is\u00e8re<\/strong><\/strong><\/h2>\n\n\n\n<p>Val d&#8217;Is\u00e8re, Tarentaise-laakson kunta, sijaitsee Vanoise-kansallispuiston rajalla Auvergne-Rh\u00f4ne-Alpesin alueella Savoien departementissa Kaakkois-Ranskassa. Val d&#8217;Is\u00e8re sijaitsee vuorten ymp\u00e4r\u00f6im\u00e4ss\u00e4 laaksossa, ja se on yksi Ranskan kauneimmista hiihtokeskuksista, jossa on linnamaisia m\u00f6kkej\u00e4 ja ylellisi\u00e4 hotelleja kaupungin ja sen syrj\u00e4isten kylien v\u00e4liss\u00e4. Se on my\u00f6s yhteydess\u00e4 l\u00e4heiseen Tignesin hiihtoalueeseen, joten p\u00e4\u00e4set laajalle hiihtoalueelle.<\/p>\n\n\n\n<p>Val d&#8217;Is\u00e8ren lumienn\u00e4tys on poikkeuksellinen. Muiden ranskalaisten lomakohteiden tavoin se p\u00e4\u00e4see samoihin Atlantin painanteisiin, mutta saa usein raskaita lumisateita Italian Alpeilla sijaitsevista V\u00e4limeren matalapaineista. Kaiken kaikkiaan se on paras paikka hiiht\u00e4miseen. Huonoissa s\u00e4\u00e4olosuhteissa voit kuitenkin siirty\u00e4 La Daillen ja Le Fornetin yl\u00e4puolella oleviin metsiin.<\/p><div id=\"weath-4067475047\" class=\"weath-inhalt_2 weath-entity-placement\" style=\"margin-top: 15px;margin-right: 25px;margin-bottom: 35px;margin-left: 25px;\"><script async src=\"\/\/pagead2.googlesyndication.com\/pagead\/js\/adsbygoogle.js?client=ca-pub-8960936133935804\" crossorigin=\"anonymous\"><\/script><ins class=\"adsbygoogle\" style=\"display:block;\" data-ad-client=\"ca-pub-8960936133935804\" \ndata-ad-slot=\"1963584050\" \ndata-ad-format=\"auto\"><\/ins>\n<script> \n(adsbygoogle = window.adsbygoogle || []).push({}); \n<\/script>\n<\/div>\n\n\n\n<div class=\"wp-block-columns is-layout-flex wp-container-core-columns-is-layout-9d6595d7 wp-block-columns-is-layout-flex\">\n<div class=\"wp-block-column webcam-column is-layout-flow wp-block-column-is-layout-flow\">\n<h3 class=\"has-text-align-center live-emoji wp-block-heading\"> \ud83d\udd34 <strong>Webcam Val-d&#8217;Is\u00e8re<\/strong> (Panorama)<\/h3>\n\n\n\n<iframe src=\"https:\/\/valdisere.roundshot.com\/#\/\" style=\"width: 100%; height: 400px; border: none;\" allowfullscreen=\"\"><\/iframe>\n\n\n\n<p><\/p>\n\n\n\n<h3 class=\"has-text-align-center wp-block-heading\">\ud83d\udd34 <strong>Webcam Val-d&#8217;Is\u00e8re<\/strong> Snowpark (Panorama)<\/h3>\n\n\n\n<iframe src=\"https:\/\/valdisere.roundshot.com\/snowpark\/#\/\" style=\"width: 100%; height: 400px; border: none;\" allowfullscreen=\"\"><\/iframe>\n\n\n\n<p><\/p>\n\n\n\n<h3 class=\"has-text-align-center wp-block-heading\">\ud83d\udd34 <strong>Webcam Val-d&#8217;Is\u00e8re<\/strong> Bellevarde (Panorama)<\/h3>\n\n\n\n<iframe src=\"https:\/\/valdisere.roundshot.com\/bellevarde\/#\/\" style=\"width: 100%; height: 400px; border: none;\" allowfullscreen=\"\"><\/iframe>\n\n\n\n<p class=\"has-text-align-center\"><strong><sup>Hiiren napsautuksella (\u00e4lypuhelimella: vaihda n\u00e4kym\u00e4\u00e4 yksinkertaisesti napauttamalla) voit siirt\u00e4\u00e4 web-kameraa haluamaasi suuntaan. K\u00e4\u00e4nt\u00e4m\u00e4ll\u00e4 hiiren py\u00f6r\u00e4\u00e4 tai zoomaamalla sormilla voit l\u00e4hent\u00e4\u00e4 web-kameraa. Vaihtoehtoisesti voit k\u00e4ytt\u00e4\u00e4 t\u00e4h\u00e4n tarkoitukseen my\u00f6s painikkeita.<\/sup><\/strong><\/p>\n\n\n\n<p><\/p>\n\n\n\n<div class=\"wp-block-columns is-layout-flex wp-container-core-columns-is-layout-9d6595d7 wp-block-columns-is-layout-flex\">\n<div class=\"wp-block-column is-layout-flow wp-block-column-is-layout-flow\">\n<h3 class=\"has-text-align-center wp-block-heading\"><strong>\ud83d\udd34 Webkamera Val-d&#8217;Is\u00e8re<\/strong><\/h3>\n\n\n\n<a name=\"windy-webcam-timelapse-player\" data-id=\"1640701802\" data-play=\"day\" href=\"https:\/\/windy.com\/webcams\/1640701802\" target=\"_blank\" rel=\"noopener\">Val-d&#8217;Isere: Val-d&#8217;Is\u00e8re<\/a><script async=\"\" type=\"text\/javascript\" src=\"https:\/\/webcams.windy.com\/webcams\/public\/embed\/script\/player.js\"><\/script>\n<\/div>\n\n\n\n<div class=\"wp-block-column is-layout-flow wp-block-column-is-layout-flow\">\n<h3 class=\"has-text-align-center wp-block-heading\"><strong> \ud83d\udd34 Webkamera Val-d&#8217;Is\u00e8re Bellevarde<\/strong><\/h3>\n\n\n\n<a name=\"windy-webcam-timelapse-player\" data-id=\"1581970567\" data-play=\"day\" href=\"https:\/\/windy.com\/webcams\/1581970567\" target=\"_blank\" rel=\"noopener\">Val-d&#8217;Isere: Isere: Mont\u00e9e de Bellevarde<\/a><script async=\"\" type=\"text\/javascript\" src=\"https:\/\/webcams.windy.com\/webcams\/public\/embed\/script\/player.js\"><\/script>\n<\/div>\n<\/div>\n\n\n\n<div class=\"wp-block-columns webcam-spalte is-layout-flex wp-container-core-columns-is-layout-9d6595d7 wp-block-columns-is-layout-flex\">\n<div class=\"wp-block-column is-layout-flow wp-block-column-is-layout-flow\">\n<h3 class=\"has-text-align-center wp-block-heading\"><strong> \ud83d\udd34 Webcam Val-d&#8217;Is\u00e8re: Val-d&#8217;Is\u00e8ren<\/strong> vuoren huippu<\/h3>\n\n\n\n<a name=\"windy-webcam-timelapse-player\" data-id=\"1583641703\" data-play=\"day\" href=\"https:\/\/windy.com\/webcams\/1583641703\" target=\"_blank\" rel=\"noopener\">Val-d&#8217;Isere: Val-d&#8217;Is\u00e8re<\/a><script async=\"\" type=\"text\/javascript\" src=\"https:\/\/webcams.windy.com\/webcams\/public\/embed\/script\/player.js\"><\/script>\n<\/div>\n\n\n\n<div class=\"wp-block-column is-layout-flow wp-block-column-is-layout-flow\">\n<h3 class=\"has-text-align-center wp-block-heading\"><strong><strong> \ud83d\udd34 Webcam Val-d&#8217;Is\u00e8re\/Tignes<\/strong><\/strong><\/h3>\n\n\n\n<a name=\"windy-webcam-timelapse-player\" data-id=\"1582055006\" data-play=\"day\" href=\"https:\/\/windy.com\/webcams\/1582055006\" target=\"_blank\" rel=\"noopener\">Tignes: Tignes: Tignesin hiihtokeskus &#8211; Lac de Tignes<\/a><script async=\"\" type=\"text\/javascript\" src=\"https:\/\/webcams.windy.com\/webcams\/public\/embed\/script\/player.js\"><\/script>\n<\/div>\n<\/div>\n<\/div>\n<\/div>\n\n\n\n<h2 class=\"wp-block-heading\" id=\"fort-mahon-today\"><strong>S\u00e4\u00e4 tutka Val-d&#8217;Is\u00e8re<\/strong> &#8211; <strong>S\u00e4\u00e4 Val-d&#8217;Is\u00e8re<\/strong> &#8211; <strong>S\u00e4\u00e4 Val-d&#8217;Is\u00e8re<\/strong><\/h2>\n\n\n\n<p>Oletko kiinnostunut uusimmista reaaliaikaisista s\u00e4\u00e4tiedotuksista ja s\u00e4\u00e4ennusteista? S\u00e4\u00e4tutka Val-d&#8217;Is\u00e8re tarjoaa sinulle olennaiset tiedot, jotka liittyv\u00e4t <a href=\"https:\/\/weather-radar-live.com\/fi\/sadetutka\/\">sadem\u00e4\u00e4r\u00e4\u00e4n<\/a>, <a href=\"https:\/\/weather-radar-live.com\/fi\/tornado-radar\/\">tornadoihin<\/a>, <a href=\"https:\/\/weather-radar-live.com\/fi\/lumitilanne\/\">lumisateeseen<\/a>, <a href=\"https:\/\/weather-radar-live.com\/fi\/pilvet\/\">pilvisyyteen<\/a> ja muuhun. Lis\u00e4ksi voit yksinkertaisesti tarkastella karttoja tai kaavioita ja saada yksityiskohtaisia s\u00e4\u00e4p\u00e4ivityksiin liittyvi\u00e4 tietoja. Katso kuvia ja diaesityksi\u00e4, jotka n\u00e4ytt\u00e4v\u00e4t s\u00e4\u00e4st\u00e4 Val-d&#8217;Is\u00e8re.<\/p>\n\n\n\n<div class=\"wp-block-columns is-layout-flex wp-container-core-columns-is-layout-9d6595d7 wp-block-columns-is-layout-flex\">\n<div class=\"wp-block-column is-layout-flow wp-block-column-is-layout-flow\" style=\"flex-basis:75%\">\n<iframe loading=\"lazy\" width=\"1300\" height=\"508\" src=\"https:\/\/embed.windy.com\/embed2.html?lat=45.446&amp;lon=6.966&amp;detailLat=45.446&amp;detailLon=6.966&amp;width=1300&amp;height=508&amp;zoom=11&amp;level=surface&amp;overlay=rain&amp;product=ecmwf&amp;menu=&amp;message=&amp;marker=&amp;calendar=now&amp;pressure=&amp;type=map&amp;location=coordinates&amp;detail=&amp;metricWind=default&amp;metricTemp=default&amp;radarRange=-1\" frameborder=\"0\"><\/iframe>\n<\/div>\n\n\n\n<div class=\"wp-block-column is-layout-flow wp-block-column-is-layout-flow\" style=\"flex-basis:25%\">\n<a class=\"weatherwidget-io\" href=\"https:\/\/forecast7.com\/en\/45d456d98\/val-disere\/\" data-label_1=\"VAL-D'IS\u00c8RE\" data-theme=\"original\">VAL-D&#8217;IS\u00c8RE<\/a>\n<script>\n!function(d,s,id){var js,fjs=d.getElementsByTagName(s)[0];if(!d.getElementById(id)){js=d.createElement(s);js.id=id;js.src='https:\/\/weatherwidget.io\/js\/widget.min.js';fjs.parentNode.insertBefore(js,fjs);}}(document,'script','weatherwidget-io-js');\n<\/script>\n<\/div>\n<\/div>\n\n\n\n<h2 class=\"wp-block-heading\" id=\"fort-mahon-weather\"><strong>Val-d&#8217;Is\u00e8ren ilmasto<\/strong><\/h2>\n\n\n\n<p>Se sijaitsee pohjoisella pallonpuoliskolla. Alueella vallitsee tundrailmasto, mik\u00e4 tarkoittaa, ett\u00e4 l\u00e4mp\u00f6tilat ovat hyvin alhaiset jopa l\u00e4mpimin\u00e4 kuukausina. K\u00f6ppen-Geiger luokittelee t\u00e4m\u00e4n ilmaston luokkaan ET. Kyseess\u00e4 on alue, jolla on ainutlaatuinen ilmasto, jossa on enemm\u00e4n sadem\u00e4\u00e4ri\u00e4 ja yleens\u00e4 kylmempi l\u00e4mp\u00f6tila ymp\u00e4ri vuoden kuin muualla alueella. Val-d&#8217;Is\u00e8ren alueella esiintyy linssim\u00e4ist\u00e4 pilvityyppi\u00e4, joka pysyy paikallaan jopa kovassa tuulessa <\/p>\n\n\n\n<p><strong>L\u00e4mp\u00f6tila <\/strong><\/p>\n\n\n\n<p>Val-d&#8217;Is\u00e8ren vuoden keskil\u00e4mp\u00f6tila on -1,7 \u00b0C eli 29,0 \u00b0F <\/p>\n\n\n\n<p><strong>Sadem\u00e4\u00e4r\u00e4 <\/strong><\/p>\n\n\n\n<p>T\u00e4\u00e4ll\u00e4 vuotuinen sadem\u00e4\u00e4r\u00e4 on noin 63,7 tuumaa eli 1619 mm <\/p>\n\n\n\n<p><strong>Kosteus <\/strong><\/p>\n\n\n\n<p>Suurin ilmankosteus on toukokuussa (82,88 %). Joulukuussa suhteellinen kosteus on alhaisin (65,60 %).<\/p>\n\n\n\n<p><strong>Lumi Luotettavuus <\/strong><\/p>\n\n\n\n<p>\u25cf Yleinen lumipeite: 5\/5<\/p>\n\n\n\n<p>\u25cf Lumen m\u00e4\u00e4r\u00e4 lomakohteen tasolla: 5\/5<\/p>\n\n\n\n<p>\u25cf Lumen laatu yl\u00e4rinteill\u00e4: 5\/5<\/p>\n\n\n\n<p>\u25cf Lumen laatu alarinteill\u00e4: 4\/5 <\/p>\n\n\n\n<p>\u25cf Puuteripotentiaali: 4.5\/5<\/p>\n\n\n\n<h2 class=\"wp-block-heading\"><strong>Val-d&#8217;Is\u00e8ren lomakeskus <\/strong><\/h2>\n\n\n\n<p>Val d&#8217;Is\u00e8ren hiihtokeskuksessa, joka on yksi Alppien tunnetuimmista alueista, on Alppien paras lumen laatu. Siell\u00e4 on suuri osuus korkealla sijaitsevia laskettelurinteit\u00e4. J\u00e4\u00e4tik\u00f6iden ja erilaisten lumivarmojen rinteiden yhdistelm\u00e4 tekee t\u00e4st\u00e4 Euroopan alueesta ainutlaatuisen kohteen pitk\u00e4lle hiihtokaudelle. 1850 metrin korkeudella sijaitseva hiihtokeskus on Euroopan suurin lumivarma hiihtokeskus. Sen rinteiden korkeus on 1785-3300 metri\u00e4 ja rinteit\u00e4 on 150 kilometri\u00e4. Monet Val d&#8217;Is\u00e8ren rinteist\u00e4 ovat melko jyrkki\u00e4, ja ne voivat olla ruuhkaisia, kun liikennett\u00e4 on paljon. Voit viett\u00e4\u00e4 koko el\u00e4m\u00e4si hiiht\u00e4en ja lumilautaillen laajassa ja haastavassa maastossa; sinun on vain puskettava v\u00e4kijoukkojen l\u00e4pi.<\/p>\n","protected":false},"excerpt":{"rendered":"<p>Webcam Val-d&#8217;Is\u00e8re Val d&#8217;Is\u00e8re, Tarentaise-laakson kunta, sijaitsee Vanoise-kansallispuiston rajalla Auvergne-Rh\u00f4ne-Alpesin alueella Savoien departementissa Kaakkois-Ranskassa. Val d&#8217;Is\u00e8re sijaitsee vuorten ymp\u00e4r\u00f6im\u00e4ss\u00e4 laaksossa, ja se on yksi Ranskan kauneimmista hiihtokeskuksista, jossa on linnamaisia m\u00f6kkej\u00e4 ja ylellisi\u00e4 hotelleja kaupungin ja sen syrj\u00e4isten kylien v\u00e4liss\u00e4. Se on my\u00f6s yhteydess\u00e4 l\u00e4heiseen Tignesin hiihtoalueeseen, joten p\u00e4\u00e4set laajalle hiihtoalueelle. Val d&#8217;Is\u00e8ren lumienn\u00e4tys on &#8230; <a title=\"Webcam Val-d&#8217;Is\u00e8re\" class=\"read-more\" href=\"https:\/\/weather-radar-live.com\/fi\/webkamera\/ranska\/webcam-val-disere\/\" aria-label=\"Lue lis\u00e4\u00e4 aiheesta Webcam Val-d&#8217;Is\u00e8re\">Lue lis\u00e4\u00e4<\/a><\/p>\n","protected":false},"author":1,"featured_media":3338,"parent":4177,"menu_order":0,"comment_status":"closed","ping_status":"closed","template":"","meta":{"footnotes":""},"class_list":["post-4807","page","type-page","status-publish","has-post-thumbnail"],"yoast_head":"<!-- This site is optimized with the Yoast SEO plugin v27.5 - https:\/\/yoast.com\/product\/yoast-seo-wordpress\/ -->\n<title>Webcam Val-d&#039;Is\u00e8re \u2192 Katso suorana l\u00e4hetyksen\u00e4!<\/title>\n<meta name=\"description\" content=\"Webcam Val-d&#039;Is\u00e8re | Val-d&#039;Is\u00e8ren livecam! \u2705 P\u00e4ivitetty sinulle reaaliajassa! \u2705 Nykyinen s\u00e4\u00e4ennuste!\" \/>\n<meta name=\"robots\" content=\"index, follow, max-snippet:-1, max-image-preview:large, max-video-preview:-1\" \/>\n<link rel=\"canonical\" href=\"https:\/\/weather-radar-live.com\/fi\/webkamera\/ranska\/webcam-val-disere\/\" \/>\n<meta property=\"og:locale\" content=\"fi_FI\" \/>\n<meta property=\"og:type\" content=\"article\" \/>\n<meta property=\"og:title\" content=\"Webcam Val-d&#039;Is\u00e8re \u2192 Katso suorana l\u00e4hetyksen\u00e4!\" \/>\n<meta property=\"og:description\" content=\"Webcam Val-d&#039;Is\u00e8re | Val-d&#039;Is\u00e8ren livecam! \u2705 P\u00e4ivitetty sinulle reaaliajassa! \u2705 Nykyinen s\u00e4\u00e4ennuste!\" \/>\n<meta property=\"og:url\" content=\"https:\/\/weather-radar-live.com\/fi\/webkamera\/ranska\/webcam-val-disere\/\" \/>\n<meta property=\"og:site_name\" content=\"weather-radar-live.com\" \/>\n<meta property=\"article:modified_time\" content=\"2022-07-19T05:49:52+00:00\" \/>\n<meta property=\"og:image\" content=\"https:\/\/weather-radar-live.com\/wp-content\/uploads\/2021\/06\/sam-schooler-E9aetBe2w40-unsplash-e1622554814366.jpg\" \/>\n<meta name=\"twitter:card\" content=\"summary_large_image\" \/>\n<meta name=\"twitter:label1\" content=\"Arvioitu lukuaika\" \/>\n\t<meta name=\"twitter:data1\" content=\"3 minuuttia\" \/>\n<script type=\"application\/ld+json\" class=\"yoast-schema-graph\">{\"@context\":\"https:\\\/\\\/schema.org\",\"@graph\":[{\"@type\":\"WebPage\",\"@id\":\"https:\\\/\\\/weather-radar-live.com\\\/fi\\\/webkamera\\\/ranska\\\/webcam-val-disere\\\/\",\"url\":\"https:\\\/\\\/weather-radar-live.com\\\/fi\\\/webkamera\\\/ranska\\\/webcam-val-disere\\\/\",\"name\":\"Webcam Val-d'Is\u00e8re \u2192 Katso suorana l\u00e4hetyksen\u00e4!\",\"isPartOf\":{\"@id\":\"https:\\\/\\\/weather-radar-live.com\\\/#website\"},\"primaryImageOfPage\":{\"@id\":\"https:\\\/\\\/weather-radar-live.com\\\/fi\\\/webkamera\\\/ranska\\\/webcam-val-disere\\\/#primaryimage\"},\"image\":{\"@id\":\"https:\\\/\\\/weather-radar-live.com\\\/fi\\\/webkamera\\\/ranska\\\/webcam-val-disere\\\/#primaryimage\"},\"thumbnailUrl\":\"https:\\\/\\\/weather-radar-live.com\\\/wp-content\\\/uploads\\\/2022\\\/03\\\/Webcam-Val-d-Post-image-e1648050848826.jpg\",\"datePublished\":\"2022-07-18T17:17:13+00:00\",\"dateModified\":\"2022-07-19T05:49:52+00:00\",\"description\":\"Webcam Val-d'Is\u00e8re | Val-d'Is\u00e8ren livecam! \u2705 P\u00e4ivitetty sinulle reaaliajassa! \u2705 Nykyinen s\u00e4\u00e4ennuste!\",\"breadcrumb\":{\"@id\":\"https:\\\/\\\/weather-radar-live.com\\\/fi\\\/webkamera\\\/ranska\\\/webcam-val-disere\\\/#breadcrumb\"},\"inLanguage\":\"fi\",\"potentialAction\":[{\"@type\":\"ReadAction\",\"target\":[\"https:\\\/\\\/weather-radar-live.com\\\/fi\\\/webkamera\\\/ranska\\\/webcam-val-disere\\\/\"]}]},{\"@type\":\"ImageObject\",\"inLanguage\":\"fi\",\"@id\":\"https:\\\/\\\/weather-radar-live.com\\\/fi\\\/webkamera\\\/ranska\\\/webcam-val-disere\\\/#primaryimage\",\"url\":\"https:\\\/\\\/weather-radar-live.com\\\/wp-content\\\/uploads\\\/2022\\\/03\\\/Webcam-Val-d-Post-image-e1648050848826.jpg\",\"contentUrl\":\"https:\\\/\\\/weather-radar-live.com\\\/wp-content\\\/uploads\\\/2022\\\/03\\\/Webcam-Val-d-Post-image-e1648050848826.jpg\",\"width\":1277,\"height\":878},{\"@type\":\"BreadcrumbList\",\"@id\":\"https:\\\/\\\/weather-radar-live.com\\\/fi\\\/webkamera\\\/ranska\\\/webcam-val-disere\\\/#breadcrumb\",\"itemListElement\":[{\"@type\":\"ListItem\",\"position\":1,\"name\":\"Weather Radar Live\",\"item\":\"https:\\\/\\\/weather-radar-live.com\\\/fi\\\/\"},{\"@type\":\"ListItem\",\"position\":2,\"name\":\"Webkamera\",\"item\":\"https:\\\/\\\/weather-radar-live.com\\\/fi\\\/webkamera\\\/\"},{\"@type\":\"ListItem\",\"position\":3,\"name\":\"Ranska\",\"item\":\"https:\\\/\\\/weather-radar-live.com\\\/fi\\\/webkamera\\\/ranska\\\/\"},{\"@type\":\"ListItem\",\"position\":4,\"name\":\"Webcam Val-d&#8217;Is\u00e8re\"}]},{\"@type\":\"WebSite\",\"@id\":\"https:\\\/\\\/weather-radar-live.com\\\/#website\",\"url\":\"https:\\\/\\\/weather-radar-live.com\\\/\",\"name\":\"weather-radar-live.com\",\"description\":\"Your weather and sky radar.\",\"publisher\":{\"@id\":\"https:\\\/\\\/weather-radar-live.com\\\/#organization\"},\"potentialAction\":[{\"@type\":\"SearchAction\",\"target\":{\"@type\":\"EntryPoint\",\"urlTemplate\":\"https:\\\/\\\/weather-radar-live.com\\\/?s={search_term_string}\"},\"query-input\":{\"@type\":\"PropertyValueSpecification\",\"valueRequired\":true,\"valueName\":\"search_term_string\"}}],\"inLanguage\":\"fi\"},{\"@type\":\"Organization\",\"@id\":\"https:\\\/\\\/weather-radar-live.com\\\/#organization\",\"name\":\"weather-radar-live.com\",\"url\":\"https:\\\/\\\/weather-radar-live.com\\\/\",\"logo\":{\"@type\":\"ImageObject\",\"inLanguage\":\"fi\",\"@id\":\"https:\\\/\\\/weather-radar-live.com\\\/#\\\/schema\\\/logo\\\/image\\\/\",\"url\":\"https:\\\/\\\/weather-radar-live.com\\\/wp-content\\\/uploads\\\/2022\\\/03\\\/cropped-WRL2503.png\",\"contentUrl\":\"https:\\\/\\\/weather-radar-live.com\\\/wp-content\\\/uploads\\\/2022\\\/03\\\/cropped-WRL2503.png\",\"width\":1920,\"height\":555,\"caption\":\"weather-radar-live.com\"},\"image\":{\"@id\":\"https:\\\/\\\/weather-radar-live.com\\\/#\\\/schema\\\/logo\\\/image\\\/\"}}]}<\/script>\n<!-- \/ Yoast SEO plugin. -->","yoast_head_json":{"title":"Webcam Val-d'Is\u00e8re \u2192 Katso suorana l\u00e4hetyksen\u00e4!","description":"Webcam Val-d'Is\u00e8re | Val-d'Is\u00e8ren livecam! \u2705 P\u00e4ivitetty sinulle reaaliajassa! \u2705 Nykyinen s\u00e4\u00e4ennuste!","robots":{"index":"index","follow":"follow","max-snippet":"max-snippet:-1","max-image-preview":"max-image-preview:large","max-video-preview":"max-video-preview:-1"},"canonical":"https:\/\/weather-radar-live.com\/fi\/webkamera\/ranska\/webcam-val-disere\/","og_locale":"fi_FI","og_type":"article","og_title":"Webcam Val-d'Is\u00e8re \u2192 Katso suorana l\u00e4hetyksen\u00e4!","og_description":"Webcam Val-d'Is\u00e8re | Val-d'Is\u00e8ren livecam! \u2705 P\u00e4ivitetty sinulle reaaliajassa! \u2705 Nykyinen s\u00e4\u00e4ennuste!","og_url":"https:\/\/weather-radar-live.com\/fi\/webkamera\/ranska\/webcam-val-disere\/","og_site_name":"weather-radar-live.com","article_modified_time":"2022-07-19T05:49:52+00:00","og_image":[{"url":"https:\/\/weather-radar-live.com\/wp-content\/uploads\/2021\/06\/sam-schooler-E9aetBe2w40-unsplash-e1622554814366.jpg","type":"","width":"","height":""}],"twitter_card":"summary_large_image","twitter_misc":{"Arvioitu lukuaika":"3 minuuttia"},"schema":{"@context":"https:\/\/schema.org","@graph":[{"@type":"WebPage","@id":"https:\/\/weather-radar-live.com\/fi\/webkamera\/ranska\/webcam-val-disere\/","url":"https:\/\/weather-radar-live.com\/fi\/webkamera\/ranska\/webcam-val-disere\/","name":"Webcam Val-d'Is\u00e8re \u2192 Katso suorana l\u00e4hetyksen\u00e4!","isPartOf":{"@id":"https:\/\/weather-radar-live.com\/#website"},"primaryImageOfPage":{"@id":"https:\/\/weather-radar-live.com\/fi\/webkamera\/ranska\/webcam-val-disere\/#primaryimage"},"image":{"@id":"https:\/\/weather-radar-live.com\/fi\/webkamera\/ranska\/webcam-val-disere\/#primaryimage"},"thumbnailUrl":"https:\/\/weather-radar-live.com\/wp-content\/uploads\/2022\/03\/Webcam-Val-d-Post-image-e1648050848826.jpg","datePublished":"2022-07-18T17:17:13+00:00","dateModified":"2022-07-19T05:49:52+00:00","description":"Webcam Val-d'Is\u00e8re | Val-d'Is\u00e8ren livecam! \u2705 P\u00e4ivitetty sinulle reaaliajassa! \u2705 Nykyinen s\u00e4\u00e4ennuste!","breadcrumb":{"@id":"https:\/\/weather-radar-live.com\/fi\/webkamera\/ranska\/webcam-val-disere\/#breadcrumb"},"inLanguage":"fi","potentialAction":[{"@type":"ReadAction","target":["https:\/\/weather-radar-live.com\/fi\/webkamera\/ranska\/webcam-val-disere\/"]}]},{"@type":"ImageObject","inLanguage":"fi","@id":"https:\/\/weather-radar-live.com\/fi\/webkamera\/ranska\/webcam-val-disere\/#primaryimage","url":"https:\/\/weather-radar-live.com\/wp-content\/uploads\/2022\/03\/Webcam-Val-d-Post-image-e1648050848826.jpg","contentUrl":"https:\/\/weather-radar-live.com\/wp-content\/uploads\/2022\/03\/Webcam-Val-d-Post-image-e1648050848826.jpg","width":1277,"height":878},{"@type":"BreadcrumbList","@id":"https:\/\/weather-radar-live.com\/fi\/webkamera\/ranska\/webcam-val-disere\/#breadcrumb","itemListElement":[{"@type":"ListItem","position":1,"name":"Weather Radar Live","item":"https:\/\/weather-radar-live.com\/fi\/"},{"@type":"ListItem","position":2,"name":"Webkamera","item":"https:\/\/weather-radar-live.com\/fi\/webkamera\/"},{"@type":"ListItem","position":3,"name":"Ranska","item":"https:\/\/weather-radar-live.com\/fi\/webkamera\/ranska\/"},{"@type":"ListItem","position":4,"name":"Webcam Val-d&#8217;Is\u00e8re"}]},{"@type":"WebSite","@id":"https:\/\/weather-radar-live.com\/#website","url":"https:\/\/weather-radar-live.com\/","name":"weather-radar-live.com","description":"Your weather and sky radar.","publisher":{"@id":"https:\/\/weather-radar-live.com\/#organization"},"potentialAction":[{"@type":"SearchAction","target":{"@type":"EntryPoint","urlTemplate":"https:\/\/weather-radar-live.com\/?s={search_term_string}"},"query-input":{"@type":"PropertyValueSpecification","valueRequired":true,"valueName":"search_term_string"}}],"inLanguage":"fi"},{"@type":"Organization","@id":"https:\/\/weather-radar-live.com\/#organization","name":"weather-radar-live.com","url":"https:\/\/weather-radar-live.com\/","logo":{"@type":"ImageObject","inLanguage":"fi","@id":"https:\/\/weather-radar-live.com\/#\/schema\/logo\/image\/","url":"https:\/\/weather-radar-live.com\/wp-content\/uploads\/2022\/03\/cropped-WRL2503.png","contentUrl":"https:\/\/weather-radar-live.com\/wp-content\/uploads\/2022\/03\/cropped-WRL2503.png","width":1920,"height":555,"caption":"weather-radar-live.com"},"image":{"@id":"https:\/\/weather-radar-live.com\/#\/schema\/logo\/image\/"}}]}},"_links":{"self":[{"href":"https:\/\/weather-radar-live.com\/fi\/wp-json\/wp\/v2\/pages\/4807","targetHints":{"allow":["GET"]}}],"collection":[{"href":"https:\/\/weather-radar-live.com\/fi\/wp-json\/wp\/v2\/pages"}],"about":[{"href":"https:\/\/weather-radar-live.com\/fi\/wp-json\/wp\/v2\/types\/page"}],"author":[{"embeddable":true,"href":"https:\/\/weather-radar-live.com\/fi\/wp-json\/wp\/v2\/users\/1"}],"replies":[{"embeddable":true,"href":"https:\/\/weather-radar-live.com\/fi\/wp-json\/wp\/v2\/comments?post=4807"}],"version-history":[{"count":3,"href":"https:\/\/weather-radar-live.com\/fi\/wp-json\/wp\/v2\/pages\/4807\/revisions"}],"predecessor-version":[{"id":4906,"href":"https:\/\/weather-radar-live.com\/fi\/wp-json\/wp\/v2\/pages\/4807\/revisions\/4906"}],"up":[{"embeddable":true,"href":"https:\/\/weather-radar-live.com\/fi\/wp-json\/wp\/v2\/pages\/4177"}],"wp:featuredmedia":[{"embeddable":true,"href":"https:\/\/weather-radar-live.com\/fi\/wp-json\/wp\/v2\/media\/3338"}],"wp:attachment":[{"href":"https:\/\/weather-radar-live.com\/fi\/wp-json\/wp\/v2\/media?parent=4807"}],"curies":[{"name":"wp","href":"https:\/\/api.w.org\/{rel}","templated":true}]}}