{"id":5528,"date":"2022-04-20T12:51:55","date_gmt":"2022-04-20T10:51:55","guid":{"rendered":"https:\/\/weather-radar-live.com\/webcam\/francia\/webcam-semnoz\/"},"modified":"2022-07-20T15:46:44","modified_gmt":"2022-07-20T13:46:44","slug":"webcam-semnoz","status":"publish","type":"page","link":"https:\/\/weather-radar-live.com\/es\/webcam\/francia\/webcam-semnoz\/","title":{"rendered":"Webcam Semnoz"},"content":{"rendered":"<div id=\"weath-3081349379\" class=\"weath-vor-dem-inhalt weath-entity-placement\" style=\"margin-top: 15px;margin-right: 25px;margin-bottom: 40px;margin-left: 25px;\"><script async src=\"\/\/pagead2.googlesyndication.com\/pagead\/js\/adsbygoogle.js?client=ca-pub-8960936133935804\" crossorigin=\"anonymous\"><\/script><ins class=\"adsbygoogle\" style=\"display:block;\" data-ad-client=\"ca-pub-8960936133935804\" \ndata-ad-slot=\"6172817020\" \ndata-ad-format=\"auto\"><\/ins>\n<script> \n(adsbygoogle = window.adsbygoogle || []).push({}); \n<\/script>\n<\/div>\n<div class=\"wp-block-cover alignfull is-light\"><span aria-hidden=\"true\" class=\"wp-block-cover__gradient-background has-background-dim\"><\/span><img decoding=\"async\" class=\"wp-block-cover__image-background wp-image-342\" alt=\"Webcam Semnoz\" src=\"https:\/\/weather-radar-live.com\/wp-content\/uploads\/2021\/06\/sam-schooler-E9aetBe2w40-unsplash-e1622554814366.jpg\" data-object-fit=\"cover\"\/><div class=\"wp-block-cover__inner-container is-layout-flow wp-block-cover-is-layout-flow\">\n<h2 class=\"has-text-align-center heading wp-block-heading\" id=\"webcam-fort-mahon\" style=\"font-size:40px\"><strong><mark style=\"background-color:rgba(0, 0, 0, 0)\" class=\"has-inline-color has-base-3-color\">WEBCAM <\/mark><br><mark style=\"background-color:rgba(0, 0, 0, 0)\" class=\"has-inline-color has-base-3-color\">SEMNOZ<\/mark><\/strong><\/h2>\n<\/div><\/div>\n\n\n<div class=\"yoast-breadcrumbs\"><span><span><a href=\"https:\/\/weather-radar-live.com\/es\/\">Weather Radar Live<\/a><\/span> \u00bb <span><a href=\"https:\/\/weather-radar-live.com\/es\/webcam\/\">C\u00e1mara web<\/a><\/span> \u00bb <span><a href=\"https:\/\/weather-radar-live.com\/es\/webcam\/francia\/\">Francia<\/a><\/span> \u00bb <span class=\"breadcrumb_last\" aria-current=\"page\"><strong>Webcam Semnoz<\/strong><\/span><\/span><\/div>\n\n\n<h2 class=\"has-text-align-center wp-block-heading\" id=\"webcam-fort-mahon\"><strong>Webcam Semnoz<\/strong><\/h2>\n\n\n\n<p>Semnoz, la monta\u00f1a m\u00e1s famosa de la cordillera de Bauges, est\u00e1 situada en Auvernia-R\u00f3dano-Alpes. Semnoz se extiende desde Ch\u00e9ran hasta las orillas del lago de Annecy. Esta monta\u00f1a de la Alta Saboya oscila entre una altitud de 450 metros y 1.699 metros. Cerca del lago de Annecy, ofrece un amplio terreno para realizar actividades como el snowboard, el esqu\u00ed, el senderismo de monta\u00f1a y los paseos durante todo el a\u00f1o.<\/p>\n\n\n\n<p>En general, el verano es agradable y se puede disfrutar en gran medida de las actividades al aire libre, aunque pueden producirse tormentas y lluvias ocasionales. Entre los lugares m\u00e1s populares de Semnoz se encuentra una zona \u00e1rida llamada Cr\u00eat-du- Chatillon. Adem\u00e1s de los Alpes perpetuamente nevados, tambi\u00e9n podr\u00e1 ver el lago turquesa de Annecy y su pintoresca ciudad. Si tiene curiosidad por conocer las actualizaciones meteorol\u00f3gicas y el clima del Semoz, aqu\u00ed obtendr\u00e1 toda la informaci\u00f3n relevante que necesita saber.<\/p><div id=\"weath-3874292035\" class=\"weath-inhalt_2 weath-entity-placement\" style=\"margin-top: 15px;margin-right: 25px;margin-bottom: 35px;margin-left: 25px;\"><script async src=\"\/\/pagead2.googlesyndication.com\/pagead\/js\/adsbygoogle.js?client=ca-pub-8960936133935804\" crossorigin=\"anonymous\"><\/script><ins class=\"adsbygoogle\" style=\"display:block;\" data-ad-client=\"ca-pub-8960936133935804\" \ndata-ad-slot=\"1963584050\" \ndata-ad-format=\"auto\"><\/ins>\n<script> \n(adsbygoogle = window.adsbygoogle || []).push({}); \n<\/script>\n<\/div>\n\n\n\n<h3 class=\"has-text-align-center wp-block-heading\"><strong>\ud83d\udd34 Webcam Semnoz<\/strong> (Panorama)<\/h3>\n\n\n\n<iframe src=\"https:\/\/app.webcam-hd.com\/semnoz\/semnoz-ski\" style=\"width: 100%; height: 400px; border: none;\" allowfullscreen=\"\"><\/iframe>\n\n\n\n<p><\/p>\n\n\n\n<h3 class=\"has-text-align-center wp-block-heading\"><strong>\ud83d\udd34 Webcam Semnoz<\/strong> Mountain Peak (Panorama)<\/h3>\n\n\n\n<iframe src=\"https:\/\/app.webcam-hd.com\/semnoz\/sommet_tmx\" style=\"width: 100%; height: 400px; border: none;\" allowfullscreen=\"\"><\/iframe>\n\n\n\n<p class=\"has-text-align-center\"><strong><sup>Con un clic del rat\u00f3n (smartphone: cambie la vista simplemente tocando) puede mover la webcam en la direcci\u00f3n que desee. Girando la rueda del rat\u00f3n o haciendo zoom con los dedos, podr\u00e1 acercar la c\u00e1mara web. Tambi\u00e9n puede utilizar los botones para este fin.<\/sup><\/strong><\/p>\n\n\n\n<div class=\"wp-block-columns is-layout-flex wp-container-core-columns-is-layout-9d6595d7 wp-block-columns-is-layout-flex\">\n<div class=\"wp-block-column webcam-column is-layout-flow wp-block-column-is-layout-flow\">\n<h3 class=\"has-text-align-center wp-block-heading\"><strong> \ud83d\udd34 Webcam Semnoz<\/strong> &#8211; 1699 m<\/h3>\n\n\n\n<a name=\"windy-webcam-timelapse-player\" data-id=\"1457102334\" data-play=\"day\" href=\"https:\/\/windy.com\/webcams\/1457102334\" target=\"_blank\" rel=\"noopener\">Sevrier: Semnoz &#8211; 1 699 m<\/a><script async=\"\" type=\"text\/javascript\" src=\"https:\/\/webcams.windy.com\/webcams\/public\/embed\/script\/player.js\"><\/script>\n<\/div>\n<\/div>\n\n\n\n<h2 class=\"wp-block-heading\" id=\"fort-mahon-today\"><strong><strong>Radar meteorol\u00f3gico de Semnoz &#8211; El tiempo en Semnoz<\/strong><\/strong><\/h2>\n\n\n\n<p>El radar meteorol\u00f3gico<a href=\"https:\/\/weather-radar-live.com\/es\/\">en directo<\/a> recibe informaci\u00f3n sobre la <a href=\"https:\/\/weather-radar-live.com\/es\/mapa-de-nubes\/\">nubosidad<\/a>, las <a href=\"https:\/\/weather-radar-live.com\/es\/tormenta\/\">tormentas<\/a>, los <a href=\"https:\/\/weather-radar-live.com\/es\/tornado\/\">tornados<\/a> y las <a href=\"https:\/\/weather-radar-live.com\/es\/radar-lluvia\/\">precipitaciones<\/a> y se la muestra de forma f\u00e1cil de entender. La webcam de Semnoz le ofrece informaci\u00f3n meteorol\u00f3gica actual y prevista. As\u00ed, si ha planeado un viaje a Semnoz, puede navegar por el mapa y obtener una estimaci\u00f3n del estado del tiempo. Adem\u00e1s, puede ver sin esfuerzo el estado del tiempo y, con el signo + o -, puede ampliar o reducir la ubicaci\u00f3n exacta.<\/p>\n\n\n\n<div class=\"wp-block-columns is-layout-flex wp-container-core-columns-is-layout-9d6595d7 wp-block-columns-is-layout-flex\">\n<div class=\"wp-block-column is-layout-flow wp-block-column-is-layout-flow\" style=\"flex-basis:75%\">\n<iframe loading=\"lazy\" width=\"1300\" height=\"502\" src=\"https:\/\/embed.windy.com\/embed2.html?lat=45.797&amp;lon=5.900&amp;detailLat=45.797&amp;detailLon=5.900&amp;width=1300&amp;height=502&amp;zoom=11&amp;level=surface&amp;overlay=wind&amp;product=ecmwf&amp;menu=&amp;message=&amp;marker=&amp;calendar=now&amp;pressure=&amp;type=map&amp;location=coordinates&amp;detail=&amp;metricWind=default&amp;metricTemp=default&amp;radarRange=-1\" frameborder=\"0\"><\/iframe>\n<\/div>\n\n\n\n<div class=\"wp-block-column is-layout-flow wp-block-column-is-layout-flow\" style=\"flex-basis:25%\">\n<a class=\"weatherwidget-io\" href=\"https:\/\/forecast7.com\/es\/45d906d13\/annecy\/\" data-label_1=\"ANNECY\" data-font=\"Roboto\" data-theme=\"original\" >ANNECY<\/a>\n<script>\n!function(d,s,id){var js,fjs=d.getElementsByTagName(s)[0];if(!d.getElementById(id)){js=d.createElement(s);js.id=id;js.src='https:\/\/weatherwidget.io\/js\/widget.min.js';fjs.parentNode.insertBefore(js,fjs);}}(document,'script','weatherwidget-io-js');\n<\/script>\n<\/div>\n<\/div>\n\n\n\n<h2 class=\"wp-block-heading\" id=\"fort-mahon-weather\"><strong><strong>El clima en Semnoz<\/strong><\/strong><\/h2>\n\n\n\n<p>El clima moderadamente continental de Semnaz permite a sus habitantes y visitantes disfrutar de inviernos fr\u00edos y veranos c\u00e1lidos. Debido a su proximidad a los Alpes, el clima es lluvioso y las nevadas son bastante frecuentes en invierno. Durante las \u00e9pocas de altas corrientes atl\u00e1nticas, las temperaturas pueden ser suaves, pero pueden caer por debajo del punto de congelaci\u00f3n en otras ocasiones, incluso -10 \u00b0C.<\/p>\n\n\n\n<p><strong>Temperatura media<\/strong><\/p>\n\n\n\n<p>Durante el mes de enero su temperatura media se sit\u00faa en torno a los 36 \u00b0F o 2,1 \u00b0C. Mientras que durante el mes m\u00e1s c\u00e1lido del a\u00f1o, es decir, en julio, su temperatura media es de 69 \u00b0F o 20,5 \u00b0C.<\/p>\n\n\n\n<p><strong>Precipitaciones<\/strong> <\/p>\n\n\n\n<p>La precipitaci\u00f3n media anual en Semnoz es de 49,2 pulgadas o 1.250 mil\u00edmetros.<\/p>\n\n\n\n<p><strong>Fiabilidad de las nevadas <\/strong><\/p>\n\n\n\n<p>Los d\u00edas m\u00e1s apreciados de Annecy-LeSemnoz son los d\u00edas de \u00abBluebird Powder\u00bb, que se caracterizan normalmente por el sol y los vientos ligeros despu\u00e9s de una nevada muy reciente. Los d\u00edas de p\u00f3lvora pueden traer peores condiciones meteorol\u00f3gicas cuando la visibilidad es limitada, pero la nieve es fresca y profunda para los entusiastas de la p\u00f3lvora. Algunos esquiadores disfrutan m\u00e1s de los d\u00edas de p\u00e1jaros azules que de los d\u00edas de nieve polvo, ya que disfrutan de las monta\u00f1as nevadas con vientos suaves y condiciones m\u00e1s c\u00e1lidas.<\/p>\n\n\n\n<h2 class=\"wp-block-heading\"><strong><strong>La zona de esqu\u00ed alpino<\/strong><\/strong><\/h2>\n\n\n\n<p>Los esquiadores de todos los niveles pueden disfrutar de las 18 pistas de Semnoz. Cuenta con 6 pistas rojas, 7 verdes y 5 azules. Diez remontes dan servicio a las pistas (7 remontes, 2 telesillas y un telef\u00e9rico). Los frentes de nieve de Bauges y Annecy se encuentran a una altitud de 1450 m. A medida que las pistas ascienden hasta los 1704 metros, pasan por abetos y prados alpinos. Los freestylers pueden optar por un snowpark de tipo slopestyle revestido con m\u00f3dulos (barras de deslizamiento, cajas, foques, etc.) o m\u00f3dulos incorporados (tablas, espinas, etc.) para realizar saltos, figuras y rotaciones.<\/p>\n","protected":false},"excerpt":{"rendered":"<p>Webcam Semnoz Semnoz, la monta\u00f1a m\u00e1s famosa de la cordillera de Bauges, est\u00e1 situada en Auvernia-R\u00f3dano-Alpes. Semnoz se extiende desde Ch\u00e9ran hasta las orillas del lago de Annecy. Esta monta\u00f1a de la Alta Saboya oscila entre una altitud de 450 metros y 1.699 metros. Cerca del lago de Annecy, ofrece un amplio terreno para realizar &#8230; <a title=\"Webcam Semnoz\" class=\"read-more\" href=\"https:\/\/weather-radar-live.com\/es\/webcam\/francia\/webcam-semnoz\/\" aria-label=\"Leer m\u00e1s sobre Webcam Semnoz\">Leer m\u00e1s<\/a><\/p>\n","protected":false},"author":1,"featured_media":3825,"parent":4181,"menu_order":0,"comment_status":"closed","ping_status":"closed","template":"","meta":{"footnotes":""},"class_list":["post-5528","page","type-page","status-publish","has-post-thumbnail"],"yoast_head":"<!-- This site is optimized with the Yoast SEO plugin v27.5 - https:\/\/yoast.com\/product\/yoast-seo-wordpress\/ -->\n<title>Webcam Semnoz \u2192 \u00a1M\u00edralo en directo!<\/title>\n<meta name=\"description\" content=\"Webcam Semnoz | \u00a1Webcam de Semnoz! \u2705 \u00a1Actualizada para ti en tiempo real! \u2705 \u00a1Previsi\u00f3n del tiempo actual!\" \/>\n<meta name=\"robots\" content=\"index, follow, max-snippet:-1, max-image-preview:large, max-video-preview:-1\" \/>\n<link rel=\"canonical\" href=\"https:\/\/weather-radar-live.com\/es\/webcam\/francia\/webcam-semnoz\/\" \/>\n<meta property=\"og:locale\" content=\"es_ES\" \/>\n<meta property=\"og:type\" content=\"article\" \/>\n<meta property=\"og:title\" content=\"Webcam Semnoz \u2192 \u00a1M\u00edralo en directo!\" \/>\n<meta property=\"og:description\" content=\"Webcam Semnoz | \u00a1Webcam de Semnoz! \u2705 \u00a1Actualizada para ti en tiempo real! \u2705 \u00a1Previsi\u00f3n del tiempo actual!\" \/>\n<meta property=\"og:url\" content=\"https:\/\/weather-radar-live.com\/es\/webcam\/francia\/webcam-semnoz\/\" \/>\n<meta property=\"og:site_name\" content=\"weather-radar-live.com\" \/>\n<meta property=\"article:modified_time\" content=\"2022-07-20T13:46:44+00:00\" \/>\n<meta property=\"og:image\" content=\"https:\/\/weather-radar-live.com\/wp-content\/uploads\/2022\/04\/Webcam-Semnoz-e1650462287168.jpg\" \/>\n\t<meta property=\"og:image:width\" content=\"1919\" \/>\n\t<meta property=\"og:image:height\" content=\"911\" \/>\n\t<meta property=\"og:image:type\" content=\"image\/jpeg\" \/>\n<meta name=\"twitter:card\" content=\"summary_large_image\" \/>\n<meta name=\"twitter:label1\" content=\"Tiempo de lectura\" \/>\n\t<meta name=\"twitter:data1\" content=\"3 minutos\" \/>\n<script type=\"application\/ld+json\" class=\"yoast-schema-graph\">{\"@context\":\"https:\\\/\\\/schema.org\",\"@graph\":[{\"@type\":\"WebPage\",\"@id\":\"https:\\\/\\\/weather-radar-live.com\\\/es\\\/webcam\\\/francia\\\/webcam-semnoz\\\/\",\"url\":\"https:\\\/\\\/weather-radar-live.com\\\/es\\\/webcam\\\/francia\\\/webcam-semnoz\\\/\",\"name\":\"Webcam Semnoz \u2192 \u00a1M\u00edralo en directo!\",\"isPartOf\":{\"@id\":\"https:\\\/\\\/weather-radar-live.com\\\/#website\"},\"primaryImageOfPage\":{\"@id\":\"https:\\\/\\\/weather-radar-live.com\\\/es\\\/webcam\\\/francia\\\/webcam-semnoz\\\/#primaryimage\"},\"image\":{\"@id\":\"https:\\\/\\\/weather-radar-live.com\\\/es\\\/webcam\\\/francia\\\/webcam-semnoz\\\/#primaryimage\"},\"thumbnailUrl\":\"https:\\\/\\\/weather-radar-live.com\\\/wp-content\\\/uploads\\\/2022\\\/04\\\/Webcam-Semnoz-e1650462287168.jpg\",\"datePublished\":\"2022-04-20T10:51:55+00:00\",\"dateModified\":\"2022-07-20T13:46:44+00:00\",\"description\":\"Webcam Semnoz | \u00a1Webcam de Semnoz! \u2705 \u00a1Actualizada para ti en tiempo real! \u2705 \u00a1Previsi\u00f3n del tiempo actual!\",\"breadcrumb\":{\"@id\":\"https:\\\/\\\/weather-radar-live.com\\\/es\\\/webcam\\\/francia\\\/webcam-semnoz\\\/#breadcrumb\"},\"inLanguage\":\"es\",\"potentialAction\":[{\"@type\":\"ReadAction\",\"target\":[\"https:\\\/\\\/weather-radar-live.com\\\/es\\\/webcam\\\/francia\\\/webcam-semnoz\\\/\"]}]},{\"@type\":\"ImageObject\",\"inLanguage\":\"es\",\"@id\":\"https:\\\/\\\/weather-radar-live.com\\\/es\\\/webcam\\\/francia\\\/webcam-semnoz\\\/#primaryimage\",\"url\":\"https:\\\/\\\/weather-radar-live.com\\\/wp-content\\\/uploads\\\/2022\\\/04\\\/Webcam-Semnoz-e1650462287168.jpg\",\"contentUrl\":\"https:\\\/\\\/weather-radar-live.com\\\/wp-content\\\/uploads\\\/2022\\\/04\\\/Webcam-Semnoz-e1650462287168.jpg\",\"width\":1919,\"height\":911,\"caption\":\"Webcam-Semnoz\"},{\"@type\":\"BreadcrumbList\",\"@id\":\"https:\\\/\\\/weather-radar-live.com\\\/es\\\/webcam\\\/francia\\\/webcam-semnoz\\\/#breadcrumb\",\"itemListElement\":[{\"@type\":\"ListItem\",\"position\":1,\"name\":\"Weather Radar Live\",\"item\":\"https:\\\/\\\/weather-radar-live.com\\\/es\\\/\"},{\"@type\":\"ListItem\",\"position\":2,\"name\":\"C\u00e1mara web\",\"item\":\"https:\\\/\\\/weather-radar-live.com\\\/es\\\/webcam\\\/\"},{\"@type\":\"ListItem\",\"position\":3,\"name\":\"Francia\",\"item\":\"https:\\\/\\\/weather-radar-live.com\\\/es\\\/webcam\\\/francia\\\/\"},{\"@type\":\"ListItem\",\"position\":4,\"name\":\"Webcam Semnoz\"}]},{\"@type\":\"WebSite\",\"@id\":\"https:\\\/\\\/weather-radar-live.com\\\/#website\",\"url\":\"https:\\\/\\\/weather-radar-live.com\\\/\",\"name\":\"weather-radar-live.com\",\"description\":\"Your weather and sky radar.\",\"publisher\":{\"@id\":\"https:\\\/\\\/weather-radar-live.com\\\/#organization\"},\"potentialAction\":[{\"@type\":\"SearchAction\",\"target\":{\"@type\":\"EntryPoint\",\"urlTemplate\":\"https:\\\/\\\/weather-radar-live.com\\\/?s={search_term_string}\"},\"query-input\":{\"@type\":\"PropertyValueSpecification\",\"valueRequired\":true,\"valueName\":\"search_term_string\"}}],\"inLanguage\":\"es\"},{\"@type\":\"Organization\",\"@id\":\"https:\\\/\\\/weather-radar-live.com\\\/#organization\",\"name\":\"weather-radar-live.com\",\"url\":\"https:\\\/\\\/weather-radar-live.com\\\/\",\"logo\":{\"@type\":\"ImageObject\",\"inLanguage\":\"es\",\"@id\":\"https:\\\/\\\/weather-radar-live.com\\\/#\\\/schema\\\/logo\\\/image\\\/\",\"url\":\"https:\\\/\\\/weather-radar-live.com\\\/wp-content\\\/uploads\\\/2022\\\/03\\\/cropped-WRL2503.png\",\"contentUrl\":\"https:\\\/\\\/weather-radar-live.com\\\/wp-content\\\/uploads\\\/2022\\\/03\\\/cropped-WRL2503.png\",\"width\":1920,\"height\":555,\"caption\":\"weather-radar-live.com\"},\"image\":{\"@id\":\"https:\\\/\\\/weather-radar-live.com\\\/#\\\/schema\\\/logo\\\/image\\\/\"}}]}<\/script>\n<!-- \/ Yoast SEO plugin. -->","yoast_head_json":{"title":"Webcam Semnoz \u2192 \u00a1M\u00edralo en directo!","description":"Webcam Semnoz | \u00a1Webcam de Semnoz! \u2705 \u00a1Actualizada para ti en tiempo real! \u2705 \u00a1Previsi\u00f3n del tiempo actual!","robots":{"index":"index","follow":"follow","max-snippet":"max-snippet:-1","max-image-preview":"max-image-preview:large","max-video-preview":"max-video-preview:-1"},"canonical":"https:\/\/weather-radar-live.com\/es\/webcam\/francia\/webcam-semnoz\/","og_locale":"es_ES","og_type":"article","og_title":"Webcam Semnoz \u2192 \u00a1M\u00edralo en directo!","og_description":"Webcam Semnoz | \u00a1Webcam de Semnoz! \u2705 \u00a1Actualizada para ti en tiempo real! \u2705 \u00a1Previsi\u00f3n del tiempo actual!","og_url":"https:\/\/weather-radar-live.com\/es\/webcam\/francia\/webcam-semnoz\/","og_site_name":"weather-radar-live.com","article_modified_time":"2022-07-20T13:46:44+00:00","og_image":[{"width":1919,"height":911,"url":"https:\/\/weather-radar-live.com\/wp-content\/uploads\/2022\/04\/Webcam-Semnoz-e1650462287168.jpg","type":"image\/jpeg"}],"twitter_card":"summary_large_image","twitter_misc":{"Tiempo de lectura":"3 minutos"},"schema":{"@context":"https:\/\/schema.org","@graph":[{"@type":"WebPage","@id":"https:\/\/weather-radar-live.com\/es\/webcam\/francia\/webcam-semnoz\/","url":"https:\/\/weather-radar-live.com\/es\/webcam\/francia\/webcam-semnoz\/","name":"Webcam Semnoz \u2192 \u00a1M\u00edralo en directo!","isPartOf":{"@id":"https:\/\/weather-radar-live.com\/#website"},"primaryImageOfPage":{"@id":"https:\/\/weather-radar-live.com\/es\/webcam\/francia\/webcam-semnoz\/#primaryimage"},"image":{"@id":"https:\/\/weather-radar-live.com\/es\/webcam\/francia\/webcam-semnoz\/#primaryimage"},"thumbnailUrl":"https:\/\/weather-radar-live.com\/wp-content\/uploads\/2022\/04\/Webcam-Semnoz-e1650462287168.jpg","datePublished":"2022-04-20T10:51:55+00:00","dateModified":"2022-07-20T13:46:44+00:00","description":"Webcam Semnoz | \u00a1Webcam de Semnoz! \u2705 \u00a1Actualizada para ti en tiempo real! \u2705 \u00a1Previsi\u00f3n del tiempo actual!","breadcrumb":{"@id":"https:\/\/weather-radar-live.com\/es\/webcam\/francia\/webcam-semnoz\/#breadcrumb"},"inLanguage":"es","potentialAction":[{"@type":"ReadAction","target":["https:\/\/weather-radar-live.com\/es\/webcam\/francia\/webcam-semnoz\/"]}]},{"@type":"ImageObject","inLanguage":"es","@id":"https:\/\/weather-radar-live.com\/es\/webcam\/francia\/webcam-semnoz\/#primaryimage","url":"https:\/\/weather-radar-live.com\/wp-content\/uploads\/2022\/04\/Webcam-Semnoz-e1650462287168.jpg","contentUrl":"https:\/\/weather-radar-live.com\/wp-content\/uploads\/2022\/04\/Webcam-Semnoz-e1650462287168.jpg","width":1919,"height":911,"caption":"Webcam-Semnoz"},{"@type":"BreadcrumbList","@id":"https:\/\/weather-radar-live.com\/es\/webcam\/francia\/webcam-semnoz\/#breadcrumb","itemListElement":[{"@type":"ListItem","position":1,"name":"Weather Radar Live","item":"https:\/\/weather-radar-live.com\/es\/"},{"@type":"ListItem","position":2,"name":"C\u00e1mara web","item":"https:\/\/weather-radar-live.com\/es\/webcam\/"},{"@type":"ListItem","position":3,"name":"Francia","item":"https:\/\/weather-radar-live.com\/es\/webcam\/francia\/"},{"@type":"ListItem","position":4,"name":"Webcam Semnoz"}]},{"@type":"WebSite","@id":"https:\/\/weather-radar-live.com\/#website","url":"https:\/\/weather-radar-live.com\/","name":"weather-radar-live.com","description":"Your weather and sky radar.","publisher":{"@id":"https:\/\/weather-radar-live.com\/#organization"},"potentialAction":[{"@type":"SearchAction","target":{"@type":"EntryPoint","urlTemplate":"https:\/\/weather-radar-live.com\/?s={search_term_string}"},"query-input":{"@type":"PropertyValueSpecification","valueRequired":true,"valueName":"search_term_string"}}],"inLanguage":"es"},{"@type":"Organization","@id":"https:\/\/weather-radar-live.com\/#organization","name":"weather-radar-live.com","url":"https:\/\/weather-radar-live.com\/","logo":{"@type":"ImageObject","inLanguage":"es","@id":"https:\/\/weather-radar-live.com\/#\/schema\/logo\/image\/","url":"https:\/\/weather-radar-live.com\/wp-content\/uploads\/2022\/03\/cropped-WRL2503.png","contentUrl":"https:\/\/weather-radar-live.com\/wp-content\/uploads\/2022\/03\/cropped-WRL2503.png","width":1920,"height":555,"caption":"weather-radar-live.com"},"image":{"@id":"https:\/\/weather-radar-live.com\/#\/schema\/logo\/image\/"}}]}},"_links":{"self":[{"href":"https:\/\/weather-radar-live.com\/es\/wp-json\/wp\/v2\/pages\/5528","targetHints":{"allow":["GET"]}}],"collection":[{"href":"https:\/\/weather-radar-live.com\/es\/wp-json\/wp\/v2\/pages"}],"about":[{"href":"https:\/\/weather-radar-live.com\/es\/wp-json\/wp\/v2\/types\/page"}],"author":[{"embeddable":true,"href":"https:\/\/weather-radar-live.com\/es\/wp-json\/wp\/v2\/users\/1"}],"replies":[{"embeddable":true,"href":"https:\/\/weather-radar-live.com\/es\/wp-json\/wp\/v2\/comments?post=5528"}],"version-history":[{"count":5,"href":"https:\/\/weather-radar-live.com\/es\/wp-json\/wp\/v2\/pages\/5528\/revisions"}],"predecessor-version":[{"id":5569,"href":"https:\/\/weather-radar-live.com\/es\/wp-json\/wp\/v2\/pages\/5528\/revisions\/5569"}],"up":[{"embeddable":true,"href":"https:\/\/weather-radar-live.com\/es\/wp-json\/wp\/v2\/pages\/4181"}],"wp:featuredmedia":[{"embeddable":true,"href":"https:\/\/weather-radar-live.com\/es\/wp-json\/wp\/v2\/media\/3825"}],"wp:attachment":[{"href":"https:\/\/weather-radar-live.com\/es\/wp-json\/wp\/v2\/media?parent=5528"}],"curies":[{"name":"wp","href":"https:\/\/api.w.org\/{rel}","templated":true}]}}