{"id":7851,"date":"2024-11-30T16:45:49","date_gmt":"2024-11-30T15:45:49","guid":{"rendered":"https:\/\/weather-radar-live.com\/lunar-calender\/"},"modified":"2024-11-30T17:40:37","modified_gmt":"2024-11-30T16:40:37","slug":"maanekalender","status":"publish","type":"page","link":"https:\/\/weather-radar-live.com\/da\/maanekalender\/","title":{"rendered":"M\u00e5nekalender"},"content":{"rendered":"<div id=\"weath-2150149975\" class=\"weath-vor-dem-inhalt weath-entity-placement\" style=\"margin-top: 15px;margin-right: 25px;margin-bottom: 40px;margin-left: 25px;\"><script async src=\"\/\/pagead2.googlesyndication.com\/pagead\/js\/adsbygoogle.js?client=ca-pub-8960936133935804\" crossorigin=\"anonymous\"><\/script><ins class=\"adsbygoogle\" style=\"display:block;\" data-ad-client=\"ca-pub-8960936133935804\" \ndata-ad-slot=\"6172817020\" \ndata-ad-format=\"auto\"><\/ins>\n<script> \n(adsbygoogle = window.adsbygoogle || []).push({}); \n<\/script>\n<\/div>\n<div class=\"wp-block-cover alignfull is-light\"><span aria-hidden=\"true\" class=\"wp-block-cover__background has-contrast-background-color has-background-dim-30 has-background-dim\"><\/span><video class=\"wp-block-cover__video-background intrinsic-ignore\" autoplay muted loop playsinline src=\"https:\/\/weather-radar-live.com\/wp-content\/uploads\/2024\/11\/Moon-Calender-Video.mp4\" data-object-fit=\"cover\"><\/video><div class=\"wp-block-cover__inner-container is-layout-flow wp-block-cover-is-layout-flow\">\n<h2 class=\"wp-block-heading has-text-align-center heading has-contrast-3-color has-text-color has-link-color wp-elements-eec7f976617b644a2338312c01caf0bd\" style=\"font-size:50px\"><mark style=\"background-color:rgba(0, 0, 0, 0)\" class=\"has-inline-color has-contrast-3-color\"><strong>M\u00c5NE<\/strong><br><\/mark><strong><span class=\"has-inline-color has-white-color\">KALENDER<\/span><\/strong><\/h2>\n<\/div><\/div>\n\n\n\n<h1 class=\"wp-block-heading has-text-align-center has-contrast-2-color has-text-color has-link-color wp-elements-36948e4455d9319ef6b60b1d527072aa\"><strong>M\u00e5nekalender<\/strong><\/h1>\n\n\n\n<p>M\u00e5nekalenderen er et fascinerende v\u00e6rkt\u00f8j, der er blevet brugt af mennesker i \u00e5rhundreder til at organisere deres liv i harmoni med m\u00e5nens faser. Uanset om det drejer sig om landbrug, gartneri eller privatliv, giver m\u00e5nekalenderen v\u00e6rdifuld indsigt og vejledning. I denne artikel f\u00e5r du alt, hvad du beh\u00f8ver at vide om m\u00e5nekalenderen, dens anvendelsesmuligheder, og hvordan du kan bruge den i din hverdag.<\/p>\n\n\n\n<h2 class=\"wp-block-heading\"><strong>Hvad er en m\u00e5nekalender?<\/strong><\/h2>\n\n\n\n<div class=\"wp-block-columns is-layout-flex wp-container-core-columns-is-layout-9d6595d7 wp-block-columns-is-layout-flex\">\n<div class=\"wp-block-column is-layout-flow wp-block-column-is-layout-flow\">\n<p>En m\u00e5nekalender er baseret p\u00e5 m\u00e5nens faser og adskiller sig fra de konventionelle solkalendere, som vi bruger i hverdagen. Mens en solkalender opdeler \u00e5ret i 365 dage, er m\u00e5nekalenderen baseret p\u00e5 m\u00e5nens cyklusser, som varer omkring 29,5 dage. Disse cyklusser p\u00e5virker ikke kun tidevandet, men ogs\u00e5 mange biologiske og psykologiske processer p\u00e5 jorden.<\/p>\n\n\n\n<p>M\u00e5nekalenderen inddeler \u00e5ret i 12-13 m\u00e5nem\u00e5neder, som hver is\u00e6r begynder med en nym\u00e5ne og slutter med den f\u00f8lgende nym\u00e5ne. Hver af disse m\u00e5neder best\u00e5r af fire hovedfaser: <\/p>\n\n\n\n<ul class=\"wp-block-list\">\n<li>\ud83c\udf11 <a href=\"#Nym\u00e5ne\">nym\u00e5ne<\/a>,<\/li>\n\n\n\n<li>\ud83c\udf12 <a href=\"#Voksende-m\u00e5ne\">tiltagende m\u00e5ne<\/a>,<\/li>\n\n\n\n<li>\ud83c\udf15 <a href=\"#Fuldm\u00e5ne\">fuldm\u00e5ne<\/a> og<\/li>\n\n\n\n<li>\ud83c\udf18 <a href=\"#Aftagende-m\u00e5ne\">aftagende m\u00e5ne<\/a>.<\/li>\n<\/ul>\n\n\n\n<p>Hver fase har sine egne karakteristika og p\u00e5virkninger, som kan bruges p\u00e5 forskellige omr\u00e5der i livet.<\/p>\n\n\n\n<p>Historisk set er m\u00e5nekalenderen blevet brugt af mange kulturer rundt om i verden til at planl\u00e6gge vigtige begivenheder som f.eks. h\u00f8st, religi\u00f8se festivaler og andre sociale aktiviteter. Selv i dag bruges m\u00e5nekalenderen stadig inden for forskellige omr\u00e5der, fra landbrug til personlig livsstil.<\/p>\n\n\n\n<!--- Source code beginning --->\n\t\t\n\t<!--- Terms of Use: The contained links and texts in the source code\n\tmay not be removed, otherwise the right of use expires. \n\tIn case of desired deviations please contact by mail. \n\tMail address on the homepage.\n\t\t\n\tA free service from https:\/\/www.Der-Mond.de\/ --->\n\n\t\n\t\t<img decoding=\"async\" border=0 src=\"https:\/\/www.der-mond.de\/feature\/luna_kalender.php?version=5&#038;txue=M%C3%A5nekalender&#038;trans=1&#038;zefu=1&#038;txph=1&#038;txmoph=1&#038;txmophti=1&#038;txmost=0&#038;txmostau=0&#038;txze=1&#038;zezo=1&#038;zeso=1&#038;schgr=12&#038;schriftart=Roboto&#038;schriftschnitt=0&#038;faan=1&#038;scro=0&#038;ragr=255&#038;rabl=255&#038;raro=255&#038;scgr=0&#038;scbl=0&#038;hiro=255&#038;higr=255&#038;hibl=255&#038;soep=1&#038;txsost=1&#038;txsostau=0&#038;geolagr=12&#038;geolami=0&#038;geolase=0&#038;geola=o&#038;geobrgr=55&#038;geobrmi=0&#038;geobrse=0&#038;geobr=n&#038;lang=en&#038;kalender_zeitraum=0&#038;jahr=2024&#038;monat=11\" alt=\"The moon - mysterious companion of our earth\" style=\"max-width: 100%\">\n \t\n\n\t<br>\n\n\tA service of <a href=\"https:\/\/www.der-mond.de\/\" target=\"_blank\">www.Der-Mond.de<\/a>\n\n<!--- End of source code --->\n<\/div>\n<\/div>\n\n\n\n<h2 class=\"wp-block-heading\"><strong>M\u00e5nens faser og deres betydning<\/strong><\/h2>\n\n\n\n<h3 class=\"wp-block-heading\" id=\"Nym\u00e5ne\">\ud83c\udf11 <strong>Nym\u00e5ne<\/strong><\/h3>\n\n\n\n<p>Nym\u00e5nen markerer begyndelsen p\u00e5 en ny m\u00e5necyklus. I denne fase er m\u00e5nen ikke synlig fra jorden, da den befinder sig mellem jorden og solen. Nym\u00e5nen symboliserer en ny begyndelse og er et ideelt tidspunkt til at starte nye projekter eller bryde gamle vaner. Mange mennesker bruger denne fase til at s\u00e6tte sig m\u00e5l og l\u00e6gge planer for de kommende uger.<\/p><div id=\"weath-3169071633\" class=\"weath-inhalt_2 weath-entity-placement\" style=\"margin-top: 15px;margin-right: 25px;margin-bottom: 35px;margin-left: 25px;\"><script async src=\"\/\/pagead2.googlesyndication.com\/pagead\/js\/adsbygoogle.js?client=ca-pub-8960936133935804\" crossorigin=\"anonymous\"><\/script><ins class=\"adsbygoogle\" style=\"display:block;\" data-ad-client=\"ca-pub-8960936133935804\" \ndata-ad-slot=\"1963584050\" \ndata-ad-format=\"auto\"><\/ins>\n<script> \n(adsbygoogle = window.adsbygoogle || []).push({}); \n<\/script>\n<\/div>\n\n\n\n<h3 class=\"wp-block-heading\" id=\"Voksende-m\u00e5ne\">\ud83c\udf12 <strong>Voksende m\u00e5ne<\/strong><\/h3>\n\n\n\n<p>I den tiltagende m\u00e5nefase vokser m\u00e5nen fra en smal halvm\u00e5ne til en fuldm\u00e5ne. Denne fase st\u00e5r for v\u00e6kst og udvikling. Det er en tid, hvor projekter og planer, der blev p\u00e5begyndt ved nym\u00e5ne, kan styrkes og videreudvikles. I landbruget er det den fase, hvor planterne s\u00e5s og plejes for at fremme en sund v\u00e6kst.<\/p>\n\n\n\n<h3 class=\"wp-block-heading\" id=\"Fuldm\u00e5ne\">\ud83c\udf15 <strong>Fuldm\u00e5ne<\/strong><\/h3>\n\n\n\n<p>Fuldm\u00e5nen er den fase, hvor m\u00e5nen er fuldt oplyst af solen og fremst\u00e5r i fuld pragt p\u00e5 nattehimlen. Denne fase er kendt for sin st\u00e6rke energi og forbindes ofte med h\u00f8jdepunkter og pr\u00e6stationer. Mange mennesker rapporterer om intense f\u00f8lelser og \u00f8get kreativitet under fuldm\u00e5nen. Det er et godt tidspunkt til at f\u00e6rdigg\u00f8re projekter og h\u00f8ste frugterne af dit h\u00e5rde arbejde.<\/p>\n\n\n\n<h3 class=\"wp-block-heading\" id=\"Aftagende-m\u00e5ne\">\ud83c\udf18 <strong>Aftagende m\u00e5ne<\/strong><\/h3>\n\n\n\n<p>Efter fuldm\u00e5nen begynder m\u00e5nen at aftage, indtil den bliver til nym\u00e5ne igen. Denne fase st\u00e5r for at give slip og slappe af. Det er tid til at skille sig af med un\u00f8dvendig bagage og fokusere p\u00e5 det v\u00e6sentlige. I landbruget er det den fase, hvor afgr\u00f8derne h\u00f8stes og konserveres. I den personlige sf\u00e6re er denne tid velegnet til refleksion og indre udrensning.<\/p>\n\n\n\n<h2 class=\"wp-block-heading\"><strong>At genkende og huske m\u00e5nens faser &#8211; en lille huskeregel:<\/strong><\/h2>\n\n\n\n<p>&#8220;M\u00e5nefasecyklussen&#8221; starter med &#8220;nym\u00e5ne&#8221; og l\u00f8ber igennem en gang p\u00e5 29,53 dage. P\u00e5 den nordlige halvkugle kan du nemt huske cyklussen:<\/p>\n\n\n\n<p><strong>\ud83c\udf1b Lukkende parentes = tiltagende<\/strong> m\u00e5ne &#8211; m\u00e5nen bliver fyldigere og rundere. S\u00e5 vender det hele om: <\/p>\n\n\n\n<p><strong>\ud83c\udf1c Beslag<\/strong> <strong>\u00e5bent = aftagende<\/strong> m\u00e5ne &#8211; m\u00e5nen bliver smallere, indtil den forsvinder igen.<\/p>\n\n\n\n<p>P\u00e5 den m\u00e5de ved du altid, om m\u00e5nen er tiltagende eller aftagende.<\/p>\n\n\n\n<h2 class=\"wp-block-heading\"><strong>Brug af m\u00e5nekalenderen i hverdagen<\/strong><\/h2>\n\n\n\n<div class=\"wp-block-columns is-layout-flex wp-container-core-columns-is-layout-9d6595d7 wp-block-columns-is-layout-flex\">\n<div class=\"wp-block-column is-layout-flow wp-block-column-is-layout-flow\">\n<figure class=\"wp-block-image size-large shadow-box\"><img loading=\"lazy\" decoding=\"async\" width=\"1024\" height=\"771\" src=\"https:\/\/weather-radar-live.com\/wp-content\/uploads\/2024\/11\/The-moon-in-agriculture-1024x771.png\" alt=\"M\u00e5nen i landbruget.\" class=\"wp-image-7804\" srcset=\"https:\/\/weather-radar-live.com\/wp-content\/uploads\/2024\/11\/The-moon-in-agriculture-1024x771.png 1024w, https:\/\/weather-radar-live.com\/wp-content\/uploads\/2024\/11\/The-moon-in-agriculture-300x226.png 300w, https:\/\/weather-radar-live.com\/wp-content\/uploads\/2024\/11\/The-moon-in-agriculture-768x578.png 768w, https:\/\/weather-radar-live.com\/wp-content\/uploads\/2024\/11\/The-moon-in-agriculture.png 1232w\" sizes=\"auto, (max-width: 1024px) 100vw, 1024px\" \/><\/figure>\n\n\n\n<p class=\"has-small-font-size\">Vores jordsatellit har ofte en meget kraftig effekt p\u00e5 os, is\u00e6r ved fuldm\u00e5ne. Ogs\u00e5 selv om den er over 384.000 kilometer v\u00e6k!<\/p>\n<\/div>\n\n\n\n<div class=\"wp-block-column is-layout-flow wp-block-column-is-layout-flow\">\n<h3 class=\"wp-block-heading\"><strong>Havearbejde og landbrug<\/strong><\/h3>\n\n\n\n<p>M\u00e5nekalenderen har l\u00e6nge v\u00e6ret brugt i landbrug og gartneri til at bestemme det optimale tidspunkt for s\u00e5ning, plantning og h\u00f8st af afgr\u00f8der. M\u00e5nens forskellige faser p\u00e5virker planternes v\u00e6kst og jordens fugtighed, hvilket kan p\u00e5virke afgr\u00f8dernes udbytte. For eksempel anbefales det at s\u00e5 afgr\u00f8der, der vokser over jorden, under den tiltagende m\u00e5ne, mens det er bedre at plante rodfrugter under den aftagende m\u00e5ne.<\/p>\n\n\n\n<h3 class=\"wp-block-heading\"><strong>Sundhed og velv\u00e6re<\/strong><\/h3>\n\n\n\n<p>Mange mennesker bruger m\u00e5nekalenderen til at forbedre deres helbred og velbefindende. M\u00e5nens faser kan have indflydelse p\u00e5 den menneskelige krop og psyke. For eksempel anbefales det at starte afgiftningskure og di\u00e6ter under den aftagende m\u00e5ne, da kroppen er bedre i stand til at give slip i denne fase. Operationer og medicinske procedurer planl\u00e6gges ogs\u00e5 ofte i henhold til m\u00e5nekalenderen for at fremme helbredelse.<\/p>\n<\/div>\n<\/div>\n\n\n\n<h3 class=\"wp-block-heading\"><strong>Personlig udvikling og spiritualitet<\/strong><\/h3>\n\n\n\n<p>M\u00e5nekalenderen kan ogs\u00e5 bruges som et redskab til personlig udvikling og spirituel praksis. Mange mennesker bruger de forskellige m\u00e5nefaser til at udf\u00f8re meditationer, ritualer og andre spirituelle \u00f8velser. Nym\u00e5nen er s\u00e6rligt velegnet til at s\u00e6tte intentioner og manifestere m\u00e5l, mens fuldm\u00e5nen er et kraftfuldt tidspunkt for taknemmelighed og refleksion.<\/p>\n\n\n\n<h2 class=\"wp-block-heading\"><strong>S\u00e5dan bruger du en m\u00e5nekalender<\/strong><\/h2>\n\n\n\n<p>For at bruge m\u00e5nekalenderen effektivt er det vigtigt at kende og forst\u00e5 m\u00e5nens forskellige faser. Der findes mange ressourcer, herunder b\u00f8ger, hjemmesider og apps, som giver detaljerede oplysninger om de aktuelle m\u00e5nefaser, og hvad de betyder. Et godt sted at starte er at f\u00e5 fat i en m\u00e5nekalender, der viser m\u00e5nens faser for hele \u00e5ret.<\/p>\n\n\n\n<p>Begynd at integrere m\u00e5nefaserne i din hverdag ved at justere dine aktiviteter og planer i overensstemmelse hermed. Hold \u00f8je med, hvordan de forskellige faser p\u00e5virker dit hum\u00f8r, din energi og din produktivitet, og tilpas dine rutiner derefter. Med tiden vil du f\u00e5 en bedre forst\u00e5else af, hvordan m\u00e5nekalenderen kan hj\u00e6lpe dig med at leve et mere harmonisk og tilfredsstillende liv.<\/p>\n\n\n\n<p>M\u00e5nekalenderen er et v\u00e6rdifuldt v\u00e6rkt\u00f8j, som kan hj\u00e6lpe os med at leve i harmoni med jordens naturlige rytmer. Ved at bruge m\u00e5nefasernes visdom kan vi forbedre vores livskvalitet og f\u00e5 en dybere forst\u00e5else af sammenh\u00e6ngen mellem natur og menneskehed.<\/p>\n\n\n\n<p>M\u00e5nekalenderen giver en unik mulighed for at leve livet i harmoni med m\u00e5nens naturlige rytmer. Uanset om det drejer sig om landbrug, personligt velv\u00e6re eller spirituel praksis, kan der v\u00e6re mange fordele ved at bruge m\u00e5nekalenderen. Ved at forst\u00e5 og bruge m\u00e5nens forskellige faser kan vi g\u00f8re vores liv mere bevidst og tilfredsstillende. Brug m\u00e5nens kraft til at n\u00e5 dine m\u00e5l og leve et harmonisk liv.<\/p>\n","protected":false},"excerpt":{"rendered":"<p>M\u00e5nekalender M\u00e5nekalenderen er et fascinerende v\u00e6rkt\u00f8j, der er blevet brugt af mennesker i \u00e5rhundreder til at organisere deres liv i harmoni med m\u00e5nens faser. Uanset om det drejer sig om landbrug, gartneri eller privatliv, giver m\u00e5nekalenderen v\u00e6rdifuld indsigt og vejledning. I denne artikel f\u00e5r du alt, hvad du beh\u00f8ver at vide om m\u00e5nekalenderen, dens anvendelsesmuligheder, &#8230; <a title=\"M\u00e5nekalender\" class=\"read-more\" href=\"https:\/\/weather-radar-live.com\/da\/maanekalender\/\" aria-label=\"Read more about M\u00e5nekalender\">L\u00e6s mere <\/a><\/p>\n","protected":false},"author":1,"featured_media":0,"parent":0,"menu_order":0,"comment_status":"closed","ping_status":"closed","template":"","meta":{"footnotes":""},"class_list":["post-7851","page","type-page","status-publish"],"yoast_head":"<!-- This site is optimized with the Yoast SEO plugin v27.5 - https:\/\/yoast.com\/product\/yoast-seo-wordpress\/ -->\n<title>M\u00e5nekalender i dag + m\u00e5nefaser! \ud83c\udf1b<\/title>\n<meta name=\"description\" content=\"Hvilken fase af m\u00e5nen befinder vi os i if\u00f8lge m\u00e5nekalenderen? Hvilke faser er der, og hvorn\u00e5r er det fuldm\u00e5ne? \ud83c\udf15\" \/>\n<meta name=\"robots\" content=\"index, follow, max-snippet:-1, max-image-preview:large, max-video-preview:-1\" \/>\n<link rel=\"canonical\" href=\"https:\/\/weather-radar-live.com\/da\/maanekalender\/\" \/>\n<meta property=\"og:locale\" content=\"da_DK\" \/>\n<meta property=\"og:type\" content=\"article\" \/>\n<meta property=\"og:title\" content=\"M\u00e5nekalender i dag + m\u00e5nefaser! \ud83c\udf1b\" \/>\n<meta property=\"og:description\" content=\"Hvilken fase af m\u00e5nen befinder vi os i if\u00f8lge m\u00e5nekalenderen? Hvilke faser er der, og hvorn\u00e5r er det fuldm\u00e5ne? \ud83c\udf15\" \/>\n<meta property=\"og:url\" content=\"https:\/\/weather-radar-live.com\/da\/maanekalender\/\" \/>\n<meta property=\"og:site_name\" content=\"weather-radar-live.com\" \/>\n<meta property=\"article:modified_time\" content=\"2024-11-30T16:40:37+00:00\" \/>\n<meta property=\"og:image\" content=\"https:\/\/www.der-mond.de\/feature\/luna_kalender.php?version=5&txue=M%C3%A5nekalender&trans=1&zefu=1&txph=1&txmoph=1&txmophti=1&txmost=0&txmostau=0&txze=1&zezo=1&zeso=1&schgr=12&schriftart=Roboto&schriftschnitt=0&faan=1&scro=0&ragr=255&rabl=255&raro=255&scgr=0&scbl=0&hiro=255&higr=255&hibl=255&soep=1&txsost=1&txsostau=0&geolagr=12&geolami=0&geolase=0&geola=o&geobrgr=55&geobrmi=0&geobrse=0&geobr=n&lang=en&kalender_zeitraum=0&jahr=2024&monat=11\" \/>\n<meta name=\"twitter:card\" content=\"summary_large_image\" \/>\n<meta name=\"twitter:label1\" content=\"Estimeret l\u00e6setid\" \/>\n\t<meta name=\"twitter:data1\" content=\"5 minutter\" \/>\n<script type=\"application\/ld+json\" class=\"yoast-schema-graph\">{\"@context\":\"https:\\\/\\\/schema.org\",\"@graph\":[{\"@type\":\"WebPage\",\"@id\":\"https:\\\/\\\/weather-radar-live.com\\\/da\\\/maanekalender\\\/\",\"url\":\"https:\\\/\\\/weather-radar-live.com\\\/da\\\/maanekalender\\\/\",\"name\":\"M\u00e5nekalender i dag + m\u00e5nefaser! \ud83c\udf1b\",\"isPartOf\":{\"@id\":\"https:\\\/\\\/weather-radar-live.com\\\/#website\"},\"primaryImageOfPage\":{\"@id\":\"https:\\\/\\\/weather-radar-live.com\\\/da\\\/maanekalender\\\/#primaryimage\"},\"image\":{\"@id\":\"https:\\\/\\\/weather-radar-live.com\\\/da\\\/maanekalender\\\/#primaryimage\"},\"thumbnailUrl\":\"https:\\\/\\\/www.der-mond.de\\\/feature\\\/luna_kalender.php?version=5&txue=M%C3%A5nekalender&trans=1&zefu=1&txph=1&txmoph=1&txmophti=1&txmost=0&txmostau=0&txze=1&zezo=1&zeso=1&schgr=12&schriftart=Roboto&schriftschnitt=0&faan=1&scro=0&ragr=255&rabl=255&raro=255&scgr=0&scbl=0&hiro=255&higr=255&hibl=255&soep=1&txsost=1&txsostau=0&geolagr=12&geolami=0&geolase=0&geola=o&geobrgr=55&geobrmi=0&geobrse=0&geobr=n&lang=en&kalender_zeitraum=0&jahr=2024&monat=11\",\"datePublished\":\"2024-11-30T15:45:49+00:00\",\"dateModified\":\"2024-11-30T16:40:37+00:00\",\"description\":\"Hvilken fase af m\u00e5nen befinder vi os i if\u00f8lge m\u00e5nekalenderen? Hvilke faser er der, og hvorn\u00e5r er det fuldm\u00e5ne? \ud83c\udf15\",\"breadcrumb\":{\"@id\":\"https:\\\/\\\/weather-radar-live.com\\\/da\\\/maanekalender\\\/#breadcrumb\"},\"inLanguage\":\"da-DK\",\"potentialAction\":[{\"@type\":\"ReadAction\",\"target\":[\"https:\\\/\\\/weather-radar-live.com\\\/da\\\/maanekalender\\\/\"]}]},{\"@type\":\"ImageObject\",\"inLanguage\":\"da-DK\",\"@id\":\"https:\\\/\\\/weather-radar-live.com\\\/da\\\/maanekalender\\\/#primaryimage\",\"url\":\"https:\\\/\\\/www.der-mond.de\\\/feature\\\/luna_kalender.php?version=5&txue=M%C3%A5nekalender&trans=1&zefu=1&txph=1&txmoph=1&txmophti=1&txmost=0&txmostau=0&txze=1&zezo=1&zeso=1&schgr=12&schriftart=Roboto&schriftschnitt=0&faan=1&scro=0&ragr=255&rabl=255&raro=255&scgr=0&scbl=0&hiro=255&higr=255&hibl=255&soep=1&txsost=1&txsostau=0&geolagr=12&geolami=0&geolase=0&geola=o&geobrgr=55&geobrmi=0&geobrse=0&geobr=n&lang=en&kalender_zeitraum=0&jahr=2024&monat=11\",\"contentUrl\":\"https:\\\/\\\/www.der-mond.de\\\/feature\\\/luna_kalender.php?version=5&txue=M%C3%A5nekalender&trans=1&zefu=1&txph=1&txmoph=1&txmophti=1&txmost=0&txmostau=0&txze=1&zezo=1&zeso=1&schgr=12&schriftart=Roboto&schriftschnitt=0&faan=1&scro=0&ragr=255&rabl=255&raro=255&scgr=0&scbl=0&hiro=255&higr=255&hibl=255&soep=1&txsost=1&txsostau=0&geolagr=12&geolami=0&geolase=0&geola=o&geobrgr=55&geobrmi=0&geobrse=0&geobr=n&lang=en&kalender_zeitraum=0&jahr=2024&monat=11\"},{\"@type\":\"BreadcrumbList\",\"@id\":\"https:\\\/\\\/weather-radar-live.com\\\/da\\\/maanekalender\\\/#breadcrumb\",\"itemListElement\":[{\"@type\":\"ListItem\",\"position\":1,\"name\":\"Weather Radar Live\",\"item\":\"https:\\\/\\\/weather-radar-live.com\\\/da\\\/\"},{\"@type\":\"ListItem\",\"position\":2,\"name\":\"M\u00e5nekalender\"}]},{\"@type\":\"WebSite\",\"@id\":\"https:\\\/\\\/weather-radar-live.com\\\/#website\",\"url\":\"https:\\\/\\\/weather-radar-live.com\\\/\",\"name\":\"weather-radar-live.com\",\"description\":\"Your weather and sky radar.\",\"publisher\":{\"@id\":\"https:\\\/\\\/weather-radar-live.com\\\/#organization\"},\"potentialAction\":[{\"@type\":\"SearchAction\",\"target\":{\"@type\":\"EntryPoint\",\"urlTemplate\":\"https:\\\/\\\/weather-radar-live.com\\\/?s={search_term_string}\"},\"query-input\":{\"@type\":\"PropertyValueSpecification\",\"valueRequired\":true,\"valueName\":\"search_term_string\"}}],\"inLanguage\":\"da-DK\"},{\"@type\":\"Organization\",\"@id\":\"https:\\\/\\\/weather-radar-live.com\\\/#organization\",\"name\":\"weather-radar-live.com\",\"url\":\"https:\\\/\\\/weather-radar-live.com\\\/\",\"logo\":{\"@type\":\"ImageObject\",\"inLanguage\":\"da-DK\",\"@id\":\"https:\\\/\\\/weather-radar-live.com\\\/#\\\/schema\\\/logo\\\/image\\\/\",\"url\":\"https:\\\/\\\/weather-radar-live.com\\\/wp-content\\\/uploads\\\/2022\\\/03\\\/cropped-WRL2503.png\",\"contentUrl\":\"https:\\\/\\\/weather-radar-live.com\\\/wp-content\\\/uploads\\\/2022\\\/03\\\/cropped-WRL2503.png\",\"width\":1920,\"height\":555,\"caption\":\"weather-radar-live.com\"},\"image\":{\"@id\":\"https:\\\/\\\/weather-radar-live.com\\\/#\\\/schema\\\/logo\\\/image\\\/\"}}]}<\/script>\n<!-- \/ Yoast SEO plugin. -->","yoast_head_json":{"title":"M\u00e5nekalender i dag + m\u00e5nefaser! \ud83c\udf1b","description":"Hvilken fase af m\u00e5nen befinder vi os i if\u00f8lge m\u00e5nekalenderen? Hvilke faser er der, og hvorn\u00e5r er det fuldm\u00e5ne? \ud83c\udf15","robots":{"index":"index","follow":"follow","max-snippet":"max-snippet:-1","max-image-preview":"max-image-preview:large","max-video-preview":"max-video-preview:-1"},"canonical":"https:\/\/weather-radar-live.com\/da\/maanekalender\/","og_locale":"da_DK","og_type":"article","og_title":"M\u00e5nekalender i dag + m\u00e5nefaser! \ud83c\udf1b","og_description":"Hvilken fase af m\u00e5nen befinder vi os i if\u00f8lge m\u00e5nekalenderen? Hvilke faser er der, og hvorn\u00e5r er det fuldm\u00e5ne? \ud83c\udf15","og_url":"https:\/\/weather-radar-live.com\/da\/maanekalender\/","og_site_name":"weather-radar-live.com","article_modified_time":"2024-11-30T16:40:37+00:00","og_image":[{"url":"https:\/\/www.der-mond.de\/feature\/luna_kalender.php?version=5&txue=M%C3%A5nekalender&trans=1&zefu=1&txph=1&txmoph=1&txmophti=1&txmost=0&txmostau=0&txze=1&zezo=1&zeso=1&schgr=12&schriftart=Roboto&schriftschnitt=0&faan=1&scro=0&ragr=255&rabl=255&raro=255&scgr=0&scbl=0&hiro=255&higr=255&hibl=255&soep=1&txsost=1&txsostau=0&geolagr=12&geolami=0&geolase=0&geola=o&geobrgr=55&geobrmi=0&geobrse=0&geobr=n&lang=en&kalender_zeitraum=0&jahr=2024&monat=11","type":"","width":"","height":""}],"twitter_card":"summary_large_image","twitter_misc":{"Estimeret l\u00e6setid":"5 minutter"},"schema":{"@context":"https:\/\/schema.org","@graph":[{"@type":"WebPage","@id":"https:\/\/weather-radar-live.com\/da\/maanekalender\/","url":"https:\/\/weather-radar-live.com\/da\/maanekalender\/","name":"M\u00e5nekalender i dag + m\u00e5nefaser! \ud83c\udf1b","isPartOf":{"@id":"https:\/\/weather-radar-live.com\/#website"},"primaryImageOfPage":{"@id":"https:\/\/weather-radar-live.com\/da\/maanekalender\/#primaryimage"},"image":{"@id":"https:\/\/weather-radar-live.com\/da\/maanekalender\/#primaryimage"},"thumbnailUrl":"https:\/\/www.der-mond.de\/feature\/luna_kalender.php?version=5&txue=M%C3%A5nekalender&trans=1&zefu=1&txph=1&txmoph=1&txmophti=1&txmost=0&txmostau=0&txze=1&zezo=1&zeso=1&schgr=12&schriftart=Roboto&schriftschnitt=0&faan=1&scro=0&ragr=255&rabl=255&raro=255&scgr=0&scbl=0&hiro=255&higr=255&hibl=255&soep=1&txsost=1&txsostau=0&geolagr=12&geolami=0&geolase=0&geola=o&geobrgr=55&geobrmi=0&geobrse=0&geobr=n&lang=en&kalender_zeitraum=0&jahr=2024&monat=11","datePublished":"2024-11-30T15:45:49+00:00","dateModified":"2024-11-30T16:40:37+00:00","description":"Hvilken fase af m\u00e5nen befinder vi os i if\u00f8lge m\u00e5nekalenderen? Hvilke faser er der, og hvorn\u00e5r er det fuldm\u00e5ne? \ud83c\udf15","breadcrumb":{"@id":"https:\/\/weather-radar-live.com\/da\/maanekalender\/#breadcrumb"},"inLanguage":"da-DK","potentialAction":[{"@type":"ReadAction","target":["https:\/\/weather-radar-live.com\/da\/maanekalender\/"]}]},{"@type":"ImageObject","inLanguage":"da-DK","@id":"https:\/\/weather-radar-live.com\/da\/maanekalender\/#primaryimage","url":"https:\/\/www.der-mond.de\/feature\/luna_kalender.php?version=5&txue=M%C3%A5nekalender&trans=1&zefu=1&txph=1&txmoph=1&txmophti=1&txmost=0&txmostau=0&txze=1&zezo=1&zeso=1&schgr=12&schriftart=Roboto&schriftschnitt=0&faan=1&scro=0&ragr=255&rabl=255&raro=255&scgr=0&scbl=0&hiro=255&higr=255&hibl=255&soep=1&txsost=1&txsostau=0&geolagr=12&geolami=0&geolase=0&geola=o&geobrgr=55&geobrmi=0&geobrse=0&geobr=n&lang=en&kalender_zeitraum=0&jahr=2024&monat=11","contentUrl":"https:\/\/www.der-mond.de\/feature\/luna_kalender.php?version=5&txue=M%C3%A5nekalender&trans=1&zefu=1&txph=1&txmoph=1&txmophti=1&txmost=0&txmostau=0&txze=1&zezo=1&zeso=1&schgr=12&schriftart=Roboto&schriftschnitt=0&faan=1&scro=0&ragr=255&rabl=255&raro=255&scgr=0&scbl=0&hiro=255&higr=255&hibl=255&soep=1&txsost=1&txsostau=0&geolagr=12&geolami=0&geolase=0&geola=o&geobrgr=55&geobrmi=0&geobrse=0&geobr=n&lang=en&kalender_zeitraum=0&jahr=2024&monat=11"},{"@type":"BreadcrumbList","@id":"https:\/\/weather-radar-live.com\/da\/maanekalender\/#breadcrumb","itemListElement":[{"@type":"ListItem","position":1,"name":"Weather Radar Live","item":"https:\/\/weather-radar-live.com\/da\/"},{"@type":"ListItem","position":2,"name":"M\u00e5nekalender"}]},{"@type":"WebSite","@id":"https:\/\/weather-radar-live.com\/#website","url":"https:\/\/weather-radar-live.com\/","name":"weather-radar-live.com","description":"Your weather and sky radar.","publisher":{"@id":"https:\/\/weather-radar-live.com\/#organization"},"potentialAction":[{"@type":"SearchAction","target":{"@type":"EntryPoint","urlTemplate":"https:\/\/weather-radar-live.com\/?s={search_term_string}"},"query-input":{"@type":"PropertyValueSpecification","valueRequired":true,"valueName":"search_term_string"}}],"inLanguage":"da-DK"},{"@type":"Organization","@id":"https:\/\/weather-radar-live.com\/#organization","name":"weather-radar-live.com","url":"https:\/\/weather-radar-live.com\/","logo":{"@type":"ImageObject","inLanguage":"da-DK","@id":"https:\/\/weather-radar-live.com\/#\/schema\/logo\/image\/","url":"https:\/\/weather-radar-live.com\/wp-content\/uploads\/2022\/03\/cropped-WRL2503.png","contentUrl":"https:\/\/weather-radar-live.com\/wp-content\/uploads\/2022\/03\/cropped-WRL2503.png","width":1920,"height":555,"caption":"weather-radar-live.com"},"image":{"@id":"https:\/\/weather-radar-live.com\/#\/schema\/logo\/image\/"}}]}},"_links":{"self":[{"href":"https:\/\/weather-radar-live.com\/da\/wp-json\/wp\/v2\/pages\/7851","targetHints":{"allow":["GET"]}}],"collection":[{"href":"https:\/\/weather-radar-live.com\/da\/wp-json\/wp\/v2\/pages"}],"about":[{"href":"https:\/\/weather-radar-live.com\/da\/wp-json\/wp\/v2\/types\/page"}],"author":[{"embeddable":true,"href":"https:\/\/weather-radar-live.com\/da\/wp-json\/wp\/v2\/users\/1"}],"replies":[{"embeddable":true,"href":"https:\/\/weather-radar-live.com\/da\/wp-json\/wp\/v2\/comments?post=7851"}],"version-history":[{"count":5,"href":"https:\/\/weather-radar-live.com\/da\/wp-json\/wp\/v2\/pages\/7851\/revisions"}],"predecessor-version":[{"id":7886,"href":"https:\/\/weather-radar-live.com\/da\/wp-json\/wp\/v2\/pages\/7851\/revisions\/7886"}],"wp:attachment":[{"href":"https:\/\/weather-radar-live.com\/da\/wp-json\/wp\/v2\/media?parent=7851"}],"curies":[{"name":"wp","href":"https:\/\/api.w.org\/{rel}","templated":true}]}}