{"id":5299,"date":"2022-04-21T12:13:22","date_gmt":"2022-04-21T10:13:22","guid":{"rendered":"https:\/\/weather-radar-live.com\/webcam\/frankrig\/webcam-les-gets\/"},"modified":"2022-07-20T12:13:13","modified_gmt":"2022-07-20T10:13:13","slug":"webcam-les-gets","status":"publish","type":"page","link":"https:\/\/weather-radar-live.com\/da\/webcam\/frankrig\/webcam-les-gets\/","title":{"rendered":"Webcam Les Gets"},"content":{"rendered":"<div id=\"weath-2391121344\" class=\"weath-vor-dem-inhalt weath-entity-placement\" style=\"margin-top: 15px;margin-right: 25px;margin-bottom: 40px;margin-left: 25px;\"><script async src=\"\/\/pagead2.googlesyndication.com\/pagead\/js\/adsbygoogle.js?client=ca-pub-8960936133935804\" crossorigin=\"anonymous\"><\/script><ins class=\"adsbygoogle\" style=\"display:block;\" data-ad-client=\"ca-pub-8960936133935804\" \ndata-ad-slot=\"6172817020\" \ndata-ad-format=\"auto\"><\/ins>\n<script> \n(adsbygoogle = window.adsbygoogle || []).push({}); \n<\/script>\n<\/div>\n<div class=\"wp-block-cover alignfull is-light\"><span aria-hidden=\"true\" class=\"wp-block-cover__gradient-background has-background-dim\"><\/span><img decoding=\"async\" class=\"wp-block-cover__image-background wp-image-342\" alt=\"Webcam Les Gets \" src=\"https:\/\/weather-radar-live.com\/wp-content\/uploads\/2021\/06\/sam-schooler-E9aetBe2w40-unsplash-e1622554814366.jpg\" data-object-fit=\"cover\"\/><div class=\"wp-block-cover__inner-container is-layout-flow wp-block-cover-is-layout-flow\">\n<h2 class=\"has-text-align-center heading wp-block-heading\" id=\"webcam-fort-mahon\" style=\"font-size:40px\"><strong><mark style=\"background-color:rgba(0, 0, 0, 0)\" class=\"has-inline-color has-base-3-color\">WEBCAM <\/mark><\/strong><br><strong><mark style=\"background-color:rgba(0, 0, 0, 0)\" class=\"has-inline-color has-base-3-color\">LES GETS<\/mark><\/strong><\/h2>\n<\/div><\/div>\n\n\n<div class=\"yoast-breadcrumbs\"><span><span><a href=\"https:\/\/weather-radar-live.com\/da\/\">Weather Radar Live<\/a><\/span> \u00bb <span><a href=\"https:\/\/weather-radar-live.com\/da\/webcam\/\">Webcam<\/a><\/span> \u00bb <span><a href=\"https:\/\/weather-radar-live.com\/da\/webcam\/frankrig\/\">Frankrig<\/a><\/span> \u00bb <span class=\"breadcrumb_last\" aria-current=\"page\"><strong>Webcam Les Gets<\/strong><\/span><\/span><\/div>\n\n\n<h2 class=\"has-text-align-center wp-block-heading\" id=\"webcam-fort-mahon\"><strong>Webcam <strong>Les Gets<\/strong><\/strong><\/h2>\n\n\n\n<p>Les Gets er en kommune i regionen Auvergne-Rh\u00f4ne-Alpes, beliggende i det syd\u00f8stlige Frankrig i den franske provins Haute-Savoie. Det er i bund og grund en fransk bjerglandsby, der har udviklet sig til et popul\u00e6rt feriested. Dette store omr\u00e5de forbinder mange landsbyer og n\u00e6rliggende omr\u00e5der med skilifter og pister. Desuden g\u00f8r lokale charcuterier, fromagerier og konditorier, som giver omr\u00e5det en autentisk, h\u00e5ndv\u00e6rksm\u00e6ssig stemning, denne landsby til et must-bes\u00f8gsm\u00e5l.<\/p>\n\n\n\n<p>Familier vil finde feriestedet venligt p\u00e5 grund af den generelle varme, nemme navigation og en h\u00e5ndfuld lette skil\u00f8jper. Hvis du er interesseret i at kende vejret, klimaet og det ber\u00f8mte sted Les Gets, vil vi her i denne skrivning give dig alle relevante oplysninger.<\/p><div id=\"weath-2494482066\" class=\"weath-inhalt_2 weath-entity-placement\" style=\"margin-top: 15px;margin-right: 25px;margin-bottom: 35px;margin-left: 25px;\"><script async src=\"\/\/pagead2.googlesyndication.com\/pagead\/js\/adsbygoogle.js?client=ca-pub-8960936133935804\" crossorigin=\"anonymous\"><\/script><ins class=\"adsbygoogle\" style=\"display:block;\" data-ad-client=\"ca-pub-8960936133935804\" \ndata-ad-slot=\"1963584050\" \ndata-ad-format=\"auto\"><\/ins>\n<script> \n(adsbygoogle = window.adsbygoogle || []).push({}); \n<\/script>\n<\/div>\n\n\n\n<div class=\"wp-block-columns is-layout-flex wp-container-core-columns-is-layout-9d6595d7 wp-block-columns-is-layout-flex\">\n<div class=\"wp-block-column webcam-column is-layout-flow wp-block-column-is-layout-flow\">\n<h3 class=\"has-text-align-center live-emoji wp-block-heading\"> \ud83d\udd34 <strong>Webcam <strong><strong>Les Gets<\/strong><\/strong><\/strong> Sommet Ch\u00e9ry (Panorama)<\/h3>\n\n\n\n<iframe src=\"https:\/\/app.webcam-hd.com\/lesgets\/les_gets_sommet-chery\" style=\"width: 100%; height: 400px; border: none;\" allowfullscreen=\"\"><\/iframe>\n\n\n\n<p><\/p>\n\n\n\n<h3 class=\"has-text-align-center wp-block-heading\">\ud83d\udd34 <strong>Webcam <strong><strong>Les Gets<\/strong><\/strong><\/strong> Bjergtop (Panorama)<\/h3>\n\n\n\n<iframe src=\"https:\/\/app.webcam-hd.com\/lesgets\/lesgets_chavannes\" style=\"width: 100%; height: 400px; border: none;\" allowfullscreen=\"\"><\/iframe>\n\n\n\n<p class=\"has-text-align-center\"><strong><sup>Med et museklik (smartphone: skift visningen ved blot at trykke p\u00e5) kan du flytte webcam&#8217;et i den retning, du \u00f8nsker. Ved at dreje p\u00e5 musehjulet eller zoome med fingrene kan du zoome ind p\u00e5 webcam&#8217;et. Alternativt kan du ogs\u00e5 bruge knapperne til dette form\u00e5l.<\/sup><\/strong><\/p>\n\n\n\n<h3 class=\"has-text-align-center wp-block-heading\">\ud83d\udd34 <strong>Webcam <strong><strong>Les Gets<\/strong><\/strong><\/strong> Village center <\/h3>\n\n\n\n<iframe src=\"https:\/\/app.webcam-hd.com\/lesgets\/les_gets_centre-village\" style=\"width: 100%; height: 400px; border: none;\" allowfullscreen=\"\"><\/iframe>\n\n\n\n<p><\/p>\n\n\n\n<div class=\"wp-block-columns is-layout-flex wp-container-core-columns-is-layout-9d6595d7 wp-block-columns-is-layout-flex\">\n<div class=\"wp-block-column is-layout-flow wp-block-column-is-layout-flow\">\n<h3 class=\"has-text-align-center wp-block-heading\"><strong>\ud83d\udd34 Webcam <strong><strong><strong>Les Gets<\/strong><\/strong><\/strong><\/strong> Front (Panorama)<\/h3>\n\n\n\n<iframe src=\"https:\/\/app.webcam-hd.com\/lesgets\/front-de-neige-panoramique\" style=\"width: 100%; height: 400px; border: none;\" allowfullscreen=\"\"><\/iframe>\n<\/div>\n\n\n\n<div class=\"wp-block-column is-layout-flow wp-block-column-is-layout-flow\">\n<h3 class=\"has-text-align-center wp-block-heading\"><strong> \ud83d\udd34 Webcam <strong><strong><strong>Les Gets<\/strong><\/strong><\/strong><\/strong> Ranfoilly<\/h3>\n\n\n\n<figure class=\"wp-block-embed is-type-video is-provider-youtube wp-block-embed-youtube wp-embed-aspect-16-9 wp-has-aspect-ratio\"><div class=\"wp-block-embed__wrapper\">\n<iframe loading=\"lazy\" title=\"Les Gets - D\u00e9part Ranfoilly\" width=\"1200\" height=\"675\" src=\"https:\/\/www.youtube.com\/embed\/Q54SkOueJNk?feature=oembed\" frameborder=\"0\" allow=\"accelerometer; autoplay; clipboard-write; encrypted-media; gyroscope; picture-in-picture\" allowfullscreen><\/iframe>\n<\/div><\/figure>\n<\/div>\n<\/div>\n\n\n\n<div class=\"wp-block-columns webcam-spalte is-layout-flex wp-container-core-columns-is-layout-9d6595d7 wp-block-columns-is-layout-flex\">\n<div class=\"wp-block-column is-layout-flow wp-block-column-is-layout-flow\">\n<h3 class=\"has-text-align-center wp-block-heading\"><strong> \ud83d\udd34 <strong>Webcam <strong><strong><strong>Les Gets<\/strong><\/strong><\/strong><\/strong> <\/strong>Chavannes<\/h3>\n\n\n\n<figure class=\"wp-block-embed is-type-video is-provider-youtube wp-block-embed-youtube wp-embed-aspect-16-9 wp-has-aspect-ratio\"><div class=\"wp-block-embed__wrapper\">\n<iframe loading=\"lazy\" title=\"Les Gets - Chavannes\" width=\"1200\" height=\"675\" src=\"https:\/\/www.youtube.com\/embed\/lBoKvilf9sU?feature=oembed\" frameborder=\"0\" allow=\"accelerometer; autoplay; clipboard-write; encrypted-media; gyroscope; picture-in-picture\" allowfullscreen><\/iframe>\n<\/div><\/figure>\n<\/div>\n\n\n\n<div class=\"wp-block-column is-layout-flow wp-block-column-is-layout-flow\">\n<h3 class=\"has-text-align-center wp-block-heading\"><strong><strong> \ud83d\udd34 Webcam <strong><strong><strong><strong><strong>Les Gets<\/strong><\/strong><\/strong><\/strong><\/strong><\/strong><\/strong> Nord\u00f8stlig landsby<\/h3>\n\n\n\n<a name=\"windy-webcam-timelapse-player\" data-id=\"1513169372\" data-play=\"day\" href=\"https:\/\/windy.com\/webcams\/1513169372\" target=\"_blank\" rel=\"noopener\">Les Gets &#8216; Nord-Ost: Les Gets Village<\/a><script async=\"\" type=\"text\/javascript\" src=\"https:\/\/webcams.windy.com\/webcams\/public\/embed\/script\/player.js\"><\/script>\n<\/div>\n<\/div>\n<\/div>\n<\/div>\n\n\n\n<h2 class=\"wp-block-heading\" id=\"fort-mahon-today\"><strong>Vejrradar Les Gets<\/strong> &#8211; <strong>Vejret i Les Gets<\/strong><\/h2>\n\n\n\n<p>Uanset om du \u00f8nsker at f\u00e5 oplysninger relateret til <strong><a href=\"https:\/\/weather-radar-live.com\/da\/sne\/\">sneforhold<\/a><\/strong>, <strong><a href=\"https:\/\/weather-radar-live.com\/da\/lyn-radar\/\">tordenvejr<\/a><\/strong>, <strong><a href=\"https:\/\/weather-radar-live.com\/da\/regnradar\/\">nedb\u00f8r<\/a><\/strong>, <strong><a href=\"https:\/\/weather-radar-live.com\/da\/tornado-radar\/\">tornadoer<\/a><\/strong>, og <strong><a href=\"https:\/\/weather-radar-live.com\/da\/skyer-radar\/\">skyd\u00e6kke<\/a><\/strong>, <strong><a href=\"https:\/\/weather-radar-live.com\/da\/\">Live vejrradar<\/a><\/strong> har styr p\u00e5 det. I denne sektion f\u00e5r du en detaljeret opdatering og prognose for vejret i Les Gets, Frankrig. Heldigvis giver de t\u00e6tbevoksede skr\u00e5ninger i Les Gets en god vejrbeskyttelse. Hvis du vil holde dig ajour med vejret derude, vil vores vejrprognosemodeller give dig pr\u00e6cise vejropdateringer.<\/p>\n\n\n\n<div class=\"wp-block-columns is-layout-flex wp-container-core-columns-is-layout-9d6595d7 wp-block-columns-is-layout-flex\">\n<div class=\"wp-block-column is-layout-flow wp-block-column-is-layout-flow\" style=\"flex-basis:75%\">\n<iframe loading=\"lazy\" width=\"1300\" height=\"502\" src=\"https:\/\/embed.windy.com\/embed2.html?lat=46.153&amp;lon=5.015&amp;detailLat=46.153&amp;detailLon=5.015&amp;width=1300&amp;height=502&amp;zoom=8&amp;level=surface&amp;overlay=wind&amp;product=ecmwf&amp;menu=&amp;message=&amp;marker=&amp;calendar=now&amp;pressure=&amp;type=map&amp;location=coordinates&amp;detail=&amp;metricWind=default&amp;metricTemp=default&amp;radarRange=-1\" frameborder=\"0\"><\/iframe>\n<\/div>\n\n\n\n<div class=\"wp-block-column is-layout-flow wp-block-column-is-layout-flow\" style=\"flex-basis:25%\">\n<a class=\"weatherwidget-io\" href=\"https:\/\/forecast7.com\/da\/46d166d67\/les-gets\/\" data-label_1=\"LES GETS\" data-font=\"Roboto\" data-theme=\"original\">LES GETS<\/a>\n<script>\n!function(d,s,id){var js,fjs=d.getElementsByTagName(s)[0];if(!d.getElementById(id)){js=d.createElement(s);js.id=id;js.src='https:\/\/weatherwidget.io\/js\/widget.min.js';fjs.parentNode.insertBefore(js,fjs);}}(document,'script','weatherwidget-io-js');\n<\/script>\n<\/div>\n<\/div>\n\n\n\n<h2 class=\"wp-block-heading\" id=\"fort-mahon-weather\"><strong>Klimaet i Les Gets<\/strong><\/h2>\n\n\n\n<p>Les Gets har et koldt, tempereret klima. Med 95 % af skr\u00e5ningerne under 2000 m i Les Gets er nedb\u00f8r ikke et problem, men h\u00f8jden er et problem. Regionen kan f\u00e5 meget sne, men omr\u00e5det kan ogs\u00e5 lide under varmt vejr &#8211; og sned\u00e6kket kan v\u00e6re pletvist l\u00e6ngere nede.<\/p>\n\n\n\n<p>Generelt sned\u00e6kke: 3\/5<\/p>\n\n\n\n<p>Pulverpotentiale: 2,5\/5<\/p>\n\n\n\n<p>I den \u00f8vre zone er snekvaliteten 3\/5<\/p>\n\n\n\n<p>Snekvalitet (nederst): 2\/5<\/p>\n\n\n\n<p>Sne p\u00e5 resortniveau: 2\/5<\/p>\n\n\n\n<p><strong>Temperatur <\/strong><\/p>\n\n\n\n<p>Les Gets&#8217; \u00e5rlige gennemsnitstemperatur er 3.7 \u00b0C.<\/p>\n\n\n\n<p><strong>Nedb\u00f8r <\/strong> <\/p>\n\n\n\n<p>Der falder ca. 1802 mm nedb\u00f8r her hvert \u00e5r.<\/p>\n\n\n\n<p><strong>Nedb\u00f8r <\/strong><\/p>\n\n\n\n<p>Nedb\u00f8ren i den t\u00f8rreste m\u00e5ned (februar) er 4,6 inches eller 117 mm. Den mest nedb\u00f8r registreret i juli er 7,8 tommer eller 198 mm.<\/p>\n\n\n\n<h2 class=\"wp-block-heading\"><strong><strong>Les Gets Skisportssted<\/strong> <\/strong><\/h2>\n\n\n\n<p>Det er et milj\u00f8bevidst, velrenommeret, yderst bekvemt og familievenligt skisportssted. Les Gets&#8217; h\u00f8jde er 1170 m og har pister p\u00e5 950-2275 m Portes du Soleil. Desuden er dens pister 650 km Portes du Soleil. Les Gets skisportssted byder p\u00e5 en r\u00e6kke gode restauranter, et livligt natteliv og en sk\u00f8jtebane i centrum af feriestedet. Les Gets&#8217; resort har en h\u00f8jde p\u00e5 1170 m og har pister, der m\u00e5ler 950-2275 m Portes du Soleil. Desuden er dens pister 650 km Portes du Soleil. Du vil finde det et perfekt sted at slappe af mellem Savoyarde Chatel og den pulserende festby Morzine. Fyrreskove er krydret med pister for alle niveauer i dette dejlige skisportssted.<\/p>\n\n\n\n<p>Skis\u00e6sonen i Les Gets ligger mellem december og april. Dette omr\u00e5de er perfekt for skil\u00f8bere p\u00e5 alle niveauer. Snowboardere og skil\u00f8bere kan bruge Chavannes skilifter for at f\u00e5 adgang til pister i Nyon og Le Pleney samt andre pister, der deles med nabobyen Morzine. Desuden giver det adgang til Portes du Soleil regionen og videre ud i verden p\u00e5 ski. Gondolen giver adgang til mellemliggende og avancerede terr\u00e6ner over tr\u00e6gr\u00e6nsen, hvorfra der er en fantastisk udsigt over Mont Blanc.<\/p>\n","protected":false},"excerpt":{"rendered":"<p>Webcam Les Gets Les Gets er en kommune i regionen Auvergne-Rh\u00f4ne-Alpes, beliggende i det syd\u00f8stlige Frankrig i den franske provins Haute-Savoie. Det er i bund og grund en fransk bjerglandsby, der har udviklet sig til et popul\u00e6rt feriested. Dette store omr\u00e5de forbinder mange landsbyer og n\u00e6rliggende omr\u00e5der med skilifter og pister. Desuden g\u00f8r lokale charcuterier, &#8230; <a title=\"Webcam Les Gets\" class=\"read-more\" href=\"https:\/\/weather-radar-live.com\/da\/webcam\/frankrig\/webcam-les-gets\/\" aria-label=\"Read more about Webcam Les Gets\">L\u00e6s mere <\/a><\/p>\n","protected":false},"author":1,"featured_media":3852,"parent":4175,"menu_order":0,"comment_status":"closed","ping_status":"closed","template":"","meta":{"footnotes":""},"class_list":["post-5299","page","type-page","status-publish","has-post-thumbnail"],"yoast_head":"<!-- This site is optimized with the Yoast SEO plugin v27.5 - https:\/\/yoast.com\/product\/yoast-seo-wordpress\/ -->\n<title>Webcam Les Gets \u2192 Se det live!<\/title>\n<meta name=\"description\" content=\"Webcam Les Gets | Webcam p\u00e5 Les Gets! \u2705 Opdateret for dig i realtid! \u2705 Aktuel vejrudsigt!\" \/>\n<meta name=\"robots\" content=\"index, follow, max-snippet:-1, max-image-preview:large, max-video-preview:-1\" \/>\n<link rel=\"canonical\" href=\"https:\/\/weather-radar-live.com\/da\/webcam\/frankrig\/webcam-les-gets\/\" \/>\n<meta property=\"og:locale\" content=\"da_DK\" \/>\n<meta property=\"og:type\" content=\"article\" \/>\n<meta property=\"og:title\" content=\"Webcam Les Gets \u2192 Se det live!\" \/>\n<meta property=\"og:description\" content=\"Webcam Les Gets | Webcam p\u00e5 Les Gets! \u2705 Opdateret for dig i realtid! \u2705 Aktuel vejrudsigt!\" \/>\n<meta property=\"og:url\" content=\"https:\/\/weather-radar-live.com\/da\/webcam\/frankrig\/webcam-les-gets\/\" \/>\n<meta property=\"og:site_name\" content=\"weather-radar-live.com\" \/>\n<meta property=\"article:modified_time\" content=\"2022-07-20T10:13:13+00:00\" \/>\n<meta property=\"og:image\" content=\"https:\/\/weather-radar-live.com\/wp-content\/uploads\/2022\/04\/Webcam-Les-Gets-e1650536387683.jpg\" \/>\n\t<meta property=\"og:image:width\" content=\"1920\" \/>\n\t<meta property=\"og:image:height\" content=\"622\" \/>\n\t<meta property=\"og:image:type\" content=\"image\/jpeg\" \/>\n<meta name=\"twitter:card\" content=\"summary_large_image\" \/>\n<meta name=\"twitter:label1\" content=\"Estimeret l\u00e6setid\" \/>\n\t<meta name=\"twitter:data1\" content=\"3 minutter\" \/>\n<script type=\"application\/ld+json\" class=\"yoast-schema-graph\">{\"@context\":\"https:\\\/\\\/schema.org\",\"@graph\":[{\"@type\":\"WebPage\",\"@id\":\"https:\\\/\\\/weather-radar-live.com\\\/da\\\/webcam\\\/frankrig\\\/webcam-les-gets\\\/\",\"url\":\"https:\\\/\\\/weather-radar-live.com\\\/da\\\/webcam\\\/frankrig\\\/webcam-les-gets\\\/\",\"name\":\"Webcam Les Gets \u2192 Se det live!\",\"isPartOf\":{\"@id\":\"https:\\\/\\\/weather-radar-live.com\\\/#website\"},\"primaryImageOfPage\":{\"@id\":\"https:\\\/\\\/weather-radar-live.com\\\/da\\\/webcam\\\/frankrig\\\/webcam-les-gets\\\/#primaryimage\"},\"image\":{\"@id\":\"https:\\\/\\\/weather-radar-live.com\\\/da\\\/webcam\\\/frankrig\\\/webcam-les-gets\\\/#primaryimage\"},\"thumbnailUrl\":\"https:\\\/\\\/weather-radar-live.com\\\/wp-content\\\/uploads\\\/2022\\\/04\\\/Webcam-Les-Gets-e1650536387683.jpg\",\"datePublished\":\"2022-04-21T10:13:22+00:00\",\"dateModified\":\"2022-07-20T10:13:13+00:00\",\"description\":\"Webcam Les Gets | Webcam p\u00e5 Les Gets! \u2705 Opdateret for dig i realtid! \u2705 Aktuel vejrudsigt!\",\"breadcrumb\":{\"@id\":\"https:\\\/\\\/weather-radar-live.com\\\/da\\\/webcam\\\/frankrig\\\/webcam-les-gets\\\/#breadcrumb\"},\"inLanguage\":\"da-DK\",\"potentialAction\":[{\"@type\":\"ReadAction\",\"target\":[\"https:\\\/\\\/weather-radar-live.com\\\/da\\\/webcam\\\/frankrig\\\/webcam-les-gets\\\/\"]}]},{\"@type\":\"ImageObject\",\"inLanguage\":\"da-DK\",\"@id\":\"https:\\\/\\\/weather-radar-live.com\\\/da\\\/webcam\\\/frankrig\\\/webcam-les-gets\\\/#primaryimage\",\"url\":\"https:\\\/\\\/weather-radar-live.com\\\/wp-content\\\/uploads\\\/2022\\\/04\\\/Webcam-Les-Gets-e1650536387683.jpg\",\"contentUrl\":\"https:\\\/\\\/weather-radar-live.com\\\/wp-content\\\/uploads\\\/2022\\\/04\\\/Webcam-Les-Gets-e1650536387683.jpg\",\"width\":1920,\"height\":622,\"caption\":\"Webcam Les Gets\"},{\"@type\":\"BreadcrumbList\",\"@id\":\"https:\\\/\\\/weather-radar-live.com\\\/da\\\/webcam\\\/frankrig\\\/webcam-les-gets\\\/#breadcrumb\",\"itemListElement\":[{\"@type\":\"ListItem\",\"position\":1,\"name\":\"Weather Radar Live\",\"item\":\"https:\\\/\\\/weather-radar-live.com\\\/da\\\/\"},{\"@type\":\"ListItem\",\"position\":2,\"name\":\"Webcam\",\"item\":\"https:\\\/\\\/weather-radar-live.com\\\/da\\\/webcam\\\/\"},{\"@type\":\"ListItem\",\"position\":3,\"name\":\"Frankrig\",\"item\":\"https:\\\/\\\/weather-radar-live.com\\\/da\\\/webcam\\\/frankrig\\\/\"},{\"@type\":\"ListItem\",\"position\":4,\"name\":\"Webcam Les Gets\"}]},{\"@type\":\"WebSite\",\"@id\":\"https:\\\/\\\/weather-radar-live.com\\\/#website\",\"url\":\"https:\\\/\\\/weather-radar-live.com\\\/\",\"name\":\"weather-radar-live.com\",\"description\":\"Your weather and sky radar.\",\"publisher\":{\"@id\":\"https:\\\/\\\/weather-radar-live.com\\\/#organization\"},\"potentialAction\":[{\"@type\":\"SearchAction\",\"target\":{\"@type\":\"EntryPoint\",\"urlTemplate\":\"https:\\\/\\\/weather-radar-live.com\\\/?s={search_term_string}\"},\"query-input\":{\"@type\":\"PropertyValueSpecification\",\"valueRequired\":true,\"valueName\":\"search_term_string\"}}],\"inLanguage\":\"da-DK\"},{\"@type\":\"Organization\",\"@id\":\"https:\\\/\\\/weather-radar-live.com\\\/#organization\",\"name\":\"weather-radar-live.com\",\"url\":\"https:\\\/\\\/weather-radar-live.com\\\/\",\"logo\":{\"@type\":\"ImageObject\",\"inLanguage\":\"da-DK\",\"@id\":\"https:\\\/\\\/weather-radar-live.com\\\/#\\\/schema\\\/logo\\\/image\\\/\",\"url\":\"https:\\\/\\\/weather-radar-live.com\\\/wp-content\\\/uploads\\\/2022\\\/03\\\/cropped-WRL2503.png\",\"contentUrl\":\"https:\\\/\\\/weather-radar-live.com\\\/wp-content\\\/uploads\\\/2022\\\/03\\\/cropped-WRL2503.png\",\"width\":1920,\"height\":555,\"caption\":\"weather-radar-live.com\"},\"image\":{\"@id\":\"https:\\\/\\\/weather-radar-live.com\\\/#\\\/schema\\\/logo\\\/image\\\/\"}}]}<\/script>\n<!-- \/ Yoast SEO plugin. -->","yoast_head_json":{"title":"Webcam Les Gets \u2192 Se det live!","description":"Webcam Les Gets | Webcam p\u00e5 Les Gets! \u2705 Opdateret for dig i realtid! \u2705 Aktuel vejrudsigt!","robots":{"index":"index","follow":"follow","max-snippet":"max-snippet:-1","max-image-preview":"max-image-preview:large","max-video-preview":"max-video-preview:-1"},"canonical":"https:\/\/weather-radar-live.com\/da\/webcam\/frankrig\/webcam-les-gets\/","og_locale":"da_DK","og_type":"article","og_title":"Webcam Les Gets \u2192 Se det live!","og_description":"Webcam Les Gets | Webcam p\u00e5 Les Gets! \u2705 Opdateret for dig i realtid! \u2705 Aktuel vejrudsigt!","og_url":"https:\/\/weather-radar-live.com\/da\/webcam\/frankrig\/webcam-les-gets\/","og_site_name":"weather-radar-live.com","article_modified_time":"2022-07-20T10:13:13+00:00","og_image":[{"width":1920,"height":622,"url":"https:\/\/weather-radar-live.com\/wp-content\/uploads\/2022\/04\/Webcam-Les-Gets-e1650536387683.jpg","type":"image\/jpeg"}],"twitter_card":"summary_large_image","twitter_misc":{"Estimeret l\u00e6setid":"3 minutter"},"schema":{"@context":"https:\/\/schema.org","@graph":[{"@type":"WebPage","@id":"https:\/\/weather-radar-live.com\/da\/webcam\/frankrig\/webcam-les-gets\/","url":"https:\/\/weather-radar-live.com\/da\/webcam\/frankrig\/webcam-les-gets\/","name":"Webcam Les Gets \u2192 Se det live!","isPartOf":{"@id":"https:\/\/weather-radar-live.com\/#website"},"primaryImageOfPage":{"@id":"https:\/\/weather-radar-live.com\/da\/webcam\/frankrig\/webcam-les-gets\/#primaryimage"},"image":{"@id":"https:\/\/weather-radar-live.com\/da\/webcam\/frankrig\/webcam-les-gets\/#primaryimage"},"thumbnailUrl":"https:\/\/weather-radar-live.com\/wp-content\/uploads\/2022\/04\/Webcam-Les-Gets-e1650536387683.jpg","datePublished":"2022-04-21T10:13:22+00:00","dateModified":"2022-07-20T10:13:13+00:00","description":"Webcam Les Gets | Webcam p\u00e5 Les Gets! \u2705 Opdateret for dig i realtid! \u2705 Aktuel vejrudsigt!","breadcrumb":{"@id":"https:\/\/weather-radar-live.com\/da\/webcam\/frankrig\/webcam-les-gets\/#breadcrumb"},"inLanguage":"da-DK","potentialAction":[{"@type":"ReadAction","target":["https:\/\/weather-radar-live.com\/da\/webcam\/frankrig\/webcam-les-gets\/"]}]},{"@type":"ImageObject","inLanguage":"da-DK","@id":"https:\/\/weather-radar-live.com\/da\/webcam\/frankrig\/webcam-les-gets\/#primaryimage","url":"https:\/\/weather-radar-live.com\/wp-content\/uploads\/2022\/04\/Webcam-Les-Gets-e1650536387683.jpg","contentUrl":"https:\/\/weather-radar-live.com\/wp-content\/uploads\/2022\/04\/Webcam-Les-Gets-e1650536387683.jpg","width":1920,"height":622,"caption":"Webcam Les Gets"},{"@type":"BreadcrumbList","@id":"https:\/\/weather-radar-live.com\/da\/webcam\/frankrig\/webcam-les-gets\/#breadcrumb","itemListElement":[{"@type":"ListItem","position":1,"name":"Weather Radar Live","item":"https:\/\/weather-radar-live.com\/da\/"},{"@type":"ListItem","position":2,"name":"Webcam","item":"https:\/\/weather-radar-live.com\/da\/webcam\/"},{"@type":"ListItem","position":3,"name":"Frankrig","item":"https:\/\/weather-radar-live.com\/da\/webcam\/frankrig\/"},{"@type":"ListItem","position":4,"name":"Webcam Les Gets"}]},{"@type":"WebSite","@id":"https:\/\/weather-radar-live.com\/#website","url":"https:\/\/weather-radar-live.com\/","name":"weather-radar-live.com","description":"Your weather and sky radar.","publisher":{"@id":"https:\/\/weather-radar-live.com\/#organization"},"potentialAction":[{"@type":"SearchAction","target":{"@type":"EntryPoint","urlTemplate":"https:\/\/weather-radar-live.com\/?s={search_term_string}"},"query-input":{"@type":"PropertyValueSpecification","valueRequired":true,"valueName":"search_term_string"}}],"inLanguage":"da-DK"},{"@type":"Organization","@id":"https:\/\/weather-radar-live.com\/#organization","name":"weather-radar-live.com","url":"https:\/\/weather-radar-live.com\/","logo":{"@type":"ImageObject","inLanguage":"da-DK","@id":"https:\/\/weather-radar-live.com\/#\/schema\/logo\/image\/","url":"https:\/\/weather-radar-live.com\/wp-content\/uploads\/2022\/03\/cropped-WRL2503.png","contentUrl":"https:\/\/weather-radar-live.com\/wp-content\/uploads\/2022\/03\/cropped-WRL2503.png","width":1920,"height":555,"caption":"weather-radar-live.com"},"image":{"@id":"https:\/\/weather-radar-live.com\/#\/schema\/logo\/image\/"}}]}},"_links":{"self":[{"href":"https:\/\/weather-radar-live.com\/da\/wp-json\/wp\/v2\/pages\/5299","targetHints":{"allow":["GET"]}}],"collection":[{"href":"https:\/\/weather-radar-live.com\/da\/wp-json\/wp\/v2\/pages"}],"about":[{"href":"https:\/\/weather-radar-live.com\/da\/wp-json\/wp\/v2\/types\/page"}],"author":[{"embeddable":true,"href":"https:\/\/weather-radar-live.com\/da\/wp-json\/wp\/v2\/users\/1"}],"replies":[{"embeddable":true,"href":"https:\/\/weather-radar-live.com\/da\/wp-json\/wp\/v2\/comments?post=5299"}],"version-history":[{"count":1,"href":"https:\/\/weather-radar-live.com\/da\/wp-json\/wp\/v2\/pages\/5299\/revisions"}],"predecessor-version":[{"id":5320,"href":"https:\/\/weather-radar-live.com\/da\/wp-json\/wp\/v2\/pages\/5299\/revisions\/5320"}],"up":[{"embeddable":true,"href":"https:\/\/weather-radar-live.com\/da\/wp-json\/wp\/v2\/pages\/4175"}],"wp:featuredmedia":[{"embeddable":true,"href":"https:\/\/weather-radar-live.com\/da\/wp-json\/wp\/v2\/media\/3852"}],"wp:attachment":[{"href":"https:\/\/weather-radar-live.com\/da\/wp-json\/wp\/v2\/media?parent=5299"}],"curies":[{"name":"wp","href":"https:\/\/api.w.org\/{rel}","templated":true}]}}